{"id":9234,"date":"2022-02-08T09:57:42","date_gmt":"2022-02-08T08:57:42","guid":{"rendered":"https:\/\/ready-os.com\/?page_id=9234"},"modified":"2023-01-17T14:43:30","modified_gmt":"2023-01-17T13:43:30","slug":"polityka-prywatnosci","status":"publish","type":"page","link":"https:\/\/www2.ready-os.com\/pl\/polityka-prywatnosci\/","title":{"rendered":"Polityka prywatno\u015bci"},"content":{"rendered":"<h1>Polityka prywatno\u015bci<\/h1>\n<p>Realizuj\u0105c obowi\u0105zek informacyjny wynikaj\u0105cy z Rozporz\u0105dzenia Parlamentu Europejskiego i Rady (UE)2016\/679<br \/>\nz dnia 27 kwietnia 2016r. w sprawie ochrony os\u00f3b fizycznych w zwi\u0105zku z przetwarzaniem danych osobowych i w sprawie swobodnego przep\u0142ywu takich danych oraz uchylenia Dyrektywy 95\/46\/WE (og\u00f3lne rozporz\u0105dzenie o ochronie danych) \u2013 dalej RODO, niniejszym informujemy \u017ce:<\/p>\n<h3>Administrator Danych Osobowych<\/h3>\n<p>Administratorem Pa\u0144stwa Danych Osobowych jest eDokumenty Sp\u00f3\u0142ka z o.o. z siedzib\u0105 w Bytomiu (41-902),<br \/>\nPl. Ko\u015bciuszki 9, KRS 0000538879, NIP 6263016935.<\/p>\n<h3>Cel i podstawy prawne przetwarzania danych osobowych<\/h3>\n<p>Pa\u0144stwa dane osobowe przetwarzane s\u0105 w nast\u0119puj\u0105cych celach:<\/p>\n<ul>\n<li>udzielenia odpowiedzi zwrotnej na zadane przez Pa\u0144stwa pytanie drog\u0105 komunikacji elektronicznej (email, formularz kontaktowy, rozmowa telefoniczna), gdzie podstaw\u0105 prawn\u0105 przetwarzania danych jest nasz prawnie uzasadniony interes, kt\u00f3rym w tym wypadku jest wymiana korespondencji z klientami i potencjalnymi klientami (art. 6, ust. 1, lit. f RODO)<\/li>\n<li>marketingu bezpo\u015bredniego naszych produkt\u00f3w i us\u0142ug poprzez informowanie Pa\u0144stwa o naszych produktach<br \/>\ni promocjach oraz prowadzenie bada\u0144 marketingowych, gdzie podstaw\u0119 przetwarzania danych stanowi Pa\u0144stwa dobrowolna zgoda (art. 6, ust. 1, lit a RODO), kt\u00f3r\u0105 w dowolnym momencie mog\u0105 Pa\u0144stwo wycofa\u0107,<\/li>\n<li>archiwizacji korespondencji tradycyjnej i elektronicznej na wypadek potrzeby wykazania jej przebiegu \u2013 co jest naszym prawnie uzasadnionym interesem (art. 6 ust. 1 lit. f RODO),<\/li>\n<li>wykonania umowy, nawi\u0105zania wsp\u00f3\u0142pracy, zawarcia umowy oraz wszelkich operacji s\u0142u\u017c\u0105cych osi\u0105gni\u0119ciu tych cel\u00f3w, w tym kontaktowania si\u0119 z klientem w zwi\u0105zku z realizacj\u0105 umowy (podstawa prawna art. 6 ust. 1 lit. b RODO),<\/li>\n<li>archiwizowania dokumentacji, tj. um\u00f3w i dokument\u00f3w rozliczeniowych (podstawa prawna: art. 6 ust. 1 lit. c RODO),<\/li>\n<li>dochodzenia i obrony przed roszczeniami oraz rozpatrywania Pa\u0144stwa wniosk\u00f3w \u2013 gdzie podstaw\u0105 prawn\u0105 przetwarzania danych jest nasz prawnie uzasadniony interes (art. 6 ust. 1 lit. f RODO).<\/li>\n<\/ul>\n<p>Za po\u015brednictwem naszej strony <a href=\"http:\/\/www.edokumenty.eu\">www.edokumenty.eu<\/a> mo\u017cecie Pa\u0144stwo przej\u015b\u0107 do naszych profili na portalach spo\u0142eczno\u015bciowych Facebook, Tweeter o serwisie YouTube. W przypadku danych przekazywanych nam za po\u015brednictwem tych portali\/ serwisu, celem ich przetwarzania jest administrowanie i zarz\u0105dzanie naszymi profilami, w tym tak\u017ce udzielanie odpowiedzi na zamieszczane przez Pa\u0144stwa posty oraz nadz\u00f3r nad tre\u015bciami publikowanymi przez u\u017cytkownik\u00f3w \u2013 co jest naszym prawnie uzasadnionym interesem (art. 6 ust. 1 lit. f RODO).<\/p>\n<p>Dane os\u00f3b odwiedzaj\u0105cych nas na Facebooku, Tweeterze oraz YouTobe b\u0119d\u0105 przetwarzane wy\u0142\u0105cznie na tych portalach\/serwisach i zgodnie z zasadami korzystania z nich. Zale\u017cy nam, aby nasze profile by\u0142y miejscem wymiany wzajemnych opinii i do\u015bwiadcze\u0144 z zachowaniem zasad kultury j\u0119zyka i wzajemnego szacunku. Dlatego informujemy,<br \/>\n\u017ce nie tolerujemy mowy nienawi\u015bci oraz tre\u015bci o charakterze rasistowskim, homofobicznym, seksistowskim, pornograficznym, wulgarnym, obra\u017caj\u0105cym wyznania religijne, przekonania lub nacje, \u0142amania prawa, dzia\u0142a\u0144 niezgodnych z obowi\u0105zuj\u0105cymi przepisami, naruszaj\u0105cych prawa os\u00f3b trzecich, w tym prawa autorskie i zwi\u0105zane z w\u0142asno\u015bci\u0105 intelektualn\u0105. Prosimy<br \/>\no zwr\u00f3cenie szczeg\u00f3lnej uwagi na informacje zamieszczane w komentarzach do post\u00f3w. Nasze profiles\u0105 miejscem og\u00f3lnodost\u0119pnym, wobec czego podawanie przez u\u017cytkownik\u00f3w w zamieszczanych komentarzach danych, takich jak nr pesel, nr dowodu osobistego, adres, nr telefonu lub danych autoryzacji (login i has\u0142o) mo\u017ce wi\u0105za\u0107 si\u0119 z negatywnymi konsekwencjami dla u\u017cytkownika upubliczniaj\u0105cego tego rodzaju dane, za co nie ponosimy odpowiedzialno\u015bci.<\/p>\n<p>Sp\u00f3\u0142ka eDokumenty zastrzega sobie prawo do usuwania wpis\u00f3w \u0142ami\u0105cych powy\u017csze zasady.<\/p>\n<h3>Okres przechowywania danych<\/h3>\n<p>Pa\u0144stwa dane osobowe b\u0119d\u0105 przetwarzane w okresie przewidzianym dla archiwizacji korespondencji elektronicznej<br \/>\nw eDokumenty Sp. z o.o., jednak nie d\u0142u\u017cej ni\u017c jeden rok od daty ostatniej wymiany korespondencji, lub okres niezb\u0119dny do realizacji powy\u017cszych cel\u00f3w przetwarzania.<\/p>\n<p>Pa\u0144stwa dane osobowe przekazane nam w celu wykonania praw i obowi\u0105zk\u00f3w wynikaj\u0105cych z zawartej umowy, przechowywane b\u0119d\u0105 do czasu wyga\u015bni\u0119cia roszcze\u0144 wynikaj\u0105cych z umowy.<\/p>\n<p>Pa\u0144stwa dane osobowe przekazywane nam za po\u015brednictwem portali spo\u0142eczno\u015bciowych Facebook, Tweeter<br \/>\noraz serwisu Youtube przetwarzane b\u0119d\u0105 w szczeg\u00f3lno\u015bci przez okres, w jakim pozostajecie Pa\u0144stwo aktywnym u\u017cytkownikiem danego serwisu, lub te\u017c do czasu zg\u0142oszenia przez Pa\u0144stwa sprzeciwu wobec przetwarzania.<\/p>\n<p>Dane zawarte w zamieszczanych przez Pa\u0144stwa postach lub komentarzach b\u0119d\u0105 przetwarzane do momentu ich usuni\u0119cia \u2013 je\u017celi nie jeste\u015bcie Pa\u0144stwo w stanie samodzielnie usun\u0105\u0107 okre\u015blonego komentarza nale\u017cy w tej sprawie zwr\u00f3ci\u0107 si\u0119<br \/>\ndo nas. W ka\u017cdym momencie mo\u017cecie Pa\u0144stwo zrezygnowa\u0107 z \u201eobserwowania\u201d naszego profilu\/ kana\u0142u, jak r\u00f3wnie\u017c zg\u0142osi\u0107 do nas sprzeciw wobec przetwarzania Pa\u0144stwa danych w tych celach. Nale\u017cy jednak pami\u0119ta\u0107, i\u017c niezale\u017cnie<br \/>\nod przechowywania Pa\u0144stwa danych przez eDokumenty Sp. z o.o., w\u0142asne okresy przechowywania danych stosuj\u0105 administratorzy tych portali, dlatego warto zapozna\u0107 si\u0119 z ich Politykami prywatno\u015bci.<\/p>\n<p>Pa\u0144stwa dane przetwarzane na podstawie udzielonej przez Pa\u0144stwa zgody b\u0119d\u0105 przetwarzane do czasu jej wycofania.<\/p>\n<h3>Odbiorcy danych<\/h3>\n<p>Pa\u0144stwa dane osobowe mog\u0105 by\u0107 udost\u0119pniane podmiotom, z us\u0142ug kt\u00f3rych korzystamy przy przetwarzaniu danych:<\/p>\n<ul>\n<li>podmiotom powi\u0105zanym z Administratorem<\/li>\n<li>upowa\u017cnionym pracownikom lub zleceniobiorcom Administratora<\/li>\n<li>podmiotom \u015bwiadcz\u0105cym wybrane us\u0142ugi na rzecz Administratora \u2013 w takim zakresie, w jakim jest to niezb\u0119dne do&nbsp; \u015bwiadczenia tych us\u0142ug (np. kancelarie prawne, biura rachunkowe, firmy \u015bwiadcz\u0105ce us\u0142ugi IT)<\/li>\n<li>uprawnionym instytucjom i organom pa\u0144stwowym.<\/li>\n<\/ul>\n<p>Pa\u0144stwa dane podawane na portalach spo\u0142eczno\u015bciowych mog\u0105 by\u0107 udost\u0119pniane administratorom tych portali,<br \/>\na wszelkie dane zamieszczane w komentarzach mog\u0105 by\u0107 r\u00f3wnie\u017c dost\u0119pne dla innych u\u017cytkownik\u00f3w.<\/p>\n<h3>Przekazywanie danych do pa\u0144stw trzecich<\/h3>\n<p>Pa\u0144stwa dane osobowe nie s\u0105 przekazywane poza Europejski Obszar Gospodarczy oraz do organizacji mi\u0119dzynarodowych.<\/p>\n<h3>Profilowanie<\/h3>\n<p>Informujemy, \u017ce na podstawie podanych przez Pa\u0144stwa danych osobowych nie dokonujemy profilowania, czyli automatycznej oceny niekt\u00f3rych czynnik\u00f3w osobowych.<\/p>\n<h3>Prawa os\u00f3b, kt\u00f3rych dane dotycz\u0105<\/h3>\n<p>Przys\u0142uguje Pa\u0144stwu prawo do:<\/p>\n<ul>\n<li>dost\u0119pu do tre\u015bci Pa\u0144stwa danych osobowych, \u017c\u0105dania ich sprostowania, usuni\u0119cia lub ograniczenia przetwarzania,<\/li>\n<li>wniesienia sprzeciwu wobec przetwarzania danych osobowych, w zakresie w jakim podstaw\u0105 przetwarzania danych jest prawnie uzasadniony interes Administratora,<\/li>\n<li>wycofania udzielonej zgody w zakresie, w jakim jest ona podstaw\u0105 przetwarzania Pa\u0144stwa danych osobowych, przy czym wycofanie zgody nie ma wp\u0142ywu na zgodno\u015b\u0107 z prawem przetwarzania, kt\u00f3rego dokonano<br \/>\nna podstawie zgody przed je wycofaniem,<\/li>\n<li>przenoszenia danych osobowych, tj. otrzymania od Administratora Danych Osobowych informacji<br \/>\no przetwarzanych danych osobowych w ustrukturyzowanym, powszechnie u\u017cywanym formacie, nadaj\u0105cym si\u0119 do odczytu maszynowego,<\/li>\n<li>wniesienia skargi do Prezesa Urz\u0119du Ochrony Danych Osobowych, gdy uznaj\u0105 Pa\u0144stwo, \u017ce przetwarzanie danych osobowych Pa\u0144stwa dotycz\u0105cych narusza przepisy RODO.<\/li>\n<\/ul>\n<p>W celu skorzystania z powy\u017cszych praw nale\u017cy skontaktowa\u0107 si\u0119 z Administratorem Danych Osobowych, pisz\u0105c na adres <a href=\"mailto:iod@edokumenty.eu\">iod@edokumenty.eu<\/a> lub poczt\u0105 tradycyjn\u0105 na adres naszego biura ul. ks. bpa Bednorza 2a-6, 40-384 Katowice.<\/p>\n<h3>Informacja o obowi\u0105zku podania danych osobowych i skutkach ich niepodania<\/h3>\n<p>Podanie danych osobowych jest dobrowolne, jednak\u017ce skutkiem ich niepodania b\u0119dzie brak mo\u017cliwo\u015bci skorzystania<br \/>\nz us\u0142ug eDokumenty Sp\u00f3\u0142ka z o.o., zawarcia umowy lub uzyskania informacji zwrotnej na zadane przez Pa\u0144stwa pytania drog\u0105 komunikacji elektronicznej.<\/p>\n<h3>Pliki cookies<\/h3>\n<p>Nasze strony internetowe u\u017cywa plik\u00f3w \u201eCookies\u201d (ciasteczka). S\u0105 pliki tekstowe wysy\u0142ane przez odwiedzane strony internetowe i przechowywane na komputerze u\u017cytkownika. Domy\u015blne parametry ciasteczek pozwalaj\u0105 na odczytanie informacji w nich zawartych&nbsp; jedynie serwisowi, kt\u00f3ry je wcze\u015bniej utworzy\u0142. Cookies mog\u0105 s\u0142u\u017cy\u0107 do&nbsp; mierzenia ruchu u\u017cytkownika na stronie za pomoc\u0105 statystyk, ustawie\u0144 wersji j\u0119zykowej, uruchomienia mechanizmu sond internetowych. U\u017cytkownik mo\u017ce nie wyrazi\u0107 zgody na umieszczanie plik\u00f3w typu cookies na jego urz\u0105dzeniu. Istnieje mo\u017cliwo\u015b\u0107 zablokowania zapisywania cookies, zmieniaj\u0105c ustawienia przegl\u0105darki. Pragniemy jednak poinformowa\u0107, i\u017c zmiana ustawie\u0144 cookies mo\u017ce spowodowa\u0107 utrudnienia w korzystaniu z naszej strony internetowej.<\/p>\n<h3>Zmiany niniejszej Polityki prywatno\u015bci<\/h3>\n<p>Sp\u00f3\u0142ka eDokumenty dokonuje cyklicznych przegl\u0105d\u00f3w niniejszej Polityki prywatno\u015bci i zastrzega sobie prawo do jej zmiany w sytuacji, gdy oka\u017ce si\u0119 to niezb\u0119dne z uwagi na zmiany w przepisach prawa lub wytyczne organ\u00f3w, a w szczeg\u00f3lno\u015bci w sytuacji zmian technologii przy u\u017cyciu, kt\u00f3rej przetwarzamy dane osobowe (o ile zmiana ta wp\u0142ywa na brzmienie niniejszego dokumentu), a tak\u017ce w razie zmiany sposob\u00f3w, cel\u00f3w lub podstaw prawnych przetwarzania przez nas danych osobowych.<\/p>\n<p>Korzystaj\u0105c z naszej strony internetowej, jak r\u00f3wnie\u017c odwiedzaj\u0105c nasze profile na Facebook, Tweeter lub w serwisie YouTube akceptuj\u0105 Pa\u0144stwo powy\u017csze zasady.<\/p>\n<p>Ostatnia zmiana niniejszego dokumentu mia\u0142a miejsce dnia 11.09.2020 r.<\/p>\n","protected":false},"excerpt":{"rendered":"<p>Polityka prywatno\u015bci Realizuj\u0105c obowi\u0105zek informacyjny wynikaj\u0105cy z Rozporz\u0105dzenia Parlamentu Europejskiego i Rady (UE)2016\/679 z dnia 27 kwietnia 2016r. w sprawie ochrony os\u00f3b fizycznych w zwi\u0105zku z przetwarzaniem danych osobowych i w sprawie swobodnego przep\u0142ywu takich danych oraz uchylenia Dyrektywy 95\/46\/WE (og\u00f3lne rozporz\u0105dzenie o ochronie danych) \u2013 dalej RODO, niniejszym informujemy \u017ce: Administrator Danych Osobowych Administratorem [&hellip;]<\/p>\n","protected":false},"author":2,"featured_media":0,"parent":0,"menu_order":0,"comment_status":"closed","ping_status":"closed","template":"","meta":{"footnotes":""},"_links":{"self":[{"href":"https:\/\/www2.ready-os.com\/pl\/wp-json\/wp\/v2\/pages\/9234"}],"collection":[{"href":"https:\/\/www2.ready-os.com\/pl\/wp-json\/wp\/v2\/pages"}],"about":[{"href":"https:\/\/www2.ready-os.com\/pl\/wp-json\/wp\/v2\/types\/page"}],"author":[{"embeddable":true,"href":"https:\/\/www2.ready-os.com\/pl\/wp-json\/wp\/v2\/users\/2"}],"replies":[{"embeddable":true,"href":"https:\/\/www2.ready-os.com\/pl\/wp-json\/wp\/v2\/comments?post=9234"}],"version-history":[{"count":1,"href":"https:\/\/www2.ready-os.com\/pl\/wp-json\/wp\/v2\/pages\/9234\/revisions"}],"predecessor-version":[{"id":9235,"href":"https:\/\/www2.ready-os.com\/pl\/wp-json\/wp\/v2\/pages\/9234\/revisions\/9235"}],"wp:attachment":[{"href":"https:\/\/www2.ready-os.com\/pl\/wp-json\/wp\/v2\/media?parent=9234"}],"curies":[{"name":"wp","href":"https:\/\/api.w.org\/{rel}","templated":true}]}}