{"id":8612,"date":"2021-12-15T21:24:13","date_gmt":"2021-12-15T20:24:13","guid":{"rendered":"https:\/\/ready-os.com\/?page_id=8612"},"modified":"2023-01-17T14:32:34","modified_gmt":"2023-01-17T13:32:34","slug":"ewidencja-czasu-pracy","status":"publish","type":"page","link":"https:\/\/www2.ready-os.com\/pl\/ewidencja-czasu-pracy\/","title":{"rendered":"Czas pracy"},"content":{"rendered":"\n<div style=\"height:110px\" aria-hidden=\"true\" class=\"wp-block-spacer\"><\/div>\n\n\n\n<div class=\"wp-block-columns is-layout-flex wp-container-core-columns-layout-2 wp-block-columns-is-layout-flex\">\n<div class=\"wp-block-column is-layout-flow wp-block-column-is-layout-flow\" style=\"flex-basis:100%\">\n<div class=\"wp-block-columns is-layout-flex wp-container-core-columns-layout-1 wp-block-columns-is-layout-flex\">\n<div class=\"wp-block-column is-layout-flow wp-block-column-is-layout-flow\" style=\"flex-basis:47%\">\n<figure class=\"wp-block-image size-large\"><img decoding=\"async\" src=\"https:\/\/ready-os.com\/wp-content\/uploads\/2020\/03\/Czas-pracy-Pulpit-1.png\" alt=\"\"\/><\/figure>\n<\/div>\n\n\n\n<div class=\"wp-block-column is-layout-flow wp-block-column-is-layout-flow\" style=\"flex-basis:8%\"><\/div>\n\n\n\n<div class=\"wp-block-column is-layout-flow wp-block-column-is-layout-flow\">\n<h3 class=\"wp-block-heading\" id=\"h-przyjazny-rejestrator-czasu-pracy\">Przyjazny rejestrator czasu pracy<\/h3>\n\n\n\n<h6 class=\"wp-block-heading\" id=\"h-dzieki-przyjaznej-aplikacji-kazdy-pracownik-poczuje-przyjemna-emocje-zwiazana-z-ewidencja-wlasnego-czasu-pracy-plan-dnia-podzielony-jest-na-3-czesci\">Dzi\u0119ki przyjaznej aplikacji ka\u017cdy pracownik poczuje przyjemn\u0105 emocj\u0119 zwi\u0105zan\u0105 z ewidencj\u0105 w\u0142asnego czasu pracy. Plan dnia podzielony jest na 3 cz\u0119\u015bci: <\/h6>\n\n\n\n<ul><li>&#8222;Na dzisiaj&#8221; &#8211; zadania ustalone dzisiaj.<\/li><li>&#8222;W trakcie&#8221; &#8211; zadania w kanban przeniesione do grupy w trakcie.<\/li><li>&#8222;Przypi\u0119te&#8221; &#8211; zadania wykonywane cz\u0119sto o powtarzalnym opisie. <\/li><\/ul>\n<\/div>\n\n\n\n<div class=\"wp-block-column is-layout-flow wp-block-column-is-layout-flow\" style=\"flex-basis:5%\"><\/div>\n<\/div>\n<\/div>\n<\/div>\n\n\n\n<div style=\"height:60px\" aria-hidden=\"true\" class=\"wp-block-spacer\"><\/div>\n\n\n\n<div class=\"wp-block-columns is-layout-flex wp-container-core-columns-layout-4 wp-block-columns-is-layout-flex\">\n<div class=\"wp-block-column reverse-mobile is-layout-flow wp-block-column-is-layout-flow\" style=\"flex-basis:100%\">\n<div class=\"wp-block-columns is-layout-flex wp-container-core-columns-layout-3 wp-block-columns-is-layout-flex\">\n<div class=\"wp-block-column is-layout-flow wp-block-column-is-layout-flow\" style=\"flex-basis:5%\"><\/div>\n\n\n\n<div class=\"wp-block-column is-layout-flow wp-block-column-is-layout-flow\">\n<h3 class=\"wp-block-heading\" id=\"h-raport-dzienny\">Raport dzienny<\/h3>\n\n\n\n<h6 class=\"wp-block-heading\" id=\"h-za-pomoca-przejrzystego-raportu-dziennego-zobaczysz-zbiorcze-zestawienie-informujace-cie-o-zadaniach-zrealizowanych-przez-twoj-zespol-w-danym-dniu\">Za pomoc\u0105 przejrzystego raportu dziennego zobaczysz zbiorcze zestawienie informuj\u0105ce Ci\u0119 o zadaniach zrealizowanych przez Tw\u00f3j zesp\u00f3\u0142 w danym dniu.<\/h6>\n\n\n\n<ul><li>Przegl\u0105daj raporty podleg\u0142ych pracownik\u00f3w &#8211; ka\u017cdy widzi tylko osoby do kt\u00f3rych ma prawo.<\/li><li>Pod\u0142\u0105czaj zadania pod sprawy i projekty.<\/li><li>Przechod\u017a z raport\u00f3w do powi\u0105zanych spraw i zada\u0144.<\/li><\/ul>\n<\/div>\n\n\n\n<div class=\"wp-block-column is-layout-flow wp-block-column-is-layout-flow\" style=\"flex-basis:8%\"><\/div>\n\n\n\n<div class=\"wp-block-column is-layout-flow wp-block-column-is-layout-flow\" style=\"flex-basis:47%\">\n<figure class=\"wp-block-image size-large\"><img loading=\"lazy\" decoding=\"async\" width=\"1024\" height=\"640\" src=\"https:\/\/ready-os.com\/wp-content\/uploads\/2022\/02\/Ewidencja-wykonanych-zadan-1024x640.jpg\" alt=\"Raport-wykonanych-zaadan-ewidencja-czasu-pracy\" class=\"wp-image-9203\" srcset=\"https:\/\/www2.ready-os.com\/wp-content\/uploads\/2022\/02\/Ewidencja-wykonanych-zadan-1024x640.jpg 1024w, https:\/\/www2.ready-os.com\/wp-content\/uploads\/2022\/02\/Ewidencja-wykonanych-zadan-300x188.jpg 300w, https:\/\/www2.ready-os.com\/wp-content\/uploads\/2022\/02\/Ewidencja-wykonanych-zadan-768x480.jpg 768w, https:\/\/www2.ready-os.com\/wp-content\/uploads\/2022\/02\/Ewidencja-wykonanych-zadan-1536x960.jpg 1536w, https:\/\/www2.ready-os.com\/wp-content\/uploads\/2022\/02\/Ewidencja-wykonanych-zadan-195x123.jpg 195w, https:\/\/www2.ready-os.com\/wp-content\/uploads\/2022\/02\/Ewidencja-wykonanych-zadan.jpg 1920w\" sizes=\"(max-width: 1024px) 100vw, 1024px\" \/><\/figure>\n<\/div>\n<\/div>\n<\/div>\n<\/div>\n\n\n\n<div style=\"height:60px\" aria-hidden=\"true\" class=\"wp-block-spacer\"><\/div>\n\n\n\n<div class=\"wp-block-columns is-layout-flex wp-container-core-columns-layout-6 wp-block-columns-is-layout-flex\">\n<div class=\"wp-block-column is-layout-flow wp-block-column-is-layout-flow\" style=\"flex-basis:100%\">\n<div class=\"wp-block-columns is-layout-flex wp-container-core-columns-layout-5 wp-block-columns-is-layout-flex\">\n<div class=\"wp-block-column is-layout-flow wp-block-column-is-layout-flow\" style=\"flex-basis:47%\">\n<figure class=\"wp-block-image size-large\"><img decoding=\"async\" src=\"https:\/\/ready-os.com\/wp-content\/uploads\/2020\/03\/Miesi\u0119czny-z-podgladem.png\" alt=\"\"\/><\/figure>\n<\/div>\n\n\n\n<div class=\"wp-block-column is-layout-flow wp-block-column-is-layout-flow\" style=\"flex-basis:8%\"><\/div>\n\n\n\n<div class=\"wp-block-column is-layout-flow wp-block-column-is-layout-flow\">\n<h3 class=\"wp-block-heading\" id=\"h-raport-miesieczny\">Raport miesi\u0119czny<\/h3>\n\n\n\n<h6 class=\"wp-block-heading\" id=\"h-w-raporcie-miesiecznym-wyswietlisz-zbiorcze-podsumowanie-calego-miesiaca-z-mozliwoscia-podgladu-szczegolow-kazdego-dnia\">W raporcie miesi\u0119cznym wy\u015bwietlisz zbiorcze podsumowanie ca\u0142ego miesi\u0105ca, z mo\u017cliwo\u015bci\u0105 podgl\u0105du szczeg\u00f3\u0142\u00f3w ka\u017cdego dnia.<\/h6>\n\n\n\n<ul><li>Miesi\u0119czne podsumowanie zawiera kolory &#8211; dzi\u0119ki czemu szybko wychwycisz braki w uzupe\u0142nionym czasie pracy.<\/li><li>Z ka\u017cdego dnia \u0142atwo wy\u015bwietlisz wszystkie aktywno\u015bci.<\/li><li>Ka\u017cda aktywno\u015b\u0107 pozwala otworzy\u0107 zadanie, spraw\u0119 lub klienta kt\u00f3rego dotyczy.<\/li><\/ul>\n<\/div>\n\n\n\n<div class=\"wp-block-column is-layout-flow wp-block-column-is-layout-flow\" style=\"flex-basis:5%\"><\/div>\n<\/div>\n<\/div>\n<\/div>\n\n\n\n<div style=\"height:60px\" aria-hidden=\"true\" class=\"wp-block-spacer\"><\/div>\n\n\n\n<div class=\"wp-block-columns is-layout-flex wp-container-core-columns-layout-8 wp-block-columns-is-layout-flex\">\n<div class=\"wp-block-column reverse-mobile is-layout-flow wp-block-column-is-layout-flow\" style=\"flex-basis:100%\">\n<div class=\"wp-block-columns is-layout-flex wp-container-core-columns-layout-7 wp-block-columns-is-layout-flex\">\n<div class=\"wp-block-column is-layout-flow wp-block-column-is-layout-flow\" style=\"flex-basis:5%\"><\/div>\n\n\n\n<div class=\"wp-block-column is-layout-flow wp-block-column-is-layout-flow\">\n<h3 class=\"wp-block-heading\" id=\"h-wygodny-kanban-dla-zadan\">Wygodny Kanban dla zada\u0144<\/h3>\n\n\n\n<h6 class=\"wp-block-heading\" id=\"h-pracownicy-moga-planowac-wczesniej-swoje-zadania-na-tablicy-kanban\">Pracownicy mog\u0105 planowa\u0107 wcze\u015bniej swoje zadania na tablicy Kanban.<\/h6>\n\n\n\n<p>Widok ten \u015bwietnie sprawdza si\u0119 przy wszelkich projektach, w kt\u00f3rych uczestniczy kilka os\u00f3b i kt\u00f3re nie maj\u0105 wyra\u017anie zadanych termin\u00f3w na ka\u017cde zadanie.<\/p>\n<\/div>\n\n\n\n<div class=\"wp-block-column is-layout-flow wp-block-column-is-layout-flow\" style=\"flex-basis:8%\"><\/div>\n\n\n\n<div class=\"wp-block-column is-layout-flow wp-block-column-is-layout-flow\" style=\"flex-basis:47%\">\n<figure class=\"wp-block-image size-large\"><img decoding=\"async\" src=\"https:\/\/ready-os.com\/wp-content\/uploads\/2020\/03\/Kanban-2-1.png\" alt=\"\"\/><\/figure>\n<\/div>\n<\/div>\n<\/div>\n<\/div>\n\n\n\n<div style=\"height:60px\" aria-hidden=\"true\" class=\"wp-block-spacer\"><\/div>\n\n\n\n<div class=\"wp-block-columns is-layout-flex wp-container-core-columns-layout-10 wp-block-columns-is-layout-flex\">\n<div class=\"wp-block-column is-layout-flow wp-block-column-is-layout-flow\" style=\"flex-basis:100%\">\n<div class=\"wp-block-columns is-layout-flex wp-container-core-columns-layout-9 wp-block-columns-is-layout-flex\">\n<div class=\"wp-block-column is-layout-flow wp-block-column-is-layout-flow\" style=\"flex-basis:47%\">\n<figure class=\"wp-block-image size-large\"><img decoding=\"async\" src=\"https:\/\/ready-os.com\/wp-content\/uploads\/2020\/03\/Kalendarz3.png\" alt=\"\"\/><\/figure>\n<\/div>\n\n\n\n<div class=\"wp-block-column is-layout-flow wp-block-column-is-layout-flow\" style=\"flex-basis:8%\"><\/div>\n\n\n\n<div class=\"wp-block-column is-layout-flow wp-block-column-is-layout-flow\">\n<h3 class=\"wp-block-heading\" id=\"h-kalendarz\">Kalendarz<\/h3>\n\n\n\n<h6 class=\"wp-block-heading\" id=\"h-zadania-ktorych-realizacja-wymagana-jest-w-okreslonym-terminie-moga-byc-planowane-na-siatce-kalendarza-na-ktorym-widoczne-beda-osobnymi-kolorami-kalendarze-poszczegolnych-czlonkow-zespolu\">Zadania, kt\u00f3rych realizacja wymagana jest w okre\u015blonym terminie, mog\u0105 by\u0107 planowane na siatce Kalendarza, na kt\u00f3rym widoczne b\u0119d\u0105 osobnymi kolorami kalendarze poszczeg\u00f3lnych cz\u0142onk\u00f3w zespo\u0142u.<\/h6>\n\n\n\n<p>Ka\u017cdy zesp\u00f3\u0142 mo\u017ce r\u00f3wnocze\u015bnie wy\u015bwietla\u0107 zadania w wymaganej dla siebie formie.<\/p>\n\n\n\n<p>Mo\u017cna r\u00f3wnolegle wykorzystywa\u0107 r\u00f3\u017cne widoki: Lista, Kanban i Kalendarz.<\/p>\n<\/div>\n\n\n\n<div class=\"wp-block-column is-layout-flow wp-block-column-is-layout-flow\" style=\"flex-basis:5%\"><\/div>\n<\/div>\n<\/div>\n<\/div>\n\n\n\n<h2 class=\"wp-block-heading\">Czym jest elektroniczna ewidencja czasu pracy?<\/h2>\n\n\n\n<p>Ewidencja czasu pracy pracownik\u00f3w ma charakter indywidualny i jest tworzona osobno dla ka\u017cdego pracownika, dlatego jest to do\u015b\u0107 czasoch\u0142onne. Jednak mo\u017cliwe jest przyspieszenie tego procesu dzi\u0119ki inteligentnemu narz\u0119dziu. Z jego pomoc\u0105 pracodawca mo\u017ce przeanalizowa\u0107 grafik pracy, listy obecno\u015bci, a tak\u017ce przepracowane godziny odnosz\u0105ce si\u0119 do tygodnia czy miesi\u0105ca.<\/p>\n\n\n\n<p>Warto pami\u0119ta\u0107, \u017ce prowadzenie ewidencji czasu pracy to jeden z obowi\u0105zk\u00f3w pracodawcy \u2013 trzeba si\u0119 do tego ustosunkowa\u0107 nawet wtedy, gdy zostaje zatrudniona jedna osoba. Wymaga tego Pa\u0144stwowa Inspekcja Pracy. Jednak to od pracodawcy zale\u017cy, w jaki spos\u00f3b b\u0119dzie to robi\u0107 \u2013 przy pomocy tradycyjnej metody b\u0105d\u017a po prostu wykorzystuj\u0105c elektroniczny system kontroli czasu pracy. Konieczne jest tylko to, \u017ceby program umo\u017cliwia\u0142 wydrukowanie dokumentu \u2013 z tym na pewno nie b\u0119dzie problemu, gdy zostanie wykorzystany program Ready os.<\/p>\n\n\n\n<h2 class=\"wp-block-heading\">Co zawiera system rejestracji czasu pracy?<\/h2>\n\n\n\n<p>Rejestracja czasu pracy bez wzgl\u0119du na form\u0119 musi zawiera\u0107 kilka podstawowych informacji, umo\u017cliwiaj\u0105cych okre\u015blenie, ile dni czy godzin pracowa\u0142a dana osoba. W ko\u0144cu ma to ogromny wp\u0142yw na wyp\u0142acan\u0105 pensj\u0119, a tak\u017ce na kontrol\u0119 czasu pracy. Z nowoczesnym i intuicyjnym programem z \u0142atwo\u015bci\u0105 zostan\u0105 uzupe\u0142nione wymagane pola. Cz\u0119sto monitorowanie czasu pracy staje si\u0119 jeszcze prostsze, je\u015bli w biurze korzysta si\u0119 z identyfikator\u00f3w lub kod\u00f3w QR. Wtedy system dba o to, \u017ceby lista obecno\u015bci by\u0142a kompletna, a przede wszystkim natychmiastowo uzupe\u0142niana. Szczeg\u00f3lnie chodzi tu o nast\u0119puj\u0105ce informacje:<\/p>\n\n\n\n<ul><li>kontrola czasu pracy online lub stacjonarnej z uwzgl\u0119dnieniem godzin dla ka\u017cdego pracownika osobno \u2013 dotyczy to r\u00f3wnie\u017c informacji o godzinach nocnych, nadgodzinach, \u015bwi\u0105t oraz dni wolnych;<\/li><li>dy\u017cury,<\/li><li>nieobecno\u015bci,<\/li><li>zwolnienia od pracy,<\/li><li>urlopy.<\/li><\/ul>\n\n\n\n<p>Warto zwr\u00f3ci\u0107 uwag\u0119, \u017ce rodzaj prowadzonej ewidencji jest uzale\u017cniony od grupy pracowniczej. Czasem wymagane jest prowadzenie jedynie uproszczonej ewidencji.<\/p>\n\n\n\n<h2 class=\"wp-block-heading\">Dlaczego warto korzysta\u0107 z ewidencji czasu pracy?<\/h2>\n\n\n\n<h3 class=\"wp-block-heading\">Elektroniczna lista obecno\u015bci<\/h3>\n\n\n\n<p>Inteligentny program do rejestracji czasu pracy samodzielnie wykonuje wiele zada\u0144. Jednym z najwa\u017cniejszych jest lista obecno\u015bci pracownik\u00f3w. To znaczne u\u0142atwienie dla grupy kierowniczej i dla pracownik\u00f3w. W ko\u0144cu w ka\u017cdej chwili mog\u0105 przegl\u0105da\u0107 tak\u0105 list\u0119. Warto zwr\u00f3\u0107 r\u00f3wnie\u017c uwag\u0119 na to, \u017ce takie systemy jak <a href=\"https:\/\/ready-os.com\/pl\/elektroniczna-lista-obecnosci\/\">elektroniczna lista obecno\u015bci<\/a> stanowi\u0105 spore u\u0142atwienie podczas sytuacji, zagra\u017caj\u0105cych \u017cyciu. Szczeg\u00f3lnie dotyczy to po\u017car\u00f3w. Wtedy wirtualne listy obecno\u015bci umo\u017cliwiaj\u0105 szybkie sprawdzenie, czy wszyscy pracownicy opu\u015bcili budynek. W czasie pandemii u\u0142atwia to tak\u017ce okre\u015blenie grupy os\u00f3b zagro\u017conych zachorowaniem.<\/p>\n\n\n\n<h3 class=\"wp-block-heading\">\u0141atwodost\u0119pne powiadomienia o wnioskach urlopowych<\/h3>\n\n\n\n<p>Sk\u0142adanie i akceptacja wniosk\u00f3w urlopowych to \u017cmudne zaj\u0119cie, kt\u00f3re znacznie spowalnia funkcjonowanie firmy. Dlatego z pomoc\u0105 przychodzi nowoczesny program do ewidencji czasu pracy. W ko\u0144cu to narz\u0119dzie jest te\u017c dost\u0119pne dla pracownik\u00f3w, wi\u0119c mog\u0105 oni wykorzysta\u0107 dowolne urz\u0105dzenie i z jego pomoc\u0105 z\u0142o\u017cy\u0107 wniosek urlopowy. Dodatkowo decyzyjne osoby od razu otrzymuj\u0105 powiadomienie w wiadomo\u015bci e-mailowej i poprzez komunikator o tym, \u017ce nale\u017cy rozpatrzy\u0107 nowy wniosek. Nast\u0119pnie pracownik dostaje informacj\u0119 o jego akceptacji b\u0105d\u017a odrzuceniu. Taki system naprawd\u0119 przyspiesza etap podejmowania decyzji, a przede wszystkim poprawia wydajno\u015b\u0107 ca\u0142ego zespo\u0142u. Jednocze\u015bnie umo\u017cliwia jeszcze lepsz\u0105 koordynacj\u0119 pracownikami i inteligentne dysponowanie urlopem. Ka\u017cdy z pracownik\u00f3w ma dost\u0119p do swoich limit\u00f3w urlopowych czy nawet do kalendarza urlopowego zespo\u0142u. W ten spos\u00f3b skutecznie mo\u017cna ograniczy\u0107 liczb\u0119 pyta\u0144 kierowanych do mened\u017cer\u00f3w b\u0105d\u017a dzia\u0142u HR, a do tego zostanie u\u0142atwione pracownikom inteligentne zarz\u0105dzanie urlopem.<\/p>\n\n\n\n<h3 class=\"wp-block-heading\">System rejestracji czasu pracy powiadamia o sp\u00f3\u017anieniach<\/h3>\n\n\n\n<p>Wiele firm uznaje, \u017ce kilka sp\u00f3\u017anie\u0144 nie stanowi du\u017cego problemu, ale gdy zdarzaj\u0105 si\u0119 one regularnie, a przede wszystkim wi\u0119kszej grupie pracownik\u00f3w, to taka sytuacja prowadzi ju\u017c do sporych strat finansowych. Dlatego program do rejestracji czasu pracy to nie tylko lista obecno\u015bci, ale r\u00f3wnie\u017c kontrola sp\u00f3\u017anie\u0144. Gdy dochodzi do takiej sytuacji, to mened\u017cerowie b\u0105d\u017a inne upowa\u017cnione osoby otrzymuj\u0105 powiadomienie o tym, \u017ce dany pracownik si\u0119 sp\u00f3\u017ani\u0142 i o jakim czasie tu mowa. Taka informacja jest te\u017c zawarta w raporcie, analizuj\u0105cym czas pracy. Pozwala to na szybkie rozwi\u0105zanie problemu i ewentualne wyci\u0105gni\u0119cie konsekwencji.<\/p>\n\n\n\n<p>Elektroniczna ewidencja czasu informuje tak\u017ce o nadgodzinach czy nawet o mo\u017cliwo\u015bci przepracowania, co wynika ze zbyt du\u017cej ilo\u015bci przepracowanych godzin.<\/p>\n\n\n\n<h3 class=\"wp-block-heading\">Ewidencja czasu pracownik\u00f3w zdalnych i freelancer\u00f3w<\/h3>\n\n\n\n<p>W zale\u017cno\u015bci od tego, z jakich metod pracy korzysta dana firma, to ewidencja czasu na pewno i tak si\u0119 przyda \u2013 nawet podczas pracy online b\u0105d\u017a hybrydowej. W ten spos\u00f3b mo\u017cna zyska\u0107 pewno\u015b\u0107, \u017ce pracownicy wykonuj\u0105 swoje obowi\u0105zki, a do tego sprawdzi\u0107, ile czasu na to po\u015bwi\u0119cili. System rejestracji czasu pracy to r\u00f3wnie\u017c korzystne rozwi\u0105zanie z perspektywy pracownik\u00f3w. W ko\u0144cu otrzymuj\u0105 wyra\u017any dow\u00f3d tego, ile czasu po\u015bwi\u0119cili na wykonanie konkretnego zadania. Dzi\u0119ki temu mog\u0105 w prosty spos\u00f3b udowodni\u0107 swoje racje.<\/p>\n\n\n\n<p>Taki program jest stosowany tak\u017ce u freelancer\u00f3w. Szczeg\u00f3lnie gdy nast\u0119puje rozliczenie godzinowe.<\/p>\n","protected":false},"excerpt":{"rendered":"<p>Przyjazny rejestrator czasu pracy Dzi\u0119ki przyjaznej aplikacji ka\u017cdy pracownik poczuje przyjemn\u0105 emocj\u0119 zwi\u0105zan\u0105 z ewidencj\u0105 w\u0142asnego czasu pracy. Plan dnia podzielony jest na 3 cz\u0119\u015bci: &#8222;Na dzisiaj&#8221; &#8211; zadania ustalone dzisiaj. &#8222;W trakcie&#8221; &#8211; zadania w kanban przeniesione do grupy w trakcie. &#8222;Przypi\u0119te&#8221; &#8211; zadania wykonywane cz\u0119sto o powtarzalnym opisie. Raport dzienny Za pomoc\u0105 przejrzystego [&hellip;]<\/p>\n","protected":false},"author":2,"featured_media":0,"parent":0,"menu_order":0,"comment_status":"closed","ping_status":"closed","template":"template-parts\/page-app-10.php","meta":{"footnotes":""},"_links":{"self":[{"href":"https:\/\/www2.ready-os.com\/pl\/wp-json\/wp\/v2\/pages\/8612"}],"collection":[{"href":"https:\/\/www2.ready-os.com\/pl\/wp-json\/wp\/v2\/pages"}],"about":[{"href":"https:\/\/www2.ready-os.com\/pl\/wp-json\/wp\/v2\/types\/page"}],"author":[{"embeddable":true,"href":"https:\/\/www2.ready-os.com\/pl\/wp-json\/wp\/v2\/users\/2"}],"replies":[{"embeddable":true,"href":"https:\/\/www2.ready-os.com\/pl\/wp-json\/wp\/v2\/comments?post=8612"}],"version-history":[{"count":16,"href":"https:\/\/www2.ready-os.com\/pl\/wp-json\/wp\/v2\/pages\/8612\/revisions"}],"predecessor-version":[{"id":9763,"href":"https:\/\/www2.ready-os.com\/pl\/wp-json\/wp\/v2\/pages\/8612\/revisions\/9763"}],"wp:attachment":[{"href":"https:\/\/www2.ready-os.com\/pl\/wp-json\/wp\/v2\/media?parent=8612"}],"curies":[{"name":"wp","href":"https:\/\/api.w.org\/{rel}","templated":true}]}}