{"id":8418,"date":"2021-12-01T13:54:01","date_gmt":"2021-12-01T12:54:01","guid":{"rendered":"https:\/\/ready-os.com\/?post_type=docs&#038;p=8418"},"modified":"2021-12-02T09:46:07","modified_gmt":"2021-12-02T08:46:07","slug":"konfiguracja-modulu-spraw","status":"publish","type":"docs","link":"https:\/\/www2.ready-os.com\/pl\/docs\/system\/konfiguracja-modulu-spraw\/","title":{"rendered":"Konfiguracja modu\u0142u spraw"},"content":{"rendered":"<h4>Konfiguracja modu\u0142u sprawy<\/h4>\n<p>Konfiguracja modu\u0142u sprawy odbywa si\u0119 w kilku krokach.<\/p>\n<ol>\n<li style=\"list-style-type: none;\">\n<ol>\n<li style=\"list-style-type: none;\">\n<ol>\n<li>Utworzenie struktury organizacyjnej w tak, aby by\u0142a ona podzielona na kom\u00f3rki organizacyjne (dzia\u0142y). Aby skonfigurowa\u0107 poprawnie struktur\u0119 przejd\u017a do pomocy: <a href=\"https:\/\/ready-os.com\/pl\/docs\/system\/jak-poprawnie-skonfigurowac-strukture-organizacyjna-w-firmie\/\">Jak poprawnie skonfigurowa\u0107 struktur\u0119 organizacyjn\u0105 w firmie?<\/a><\/li>\n<li>Zdefiniowanie w systemie kategorii spraw, czyli JRWA.<br \/>\nW systemie znajduj\u0105 si\u0119 domy\u015blne kategorie spraw, je\u017celi s\u0105 wystarczaj\u0105ce, mo\u017cesz pomin\u0105\u0107 ten krok.<\/li>\n<li>Opublikowanie kategorii spraw na wybranym dziale, czyli utworzenie teczki oraz nadanie uprawnie\u0144 u\u017cytkownikom.<\/li>\n<\/ol>\n<\/li>\n<\/ol>\n<\/li>\n<\/ol>\n<h4>Definiowanie kategorii spraw<\/h4>\n<p>Zarz\u0105dzanie kategoriami spraw odbywa si\u0119 w panelu <strong>Kategorie spraw<\/strong>. Aby go wy\u015bwietli\u0107 nale\u017cy przej\u015b\u0107 do <strong>Ustawienia Aplikacji -&gt; Og\u00f3lne -&gt; Kategorie spraw<\/strong> i wybra\u0107 przycisk <strong>ZDEFINIUJ<\/strong>.<\/p>\n<figure id=\"attachment_8423\" aria-describedby=\"caption-attachment-8423\" style=\"width: 1024px\" class=\"wp-caption alignnone\"><img loading=\"lazy\" decoding=\"async\" class=\"wp-image-8423 size-large\" src=\"https:\/\/ready-os.com\/wp-content\/uploads\/2021\/12\/sprawy1-1024x593.png\" alt=\"Przycisk do panelu kategorie spraw\" width=\"1024\" height=\"593\" srcset=\"https:\/\/www2.ready-os.com\/wp-content\/uploads\/2021\/12\/sprawy1-1024x593.png 1024w, https:\/\/www2.ready-os.com\/wp-content\/uploads\/2021\/12\/sprawy1-300x174.png 300w, https:\/\/www2.ready-os.com\/wp-content\/uploads\/2021\/12\/sprawy1-768x445.png 768w, https:\/\/www2.ready-os.com\/wp-content\/uploads\/2021\/12\/sprawy1.png 1252w\" sizes=\"(max-width: 1024px) 100vw, 1024px\" \/><figcaption id=\"caption-attachment-8423\" class=\"wp-caption-text\">Przycisk do panelu kategorie spraw<\/figcaption><\/figure>\n<p>W panelu zarz\u0105dzania kategoriami spraw istnieje mo\u017cliwo\u015b\u0107 dodania, edycji i usuni\u0119cia kategorii, jak r\u00f3wnie\u017c otwarcie, zamkni\u0119cie oraz import kategorii spraw.<\/p>\n<figure id=\"attachment_8425\" aria-describedby=\"caption-attachment-8425\" style=\"width: 427px\" class=\"wp-caption alignnone\"><img loading=\"lazy\" decoding=\"async\" class=\"size-full wp-image-8425\" src=\"https:\/\/ready-os.com\/wp-content\/uploads\/2021\/12\/sprawy2.png\" alt=\"Panel do zarz\u0105dzania kategoriami spraw\" width=\"427\" height=\"368\" srcset=\"https:\/\/www2.ready-os.com\/wp-content\/uploads\/2021\/12\/sprawy2.png 427w, https:\/\/www2.ready-os.com\/wp-content\/uploads\/2021\/12\/sprawy2-300x259.png 300w\" sizes=\"(max-width: 427px) 100vw, 427px\" \/><figcaption id=\"caption-attachment-8425\" class=\"wp-caption-text\">Panel do zarz\u0105dzania kategoriami spraw<\/figcaption><\/figure>\n<p>Podstawowymi opcjami zarz\u0105dzania s\u0105: <strong>Dodanie<\/strong> nowej, <strong>edycja<\/strong> istniej\u0105cej oraz <strong>usuni\u0119cie<\/strong> istniej\u0105cej kategorii spraw. <img loading=\"lazy\" decoding=\"async\" class=\"alignnone wp-image-8448 size-full\" src=\"https:\/\/ready-os.com\/wp-content\/uploads\/2021\/12\/sprawy11.png\" alt=\"Dodanie, edycja i usuni\u0119cie kategorii spraw\" width=\"123\" height=\"45\" \/><\/p>\n<p>Aby doda\u0107 now\u0105 kategori\u0119 nale\u017cy zaznaczy\u0107 miejsce w drzewku, wybra\u0107 przycisk <strong>Nowa<\/strong>, a nast\u0119pnie uzupe\u0142ni\u0107 nazw\u0119 oraz zapisa\u0107 zmian\u0119. Analogicznie wykonuje si\u0119 edycj\u0119 wybranej kategorii.<\/p>\n<figure id=\"attachment_8446\" aria-describedby=\"caption-attachment-8446\" style=\"width: 658px\" class=\"wp-caption alignnone\"><img loading=\"lazy\" decoding=\"async\" class=\"size-full wp-image-8446\" src=\"https:\/\/ready-os.com\/wp-content\/uploads\/2021\/12\/sprawy10.png\" alt=\"Szczeg\u00f3\u0142y kategorii sprawy\" width=\"658\" height=\"561\" srcset=\"https:\/\/www2.ready-os.com\/wp-content\/uploads\/2021\/12\/sprawy10.png 658w, https:\/\/www2.ready-os.com\/wp-content\/uploads\/2021\/12\/sprawy10-300x256.png 300w\" sizes=\"(max-width: 658px) 100vw, 658px\" \/><figcaption id=\"caption-attachment-8446\" class=\"wp-caption-text\">Szczeg\u00f3\u0142y kategorii sprawy &#8211; dodanie nowej \/ edycja.<\/figcaption><\/figure>\n<p>Kolejnymi opcjami s\u0105 <strong>Zamkni\u0119cie<\/strong> oraz<strong> Otwarcie<\/strong> kategorii spraw. <img loading=\"lazy\" decoding=\"async\" class=\"alignnone wp-image-8450 size-full\" src=\"https:\/\/ready-os.com\/wp-content\/uploads\/2021\/12\/sprawy12.png\" alt=\"Zamknij, otw\u00f3rz ponownie\" width=\"81\" height=\"48\" \/><\/p>\n<p>Funkcje te pozwalaj\u0105 na szybkie zamkni\u0119cie b\u0105d\u017a otworzenie zamkni\u0119tych teczek utworzonych na wybranej kategorii. Zamkni\u0119cie teczki powoduje brak mo\u017cliwo\u015bci wy\u015bwietlenia jej w module sprawy.<\/p>\n<p>Istnieje r\u00f3wnie\u017c mo\u017cliwo\u015b\u0107 <strong>importu<\/strong> kategorii spraw. Nale\u017cy jednak pami\u0119ta\u0107, \u017ce niepoprawnie przygotowany plik do importu spowoduje nadpisanie istniej\u0105cych ju\u017c kategorii spraw.<\/p>\n<h4>Tworzenie teczki<\/h4>\n<p>W systemie, teczk\u0105 nazwa si\u0119 kategori\u0119 spraw opublikowan\u0105 na kom\u00f3rce organizacyjnej (dziale). Aby utworzy\u0107 teczk\u0119, a wi\u0119c udost\u0119pni\u0107 kategori\u0119 spraw dla wybranego dzia\u0142u nale\u017cy przej\u015b\u0107 <strong>Ustawienia Aplikacji -&gt; Og\u00f3lne -&gt; Kategorie Spraw, <\/strong>a nast\u0119pnie wybra\u0107 przycisk <strong>PRZYDZIEL<\/strong>.<\/p>\n<figure id=\"attachment_8427\" aria-describedby=\"caption-attachment-8427\" style=\"width: 1024px\" class=\"wp-caption alignnone\"><img loading=\"lazy\" decoding=\"async\" class=\"size-large wp-image-8427\" src=\"https:\/\/ready-os.com\/wp-content\/uploads\/2021\/12\/sprawy3-1024x594.png\" alt=\"Przycisk do wyci\u0105gu z wykazu akt\" width=\"1024\" height=\"594\" srcset=\"https:\/\/www2.ready-os.com\/wp-content\/uploads\/2021\/12\/sprawy3-1024x594.png 1024w, https:\/\/www2.ready-os.com\/wp-content\/uploads\/2021\/12\/sprawy3-300x174.png 300w, https:\/\/www2.ready-os.com\/wp-content\/uploads\/2021\/12\/sprawy3-768x446.png 768w, https:\/\/www2.ready-os.com\/wp-content\/uploads\/2021\/12\/sprawy3.png 1248w\" sizes=\"(max-width: 1024px) 100vw, 1024px\" \/><figcaption id=\"caption-attachment-8427\" class=\"wp-caption-text\">Przycisk do wyci\u0105gu z wykazu akt<\/figcaption><\/figure>\n<p>Wybranie przycisku spowoduje wy\u015bwietlenie Panelu edycji wyci\u0105gu z wykazu akt, gdzie po lewej stronie znajduj\u0105 si\u0119 zdefiniowane w strukturze dzia\u0142y, a po prawej lista dost\u0119pnych kategorii spraw.<\/p>\n<figure id=\"attachment_8430\" aria-describedby=\"caption-attachment-8430\" style=\"width: 929px\" class=\"wp-caption alignnone\"><img loading=\"lazy\" decoding=\"async\" class=\"size-full wp-image-8430\" src=\"https:\/\/ready-os.com\/wp-content\/uploads\/2021\/12\/sprawy4.png\" alt=\"Panel edycji wyci\u0105gu z wykazu akt\" width=\"929\" height=\"556\" srcset=\"https:\/\/www2.ready-os.com\/wp-content\/uploads\/2021\/12\/sprawy4.png 929w, https:\/\/www2.ready-os.com\/wp-content\/uploads\/2021\/12\/sprawy4-300x180.png 300w, https:\/\/www2.ready-os.com\/wp-content\/uploads\/2021\/12\/sprawy4-768x460.png 768w\" sizes=\"(max-width: 929px) 100vw, 929px\" \/><figcaption id=\"caption-attachment-8430\" class=\"wp-caption-text\">Panel edycji wyci\u0105gu z wykazu akt<\/figcaption><\/figure>\n<p>Nast\u0119pnie, nale\u017cy wybra\u0107 dzia\u0142 i przeci\u0105gn\u0105\u0107 wybran\u0105 kategori\u0119 spraw do \u015brodkowego pola &#8211; Teczki.<\/p>\n<p>Je\u015bli wszystkie kroki wykonano poprawnie, mo\u017cna zauwa\u017cy\u0107 utworzenie teczki Bud\u017cety dla dzia\u0142u Ksi\u0119gowego.<\/p>\n<figure id=\"attachment_8432\" aria-describedby=\"caption-attachment-8432\" style=\"width: 928px\" class=\"wp-caption alignnone\"><img loading=\"lazy\" decoding=\"async\" class=\"size-full wp-image-8432\" src=\"https:\/\/ready-os.com\/wp-content\/uploads\/2021\/12\/sprawy5.png\" alt=\"Utworzona teczka bud\u017cety\" width=\"928\" height=\"442\" srcset=\"https:\/\/www2.ready-os.com\/wp-content\/uploads\/2021\/12\/sprawy5.png 928w, https:\/\/www2.ready-os.com\/wp-content\/uploads\/2021\/12\/sprawy5-300x143.png 300w, https:\/\/www2.ready-os.com\/wp-content\/uploads\/2021\/12\/sprawy5-768x366.png 768w\" sizes=\"(max-width: 928px) 100vw, 928px\" \/><figcaption id=\"caption-attachment-8432\" class=\"wp-caption-text\">Utworzona teczka bud\u017cety<\/figcaption><\/figure>\n<p><strong>Uwaga<\/strong><br \/>\nNiezale\u017cnie od poziomu kategorii, teczki nie b\u0119d\u0105 przejmowa\u0142y ich hierarchii. W teczkach obowi\u0105zuje bowiem <strong>jeden poziom<\/strong> -bez element\u00f3w podrz\u0119dnych i nadrz\u0119dnych.<\/p>\n<p><strong>Uwaga<\/strong><br \/>\nIstnieje mo\u017cliwo\u015b\u0107 opublikowania jednej kategorii w r\u00f3\u017cnych dzia\u0142ach, tworz\u0105c dla nich teczki posiadaj\u0105ce wsp\u00f3lny numer (kategorii), ale r\u00f3\u017cni\u0105ce si\u0119 symbolem dzia\u0142u &#8211; np. KS.33 to bud\u017cety w dziale ksi\u0119gowym, a DH.33 to bud\u017cety w dziale handlowym.<\/p>\n<h4>Uprawnienia do teczek i spraw<\/h4>\n<p>Domy\u015blnie, do ka\u017cdej utworzonej teczki uprawnieni zostaj\u0105 wszyscy pracownicy dzia\u0142u, na kt\u00f3rym zosta\u0142a utworzona teczka oraz wszyscy u\u017cytkownicy, kt\u00f3rzy maj\u0105 prawa do jednostki do dzia\u0142u.<\/p>\n<p>Dodatkowo, b\u0119d\u0105c w dziale, w kt\u00f3rym znajduje si\u0119 teczka b\u0105d\u017a maj\u0105c uprawnienia do u\u017cytkownika mamy r\u00f3wnie\u017c uprawnienie do wszystkich spraw utworzonych przez tego u\u017cytkownika.<\/p>\n<p>Mamy zatem dwa uprawnienia:<\/p>\n<ul>\n<li>\u00a0uprawnienie do teczki, dzi\u0119ki kt\u00f3remu mo\u017cemy tworzy\u0107 nowe sprawy w teczce bez mo\u017cliwo\u015bci ogl\u0105dania utworzonych spraw przez innych u\u017cytkownik\u00f3w.<\/li>\n<li>\u00a0uprawnienie do spraw, kt\u00f3re utworzyli inni u\u017cytkownicy, ale bez mo\u017cliwo\u015bci tworzenia w\u0142asnych, nowych spraw.<\/li>\n<\/ul>\n<p>Powy\u017csze dwa uprawnienia mo\u017cemy nada\u0107 poprzez przej\u015bcie do Obszar\u00f3w (Kategorii Spraw) w <strong>Ustawienia Aplikacji -&gt; Og\u00f3lne -&gt; Kategorie spraw<\/strong> i wybranie przycisk <strong>Zdefiniuj<\/strong>.<\/p>\n<p><img loading=\"lazy\" decoding=\"async\" class=\"alignnone size-full wp-image-4357\" src=\"https:\/\/ready-os.com\/wp-content\/uploads\/2020\/05\/s25.jpg\" alt=\"\" width=\"531\" height=\"492\" srcset=\"https:\/\/www2.ready-os.com\/wp-content\/uploads\/2020\/05\/s25.jpg 531w, https:\/\/www2.ready-os.com\/wp-content\/uploads\/2020\/05\/s25-300x278.jpg 300w\" sizes=\"(max-width: 531px) 100vw, 531px\" \/><\/p>\n<p>Po wybraniu <strong>kategorii spraw<\/strong>, nale\u017cy wybra\u0107 przycisk <strong>Edycji<\/strong> i przej\u015b\u0107 do zak\u0142adki <strong>Teczki \/ Dost\u0119pno\u015b\u0107.<\/strong><\/p>\n<p>W tym miejscu mo\u017cna zobaczy\u0107, na jakich dzia\u0142ach udost\u0119pniono wybran\u0105 kategori\u0119 spraw (zaznaczone checkboxem). Kolejne dwie ikony informuj\u0105 nas o dodatkowych uprawnieniach \u2013 do teczek i spraw.<\/p>\n<figure id=\"attachment_8435\" aria-describedby=\"caption-attachment-8435\" style=\"width: 658px\" class=\"wp-caption alignnone\"><img loading=\"lazy\" decoding=\"async\" class=\"size-full wp-image-8435\" src=\"https:\/\/ready-os.com\/wp-content\/uploads\/2021\/12\/sprawy6.png\" alt=\"Uprawnienia do teczki\" width=\"658\" height=\"356\" srcset=\"https:\/\/www2.ready-os.com\/wp-content\/uploads\/2021\/12\/sprawy6.png 658w, https:\/\/www2.ready-os.com\/wp-content\/uploads\/2021\/12\/sprawy6-300x162.png 300w\" sizes=\"(max-width: 658px) 100vw, 658px\" \/><figcaption id=\"caption-attachment-8435\" class=\"wp-caption-text\">Uprawnienia do teczki<\/figcaption><\/figure>\n<h5>1. Uprawnienia do teczki<\/h5>\n<p>Wybieraj\u0105c pierwsz\u0105 ikon\u0119, czyli opcj\u0119 <strong>Zarz\u0105dzaj domy\u015blnymi uprawnieniami do teczki <\/strong>mo\u017cna zdecydowa\u0107, kt\u00f3ry z u\u017cytkownik\u00f3w systemu mo\u017ce mie\u0107 uprawnienie do wszystkich utworzonych spraw w ramach tej teczki.<\/p>\n<figure id=\"attachment_8437\" aria-describedby=\"caption-attachment-8437\" style=\"width: 994px\" class=\"wp-caption alignnone\"><img loading=\"lazy\" decoding=\"async\" class=\"size-full wp-image-8437\" src=\"https:\/\/ready-os.com\/wp-content\/uploads\/2021\/12\/sprawy7.png\" alt=\"Zarz\u0105dzanie uprawnieniami do teczki\" width=\"994\" height=\"638\" srcset=\"https:\/\/www2.ready-os.com\/wp-content\/uploads\/2021\/12\/sprawy7.png 994w, https:\/\/www2.ready-os.com\/wp-content\/uploads\/2021\/12\/sprawy7-300x193.png 300w, https:\/\/www2.ready-os.com\/wp-content\/uploads\/2021\/12\/sprawy7-768x493.png 768w\" sizes=\"(max-width: 994px) 100vw, 994px\" \/><figcaption id=\"caption-attachment-8437\" class=\"wp-caption-text\">Panel zarz\u0105dzania uprawnieniami do teczki<\/figcaption><\/figure>\n<p>Po wybraniu u\u017cytkownika i klikni\u0119ciu strza\u0142ki mo\u017cemy zdecydowa\u0107 jaki poziom uprawnie\u0144 nada\u0107.<\/p>\n<p>Do wyboru mamy:<\/p>\n<ul>\n<li><strong>Odczyt<\/strong> &#8211; dost\u0119p do kartoteki sprawy bez mo\u017cliwo\u015bci zarz\u0105dzania zawarto\u015bci\u0105 zak\u0142adek, jednak z mo\u017cliwo\u015bci\u0105 tworzenia spraw podrz\u0119dnych i dodawania komentarzy.<\/li>\n<li><strong>Zapis zada\u0144 i dokument\u00f3w<\/strong> &#8211; zarz\u0105dzanie zawarto\u015bci\u0105 zak\u0142adek <strong>Terminarz<\/strong> oraz <strong>Dokumenty.<\/strong> Dzia\u0142a, gdy nadano prawo do odczytu oraz uprawnienia do dokument\u00f3w.<\/li>\n<li><strong>Zarz\u0105dzanie (karta Og\u00f3lne i Uprawnienia)<\/strong> &#8211; zarz\u0105dzanie zawarto\u015bci\u0105 zak\u0142adki <strong>Og\u00f3lne<\/strong> oraz mo\u017cliwo\u015b\u0107 nadawania uprawnie\u0144 do spraw. Dzia\u0142a gdy nadano prawo do odczytu.<\/li>\n<li><strong>Ogl\u0105danie wszystkich dokument\u00f3w oraz terminarza<\/strong> &#8211; prawo do odczytu zawarto\u015bci zak\u0142adek <strong>Dokumenty<\/strong> oraz <strong>Terminarz<\/strong>, ale bez mo\u017cliwo\u015bci dodawania. Dzia\u0142a gdy nadano prawo do odczytu.<\/li>\n<li><strong>Powiadomienia o nowych dokumentach, zadaniach i komentarzach<\/strong> &#8211; prawo do otrzymywania powiadomie\u0144 o dodaniu nowych dokument\u00f3w w zak\u0142adce <strong>Dokumenty<\/strong>, zada\u0144 w zak\u0142adce <strong>Terminarz<\/strong> oraz komentarzy w zak\u0142adce <strong>Komentarze<\/strong> kartoteki sprawy.<\/li>\n<\/ul>\n<figure id=\"attachment_8439\" aria-describedby=\"caption-attachment-8439\" style=\"width: 802px\" class=\"wp-caption alignnone\"><img loading=\"lazy\" decoding=\"async\" class=\"size-full wp-image-8439\" src=\"https:\/\/ready-os.com\/wp-content\/uploads\/2021\/12\/sprawy8.png\" alt=\"Nadanie uprawnie\u0144 do teczki wybranemu pracownikowi\" width=\"802\" height=\"584\" srcset=\"https:\/\/www2.ready-os.com\/wp-content\/uploads\/2021\/12\/sprawy8.png 802w, https:\/\/www2.ready-os.com\/wp-content\/uploads\/2021\/12\/sprawy8-300x218.png 300w, https:\/\/www2.ready-os.com\/wp-content\/uploads\/2021\/12\/sprawy8-768x559.png 768w\" sizes=\"(max-width: 802px) 100vw, 802px\" \/><figcaption id=\"caption-attachment-8439\" class=\"wp-caption-text\">Nadanie uprawnie\u0144 do teczki wybranemu pracownikowi<\/figcaption><\/figure>\n<h5>2. Udost\u0119pnienie teczki<\/h5>\n<p>Kolejn\u0105 opcj\u0105 uprawnie\u0144 jest <strong>Udost\u0119pnij<\/strong>, dzi\u0119ki kt\u00f3rej mo\u017cna zdecydowa\u0107, kt\u00f3ry z u\u017cytkownik\u00f3w powinien m\u00f3c dodawa\u0107 nowe sprawy do teczki.<\/p>\n<figure id=\"attachment_8443\" aria-describedby=\"caption-attachment-8443\" style=\"width: 859px\" class=\"wp-caption alignnone\"><img loading=\"lazy\" decoding=\"async\" class=\"size-full wp-image-8443\" src=\"https:\/\/ready-os.com\/wp-content\/uploads\/2021\/12\/sprawy9-1.png\" alt=\"Udost\u0119pnienie teczki wybranym pracownikom\" width=\"859\" height=\"582\" srcset=\"https:\/\/www2.ready-os.com\/wp-content\/uploads\/2021\/12\/sprawy9-1.png 859w, https:\/\/www2.ready-os.com\/wp-content\/uploads\/2021\/12\/sprawy9-1-300x203.png 300w, https:\/\/www2.ready-os.com\/wp-content\/uploads\/2021\/12\/sprawy9-1-768x520.png 768w\" sizes=\"(max-width: 859px) 100vw, 859px\" \/><figcaption id=\"caption-attachment-8443\" class=\"wp-caption-text\">Udost\u0119pnienie teczki wybranym pracownikom<\/figcaption><\/figure>\n<p>&nbsp;<\/p>\n<p>Podsumowuj\u0105c, uprawnienia do spraw przyznawane s\u0105 na kilku poziomach:<\/p>\n<ul>\n<li>bezpo\u015brednio w kartotece sprawy &#8211; najwa\u017cniejsze z punktu widzenia zarz\u0105dzania spraw\u0105.<\/li>\n<li>poprzez zarz\u0105dzanie kategoriami spraw &#8211; uprawnienia domy\u015blne dla spraw zak\u0142adanych w wybranej teczce &#8211; s\u0105 nadpisywane przez uprawnienia nadawane bezpo\u015brednio w kartotece<\/li>\n<li>uprawnieniami do jednostek, czyli struktury organizacyjnej na kartotece pracownika<\/li>\n<li>poprzez zarz\u0105dzanie grupami na kartotece pracownika<\/li>\n<li>domy\u015blnymi uprawnieniami nadawanymi po za\u0142o\u017ceniu sprawy przez dowolnego u\u017cytkownika w teczce udost\u0119pnionej danemu dzia\u0142owi, np. po za\u0142o\u017ceniu sprawy w teczce w dziale ksi\u0119gowym wszyscy z tego dzia\u0142u zostan\u0105 uprawnieni do odczytu sprawy, niezale\u017cnie od tego, przez kogo b\u0119dzie ona za\u0142o\u017cona.<\/li>\n<\/ul>\n","protected":false},"excerpt":{"rendered":"<p>Konfiguracja modu\u0142u sprawy Konfiguracja modu\u0142u sprawy odbywa si\u0119 w kilku krokach. Utworzenie struktury organizacyjnej w tak, aby by\u0142a ona podzielona na kom\u00f3rki organizacyjne (dzia\u0142y). Aby skonfigurowa\u0107 poprawnie struktur\u0119 przejd\u017a do pomocy: Jak poprawnie skonfigurowa\u0107 struktur\u0119 organizacyjn\u0105 w firmie? Zdefiniowanie w systemie kategorii spraw, czyli JRWA. W systemie znajduj\u0105 si\u0119 domy\u015blne kategorie spraw, je\u017celi s\u0105 wystarczaj\u0105ce, [&hellip;]<\/p>\n","protected":false},"author":2,"featured_media":0,"comment_status":"closed","ping_status":"closed","template":"","meta":[],"doc_category":[143],"doc_tag":[],"knowledge_base":[134],"_links":{"self":[{"href":"https:\/\/www2.ready-os.com\/pl\/wp-json\/wp\/v2\/docs\/8418"}],"collection":[{"href":"https:\/\/www2.ready-os.com\/pl\/wp-json\/wp\/v2\/docs"}],"about":[{"href":"https:\/\/www2.ready-os.com\/pl\/wp-json\/wp\/v2\/types\/docs"}],"author":[{"embeddable":true,"href":"https:\/\/www2.ready-os.com\/pl\/wp-json\/wp\/v2\/users\/2"}],"replies":[{"embeddable":true,"href":"https:\/\/www2.ready-os.com\/pl\/wp-json\/wp\/v2\/comments?post=8418"}],"version-history":[{"count":5,"href":"https:\/\/www2.ready-os.com\/pl\/wp-json\/wp\/v2\/docs\/8418\/revisions"}],"predecessor-version":[{"id":8453,"href":"https:\/\/www2.ready-os.com\/pl\/wp-json\/wp\/v2\/docs\/8418\/revisions\/8453"}],"wp:attachment":[{"href":"https:\/\/www2.ready-os.com\/pl\/wp-json\/wp\/v2\/media?parent=8418"}],"wp:term":[{"taxonomy":"doc_category","embeddable":true,"href":"https:\/\/www2.ready-os.com\/pl\/wp-json\/wp\/v2\/doc_category?post=8418"},{"taxonomy":"doc_tag","embeddable":true,"href":"https:\/\/www2.ready-os.com\/pl\/wp-json\/wp\/v2\/doc_tag?post=8418"},{"taxonomy":"knowledge_base","embeddable":true,"href":"https:\/\/www2.ready-os.com\/pl\/wp-json\/wp\/v2\/knowledge_base?post=8418"}],"curies":[{"name":"wp","href":"https:\/\/api.w.org\/{rel}","templated":true}]}}