{"id":7113,"date":"2021-10-21T15:06:35","date_gmt":"2021-10-21T13:06:35","guid":{"rendered":"https:\/\/ready-os.com\/?post_type=docs&#038;p=7113"},"modified":"2022-09-06T11:18:06","modified_gmt":"2022-09-06T09:18:06","slug":"tworzenie-korekty-faktury-sprzedazy","status":"publish","type":"docs","link":"https:\/\/www2.ready-os.com\/pl\/docs\/faktury-sprzedazy\/tworzenie-korekty-faktury-sprzedazy\/","title":{"rendered":"Tworzenie korekty faktury sprzeda\u017cy"},"content":{"rendered":"<h2>Tworzenie korekty faktury sprzeda\u017cy<\/h2>\n<p>Tworzenie korekty faktury sprzeda\u017cy nale\u017cy rozpocz\u0105\u0107 od wybrania i wy\u015bwietlenia wybranej faktury. Nast\u0119pnie w menu dokumentu nale\u017cy klikn\u0105\u0107 polecenie [Utw\u00f3rz korekt\u0119].<\/p>\n<p><img loading=\"lazy\" decoding=\"async\" class=\"size-full wp-image-6964 aligncenter\" src=\"https:\/\/ready-os.com\/wp-content\/uploads\/2021\/01\/FS_Aplikacja_gui_korekta_1_3_5-1.png\" alt=\"\" width=\"982\" height=\"658\" srcset=\"https:\/\/www2.ready-os.com\/wp-content\/uploads\/2021\/01\/FS_Aplikacja_gui_korekta_1_3_5-1.png 982w, https:\/\/www2.ready-os.com\/wp-content\/uploads\/2021\/01\/FS_Aplikacja_gui_korekta_1_3_5-1-300x201.png 300w, https:\/\/www2.ready-os.com\/wp-content\/uploads\/2021\/01\/FS_Aplikacja_gui_korekta_1_3_5-1-768x515.png 768w\" sizes=\"(max-width: 982px) 100vw, 982px\" \/><\/p>\n<p>W systemie zostanie utworzony nowy dokument &#8211; korekta wybranej faktury sprzeda\u017cy. W zak\u0142adce [Korekta] wy\u015bwietlane s\u0105 pozycje Stan poprzedni, kt\u00f3re odpowiadaj\u0105 pozycjom z faktury sprzeda\u017cy, oraz tabelka Stan aktualny, kt\u00f3ra pozwala na wprowadzanie korekt do poszczeg\u00f3lnych pozycji, jak r\u00f3wnie\u017c dodawanie nowych.<\/p>\n<p><img loading=\"lazy\" decoding=\"async\" class=\"size-full wp-image-6929 aligncenter\" src=\"https:\/\/ready-os.com\/wp-content\/uploads\/2021\/01\/FS_Aplikacja_korekta_1_3_5.png\" alt=\"\" width=\"933\" height=\"716\" srcset=\"https:\/\/www2.ready-os.com\/wp-content\/uploads\/2021\/01\/FS_Aplikacja_korekta_1_3_5.png 933w, https:\/\/www2.ready-os.com\/wp-content\/uploads\/2021\/01\/FS_Aplikacja_korekta_1_3_5-300x230.png 300w, https:\/\/www2.ready-os.com\/wp-content\/uploads\/2021\/01\/FS_Aplikacja_korekta_1_3_5-768x589.png 768w\" sizes=\"(max-width: 933px) 100vw, 933px\" \/><\/p>\n<p><strong><u>Przyciski<\/u><\/strong><strong>:<\/strong><\/p>\n<ol>\n<li><strong>Edycja<\/strong> \u2013 umo\u017cliwia edycj\u0119 korygowanej pozycji z faktury sprzeda\u017cy.<\/li>\n<li><strong>Edycja oraz Usu\u0144<\/strong> \u2013 umo\u017cliwia edycj\u0119 oraz usuni\u0119cie nowo dodanej pozycji do korekty faktury.<\/li>\n<li><strong>Kliknij aby doda\u0107 pozycj\u0119<\/strong> \u2013 s\u0142u\u017cy do dodawania nowych pozycji do korekty.<\/li>\n<li><strong>Generuj PDF<\/strong> &#8211; generuje \u017ar\u00f3d\u0142o korekty w formacie PDF, kt\u00f3re b\u0119dzie dost\u0119pne w zak\u0142adce [Za\u0142\u0105czniki] oraz na podgl\u0105dzie dokumentu w zak\u0142adce [Dokument].<\/li>\n<\/ol>\n<p>Korekta faktury sprzeda\u017cy podlega takiemu&nbsp; samemu procesowi obiegu jak faktura sprzeda\u017cy.<\/p>\n","protected":false},"excerpt":{"rendered":"<p>Tworzenie korekty faktury sprzeda\u017cy Tworzenie korekty faktury sprzeda\u017cy nale\u017cy rozpocz\u0105\u0107 od wybrania i wy\u015bwietlenia wybranej faktury. Nast\u0119pnie w menu dokumentu nale\u017cy klikn\u0105\u0107 polecenie [Utw\u00f3rz korekt\u0119]. W systemie zostanie utworzony nowy dokument &#8211; korekta wybranej faktury sprzeda\u017cy. W zak\u0142adce [Korekta] wy\u015bwietlane s\u0105 pozycje Stan poprzedni, kt\u00f3re odpowiadaj\u0105 pozycjom z faktury sprzeda\u017cy, oraz tabelka Stan aktualny, kt\u00f3ra [&hellip;]<\/p>\n","protected":false},"author":2,"featured_media":0,"comment_status":"closed","ping_status":"closed","template":"","meta":[],"doc_category":[130],"doc_tag":[],"knowledge_base":[138],"_links":{"self":[{"href":"https:\/\/www2.ready-os.com\/pl\/wp-json\/wp\/v2\/docs\/7113"}],"collection":[{"href":"https:\/\/www2.ready-os.com\/pl\/wp-json\/wp\/v2\/docs"}],"about":[{"href":"https:\/\/www2.ready-os.com\/pl\/wp-json\/wp\/v2\/types\/docs"}],"author":[{"embeddable":true,"href":"https:\/\/www2.ready-os.com\/pl\/wp-json\/wp\/v2\/users\/2"}],"replies":[{"embeddable":true,"href":"https:\/\/www2.ready-os.com\/pl\/wp-json\/wp\/v2\/comments?post=7113"}],"version-history":[{"count":2,"href":"https:\/\/www2.ready-os.com\/pl\/wp-json\/wp\/v2\/docs\/7113\/revisions"}],"predecessor-version":[{"id":11962,"href":"https:\/\/www2.ready-os.com\/pl\/wp-json\/wp\/v2\/docs\/7113\/revisions\/11962"}],"wp:attachment":[{"href":"https:\/\/www2.ready-os.com\/pl\/wp-json\/wp\/v2\/media?parent=7113"}],"wp:term":[{"taxonomy":"doc_category","embeddable":true,"href":"https:\/\/www2.ready-os.com\/pl\/wp-json\/wp\/v2\/doc_category?post=7113"},{"taxonomy":"doc_tag","embeddable":true,"href":"https:\/\/www2.ready-os.com\/pl\/wp-json\/wp\/v2\/doc_tag?post=7113"},{"taxonomy":"knowledge_base","embeddable":true,"href":"https:\/\/www2.ready-os.com\/pl\/wp-json\/wp\/v2\/knowledge_base?post=7113"}],"curies":[{"name":"wp","href":"https:\/\/api.w.org\/{rel}","templated":true}]}}