{"id":3361,"date":"2020-04-28T09:16:39","date_gmt":"2020-04-28T07:16:39","guid":{"rendered":"https:\/\/ready-os.com\/pl\/?post_type=docs&#038;p=3361"},"modified":"2023-05-31T19:58:46","modified_gmt":"2023-05-31T17:58:46","slug":"uprawnienia-group-fakturach-zakupu","status":"publish","type":"docs","link":"https:\/\/www2.ready-os.com\/pl\/docs\/faktury\/uprawnienia-group-fakturach-zakupu\/","title":{"rendered":"Uprawnienia"},"content":{"rendered":"\n<ul class=\"has-background\" style=\"background-color:#fdfafa\"><li><a href=\"#1\">Kto widzi faktur\u0119<\/a>?<ul><li><a href=\"#2\">Pracownik bior\u0105cy udzia\u0142 w Workflow<\/a>,<\/li><li><a href=\"#3\">Prze\u0142o\u017ceni pracownik\u00f3w opisuj\u0105cych faktury<\/a>,<\/li><li><a href=\"#4\">Zast\u0119pcy<\/a>,<\/li><li><a href=\"#5\">Grupy aplikacyjne<\/a>,<\/li><\/ul><\/li><li><a href=\"#6\">Grupy uprawnie\u0144<\/a>,<ul><li><a href=\"#7\">Grupy funkcji<\/a>,<\/li><li><a href=\"#8\">Grupy procesu obiegu<\/a>,<\/li><li><a href=\"#9\">Pozosta\u0142e grupy<\/a>,<\/li><li><a href=\"#10\">Zmiana uprawnie\u0144 w ramach grup<\/a>,<\/li><li><a href=\"#11\">Tworzenie nowej grupy<\/a>,<\/li><\/ul><\/li><li><a href=\"#12\">Uprawnienia do s\u0142ownik\u00f3w<\/a>,<\/li><li><a href=\"#13\">Dodatkowe narz\u0119dzia<\/a>,<\/li><li><a href=\"#14\">Dodatkowe uprawnienia do faktur<\/a>,<ul><li><a href=\"#15\">Dost\u0119p dla dzia\u0142u<\/a>,<\/li><li><a href=\"#16\">Dost\u0119p do wszystkich faktur danej Jednostki rozliczeniowej<\/a>,<\/li><li><a href=\"#16\">Dost\u0119p do wszystkich faktur danej \u015bcie\u017cki procesu<\/a>.<\/li><\/ul><\/li><\/ul>\n\n\n\n<p>W dalszej cz\u0119\u015bci artyku\u0142u om\u00f3wiono wszystkie zagadnienia zwi\u0105zane z nadawaniem uprawnie\u0144 w procesie obiegu faktury zar\u00f3wno jawnie skonfigurowane, jak i te niejawne, ale wynikaj\u0105ce z logiki dzia\u0142ania systemu <em>Ready_<sup>TM<\/sup><\/em>. Proces nadawania uprawnie\u0144 jest w pe\u0142ni automatyczny, a jego podstawow\u0105 funkcj\u0105 jest zapewnienie dost\u0119pu do faktur oraz ochrona poufno\u015bci dokument\u00f3w.<\/p>\n\n\n\n<p>Ustawienia zwi\u0105zane z uprawnieniami zebrano w jednym miejscu. Aby si\u0119 do nich dosta\u0107, nale\u017cy klikn\u0105\u0107 kolejno: <strong>Aplikacje<\/strong>, <strong>Ustawienia Aplikacji<\/strong>, <strong>FAKTURY ZAKUPU<\/strong> i <strong>UPRAWNIENIA<\/strong>.<\/p>\n\n\n\n<h2 class=\"wp-block-heading\" id=\"1\">Kto widzi faktur\u0119?<\/h2>\n\n\n\n<p>To najcz\u0119stsze pytanie, jakie zadaj\u0105 sobie osoby zarz\u0105dzaj\u0105ce dokumentami. System obiegu faktur automatycznie nadaje uprawnienia zgodnie z przyj\u0119tymi zasadami w systemie i nie ma potrzeby dodatkowej r\u0119cznej ich zmiany. Poni\u017cej wyja\u015bnione s\u0105 wszystkie regu\u0142y, jakie stworzone s\u0105 w systemie i wykorzystane do przydzielania uprawnie\u0144.<\/p>\n\n\n\n<h3 class=\"wp-block-heading\" id=\"2\">Pracownik bior\u0105cy udzia\u0142 w Workflow<\/h3>\n\n\n\n<p>Podstawowa zasada daj\u0105ca uprawnienie do dokumentu to \u201eje\u015bli otrzymuj\u0119 faktur\u0119, to mam do niej dost\u0119p\u201d, czyli \u201eje\u015bli pracownik przekaza\u0142 mi faktur\u0119 do opisu merytorycznego lub do akceptacji, to mam do niej dost\u0119p\u201d. Pracownicy zajmuj\u0105cy si\u0119 opisem merytorycznym maj\u0105 uprawnienia do odczytu i zapisu a ich prze\u0142o\u017ceni do odczytu. Po zako\u0144czeniu opisu faktury pracownikowi zostaje odebrane uprawnienie zapisu do dokumentu, otrzymuje jedynie prawo do odczytu.<\/p>\n\n\n\n<p>Prawo do zapisu umo\u017cliwia zmian\u0119 formatki <strong>Szczeg\u00f3\u0142y<\/strong>. W ustawieniach aplikacji mo\u017cna zmieni\u0107 otrzymywane domy\u015blnie uprawnienie do zapisu dla pracownik\u00f3w merytorycznych na tylko do odczytu. Wtedy pracownik nie b\u0119dzie m\u00f3g\u0142 wprowadzi\u0107 zmian dokumencie, jedynie b\u0119dzie m\u00f3g\u0142 wprowadzi\u0107 koszt.<\/p>\n\n\n\n<h3 class=\"wp-block-heading\" id=\"3\">Prze\u0142o\u017ceni pracownik\u00f3w opisuj\u0105cych faktury<\/h3>\n\n\n\n<p>Je\u015bli pracownik dzia\u0142u IT opisuje faktur\u0119 merytorycznie, to r\u00f3wnocze\u015bnie uprawnienia do dokumentu otrzymuj\u0105 jego prze\u0142o\u017ceni a\u017c do samego g\u0142\u00f3wnego w\u0119z\u0142a organizacji.<\/p>\n\n\n\n<h3 class=\"wp-block-heading\" id=\"4\">Zast\u0119pcy<\/h3>\n\n\n\n<p>Je\u015bli pracownik otrzymuj\u0105cy faktur\u0119 do opisu jest na urlopie i wyznaczy\u0142 zast\u0119pc\u0119, to zast\u0119pca posiada dost\u0119p tylko do faktur, kt\u00f3re w czasie zast\u0119pstwa otrzymuje pracownik na stanowisko.<\/p>\n\n\n\n<h2 class=\"wp-block-heading\" id=\"5\">Grupy aplikacyjne<\/h2>\n\n\n\n<p>Domy\u015blnie w ramach aplikacji <strong>Faktury<\/strong> <strong>zakupu<\/strong> utworzono szereg grup, kt\u00f3re maj\u0105 przypisane okre\u015blone funkcje w ca\u0142ym prosie obiegu.<\/p>\n\n\n\n<h3 class=\"wp-block-heading\" id=\"6\">Grupy uprawnie\u0144<\/h3>\n\n\n\n<p>Osoby w tych grupach otrzymuj\u0105 uprawnienia do aplikacji lub dokument\u00f3w:<\/p>\n\n\n\n<ul><li><strong>FAKTURY \u2013 Dost\u0119p do aplikacji<\/strong> \u2013 podstawowa grupa zapewniaj\u0105ca dost\u0119p do aplikacji <strong>Faktury zakupu<\/strong>;<\/li><li><strong>FAKTURY \u2013 Dost\u0119p do wszystkich faktur zakupu<\/strong> \u2013 pracownicy z tej grupy nie bior\u0105 czynnego udzia\u0142u w procesie obiegu faktur, ale posiadaj\u0105 dost\u0119p do wszystkich faktur zakupu, mog\u0105 nadawa\u0107 uprawnienia dost\u0119pu do dokumentu oraz usuwa\u0107 faktury. Ten rodzaj dost\u0119pu zazwyczaj przydzielany jest ksi\u0119gowym, zarz\u0105dowi lub dyrektorowi finansowemu;<\/li><\/ul>\n\n\n\n<h3 class=\"wp-block-heading\" id=\"7\">Grupy funkcji<\/h3>\n\n\n\n<p>Osoby b\u0119d\u0105ce w tych grupach otrzymuj\u0105 dodatkowe funkcje w systemie. Grupa jest domy\u015blnie przypisywana do etapu <strong>WERYFIKACJA RACHUNKOWA<\/strong>:<\/p>\n\n\n\n<ul><li><strong>FAKTURY \u2013 Ksi\u0119gowo\u015b\u0107<\/strong> \u2013 daje mo\u017cliwo\u015b\u0107 zarz\u0105dzania fakturami. W\u015br\u00f3d uprawnie\u0144 s\u0105 mi\u0119dzy innymi: mo\u017cliwo\u015b\u0107 restartowania procedur na fakturze, operacje na fakturze po zako\u0144czeniu obiegu, kontrola p\u0142atnik\u00f3w VAT na bia\u0142ej li\u015bcie podatnik\u00f3w, eksport faktur do systemu ERP, usuwanie i przywracanie faktur oraz wystawianie not koryguj\u0105cych;<\/li><li><strong>FAKTURY \u2013 Analizy koszt\u00f3w OLAP i raport\u00f3w<\/strong> \u2013 grupa posiada uprawnienia do analiz koszt\u00f3w OLAP oraz raport\u00f3w z obiegu dokument\u00f3w.<\/li><\/ul>\n\n\n\n<h3 class=\"wp-block-heading\" id=\"8\">Grupy procesu obiegu<\/h3>\n\n\n\n<p>Grupy przydzielane do poszczeg\u00f3lnych etap\u00f3w procesu obiegu faktur:<\/p>\n\n\n\n<ul><li><strong>FAKTURY \u2013 Sekretariat<\/strong> \u2013 to grupa dla os\u00f3b, kt\u00f3re otrzymuj\u0105 faktury do dalszego procesowania (na przyk\u0142ad wprowadzenia do systemu) oraz generowania kod\u00f3w kreskowych;<\/li><li><strong>FAKTURY \u2013 Akceptacja p\u0142atno\u015bci<\/strong> \u2013 pracownicy z tej grupy s\u0105 domy\u015blnie przypisani do procesu akceptacji p\u0142atno\u015bci;<\/li><li><strong>FAKTURY \u2013 Logistyka<\/strong> \u2013 cz\u0142onkowie zatwierdzaj\u0105 faktury magazynowe na etapie Logistyki;<\/li><li><strong>FAKTURY \u2013 Weryfikacja formalno-rachunkowa<\/strong> \u2013 grupa przypisywania do etapu <strong>Weryfikacja Formalna<\/strong>, je\u015bli osoby na tym etapie s\u0105 inne ni\u017c na etapie <strong>Weryfikacji Formalno-Rachunkowej (Ksi\u0119gowo\u015b\u0107)<\/strong>;<\/li><li><strong>FAKTURY \u2013 Zarz\u0105d<\/strong> \u2013 domy\u015blnie przypisana do etapu <strong>Akceptacja Zarz\u0105du<\/strong>. Nale\u017cy pami\u0119ta\u0107 o tym, \u017ce zarz\u0105d akceptuje wszystkie faktury, je\u015bli ten proces wyst\u0119puje w obiegu;<\/li><li><strong>FAKTURY \u2013 Akceptuj\u0105cy faktury wybierani r\u0119cznie<\/strong> \u2013 je\u015bli w procesie obiegu osoba akceptuj\u0105ca wybierana jest r\u0119cznie, to pochodzi z tej grupy. Dzi\u0119ki temu nie dojdzie do sytuacji, w kt\u00f3rej wyb\u00f3r osoby odbywa si\u0119 na forum ca\u0142ej organizacji;<\/li><\/ul>\n\n\n\n<h3 class=\"9 wp-block-heading\" id=\"9\">Pozosta\u0142e grupy<\/h3>\n\n\n\n<p>Zawiera grupy, kt\u00f3re nie pasuj\u0105 do powy\u017cszych zbior\u00f3w lub zosta\u0142y utworzone przez administratora systemu, tak by spe\u0142ni\u0107 nietypowe wymagania stawiane przez organizacj\u0119.<\/p>\n\n\n\n<ul><li><strong>KALENDARZ P\u0141ATNO\u015aCI \u2013 DOST\u0118P<\/strong> \u2013 daje dost\u0119p do kalendarza zawieraj\u0105cego informacj\u0119 o p\u0142atno\u015bciach faktur;<\/li><li><strong>Dodaj grup\u0119<\/strong> \u2013 opcja daje mo\u017cliwo\u015b\u0107 utworzenia w\u0142asnej grupy.<\/li><\/ul>\n\n\n\n<h3 class=\"wp-block-heading\" id=\"10\">Zmiana uprawnie\u0144 w ramach grup<\/h3>\n\n\n\n<p>Niezale\u017cnie od grup aplikacyjnych proces zmiany uprawnie\u0144 wygl\u0105da podobnie. Z tego powodu zosta\u0142 opisany \u0142\u0105cznie.<\/p>\n\n\n\n<p>Aby dokona\u0107 zmiany uprawnie\u0144 w ramach wybranej grupy, nale\u017cy:<\/p>\n\n\n\n<ol type=\"1\"><li>klikn\u0105\u0107 przycisk <strong>Aplikacje<\/strong>, a potem <strong>Ustawienia aplikacji<\/strong>;<\/li><li>w nowym oknie przej\u015b\u0107 do zak\u0142adki <strong>FAKTURY ZAKUPU<\/strong> i <strong>UPRAWNIENIA<\/strong>;<\/li><li>klikn\u0105\u0107 opcj\u0119 <strong>Zmie\u0144<\/strong> <strong>uprawnienia<\/strong> przy wybranej grupie;<\/li><li>w ramach zak\u0142adki <strong>Podstawowe<\/strong>:<ul><li><strong>Nazwa grupy<\/strong> \u2013 pozwala na modyfikacj\u0119 nazwy grupy;<\/li><li><strong>Komentarz<\/strong> \u2013 pozwala na zamieszczenie opisu danej grupy;<\/li><li><strong>Cel grupy<\/strong> \u2013 z listy nale\u017cy wybra\u0107 cel, jaki ma przed sob\u0105 postawiona grupa;<\/li><\/ul><\/li><\/ol>\n\n\n<div class=\"wp-block-image\">\n<figure class=\"aligncenter size-full\"><img loading=\"lazy\" decoding=\"async\" width=\"779\" height=\"475\" src=\"https:\/\/ready-os.com\/wp-content\/uploads\/2023\/05\/r162.png\" alt=\"\" class=\"wp-image-14896\" srcset=\"https:\/\/www2.ready-os.com\/wp-content\/uploads\/2023\/05\/r162.png 779w, https:\/\/www2.ready-os.com\/wp-content\/uploads\/2023\/05\/r162-300x183.png 300w, https:\/\/www2.ready-os.com\/wp-content\/uploads\/2023\/05\/r162-768x468.png 768w\" sizes=\"(max-width: 779px) 100vw, 779px\" \/><figcaption>Zmiana uprawnie\u0144 w ramach grupy &#8211; krok pierwszy<\/figcaption><\/figure><\/div>\n\n\n<ol start=\"5\"><li>w ramach zak\u0142adki <strong>Pracownicy<\/strong>:<ul><li>kolumna <strong>Pracownicy<\/strong> zawiera list\u0119 os\u00f3b, kt\u00f3re s\u0105 zatrudnione w ramach organizacji;<\/li><\/ul><ul><li>kolumna <strong>Do grupy nale\u017c\u0105 pracownicy<\/strong> zawiera list\u0119 cz\u0142onk\u00f3w grupy;<\/li><\/ul><ul><li>zaznaczenie pracownika na li\u015bcie w dowolnej kolumnie i klikni\u0119cie strza\u0142ek pomi\u0119dzy spowoduje dodanie lub usuni\u0119cie pracownika z grupy;<\/li><\/ul><\/li><\/ol>\n\n\n<div class=\"wp-block-image\">\n<figure class=\"aligncenter size-full\"><img loading=\"lazy\" decoding=\"async\" width=\"781\" height=\"427\" src=\"https:\/\/ready-os.com\/wp-content\/uploads\/2023\/05\/r163.png\" alt=\"\" class=\"wp-image-14898\" srcset=\"https:\/\/www2.ready-os.com\/wp-content\/uploads\/2023\/05\/r163.png 781w, https:\/\/www2.ready-os.com\/wp-content\/uploads\/2023\/05\/r163-300x164.png 300w, https:\/\/www2.ready-os.com\/wp-content\/uploads\/2023\/05\/r163-768x420.png 768w\" sizes=\"(max-width: 781px) 100vw, 781px\" \/><figcaption>Zmiana uprawnie\u0144 w ramach grupy &#8211; krok drugi<\/figcaption><\/figure><\/div>\n\n\n<ol start=\"6\"><li>w ramach zak\u0142adki <strong>Dziedziczenie praw<\/strong>:<ul><li>kolumna grupy zawiera wykaz grup w systemie;<\/li><\/ul><ul><li>kolumna <strong>Grupa dziedziczy<\/strong> zawiera informacj\u0119 o tym, z jakiej grupy uprawnienia dziedziczy aktualnie edytowana pozycja;<\/li><\/ul><ul><li>aby doda\u0107 grup\u0119, nale\u017cy j\u0105 oznaczy\u0107 w lewej kolumnie i klikn\u0105\u0107 strza\u0142k\u0119 skierowan\u0105 w praw\u0105 stron\u0119;<\/li><\/ul><ul><li>aby usun\u0105\u0107 grup\u0119, nale\u017cy j\u0105 zaznaczy\u0107 w prawej kolumnie i klikn\u0105\u0107 strza\u0142k\u0119 skierowan\u0105 w lew\u0105 stron\u0119;<\/li><\/ul><\/li><\/ol>\n\n\n<div class=\"wp-block-image\">\n<figure class=\"aligncenter size-full\"><img loading=\"lazy\" decoding=\"async\" width=\"779\" height=\"676\" src=\"https:\/\/ready-os.com\/wp-content\/uploads\/2023\/05\/r164.png\" alt=\"\" class=\"wp-image-14900\" srcset=\"https:\/\/www2.ready-os.com\/wp-content\/uploads\/2023\/05\/r164.png 779w, https:\/\/www2.ready-os.com\/wp-content\/uploads\/2023\/05\/r164-300x260.png 300w, https:\/\/www2.ready-os.com\/wp-content\/uploads\/2023\/05\/r164-768x666.png 768w\" sizes=\"(max-width: 779px) 100vw, 779px\" \/><figcaption>Zmiana uprawnie\u0144 w ramach grupy &#8211; krok trzeci<\/figcaption><\/figure><\/div>\n\n\n<ol start=\"7\"><li>w ramach zak\u0142adki <strong>Prawa do struktury<\/strong>:<ul><li>pozwala na w\u0142\u0105czenie lub wy\u0142\u0105czenie dost\u0119pu do struktury;<\/li><\/ul><ul><li>nadanie uprawnie\u0144 wymaga oznaczenia pozycji na li\u015bcie i klikni\u0119cia zielonego przycisku ze znakiem plusa;<\/li><\/ul><ul><li>usuwanie uprawnie\u0144 wymaga oznaczenia pozycji na li\u015bcie i klikni\u0119cia czerwonego przycisku ze znakiem minusa;<\/li><\/ul><\/li><\/ol>\n\n\n<div class=\"wp-block-image\">\n<figure class=\"aligncenter size-full\"><img loading=\"lazy\" decoding=\"async\" width=\"779\" height=\"676\" src=\"https:\/\/ready-os.com\/wp-content\/uploads\/2023\/05\/r165.png\" alt=\"\" class=\"wp-image-14902\" srcset=\"https:\/\/www2.ready-os.com\/wp-content\/uploads\/2023\/05\/r165.png 779w, https:\/\/www2.ready-os.com\/wp-content\/uploads\/2023\/05\/r165-300x260.png 300w, https:\/\/www2.ready-os.com\/wp-content\/uploads\/2023\/05\/r165-768x666.png 768w\" sizes=\"(max-width: 779px) 100vw, 779px\" \/><figcaption>Zmiana uprawnie\u0144 w ramach grupy &#8211; krok czwarty<\/figcaption><\/figure><\/div>\n\n\n<ol start=\"8\"><li>w ramach zak\u0142adki <strong>Prawa do systemu<\/strong> widoczne s\u0105 przydzielone uprawnienia dotycz\u0105ce dost\u0119pu do systemu. Zak\u0142adka ma charakter informacyjny i nie pozwala na wprowadzanie zmian. Dodatkowo nie wyst\u0119puje w ka\u017cdej z grup;<\/li><\/ol>\n\n\n<div class=\"wp-block-image\">\n<figure class=\"aligncenter size-full\"><img loading=\"lazy\" decoding=\"async\" width=\"782\" height=\"676\" src=\"https:\/\/ready-os.com\/wp-content\/uploads\/2023\/05\/r166.png\" alt=\"\" class=\"wp-image-14904\" srcset=\"https:\/\/www2.ready-os.com\/wp-content\/uploads\/2023\/05\/r166.png 782w, https:\/\/www2.ready-os.com\/wp-content\/uploads\/2023\/05\/r166-300x259.png 300w, https:\/\/www2.ready-os.com\/wp-content\/uploads\/2023\/05\/r166-768x664.png 768w\" sizes=\"(max-width: 782px) 100vw, 782px\" \/><figcaption>Zmiana uprawnie\u0144 w ramach grupy &#8211; krok pi\u0105ty<\/figcaption><\/figure><\/div>\n\n\n<ol start=\"9\"><li>klikn\u0105\u0107 <strong>ZAPISZ<\/strong>.<\/li><\/ol>\n\n\n\n<h3 class=\"wp-block-heading\" id=\"11\">Tworzenie nowej grupy<\/h3>\n\n\n\n<p>Administrator systemu ma mo\u017cliwo\u015b\u0107 utworzenia dodatkowych grup, kt\u00f3re b\u0119dzie mo\u017cna wykorzysta\u0107 podczas etap\u00f3w obiegu dokument\u00f3w.<\/p>\n\n\n\n<p>Aby doda\u0107 w\u0142asn\u0105 grup\u0119, nale\u017cy:<\/p>\n\n\n\n<ol type=\"1\"><li>klikn\u0105\u0107 przycisk <strong>Aplikacje<\/strong>, a potem <strong>Ustawienia aplikacji<\/strong>;<\/li><li>w nowym oknie przej\u015b\u0107 do zak\u0142adki <strong>FAKTURY ZAKUPU<\/strong> i <strong>UPRAWNIENIA<\/strong>;<\/li><li>w sekcji <strong>POZOSTA\u0141E GRUPY<\/strong> klikn\u0105\u0107 opcj\u0119 <strong>Dodaj grup\u0119<\/strong>;<\/li><li>w nowym oknie wype\u0142ni\u0107 pola zgodnie z opisem:<ol><li><strong>Nazwa grupy<\/strong> \u2013 wpisa\u0107 nazw\u0119 grupy;<\/li><\/ol><ol><li><strong>Komentarz<\/strong> \u2013 doda\u0107 opis przeznaczenia grupy;<\/li><\/ol><ol><li><strong>Cel grupy<\/strong> \u2013 ustawi\u0107 cel, jaki ma pe\u0142ni\u0107 grupa. Odpowiedni cel nale\u017cy wybra\u0107 z listy;<\/li><\/ol><\/li><li>klikn\u0105\u0107 <strong>ZAPISZ<\/strong>. Uzupe\u0142ni\u0107 pozosta\u0142e zak\u0142adki zgodnie z opisem zawartym w sekcji <strong>Zmiana uprawnie\u0144 w ramach grupy<\/strong>.<\/li><\/ol>\n\n\n\n<h2 class=\"wp-block-heading\" id=\"12\">Uprawnienia do s\u0142ownik\u00f3w<\/h2>\n\n\n\n<p>W ramach mechanizmu uprawnie\u0144 mo\u017cliwe jest r\u00f3wnie\u017c nadanie ogranicze\u0144 widoczno\u015bci zawarto\u015bci wybranych s\u0142ownik\u00f3w. Jednak dzi\u0119ki dodatkowym mechanizmom mo\u017cliwe jest pokazanie wy\u0142\u0105cznie wybranych pozycji dla okre\u015blonych os\u00f3b lub grup. Rozwi\u0105zanie to dzia\u0142a w taki spos\u00f3b, \u017ce:<\/p>\n\n\n\n<ul><li>domy\u015blnie pracownik lub grupa widzi wszystko;<\/li><li>po nadaniu uprawnienia do konkretnej pozycji w s\u0142ownikach pracownik lub grupa widzi wy\u0142\u0105cznie pozycj\u0119, dla kt\u00f3rej nadano uprawnienie, reszta przestaje by\u0107 widoczna.<\/li><\/ul>\n\n\n\n<p>Aby ograniczy\u0107 widoczno\u015b\u0107 zawarto\u015bci s\u0142ownika projekt\u00f3w, nale\u017cy:<\/p>\n\n\n\n<ol type=\"1\"><li>klikn\u0105\u0107 przycisk <strong>Aplikacje<\/strong> i wybra\u0107 opcj\u0119 <strong>Ustawienia aplikacji;<\/strong><\/li><li>w nowym oknie odszuka\u0107 i przej\u015b\u0107 do sekcji <strong>FAKTURY ZAKUPU<\/strong> i <strong>UPRAWNIENIA<\/strong>;<\/li><li>w sekcji <strong>UPRAWNIENIA DO S\u0141OWNIK\u00d3W<\/strong> klikn\u0105\u0107 przycisk <strong>OTW\u00d3RZ<\/strong> przy opcji <strong>Uprawnienia<\/strong> <strong>do s\u0142ownik\u00f3w projekt\u00f3w<\/strong>;<\/li><li>w nowym oknie uzupe\u0142ni\u0107 pola wed\u0142ug potrzeb:<ul><li><strong>Numer projektu<\/strong> \u2013 nale\u017cy wpisa\u0107 numer projektu, kt\u00f3rego ma dotyczy\u0107 uprawnienie. Numer mo\u017cna znale\u017a\u0107 w s\u0142owniku projekt\u00f3w. Mo\u017cna r\u00f3wnie\u017c wpisa\u0107 cz\u0119\u015b\u0107 numeru i wstawi\u0107 znak %. Na przyk\u0142ad, je\u017celi istniej\u0105 cztery projekty o oznaczeniu DH.12, DH.13, DH.14 oraz DH.21, a uprawnienie ma dotyczy\u0107 pierwszych trzech, mo\u017cna to zapisa\u0107 w jako DH.1%;<\/li><li><strong>Uprawniony pracownik<\/strong> \u2013 po klikni\u0119ciu pola nale\u017cy rozpocz\u0105\u0107 wpisywanie imienia lub nazwiska pracownika. Po wprowadzeniu pierwszych znak\u00f3w pojawi si\u0119 lista, z kt\u00f3rej mo\u017cna wybra\u0107 konkretn\u0105 osob\u0119. Mo\u017cna w tym miejscu doda\u0107 wi\u0119cej ni\u017c jedn\u0105 osob\u0119;<\/li><li><strong>Uprawniona grupa<\/strong> \u2013 po klikni\u0119ciu pola nale\u017cy rozpocz\u0105\u0107 wpisywanie nazwy grupy. Po wprowadzeniu pierwszych znak\u00f3w pojawi si\u0119 lista, z kt\u00f3rej mo\u017cna wybra\u0107 konkretn\u0105 grup\u0119. Mo\u017cna w tym miejscu doda\u0107 wi\u0119cej ni\u017c jedn\u0105 grup\u0119;<\/li><li><strong>Sp\u00f3\u0142ka<\/strong> \u2013 z listy mo\u017cna wybra\u0107 konkretn\u0105 sp\u00f3\u0142k\u0119, kt\u00f3rej ma dotyczy\u0107 regu\u0142a;<\/li><\/ul><\/li><\/ol>\n\n\n<div class=\"wp-block-image\">\n<figure class=\"aligncenter size-full\"><img loading=\"lazy\" decoding=\"async\" width=\"751\" height=\"631\" src=\"https:\/\/ready-os.com\/wp-content\/uploads\/2023\/05\/r167.png\" alt=\"\" class=\"wp-image-14906\" srcset=\"https:\/\/www2.ready-os.com\/wp-content\/uploads\/2023\/05\/r167.png 751w, https:\/\/www2.ready-os.com\/wp-content\/uploads\/2023\/05\/r167-300x252.png 300w\" sizes=\"(max-width: 751px) 100vw, 751px\" \/><figcaption>Ograniczanie widoczno\u015b\u0107 zawarto\u015bci s\u0142ownika projekt\u00f3w<\/figcaption><\/figure><\/div>\n\n\n<ol start=\"5\"><li>klikn\u0105\u0107 <strong>ZAPISZ<\/strong>. Regu\u0142a pojawi si\u0119 na li\u015bcie i zacznie obowi\u0105zywa\u0107.<\/li><\/ol>\n\n\n\n<p>Dwukrotnie klikni\u0119cie regu\u0142y na li\u015bcie otworzy okno jej edycji. W celu usuni\u0119cia nale\u017cy zaznaczy\u0107 regu\u0142\u0119 na li\u015bcie i klikn\u0105\u0107 przycisk <strong>Usu\u0144<\/strong>.<\/p>\n\n\n\n<p>Aby ograniczy\u0107 widoczno\u015b\u0107 zawarto\u015bci s\u0142ownika MPK, nale\u017cy:<\/p>\n\n\n\n<ol type=\"1\"><li>klikn\u0105\u0107 przycisk <strong>Aplikacje<\/strong> i wybra\u0107 opcj\u0119 <strong>Ustawienia aplikacji<\/strong>;<\/li><li>w nowym oknie odszuka\u0107 i przej\u015b\u0107 do sekcji <strong>FAKTURY ZAKUPU<\/strong> i <strong>UPRAWNIENIA<\/strong>;<\/li><li>w sekcji <strong>UPRAWNIENIA DO S\u0141OWNIK\u00d3W<\/strong> klikn\u0105\u0107 przycisk <strong>OTW\u00d3RZ<\/strong> przy opcji <strong>Uprawnienia<\/strong> <strong>do MPK<\/strong>;<\/li><li>w nowym oknie uzupe\u0142ni\u0107 pola wed\u0142ug potrzeb:<ul><li><strong>Konto MPK<\/strong> \u2013 nale\u017cy wpisa\u0107 numer konta MPK, kt\u00f3rego ma dotyczy\u0107 uprawnienie. Numer mo\u017cna znale\u017a\u0107 w s\u0142owniku MPK. Mo\u017cna r\u00f3wnie\u017c wpisa\u0107 cz\u0119\u015b\u0107 numeru i wstawi\u0107 znak %. Na przyk\u0142ad, je\u017celi s\u0105 cztery MPK o oznaczeniu 124Z-1, 124Z-2, 124Z-3 oraz 124X-1, a uprawnienie ma dotyczy\u0107 pierwszych trzech, mo\u017cna to zapisa\u0107 w jako 124Z-%;<\/li><li><strong>Uprawniony pracownik<\/strong> \u2013 po klikni\u0119ciu pola nale\u017cy rozpocz\u0105\u0107 wpisywanie imienia lub nazwiska pracownika. Po wprowadzeniu pierwszych znak\u00f3w pojawi si\u0119 lista, z kt\u00f3rej mo\u017cna wybra\u0107 konkretn\u0105 osob\u0119. Mo\u017cna w tym miejscu doda\u0107 wi\u0119cej ni\u017c jedn\u0105 osob\u0119;<\/li><li><strong>Uprawniona grupa<\/strong> \u2013 po klikni\u0119ciu pola nale\u017cy rozpocz\u0105\u0107 wpisywanie nazwy grupy. Po wprowadzeniu pierwszych znak\u00f3w pojawi si\u0119 lista, z kt\u00f3rej mo\u017cna wybra\u0107 konkretn\u0105 grup\u0119. Mo\u017cna w tym miejscu doda\u0107 wi\u0119cej ni\u017c jedn\u0105 grup\u0119;<\/li><li><strong>Sp\u00f3\u0142ka<\/strong> \u2013 z listy mo\u017cna wybra\u0107 konkretn\u0105 sp\u00f3\u0142k\u0119, kt\u00f3rej ma dotyczy\u0107 regu\u0142a;<\/li><\/ul><\/li><\/ol>\n\n\n\n<figure class=\"wp-block-image size-full\"><img loading=\"lazy\" decoding=\"async\" width=\"809\" height=\"609\" src=\"https:\/\/ready-os.com\/wp-content\/uploads\/2023\/05\/r168.png\" alt=\"\" class=\"wp-image-14908\" srcset=\"https:\/\/www2.ready-os.com\/wp-content\/uploads\/2023\/05\/r168.png 809w, https:\/\/www2.ready-os.com\/wp-content\/uploads\/2023\/05\/r168-300x226.png 300w, https:\/\/www2.ready-os.com\/wp-content\/uploads\/2023\/05\/r168-768x578.png 768w\" sizes=\"(max-width: 809px) 100vw, 809px\" \/><figcaption>Ograniczanie widoczno\u015b\u0107 zawarto\u015bci s\u0142ownika MPK<\/figcaption><\/figure>\n\n\n\n<ol start=\"5\"><li>klikn\u0105\u0107 <strong>ZAPISZ<\/strong>. Regu\u0142a pojawi si\u0119 na li\u015bcie i zacznie obowi\u0105zywa\u0107.<\/li><\/ol>\n\n\n\n<p>Dwukrotnie klikni\u0119cie regu\u0142y na li\u015bcie otworzy okno jej edycji. W celu usuni\u0119cia nale\u017cy zaznaczy\u0107 regu\u0142\u0119 na li\u015bcie i klikn\u0105\u0107 przycisk <strong>Usu\u0144<\/strong>.<\/p>\n\n\n\n<p>Aby ograniczy\u0107 widoczno\u015b\u0107 zawarto\u015bci s\u0142ownika RK, nale\u017cy:<\/p>\n\n\n\n<ol type=\"1\"><li>klikn\u0105\u0107 przycisk <strong>Aplikacje<\/strong> i wybra\u0107 opcj\u0119 <strong>Ustawienia aplikacji<\/strong>;<\/li><li>w nowym oknie odszuka\u0107 i przej\u015b\u0107 do sekcji <strong>FAKTURY ZAKUPU<\/strong> i <strong>UPRAWNIENIA<\/strong>;<\/li><li>w sekcji <strong>UPRAWNIENIA DO S\u0141OWNIK\u00d3W<\/strong> klikn\u0105\u0107 przycisk <strong>OTW\u00d3RZ<\/strong> przy opcji <strong>Uprawnienia<\/strong> <strong>do RK<\/strong>;<\/li><li>w nowym oknie uzupe\u0142ni\u0107 pola wed\u0142ug potrzeb:<ol><li><strong>Konto RK<\/strong> \u2013 nale\u017cy wpisa\u0107 numer konta RK, kt\u00f3rego ma dotyczy\u0107 uprawnienie. Numer mo\u017cna znale\u017a\u0107 w s\u0142owniku rodzaj\u00f3w koszt\u00f3w. Mo\u017cna r\u00f3wnie\u017c wpisa\u0107 cz\u0119\u015b\u0107 numeru i wstawi\u0107 znak %. Na przyk\u0142ad, je\u017celi s\u0105 cztery projekty o oznaczeniu 401-1-1, 401-1-2, 401-1-3 oraz 401-2-1, a uprawnienie ma dotyczy\u0107 pierwszych trzech, mo\u017cna to zapisa\u0107 w jako 401-1%;<\/li><\/ol><ol><li><strong>Dost\u0119p dla wszystkich pracownik\u00f3w<\/strong> \u2013 pozwala w\u0142\u0105czy\u0107 dost\u0119p do wszystkich pracownik\u00f3w;<\/li><\/ol><ol><li><strong>Uprawniony pracownik<\/strong> \u2013 po klikni\u0119ciu pola nale\u017cy rozpocz\u0105\u0107 wpisywanie imienia lub nazwiska pracownika. Po wprowadzeniu pierwszych znak\u00f3w pojawi si\u0119 lista, z kt\u00f3rej mo\u017cna wybra\u0107 konkretn\u0105 osob\u0119. Mo\u017cna w tym miejscu doda\u0107 wi\u0119cej ni\u017c jedn\u0105 osob\u0119;<\/li><\/ol><ol><li><strong>Uprawniona grupa<\/strong> \u2013 po klikni\u0119ciu pola nale\u017cy rozpocz\u0105\u0107 wpisywanie nazwy grupy. Po wprowadzeniu pierwszych znak\u00f3w pojawi si\u0119 lista, z kt\u00f3rej mo\u017cna wybra\u0107 konkretn\u0105 grup\u0119. Mo\u017cna w tym miejscu doda\u0107 wi\u0119cej ni\u017c jedn\u0105 grup\u0119;<\/li><\/ol><ol><li><strong>Sp\u00f3\u0142ka<\/strong> \u2013 z listy mo\u017cna wybra\u0107 konkretn\u0105 sp\u00f3\u0142k\u0119, kt\u00f3rej ma dotyczy\u0107 regu\u0142a;<\/li><\/ol><\/li><\/ol>\n\n\n<div class=\"wp-block-image\">\n<figure class=\"aligncenter size-full\"><img loading=\"lazy\" decoding=\"async\" width=\"813\" height=\"632\" src=\"https:\/\/ready-os.com\/wp-content\/uploads\/2023\/05\/r169.png\" alt=\"\" class=\"wp-image-14910\" srcset=\"https:\/\/www2.ready-os.com\/wp-content\/uploads\/2023\/05\/r169.png 813w, https:\/\/www2.ready-os.com\/wp-content\/uploads\/2023\/05\/r169-300x233.png 300w, https:\/\/www2.ready-os.com\/wp-content\/uploads\/2023\/05\/r169-768x597.png 768w\" sizes=\"(max-width: 813px) 100vw, 813px\" \/><figcaption>Ograniczanie widoczno\u015b\u0107 zawarto\u015bci s\u0142ownika RK<\/figcaption><\/figure><\/div>\n\n\n<ul><li>klikn\u0105\u0107 przycisk <strong>ZAPISZ<\/strong>. Regu\u0142a pojawi si\u0119 na li\u015bcie i zacznie obowi\u0105zywa\u0107.<\/li><\/ul>\n\n\n\n<p>Dwukrotnie klikni\u0119cie regu\u0142y na li\u015bcie otworzy okno jej edycji. W celu usuni\u0119cia nale\u017cy zaznaczy\u0107 regu\u0142\u0119 na li\u015bcie i klikn\u0105\u0107 przycisk <strong>Usu\u0144<\/strong>.<\/p>\n\n\n\n<p>Aby ograniczy\u0107 widoczno\u015b\u0107 zawarto\u015bci s\u0142ownika analityk, nale\u017cy:<\/p>\n\n\n\n<ol type=\"1\"><li>klikn\u0105\u0107 przycisk <strong>Aplikacje<\/strong> i wybra\u0107 opcj\u0119 <strong>Ustawienia aplikacji<\/strong>;<\/li><li>w nowym oknie odszuka\u0107 i przej\u015b\u0107 do sekcji <strong>FAKTURY ZAKUPU<\/strong> i <strong>UPRAWNIENIA<\/strong>;<\/li><li>w sekcji <strong>UPRAWNIENIA DO S\u0141OWNIK\u00d3W<\/strong> klikn\u0105\u0107 przycisk <strong>OTW\u00d3RZ<\/strong> przy opcji <strong>Uprawnienia<\/strong> <strong>do dodatkowych analityk<\/strong>;<\/li><li>w nowym oknie uzupe\u0142ni\u0107 pola wed\u0142ug potrzeb:<\/li><li><strong>Konto dodatkowej analityki<\/strong> \u2013 nale\u017cy wpisa\u0107 numer konta analityki, kt\u00f3rego ma dotyczy\u0107 uprawnienie. Mo\u017cna r\u00f3wnie\u017c wpisa\u0107 cz\u0119\u015b\u0107 numeru i wstawi\u0107 znak %;<\/li><li><strong>Dodatkowa analityka<\/strong> \u2013 z listy wybra\u0107 analityk\u0119 (ma swoje numery), kt\u00f3ra ma by\u0107 obj\u0119ta regu\u0142\u0105;<\/li><li><strong>Dost\u0119p dla wszystkich pracownik\u00f3w<\/strong> \u2013 pozwala w\u0142\u0105czy\u0107 dost\u0119p do wszystkich pracownik\u00f3w;<\/li><li><strong>Uprawniony pracownik<\/strong> \u2013 po klikni\u0119ciu pola nale\u017cy rozpocz\u0105\u0107 wpisywanie imienia lub nazwiska pracownika. Po wprowadzeniu pierwszych znak\u00f3w pojawi si\u0119 lista, z kt\u00f3rej mo\u017cna wybra\u0107 konkretn\u0105 osob\u0119. Mo\u017cna w tym miejscu doda\u0107 wi\u0119cej ni\u017c jedn\u0105 osob\u0119;<\/li><li><strong>Uprawniona grupa<\/strong> \u2013 po klikni\u0119ciu pola nale\u017cy rozpocz\u0105\u0107 wpisywanie nazwy grupy. Po wprowadzeniu pierwszych znak\u00f3w pojawi si\u0119 lista, z kt\u00f3rej mo\u017cna wybra\u0107 konkretn\u0105 grup\u0119. Mo\u017cna w tym miejscu doda\u0107 wi\u0119cej ni\u017c jedn\u0105 grup\u0119;<\/li><li><strong>Sp\u00f3\u0142ka<\/strong> \u2013 z listy mo\u017cna wybra\u0107 konkretna sp\u00f3\u0142k\u0119, kt\u00f3rej ma dotyczy\u0107 regu\u0142a;<\/li><\/ol>\n\n\n<div class=\"wp-block-image\">\n<figure class=\"aligncenter size-full\"><img loading=\"lazy\" decoding=\"async\" width=\"610\" height=\"689\" src=\"https:\/\/ready-os.com\/wp-content\/uploads\/2023\/05\/r170.png\" alt=\"\" class=\"wp-image-14912\" srcset=\"https:\/\/www2.ready-os.com\/wp-content\/uploads\/2023\/05\/r170.png 610w, https:\/\/www2.ready-os.com\/wp-content\/uploads\/2023\/05\/r170-266x300.png 266w\" sizes=\"(max-width: 610px) 100vw, 610px\" \/><figcaption>Ograniczanie widoczno\u015b\u0107 zawarto\u015bci s\u0142ownika analityki<\/figcaption><\/figure><\/div>\n\n\n<ol start=\"11\"><li>klikn\u0105\u0107 <strong>ZAPISZ<\/strong>. Regu\u0142a pojawi si\u0119 na li\u015bcie i zacznie obowi\u0105zywa\u0107.<\/li><\/ol>\n\n\n\n<p>Dwukrotnie klikni\u0119cie regu\u0142y na li\u015bcie otworzy okno jej edycji. W celu usuni\u0119cia nale\u017cy zaznaczy\u0107 regu\u0142\u0119 na li\u015bcie i klikn\u0105\u0107 przycisk <strong>Usu\u0144<\/strong>.<\/p>\n\n\n\n<h2 class=\"wp-block-heading\" id=\"13\">Dodatkowe narz\u0119dzia<\/h2>\n\n\n\n<p>W ramach ustawienia <strong>Dodaj uprawnienia do faktur<\/strong> widocznego w sekcji <strong>NARZ\u0118DZIA<\/strong> w ramach <strong>UPRAWNIE\u0143<\/strong> mo\u017cliwe jest:<\/p>\n\n\n\n<ul><li>nadanie uprawnie\u0144 do faktur na podstawie typu dokumentu ksi\u0119gowego;<\/li><li>skopiowanie uprawnie\u0144 innego pracownika.<\/li><\/ul>\n\n\n\n<p>Aby skorzysta\u0107 z dodatkowego narz\u0119dzia uprawnie\u0144, nale\u017cy:<\/p>\n\n\n\n<ol type=\"1\"><li>klikn\u0105\u0107 przycisk <strong>Aplikacje<\/strong> i wybra\u0107 opcj\u0119 <strong>Ustawienia aplikacji<\/strong>;<\/li><li>w nowym oknie odszuka\u0107 i przej\u015b\u0107 do sekcji <strong>FAKTURY ZAKUPU<\/strong> i <strong>UPRAWNIENIA<\/strong>;<\/li><li>w sekcji <strong>NARZ\u0118DZIA <\/strong>klikn\u0105\u0107 <strong>URUCHOM<\/strong> przy opcji <strong>Dodaj uprawnienia do faktur<\/strong>;<\/li><li>w nowym oknie nale\u017cy:<ul><li>pierwsze pole \u2013 wskaza\u0107 osob\u0119, kt\u00f3rej maj\u0105 zosta\u0107 nadane uprawnienia;<\/li><li>drugie pole \u2013 wskaza\u0107 osob\u0119, z kt\u00f3rej uprawnienia zostan\u0105 skopiowane na osob\u0119 z pola numer 1;<\/li><li>trzecie pole \u2013 na li\u015bcie wskaza\u0107 typ dokumentu ksi\u0119gowego;<\/li><li>czwarte pole \u2013 na li\u015bcie wskaza\u0107 rodzaj uprawnie\u0144;<\/li><\/ul><\/li><\/ol>\n\n\n<div class=\"wp-block-image\">\n<figure class=\"aligncenter size-full\"><img loading=\"lazy\" decoding=\"async\" width=\"507\" height=\"647\" src=\"https:\/\/ready-os.com\/wp-content\/uploads\/2023\/05\/r170a.png\" alt=\"\" class=\"wp-image-14914\" srcset=\"https:\/\/www2.ready-os.com\/wp-content\/uploads\/2023\/05\/r170a.png 507w, https:\/\/www2.ready-os.com\/wp-content\/uploads\/2023\/05\/r170a-235x300.png 235w\" sizes=\"(max-width: 507px) 100vw, 507px\" \/><figcaption>Dodatkowe narz\u0119dzie uprawnie\u0144<\/figcaption><\/figure><\/div>\n\n\n<ol start=\"5\"><li>klikn\u0105\u0107 <strong>ZAPISZ<\/strong>.<\/li><\/ol>\n\n\n\n<p>Nowe uprawnienia zadzia\u0142aj\u0105 dla dokument\u00f3w ju\u017c istniej\u0105cych w systemie i nie ma wp\u0142ywu na wprowadzone dokumenty do systemu po nadaniu uprawnie\u0144.<\/p>\n\n\n\n<h2 class=\"wp-block-heading\" id=\"14\">Dodatkowe uprawnienia do faktur<\/h2>\n\n\n\n<p>Niniejszy artyku\u0142 zawiera dodatkowe ustawienia zwi\u0105zane z uprawnieniami do faktur.<\/p>\n\n\n\n<h3 class=\"wp-block-heading\" id=\"15\">Dost\u0119p dla dzia\u0142u<\/h3>\n\n\n\n<p>Czasami jest potrzeba wprowadzenia dodatkowych uprawnie\u0144 ze wzgl\u0119du na spos\u00f3b pracy kom\u00f3rki organizacyjnej. Domy\u015blnie w systemie, je\u015bli pracownik dzia\u0142u IT otrzyma faktur\u0119, to ma do niej dost\u0119p tylko on i jego prze\u0142o\u017cony, ale czasem potrzebne jest, \u017ceby wszyscy pracownicy dzia\u0142u mieli dost\u0119p do faktur opisywanych przez kt\u00f3regokolwiek pracownika kom\u00f3rki organizacyjnej. W takim przypadku nale\u017cy:<\/p>\n\n\n\n<ol type=\"1\"><li>utworzy\u0107 now\u0105 grup\u0119 zgodnie z opisem zamieszczonym w oddzielnym artykule dotycz\u0105cym <strong>Tworzenia nowej grupy<\/strong>;<\/li><li>klikn\u0105\u0107 przycisk <strong>Aplikacje<\/strong>, a potem <strong>Ustawienia aplikacji<\/strong>;<\/li><li>w sekcji <strong>SYSTEMOWE<\/strong> klikn\u0105\u0107 przycisk <strong>OTW\u00d3RZ<\/strong> przy opcji <strong>Struktura organizacyjna<\/strong>;<\/li><li>w nowym oknie odszuka\u0107 dzia\u0142 IT w strukturze organizacyjnej, zaznaczy\u0107 go i klikn\u0105\u0107 przycisk <strong>Edytuj<\/strong> (ikona o\u0142\u00f3wka);<ul><li>w polu <strong>Grupa<\/strong> z listy wybra\u0107 odpowiedni\u0105 grup\u0119;<\/li><li>w polu <strong>Regu\u0142a<\/strong> ustawi\u0107 warto\u015b\u0107 <strong>Przydziel wszystkich poni\u017cej tylko z tej kom\u00f3rki<\/strong>;<\/li><li>klikn\u0105\u0107 przycisk <strong>Zapisz<\/strong> widoczny na pasku narz\u0119dziowym;<\/li><\/ul><\/li><\/ol>\n\n\n<div class=\"wp-block-image\">\n<figure class=\"aligncenter size-large\"><img loading=\"lazy\" decoding=\"async\" width=\"1024\" height=\"491\" src=\"https:\/\/ready-os.com\/wp-content\/uploads\/2023\/05\/r172-1024x491.png\" alt=\"\" class=\"wp-image-14917\" srcset=\"https:\/\/www2.ready-os.com\/wp-content\/uploads\/2023\/05\/r172-1024x491.png 1024w, https:\/\/www2.ready-os.com\/wp-content\/uploads\/2023\/05\/r172-300x144.png 300w, https:\/\/www2.ready-os.com\/wp-content\/uploads\/2023\/05\/r172-768x368.png 768w, https:\/\/www2.ready-os.com\/wp-content\/uploads\/2023\/05\/r172.png 1231w\" sizes=\"(max-width: 1024px) 100vw, 1024px\" \/><figcaption>Dost\u0119p dla dzia\u0142u &#8211; krok pierwszy<\/figcaption><\/figure><\/div>\n\n\n<ol start=\"5\"><li>w\u0142\u0105czy\u0107 opcj\u0119 <strong>Czy faktur\u0119 opisan\u0105 przez pracownika powinni widzie\u0107 opr\u00f3cz prze\u0142o\u017conych pracownicy z jego dzia\u0142u?<\/strong> Opcja jest dost\u0119pna w <strong>Ustawienia aplikacji<\/strong>, <strong>FAKTURY ZAKUPU<\/strong>, <strong>KONFIGURACJA<\/strong> w sekcji <strong>ETAP \u2013 OPIS MERYTORYCZNY<\/strong>;<\/li><\/ol>\n\n\n<div class=\"wp-block-image\">\n<figure class=\"aligncenter size-large\"><img loading=\"lazy\" decoding=\"async\" width=\"1024\" height=\"330\" src=\"https:\/\/ready-os.com\/wp-content\/uploads\/2023\/05\/r173-1024x330.png\" alt=\"\" class=\"wp-image-14920\" srcset=\"https:\/\/www2.ready-os.com\/wp-content\/uploads\/2023\/05\/r173-1024x330.png 1024w, https:\/\/www2.ready-os.com\/wp-content\/uploads\/2023\/05\/r173-300x97.png 300w, https:\/\/www2.ready-os.com\/wp-content\/uploads\/2023\/05\/r173-768x248.png 768w, https:\/\/www2.ready-os.com\/wp-content\/uploads\/2023\/05\/r173-1536x496.png 1536w, https:\/\/www2.ready-os.com\/wp-content\/uploads\/2023\/05\/r173.png 1587w\" sizes=\"(max-width: 1024px) 100vw, 1024px\" \/><figcaption>Dost\u0119p dla dzia\u0142u &#8211; krok drugi<\/figcaption><\/figure><\/div>\n\n\n<ol start=\"6\"><li>od tego momentu, je\u015bli osoba z dzia\u0142u IT b\u0119dzie opisywa\u0142a faktur\u0119, ca\u0142a grupa (kom\u00f3rka) otrzyma uprawnienie do faktury.<\/li><\/ol>\n\n\n\n<h3 class=\"wp-block-heading\" id=\"16\">Dost\u0119p do wszystkich faktur danej Jednostki rozliczeniowej<\/h3>\n\n\n\n<p>Je\u015bli posiada si\u0119 pracownik\u00f3w r\u00f3\u017cnych sp\u00f3\u0142ek, kt\u00f3rzy nie bior\u0105 udzia\u0142u w procesie obiegu ka\u017cdej faktury, a maj\u0105 mie\u0107 dost\u0119p do wszystkich faktur danej jednostki, nale\u017cy w strukturze organizacyjnej na wybranej jednostce przydzieli\u0107 grup\u0119, kt\u00f3r\u0105 ma si\u0119 zamiar uprawni\u0107 oraz ustawi\u0107 regu\u0142\u0119 przydzielenie os\u00f3b do grupy \u2013 <strong>Definicja niezale\u017cnie od struktury<\/strong>. System po zapisie faktury nada uprawnienia odczytu i zapisu wybranej grupie.<\/p>\n\n\n<div class=\"wp-block-image\">\n<figure class=\"aligncenter size-large\"><img loading=\"lazy\" decoding=\"async\" width=\"1024\" height=\"480\" src=\"https:\/\/ready-os.com\/wp-content\/uploads\/2023\/05\/r174-1024x480.png\" alt=\"\" class=\"wp-image-14922\" srcset=\"https:\/\/www2.ready-os.com\/wp-content\/uploads\/2023\/05\/r174-1024x480.png 1024w, https:\/\/www2.ready-os.com\/wp-content\/uploads\/2023\/05\/r174-300x141.png 300w, https:\/\/www2.ready-os.com\/wp-content\/uploads\/2023\/05\/r174-768x360.png 768w, https:\/\/www2.ready-os.com\/wp-content\/uploads\/2023\/05\/r174.png 1240w\" sizes=\"(max-width: 1024px) 100vw, 1024px\" \/><figcaption>Dost\u0119p do wszystkich faktur danej Jednostki rozliczeniowej<\/figcaption><\/figure><\/div>\n\n\n<h3 class=\"wp-block-heading\" id=\"17\">Dost\u0119p do wszystkich faktur danej \u015bcie\u017cki procesu<\/h3>\n\n\n\n<p>Je\u015bli w organizacji pojawi si\u0119 potrzeba przydzielenia uprawnienia do wszystkich faktur danej \u015bcie\u017cki, mo\u017cna to zrobi\u0107, przypisuj\u0105c grup\u0119 do danej \u015bcie\u017cki. W tym celu nale\u017cy:<\/p>\n\n\n\n<ol type=\"1\"><li>klikn\u0105\u0107 przycisk <strong>Aplikacje<\/strong>, a potem <strong>Ustawienia aplikacji<\/strong>;<\/li><li>w sekcji <strong>FAKTURY ZAKUPU<\/strong> klikn\u0105\u0107 <strong>\u015aCIE\u017bKI PROCESU<\/strong>;<\/li><li>odszuka\u0107 etap w ramach \u015bcie\u017cki i klikn\u0105\u0107 przycisk z symbolem o\u0142\u00f3wka;<\/li><\/ol>\n\n\n<div class=\"wp-block-image\">\n<figure class=\"aligncenter size-full\"><img loading=\"lazy\" decoding=\"async\" width=\"852\" height=\"602\" src=\"https:\/\/ready-os.com\/wp-content\/uploads\/2023\/05\/r175.png\" alt=\"\" class=\"wp-image-14924\" srcset=\"https:\/\/www2.ready-os.com\/wp-content\/uploads\/2023\/05\/r175.png 852w, https:\/\/www2.ready-os.com\/wp-content\/uploads\/2023\/05\/r175-300x212.png 300w, https:\/\/www2.ready-os.com\/wp-content\/uploads\/2023\/05\/r175-768x543.png 768w\" sizes=\"(max-width: 852px) 100vw, 852px\" \/><figcaption>Dost\u0119p do wszystkich faktur danej \u015bcie\u017cki procesu &#8211; krok pierwszy<\/figcaption><\/figure><\/div>\n\n\n<ol start=\"4\"><li>w nowym oknie klikn\u0105\u0107 zak\u0142adk\u0119 <strong>UPRAWNIENIA<\/strong>;<\/li><\/ol>\n\n\n<div class=\"wp-block-image\">\n<figure class=\"aligncenter size-full\"><img loading=\"lazy\" decoding=\"async\" width=\"882\" height=\"399\" src=\"https:\/\/ready-os.com\/wp-content\/uploads\/2023\/05\/r176.png\" alt=\"\" class=\"wp-image-14926\" srcset=\"https:\/\/www2.ready-os.com\/wp-content\/uploads\/2023\/05\/r176.png 882w, https:\/\/www2.ready-os.com\/wp-content\/uploads\/2023\/05\/r176-300x136.png 300w, https:\/\/www2.ready-os.com\/wp-content\/uploads\/2023\/05\/r176-768x347.png 768w\" sizes=\"(max-width: 882px) 100vw, 882px\" \/><figcaption>Dost\u0119p do wszystkich faktur danej \u015bcie\u017cki procesu &#8211; krok drugi<\/figcaption><\/figure><\/div>\n\n\n<ol start=\"5\"><li>klikn\u0105\u0107 pole <strong>Grupy<\/strong> i wybra\u0107 z listy odpowiedni\u0105 grup\u0119;<\/li><li>w polu <strong>Otrzymane uprawnienia<\/strong> ustawi\u0107 odpowiedni typ uprawnie\u0144;<\/li><li>klikn\u0105\u0107 <strong>ZAPISZ<\/strong>.<\/li><\/ol>\n","protected":false},"excerpt":{"rendered":"<p>Kto widzi faktur\u0119? Pracownik bior\u0105cy udzia\u0142 w Workflow, Prze\u0142o\u017ceni pracownik\u00f3w opisuj\u0105cych faktury, Zast\u0119pcy, Grupy aplikacyjne, Grupy uprawnie\u0144, Grupy funkcji, Grupy procesu obiegu, Pozosta\u0142e grupy, Zmiana uprawnie\u0144 w ramach grup, Tworzenie nowej grupy, Uprawnienia do s\u0142ownik\u00f3w, Dodatkowe narz\u0119dzia, Dodatkowe uprawnienia do faktur, Dost\u0119p dla dzia\u0142u, Dost\u0119p do wszystkich faktur danej Jednostki rozliczeniowej, Dost\u0119p do wszystkich faktur [&hellip;]<\/p>\n","protected":false},"author":2,"featured_media":0,"comment_status":"closed","ping_status":"closed","template":"","meta":[],"doc_category":[122],"doc_tag":[],"knowledge_base":[137],"_links":{"self":[{"href":"https:\/\/www2.ready-os.com\/pl\/wp-json\/wp\/v2\/docs\/3361"}],"collection":[{"href":"https:\/\/www2.ready-os.com\/pl\/wp-json\/wp\/v2\/docs"}],"about":[{"href":"https:\/\/www2.ready-os.com\/pl\/wp-json\/wp\/v2\/types\/docs"}],"author":[{"embeddable":true,"href":"https:\/\/www2.ready-os.com\/pl\/wp-json\/wp\/v2\/users\/2"}],"replies":[{"embeddable":true,"href":"https:\/\/www2.ready-os.com\/pl\/wp-json\/wp\/v2\/comments?post=3361"}],"version-history":[{"count":20,"href":"https:\/\/www2.ready-os.com\/pl\/wp-json\/wp\/v2\/docs\/3361\/revisions"}],"predecessor-version":[{"id":14928,"href":"https:\/\/www2.ready-os.com\/pl\/wp-json\/wp\/v2\/docs\/3361\/revisions\/14928"}],"wp:attachment":[{"href":"https:\/\/www2.ready-os.com\/pl\/wp-json\/wp\/v2\/media?parent=3361"}],"wp:term":[{"taxonomy":"doc_category","embeddable":true,"href":"https:\/\/www2.ready-os.com\/pl\/wp-json\/wp\/v2\/doc_category?post=3361"},{"taxonomy":"doc_tag","embeddable":true,"href":"https:\/\/www2.ready-os.com\/pl\/wp-json\/wp\/v2\/doc_tag?post=3361"},{"taxonomy":"knowledge_base","embeddable":true,"href":"https:\/\/www2.ready-os.com\/pl\/wp-json\/wp\/v2\/knowledge_base?post=3361"}],"curies":[{"name":"wp","href":"https:\/\/api.w.org\/{rel}","templated":true}]}}