{"id":15064,"date":"2023-06-13T11:51:43","date_gmt":"2023-06-13T09:51:43","guid":{"rendered":"https:\/\/ready-os.com\/?post_type=docs&#038;p=15064"},"modified":"2023-06-13T12:26:29","modified_gmt":"2023-06-13T10:26:29","slug":"edytowanie-istniejacego-konta","status":"publish","type":"docs","link":"https:\/\/www2.ready-os.com\/pl\/docs\/system\/edytowanie-istniejacego-konta\/","title":{"rendered":"Edytowanie istniej\u0105cego konta"},"content":{"rendered":"\n<p>Ka\u017cde z kont utworzonych w systemie mo\u017ce zosta\u0107 poddane edycji. Podczas tego procesu administrator zyskuje dost\u0119p do wielu dodatkowych ustawie\u0144, kt\u00f3re nie by\u0142y dost\u0119pne podczas zak\u0142adania konta \u2013 zar\u00f3wno r\u0119cznego, jak i tego opartego o prac\u0119 z kreatorem.<\/p>\n\n\n\n<p>W oknie edycji w\u0142a\u015bciwo\u015bci konta administrator ma dodatkowo mo\u017cliwo\u015b\u0107:<\/p>\n\n\n\n<ul><li>wys\u0142ania linka aktywacyjnego do konta;<\/li><li>resetu lub zmiany has\u0142a.<\/li><\/ul>\n\n\n\n<p>Aby edytowa\u0107 istniej\u0105ce konto, nale\u017cy:<\/p>\n\n\n\n<ol type=\"1\"><li>klikn\u0105\u0107 przycisk <strong>Aplikacje<\/strong>;<\/li><li>klikn\u0105\u0107 opcj\u0119 <strong>Ustawienia Aplikacji<\/strong>;<\/li><li>w sekcji <strong>SYSTEMOWE<\/strong> odszuka\u0107 opcj\u0119 <strong>Konta pracownik\u00f3w<\/strong> i klikn\u0105\u0107 przycisk <strong>OTW\u00d3RZ<\/strong>;<\/li><li>w nowym oknie za pomoc\u0105 filtr\u00f3w lub wyszukiwarki odszuka\u0107 konto wymagaj\u0105ce edycji, zaznaczy\u0107 je i klikn\u0105\u0107 przycisk <strong>Edycja<\/strong>;<\/li><\/ol>\n\n\n<div class=\"wp-block-image\">\n<figure class=\"aligncenter size-full\"><img loading=\"lazy\" decoding=\"async\" width=\"829\" height=\"249\" src=\"https:\/\/ready-os.com\/wp-content\/uploads\/2023\/06\/r22.png\" alt=\"\" class=\"wp-image-15066\" srcset=\"https:\/\/www2.ready-os.com\/wp-content\/uploads\/2023\/06\/r22.png 829w, https:\/\/www2.ready-os.com\/wp-content\/uploads\/2023\/06\/r22-300x90.png 300w, https:\/\/www2.ready-os.com\/wp-content\/uploads\/2023\/06\/r22-768x231.png 768w\" sizes=\"(max-width: 829px) 100vw, 829px\" \/><figcaption>Edycja istniej\u0105cego konta<\/figcaption><\/figure><\/div>\n\n\n<ol start=\"5\"><li>po wprowadzeniu zmian nale\u017cy klikn\u0105\u0107 przycisk <strong>ZAPISZ<\/strong>.<\/li><\/ol>\n\n\n\n<p>Nowe okno podzielono na kilka zak\u0142adek, kt\u00f3re dok\u0142adnie om\u00f3wiono poni\u017cej.<\/p>\n\n\n\n<ul class=\"has-background\" style=\"background-color:#faf7f7\"><li><a href=\"#1\">Podstawowe<\/a>,<\/li><li><a href=\"#2\">Grupy<\/a>,<\/li><li><a href=\"#3\">Stanowisko<\/a>,<\/li><li><a href=\"#4\">Prawa do struktury<\/a>,<\/li><li><a href=\"#5\">Prawa do systemu<\/a>,<\/li><li><a href=\"#6\">Konta pocztowe<\/a>,<\/li><li><a href=\"#7\">Cechy<\/a>,<\/li><li><a href=\"#8\">Urz\u0105dzenia mobilne<\/a>,<\/li><li><a href=\"#9\">Powiadomienia<\/a>.<\/li><\/ul>\n\n\n\n<h2 class=\"wp-block-heading\">Podstawowe<\/h2>\n\n\n\n<p>Zak\u0142adka <strong>PODSTAWOWE<\/strong> zawiera wszystkie te opcje, kt\u00f3re pojawi\u0142y si\u0119 przy okazji dodawania nowego konta. Innymi s\u0142owy w tym miejscu mo\u017cna:<\/p>\n\n\n\n<ul><li>okre\u015bli\u0107 wa\u017cno\u015b\u0107 konta;<\/li><li>zmieni\u0107 jego typ oraz nazw\u0119;<\/li><li>zmieni\u0107 imi\u0119, nazwisko, adres e-mail, telefon oraz zdj\u0119cie;<\/li><li>ustawi\u0107 has\u0142o dla CalDAV.<\/li><\/ul>\n\n\n\n<figure class=\"wp-block-image size-large\"><img loading=\"lazy\" decoding=\"async\" width=\"1024\" height=\"702\" src=\"https:\/\/ready-os.com\/wp-content\/uploads\/2023\/06\/r23-1024x702.png\" alt=\"\" class=\"wp-image-15068\" srcset=\"https:\/\/www2.ready-os.com\/wp-content\/uploads\/2023\/06\/r23-1024x702.png 1024w, https:\/\/www2.ready-os.com\/wp-content\/uploads\/2023\/06\/r23-300x206.png 300w, https:\/\/www2.ready-os.com\/wp-content\/uploads\/2023\/06\/r23-768x527.png 768w, https:\/\/www2.ready-os.com\/wp-content\/uploads\/2023\/06\/r23.png 1200w\" sizes=\"(max-width: 1024px) 100vw, 1024px\" \/><figcaption>Edycja konta &#8211; zak\u0142adka Podstawowe<\/figcaption><\/figure>\n\n\n\n<p>Administrator z poziomu zak\u0142adki <strong>PODSTAWOWE<\/strong> mo\u017ce r\u00f3wnie\u017c wys\u0142a\u0107 <strong>link do resetu<\/strong> <strong>has\u0142a<\/strong> oraz <strong>link do aktywacji konta<\/strong>. Obie opcje powoduj\u0105, \u017ce u\u017cytkownik otrzyma wiadomo\u015b\u0107 ze specjalnym linkiem, po kt\u00f3rego klikni\u0119ciu:<\/p>\n\n\n\n<ul><li>uruchomiona zostanie procedura zmiany has\u0142a;<\/li><li>konto zostanie aktywowane.<\/li><\/ul>\n\n\n\n<p>Obie opcje pozwalaj\u0105 na ograniczenie kontaktu na linii administrator \u2013 pracownik, a jednocze\u015bnie eliminuj\u0105 problemy zwi\u0105zane z zapomnianym has\u0142em czy powiadomieniem o za\u0142o\u017ceniu nowego konta pracowniczego w systemie <em>Ready_<sup>TM<\/sup><\/em>.<\/p>\n\n\n\n<h2 class=\"wp-block-heading\" id=\"2\">Grupy<\/h2>\n\n\n\n<p>Zak\u0142adka <strong>GRUPY<\/strong> zawiera rozwi\u0105zania, kt\u00f3re pozwalaj\u0105 na dodanie do lub usuni\u0119cie danego pracownika z konkretnej grupy, co sprawia, \u017ce dane konto w prosty spos\u00f3b uzyskuje okre\u015blone uprawnienia systemowe i dost\u0119p do zdefiniowanych narz\u0119dzi.<\/p>\n\n\n<div class=\"wp-block-image\">\n<figure class=\"aligncenter size-large\"><img loading=\"lazy\" decoding=\"async\" width=\"1024\" height=\"700\" src=\"https:\/\/ready-os.com\/wp-content\/uploads\/2023\/06\/r24-1024x700.png\" alt=\"\" class=\"wp-image-15070\" srcset=\"https:\/\/www2.ready-os.com\/wp-content\/uploads\/2023\/06\/r24-1024x700.png 1024w, https:\/\/www2.ready-os.com\/wp-content\/uploads\/2023\/06\/r24-300x205.png 300w, https:\/\/www2.ready-os.com\/wp-content\/uploads\/2023\/06\/r24-768x525.png 768w, https:\/\/www2.ready-os.com\/wp-content\/uploads\/2023\/06\/r24.png 1204w\" sizes=\"(max-width: 1024px) 100vw, 1024px\" \/><figcaption>Edycja konta &#8211; zak\u0142adka Grupy<\/figcaption><\/figure><\/div>\n\n\n<ul><li>Aby doda\u0107 u\u017cytkownika do grupy, nale\u017cy w kolumnie <strong>Dost\u0119pne grupy<\/strong> ustawi\u0107 kursor nad grup\u0105, a potem klikn\u0105\u0107 przycisk <strong>DODAJ<\/strong>;<\/li><li>aby usun\u0105\u0107 u\u017cytkownika z grupy, nale\u017cy w kolumnie <strong>Grupy u\u017cytkownika<\/strong> ustawi\u0107 kursor nad grup\u0105, a potem klikn\u0105\u0107 przycisk <strong>USU\u0143<\/strong>.<\/li><\/ul>\n\n\n\n<h2 class=\"wp-block-heading\" id=\"3\">Stanowisko<\/h2>\n\n\n\n<p>Zak\u0142adka <strong>STANOWISKO<\/strong> odpowiada za przydzielenie konta pracownika do okre\u015blonego w <a href=\"https:\/\/ready-os.com\/pl\/docs\/system\/zanim-zaczniesz-tworzyc-strukture-organizacyjna\/\">strukturze organizacyjnej<\/a> stanowiska. W oknie widoczna jest zdefiniowana struktura. Aby przypisa\u0107 pracownika do danego stanowiska, wystarczy je zaznaczy\u0107 na li\u015bcie, a potem klikn\u0105\u0107 przycisk <strong>Przydziel do stanowiska<\/strong> (zielony plusik na g\u00f3rnym pasku).<\/p>\n\n\n<div class=\"wp-block-image\">\n<figure class=\"aligncenter size-full\"><img loading=\"lazy\" decoding=\"async\" width=\"845\" height=\"543\" src=\"https:\/\/ready-os.com\/wp-content\/uploads\/2023\/06\/r25.png\" alt=\"\" class=\"wp-image-15073\" srcset=\"https:\/\/www2.ready-os.com\/wp-content\/uploads\/2023\/06\/r25.png 845w, https:\/\/www2.ready-os.com\/wp-content\/uploads\/2023\/06\/r25-300x193.png 300w, https:\/\/www2.ready-os.com\/wp-content\/uploads\/2023\/06\/r25-768x494.png 768w\" sizes=\"(max-width: 845px) 100vw, 845px\" \/><figcaption>Edycja konta &#8211; zak\u0142adka Stanowisko<\/figcaption><\/figure><\/div>\n\n\n<p>Z chwil\u0105 przydzielenia do stanowiska widok listy ulegnie zmianie.<\/p>\n\n\n<div class=\"wp-block-image\">\n<figure class=\"aligncenter size-full\"><img loading=\"lazy\" decoding=\"async\" width=\"558\" height=\"469\" src=\"https:\/\/ready-os.com\/wp-content\/uploads\/2023\/06\/r26.png\" alt=\"\" class=\"wp-image-15075\" srcset=\"https:\/\/www2.ready-os.com\/wp-content\/uploads\/2023\/06\/r26.png 558w, https:\/\/www2.ready-os.com\/wp-content\/uploads\/2023\/06\/r26-300x252.png 300w\" sizes=\"(max-width: 558px) 100vw, 558px\" \/><figcaption>Edycja konta &#8211; zak\u0142adka Stanowisko &#8211; przydzielanie do stanowiska<\/figcaption><\/figure><\/div>\n\n\n<p>W celu od\u0142\u0105czenia pracownika z danego stanowiska w zak\u0142adce <strong>STANOWISKO<\/strong> na li\u015bcie nale\u017cy zaznaczy\u0107 odpowiednie stanowisko i klikn\u0105\u0107 przycisk <strong>Zwolnij ze stanowiska<\/strong> (czerwony minusik na pasku narz\u0119dziowym). Po wykonaniu tej operacji na li\u015bcie pojawi si\u0119 samo stanowisko bez powi\u0105zanej z nim osoby.<\/p>\n\n\n\n<p>Administrator z poziomu zak\u0142adki <strong>STANOWISKO <\/strong>mo\u017ce r\u00f3wnie\u017c skorzysta\u0107 z <strong>Kreatora przydzielenia stanowiska<\/strong>. W tym celu nale\u017cy:<\/p>\n\n\n\n<ol type=\"1\"><li>klikn\u0105\u0107 przycisk <strong>Kreator przydzielania stanowiska<\/strong>;<\/li><\/ol>\n\n\n<div class=\"wp-block-image\">\n<figure class=\"aligncenter size-full\"><img loading=\"lazy\" decoding=\"async\" width=\"531\" height=\"260\" src=\"https:\/\/ready-os.com\/wp-content\/uploads\/2023\/06\/r27.png\" alt=\"\" class=\"wp-image-15077\" srcset=\"https:\/\/www2.ready-os.com\/wp-content\/uploads\/2023\/06\/r27.png 531w, https:\/\/www2.ready-os.com\/wp-content\/uploads\/2023\/06\/r27-300x147.png 300w\" sizes=\"(max-width: 531px) 100vw, 531px\" \/><figcaption>Kreator przydzielania do stanowiska &#8211; krok pierwszy<\/figcaption><\/figure><\/div>\n\n\n<ol start=\"2\"><li>w nowym oknie w kroku pierwszym zaznaczy\u0107 stanowisko, kt\u00f3re ma zosta\u0107 obsadzone i klikn\u0105\u0107 przycisk <strong>DALEJ<\/strong>;<\/li><\/ol>\n\n\n<div class=\"wp-block-image\">\n<figure class=\"aligncenter size-full\"><img loading=\"lazy\" decoding=\"async\" width=\"986\" height=\"575\" src=\"https:\/\/ready-os.com\/wp-content\/uploads\/2023\/06\/r28.png\" alt=\"\" class=\"wp-image-15079\" srcset=\"https:\/\/www2.ready-os.com\/wp-content\/uploads\/2023\/06\/r28.png 986w, https:\/\/www2.ready-os.com\/wp-content\/uploads\/2023\/06\/r28-300x175.png 300w, https:\/\/www2.ready-os.com\/wp-content\/uploads\/2023\/06\/r28-768x448.png 768w\" sizes=\"(max-width: 986px) 100vw, 986px\" \/><figcaption>Kreator przydzielania do stanowiska &#8211; krok drugi<\/figcaption><\/figure><\/div>\n\n\n<ol start=\"3\"><li>w kroku drugim nale\u017cy zdecydowa\u0107 o tym, czy pracownik ma przej\u015b\u0107 na stanowisko wraz z obowi\u0105zkami lub tylko przenie\u015b\u0107 wybrane obowi\u0105zki:<ul><li><strong>przydziel do stanowiska oraz przepisz wybrane obowi\u0105zki<\/strong> \u2013 osoba przejmie stanowisko wraz z obowi\u0105zkami. Na li\u015bcie powy\u017cej nale\u017cy wskaza\u0107 osob\u0119, kt\u00f3ra poprzednio zajmowa\u0142a to stanowisko;<\/li><\/ul><ul><li><strong>przepisz tylko wybrane obowi\u0105zki<\/strong> \u2013 osoba przejmie wybrane obowi\u0105zki. Na li\u015bcie powy\u017cej nale\u017cy wskaza\u0107 osob\u0119, kt\u00f3ra poprzednio zajmowa\u0142a to stanowisko;<\/li><\/ul><ul><li>klikn\u0105\u0107 przycisk<strong> DALEJ<\/strong>;<\/li><\/ul><\/li><\/ol>\n\n\n\n<figure class=\"wp-block-image size-full\"><img loading=\"lazy\" decoding=\"async\" width=\"988\" height=\"629\" src=\"https:\/\/ready-os.com\/wp-content\/uploads\/2023\/06\/r29.png\" alt=\"\" class=\"wp-image-15081\" srcset=\"https:\/\/www2.ready-os.com\/wp-content\/uploads\/2023\/06\/r29.png 988w, https:\/\/www2.ready-os.com\/wp-content\/uploads\/2023\/06\/r29-300x191.png 300w, https:\/\/www2.ready-os.com\/wp-content\/uploads\/2023\/06\/r29-768x489.png 768w, https:\/\/www2.ready-os.com\/wp-content\/uploads\/2023\/06\/r29-195x123.png 195w\" sizes=\"(max-width: 988px) 100vw, 988px\" \/><figcaption>Kreator przydzielania do stanowiska &#8211; krok trzeci<\/figcaption><\/figure>\n\n\n\n<ol start=\"4\"><li>krok trzeci (niezale\u017cnie od wybranego ustawienia w poprzednim etapie) wymaga okre\u015blenia, jakie obowi\u0105zki maj\u0105 zosta\u0107 przepisane:<ul><li>opcja <strong>Przepisana zostanie osoba odpowiedzialna za otwarcie sprawy<\/strong> \u2013 zmieniona zostanie osoba, kt\u00f3ra zak\u0142ada\u0142a spraw\u0119. Nowym zak\u0142adaj\u0105cym b\u0119dzie osoba, kt\u00f3ra obejmuje w\u0142a\u015bnie stanowisko;<\/li><\/ul><ul><li>opcja <strong>Przydziel uprawnienia do otwartych spraw<\/strong> \u2013 nowy pracownik otrzyma dost\u0119p do spraw, kt\u00f3re zosta\u0142y otwarte przez swojego poprzednika;<\/li><\/ul><ul><li>opcja <strong>Przepisz opiekuna klienta<\/strong> \u2013 nowy pracownik zostanie opiekunem klient\u00f3w, kt\u00f3rzy podlegali poprzednikowi;<\/li><\/ul><ul><li>opcja <strong>Przepisz osob\u0119 odpowiedzialn\u0105 za otwarte<\/strong> \u2013 nowy pracownik zostanie wpisany jako osoba odpowiedzialna za otwarte zadania, przypomnienia, spotkania, rozmowy, alarmy i czynno\u015bci RCP;<\/li><\/ul><ul><li>opcja <strong>Zachowaj uprawnienia do dzia\u0142u przez Nowego Pracownika<\/strong> \u2013 nowy pracownik otrzyma uprawnienia do dzia\u0142u zgodne z tym, co posiada\u0142 jego poprzednik;<\/li><\/ul><ul><li>klikn\u0105\u0107 przycisk <strong>DALEJ<\/strong>;<\/li><\/ul><\/li><\/ol>\n\n\n<div class=\"wp-block-image\">\n<figure class=\"aligncenter size-full\"><img loading=\"lazy\" decoding=\"async\" width=\"988\" height=\"774\" src=\"https:\/\/ready-os.com\/wp-content\/uploads\/2023\/06\/r30.png\" alt=\"\" class=\"wp-image-15083\" srcset=\"https:\/\/www2.ready-os.com\/wp-content\/uploads\/2023\/06\/r30.png 988w, https:\/\/www2.ready-os.com\/wp-content\/uploads\/2023\/06\/r30-300x235.png 300w, https:\/\/www2.ready-os.com\/wp-content\/uploads\/2023\/06\/r30-768x602.png 768w\" sizes=\"(max-width: 988px) 100vw, 988px\" \/><figcaption>Kreator przydzielania do stanowiska &#8211; krok czwarty<\/figcaption><\/figure><\/div>\n\n\n<ol start=\"5\"><li>ostatni krok zawiera podsumowanie wybranych ustawie\u0144. Aby kontynuowa\u0107, wystarczy klikn\u0105\u0107 przycisk <strong>ZAKO\u0143CZ<\/strong>.<\/li><\/ol>\n\n\n<div class=\"wp-block-image\">\n<figure class=\"aligncenter size-full\"><img loading=\"lazy\" decoding=\"async\" width=\"986\" height=\"615\" src=\"https:\/\/ready-os.com\/wp-content\/uploads\/2023\/06\/r31.png\" alt=\"\" class=\"wp-image-15085\" srcset=\"https:\/\/www2.ready-os.com\/wp-content\/uploads\/2023\/06\/r31.png 986w, https:\/\/www2.ready-os.com\/wp-content\/uploads\/2023\/06\/r31-300x187.png 300w, https:\/\/www2.ready-os.com\/wp-content\/uploads\/2023\/06\/r31-768x479.png 768w, https:\/\/www2.ready-os.com\/wp-content\/uploads\/2023\/06\/r31-195x123.png 195w\" sizes=\"(max-width: 986px) 100vw, 986px\" \/><figcaption>Kreator przydzielania do stanowiska &#8211; krok pi\u0105ty<\/figcaption><\/figure><\/div>\n\n\n<h2 class=\"wp-block-heading\" id=\"4\">Prawa do struktury<\/h2>\n\n\n\n<p>Zak\u0142adka <strong>PRAWA DO STRUKTURY<\/strong> umo\u017cliwia nadanie uprawnie\u0144 do struktury. Element ten zosta\u0142 szerzej om\u00f3wiony w oddzielnym <a href=\"https:\/\/ready-os.com\/pl\/docs\/system\/zarzadzanie-uprawnieniami-do-struktury-organizacyjnej\/\">artykule<\/a>.<\/p>\n\n\n<div class=\"wp-block-image\">\n<figure class=\"aligncenter size-full\"><img loading=\"lazy\" decoding=\"async\" width=\"983\" height=\"546\" src=\"https:\/\/ready-os.com\/wp-content\/uploads\/2023\/06\/r32.png\" alt=\"\" class=\"wp-image-15087\" srcset=\"https:\/\/www2.ready-os.com\/wp-content\/uploads\/2023\/06\/r32.png 983w, https:\/\/www2.ready-os.com\/wp-content\/uploads\/2023\/06\/r32-300x167.png 300w, https:\/\/www2.ready-os.com\/wp-content\/uploads\/2023\/06\/r32-768x427.png 768w\" sizes=\"(max-width: 983px) 100vw, 983px\" \/><figcaption>Edycja konta &#8211; zak\u0142adka Prawa do struktury<\/figcaption><\/figure><\/div>\n\n\n<p>Je\u017celi pracownik zostanie od\u0142\u0105czony od stanowiska lub stanowisko nie zostanie mu przydzielone, podczas pr\u00f3by logowania na takim koncie pojawi si\u0119 b\u0142\u0105d \u201e<strong>Brak lub b\u0142\u0119dne parametry<\/strong>\u201d. W takim wypadku nale\u017cy odszuka\u0107 pracownika i przypisa\u0107 go do w\u0142a\u015bciwego stanowiska. Po wprowadzeniu zmiany pracownik b\u0119dzie m\u00f3g\u0142 si\u0119 zalogowa\u0107 na swoim koncie.<\/p>\n\n\n<div class=\"wp-block-image\">\n<figure class=\"aligncenter size-full\"><img loading=\"lazy\" decoding=\"async\" width=\"470\" height=\"251\" src=\"https:\/\/ready-os.com\/wp-content\/uploads\/2023\/06\/r32a.png\" alt=\"\" class=\"wp-image-15089\" srcset=\"https:\/\/www2.ready-os.com\/wp-content\/uploads\/2023\/06\/r32a.png 470w, https:\/\/www2.ready-os.com\/wp-content\/uploads\/2023\/06\/r32a-300x160.png 300w\" sizes=\"(max-width: 470px) 100vw, 470px\" \/><figcaption>Pracownik od\u0142\u0105czony od struktury &#8211; Brak lub b\u0142\u0119dne prametry<\/figcaption><\/figure><\/div>\n\n\n<h2 class=\"wp-block-heading\" id=\"5\">Prawa do systemu<\/h2>\n\n\n\n<p>Zak\u0142adka <strong>PRAWA DO SYSTEMU<\/strong> to miejsce, w kt\u00f3rym pracownik mo\u017ce otrzyma\u0107 lub utraci\u0107 prawo wybranych funkcjonalno\u015bci systemu <em>Ready_<sup>TM<\/sup><\/em>. Przydzielenie lub odebranie uprawnie\u0144 sprowadza si\u0119 do odszukania odpowiedniej pozycji na li\u015bcie i klikni\u0119cia przycisku <strong>Zezw\u00f3l<\/strong> (zielony plus) lub <strong>Zabro\u0144<\/strong> (czerwony minus). Na li\u015bcie przy wybranym uprawnieniu pojawi si\u0119 zielony plus lub czerwony minus.<\/p>\n\n\n<div class=\"wp-block-image\">\n<figure class=\"aligncenter size-full\"><img loading=\"lazy\" decoding=\"async\" width=\"765\" height=\"535\" src=\"https:\/\/ready-os.com\/wp-content\/uploads\/2023\/06\/r33.png\" alt=\"\" class=\"wp-image-15091\" srcset=\"https:\/\/www2.ready-os.com\/wp-content\/uploads\/2023\/06\/r33.png 765w, https:\/\/www2.ready-os.com\/wp-content\/uploads\/2023\/06\/r33-300x210.png 300w\" sizes=\"(max-width: 765px) 100vw, 765px\" \/><figcaption>Edycja konta &#8211; zak\u0142adka Prawa do systemu<\/figcaption><\/figure><\/div>\n\n\n<p>Opis wszystkich uprawnie\u0144 do systemu znajduje si\u0119 w oddzielnym artykule.<\/p>\n\n\n\n<h2 class=\"wp-block-heading\" id=\"6\">Konta pocztowe<\/h2>\n\n\n\n<p>Zak\u0142adka <strong>KONTA POCZTOWE<\/strong> zawiera wykaz kont pocztowych powi\u0105zanych z kontem pracownika. Administrator z poziomu zak\u0142adki mo\u017ce:<\/p>\n\n\n\n<ul><li>doda\u0107 nowe konto pocztowe, wystarczy klikn\u0105\u0107 przycisk <strong>Dodaj<\/strong> (zielony plus) i skorzysta\u0107 z kreatora. Sam proces zak\u0142adania kont pocztowych opisano w oddzielnym <a href=\"https:\/\/ready-os.com\/pl\/docs\/system\/konfiguracja-modulu-poczta\/#1\">artykule<\/a>. Pracownik mo\u017ce samodzielnie ustawi\u0107 swoje konto pocztowe;<\/li><li>edytowa\u0107 istniej\u0105ce konto \u2013 przycisk <strong>Edytuj<\/strong> (ikona o\u0142\u00f3wka);<\/li><li>usun\u0105\u0107 konto \u2013 przycisk <strong>Usu\u0144<\/strong> (ikona kosza na \u015bmieci);<\/li><li>przejrze\u0107 logi konta \u2013 przycisk <strong>Poka\u017c histori\u0119 zdarze\u0144 na koncie<\/strong> (ikona klepsydry);<\/li><li>wskaza\u0107 domy\u015blne konto pocztowe \u2013 przycisk <strong>Ustaw jako domy\u015blne<\/strong> (ikona domku);<\/li><li>przekszta\u0142ci\u0107 konto w konto wsp\u00f3\u0142dzielone \u2013 przycisk <strong>Przekszta\u0142\u0107 w konto wsp\u00f3\u0142dzielone<\/strong>;<\/li><li>zmieni\u0107 harmonogramy od\u015bwie\u017cania poczty \u2013 przycisk <strong>Opcje<\/strong> (ikona narz\u0119dzi);<\/li><li>zarz\u0105dza\u0107 szablonami wiadomo\u015bci \u2013 przycisk <strong>Szablon wiadomo\u015bci<\/strong> (ikona \u017c\u00f3\u0142tego segregatora).<\/li><\/ul>\n\n\n<div class=\"wp-block-image\">\n<figure class=\"aligncenter size-large\"><img loading=\"lazy\" decoding=\"async\" width=\"1024\" height=\"472\" src=\"https:\/\/ready-os.com\/wp-content\/uploads\/2023\/06\/r34-1024x472.png\" alt=\"\" class=\"wp-image-15094\" srcset=\"https:\/\/www2.ready-os.com\/wp-content\/uploads\/2023\/06\/r34-1024x472.png 1024w, https:\/\/www2.ready-os.com\/wp-content\/uploads\/2023\/06\/r34-300x138.png 300w, https:\/\/www2.ready-os.com\/wp-content\/uploads\/2023\/06\/r34-768x354.png 768w, https:\/\/www2.ready-os.com\/wp-content\/uploads\/2023\/06\/r34.png 1199w\" sizes=\"(max-width: 1024px) 100vw, 1024px\" \/><figcaption>Edycja konta &#8211; zak\u0142adka Konta pocztowe<\/figcaption><\/figure><\/div>\n\n\n<h2 class=\"wp-block-heading\" id=\"7\">Cechy<\/h2>\n\n\n\n<p>Zak\u0142adka <strong>CECHY<\/strong> umo\u017cliwia przypisanie numeru rachunku bankowego pracownika (to tutaj b\u0119dzie przelewane wynagrodzenie), numeru karty firmowej oraz rachunku bankowego powi\u0105zanego z kart\u0105. Zawarto\u015b\u0107 tej zak\u0142adki mo\u017ce ulega\u0107 zmianie w zale\u017cno\u015bci od konfiguracji systemu pod konkretne potrzeby klienta.<\/p>\n\n\n<div class=\"wp-block-image\">\n<figure class=\"aligncenter size-large\"><img loading=\"lazy\" decoding=\"async\" width=\"1024\" height=\"452\" src=\"https:\/\/ready-os.com\/wp-content\/uploads\/2023\/06\/r35-1024x452.png\" alt=\"\" class=\"wp-image-15096\" srcset=\"https:\/\/www2.ready-os.com\/wp-content\/uploads\/2023\/06\/r35-1024x452.png 1024w, https:\/\/www2.ready-os.com\/wp-content\/uploads\/2023\/06\/r35-300x132.png 300w, https:\/\/www2.ready-os.com\/wp-content\/uploads\/2023\/06\/r35-768x339.png 768w, https:\/\/www2.ready-os.com\/wp-content\/uploads\/2023\/06\/r35.png 1199w\" sizes=\"(max-width: 1024px) 100vw, 1024px\" \/><figcaption>Edycja konta &#8211; zak\u0142adka Cechy<\/figcaption><\/figure><\/div>\n\n\n<h2 class=\"wp-block-heading\" id=\"8\">Urz\u0105dzenia mobilne<\/h2>\n\n\n\n<p>Zak\u0142adka <strong>URZ\u0104DZENIA MOBILNE<\/strong> to miejsce, w kt\u00f3rym zapisane s\u0105 informacje o urz\u0105dzeniach mobilnych (smartfonach i tabletach), na kt\u00f3rych u\u017cytkownik uruchomi\u0142 mobiln\u0105 aplikacj\u0119 <em>Ready_<sup>TM<\/sup><\/em>.<\/p>\n\n\n<div class=\"wp-block-image\">\n<figure class=\"aligncenter size-large\"><img loading=\"lazy\" decoding=\"async\" width=\"1024\" height=\"486\" src=\"https:\/\/ready-os.com\/wp-content\/uploads\/2023\/06\/r36-1024x486.png\" alt=\"\" class=\"wp-image-15098\" srcset=\"https:\/\/www2.ready-os.com\/wp-content\/uploads\/2023\/06\/r36-1024x486.png 1024w, https:\/\/www2.ready-os.com\/wp-content\/uploads\/2023\/06\/r36-300x142.png 300w, https:\/\/www2.ready-os.com\/wp-content\/uploads\/2023\/06\/r36-768x364.png 768w, https:\/\/www2.ready-os.com\/wp-content\/uploads\/2023\/06\/r36.png 1198w\" sizes=\"(max-width: 1024px) 100vw, 1024px\" \/><figcaption>Edycja konta &#8211; zak\u0142adka Urz\u0105dzenia mobilne<\/figcaption><\/figure><\/div>\n\n\n<p>Administrator mo\u017ce:<\/p>\n\n\n\n<ul><li>usun\u0105\u0107 nieu\u017cywane urz\u0105dzenia. W tym celu wystarczy zaznaczy\u0107 pozycj\u0119 na li\u015bcie i klikn\u0105\u0107 przycisk <strong>Usu\u0144<\/strong>;<\/li><li>doda\u0107 nowe urz\u0105dzenie. W tym celu wystarczy klikn\u0105\u0107 przycisk <strong>Nowe<\/strong>, a potem na urz\u0105dzeniu w\u0142\u0105czy\u0107 aplikacj\u0119 <em>Ready_<sup>TM<\/sup><\/em> i z jej poziomu zalogowa\u0107 si\u0119, u\u017cywaj\u0105c kodu QR.<\/li><\/ul>\n\n\n\n<h2 class=\"wp-block-heading\" id=\"9\">Powiadomienia<\/h2>\n\n\n\n<p>Zak\u0142adka <strong>POWIADOMIENIA<\/strong> to ostatni element, kt\u00f3ry administrator systemu mo\u017ce podda\u0107 edycji. W tym miejscu zebrano prze\u0142\u0105czniki, kt\u00f3re pozwalaj\u0105 na kontrol\u0119 tego, jakie powiadomienia s\u0105 wysy\u0142ane w r\u00f3\u017cnych kana\u0142ach komunikacji z pracownikiem.<\/p>\n\n\n<div class=\"wp-block-image\">\n<figure class=\"aligncenter size-large\"><img loading=\"lazy\" decoding=\"async\" width=\"1024\" height=\"546\" src=\"https:\/\/ready-os.com\/wp-content\/uploads\/2023\/06\/r37-1024x546.png\" alt=\"\" class=\"wp-image-15100\" srcset=\"https:\/\/www2.ready-os.com\/wp-content\/uploads\/2023\/06\/r37-1024x546.png 1024w, https:\/\/www2.ready-os.com\/wp-content\/uploads\/2023\/06\/r37-300x160.png 300w, https:\/\/www2.ready-os.com\/wp-content\/uploads\/2023\/06\/r37-768x410.png 768w, https:\/\/www2.ready-os.com\/wp-content\/uploads\/2023\/06\/r37.png 1123w\" sizes=\"(max-width: 1024px) 100vw, 1024px\" \/><figcaption>Edycja konta &#8211; zak\u0142adka Powiadomienia<\/figcaption><\/figure><\/div>\n\n\n<p>U\u017cytkownik mo\u017ce otrzyma\u0107 nast\u0119puj\u0105ce typy powiadomie\u0144 o otrzymanym:<\/p>\n\n\n\n<ul><li>zadaniu;<\/li><li>dokumencie;<\/li><li>zadaniu workflow;<\/li><li>komentarzu.<\/li><\/ul>\n\n\n\n<p>Ka\u017cdy z typ\u00f3w powiadomie\u0144 mo\u017cna w\u0142\u0105czy\u0107 dla kana\u0142\u00f3w:<\/p>\n\n\n\n<ul><li>Strumie\u0144 \u2013 to powiadomienia bezpo\u015brednio w oknie przegl\u0105darki, widoczne po klikni\u0119ciu przycisku na pasku zada\u0144;<\/li><li>E-mail \u2013 to powiadomienia wysy\u0142ane na adres e-mail zapisany w systemie na koncie danego pracownika;<\/li><li>Telefon \u2013 to powiadomienia pokazuj\u0105ce si\u0119 na telefonie.<\/li><\/ul>\n\n\n\n<p>Administrator mo\u017ce okre\u015bli\u0107, jakie typy powiadomie\u0144 maj\u0105 pojawia\u0107 si\u0119 w wybranych kana\u0142ach komunikacji. Dodatkowo administrator mo\u017ce w\u0142\u0105czy\u0107 opcj\u0119 wysy\u0142ania zbiorczych powiadomie\u0144 na adres e-mail.<\/p>\n\n\n\n<p>W ka\u017cdym przypadku w\u0142\u0105czenie\/wy\u0142\u0105czenie danej opcji sprowadza si\u0119 do zmiany po\u0142o\u017cenia prze\u0142\u0105cznika. Zielony kolor oznacza, \u017ce opcja jest w\u0142\u0105czona.<\/p>\n\n\n\n<figure class=\"wp-block-pullquote has-background\" style=\"background-color:#fdf9f9;font-size:10px\"><blockquote><p>Powiadomieniami mo\u017ce sterowa\u0107 r\u00f3wnie\u017c sam pracownik z poziomu swojego profilu.<\/p><\/blockquote><\/figure>\n","protected":false},"excerpt":{"rendered":"<p>Ka\u017cde z kont utworzonych w systemie mo\u017ce zosta\u0107 poddane edycji. Podczas tego procesu administrator zyskuje dost\u0119p do wielu dodatkowych ustawie\u0144, kt\u00f3re nie by\u0142y dost\u0119pne podczas zak\u0142adania konta \u2013 zar\u00f3wno r\u0119cznego, jak i tego opartego o prac\u0119 z kreatorem. W oknie edycji w\u0142a\u015bciwo\u015bci konta administrator ma dodatkowo mo\u017cliwo\u015b\u0107: wys\u0142ania linka aktywacyjnego do konta; resetu lub zmiany [&hellip;]<\/p>\n","protected":false},"author":27,"featured_media":0,"comment_status":"closed","ping_status":"closed","template":"","meta":[],"doc_category":[221],"doc_tag":[],"knowledge_base":[134],"_links":{"self":[{"href":"https:\/\/www2.ready-os.com\/pl\/wp-json\/wp\/v2\/docs\/15064"}],"collection":[{"href":"https:\/\/www2.ready-os.com\/pl\/wp-json\/wp\/v2\/docs"}],"about":[{"href":"https:\/\/www2.ready-os.com\/pl\/wp-json\/wp\/v2\/types\/docs"}],"author":[{"embeddable":true,"href":"https:\/\/www2.ready-os.com\/pl\/wp-json\/wp\/v2\/users\/27"}],"replies":[{"embeddable":true,"href":"https:\/\/www2.ready-os.com\/pl\/wp-json\/wp\/v2\/comments?post=15064"}],"version-history":[{"count":5,"href":"https:\/\/www2.ready-os.com\/pl\/wp-json\/wp\/v2\/docs\/15064\/revisions"}],"predecessor-version":[{"id":15158,"href":"https:\/\/www2.ready-os.com\/pl\/wp-json\/wp\/v2\/docs\/15064\/revisions\/15158"}],"wp:attachment":[{"href":"https:\/\/www2.ready-os.com\/pl\/wp-json\/wp\/v2\/media?parent=15064"}],"wp:term":[{"taxonomy":"doc_category","embeddable":true,"href":"https:\/\/www2.ready-os.com\/pl\/wp-json\/wp\/v2\/doc_category?post=15064"},{"taxonomy":"doc_tag","embeddable":true,"href":"https:\/\/www2.ready-os.com\/pl\/wp-json\/wp\/v2\/doc_tag?post=15064"},{"taxonomy":"knowledge_base","embeddable":true,"href":"https:\/\/www2.ready-os.com\/pl\/wp-json\/wp\/v2\/knowledge_base?post=15064"}],"curies":[{"name":"wp","href":"https:\/\/api.w.org\/{rel}","templated":true}]}}