{"id":12325,"date":"2022-10-21T12:15:09","date_gmt":"2022-10-21T10:15:09","guid":{"rendered":"https:\/\/ready-os.com\/?post_type=docs&#038;p=12325"},"modified":"2022-10-24T12:10:39","modified_gmt":"2022-10-24T10:10:39","slug":"czas-pracy-po-stronie-pracodawcy","status":"publish","type":"docs","link":"https:\/\/www2.ready-os.com\/pl\/docs\/czas-pracy\/czas-pracy-po-stronie-pracodawcy\/","title":{"rendered":"Czas pracy po stronie pracodawcy"},"content":{"rendered":"\n<ul class=\"has-background\" style=\"background-color:#fdf7f7\"><li><a href=\"#1\">Zarz\u0105dzanie kartami pracy<\/a>,<\/li><li><a href=\"#2\">R\u0119czne dodawanie\/usuwanie obecno\u015bci<\/a>,<\/li><li><a href=\"#3\">R\u0119czne dodawanie delegacji, chorobowych, etc.<\/a>,<\/li><li><a href=\"#4\">Drukowanie<\/a>,<\/li><li><a href=\"#5\">Pobieranie w formacie XLS (Excel)<\/a>,<\/li><\/ul>\n\n\n\n<p>System <a href=\"https:\/\/ready-os.com\/pl\/\">Ready_<sup>TM<\/sup><\/a> zak\u0142ada, \u017ce z modu\u0142u <strong>Czas pracy<\/strong> korzystaj\u0105 zwykli pracownicy do kontroli w\u0142asnej aktywno\u015bci. R\u00f3wnocze\u015bnie modu\u0142 zosta\u0142 tak zaprojektowany, by mog\u0142y z niego korzysta\u0107 osoby (zatrudnione na przyk\u0142ad w dziale kadr) zajmuj\u0105ce si\u0119 rozliczaniem i kontrol\u0105 pracownik\u00f3w. W praktyce oznacza to, \u017ce modu\u0142 z punktu widzenia nadzorcy wygl\u0105da nieco inaczej i oferuje wi\u0119cej mo\u017cliwo\u015bci.<\/p>\n\n\n\n<h2 class=\"wp-block-heading\" id=\"1\">Zarz\u0105dzanie kartami pracy<\/h2>\n\n\n\n<p>Przegl\u0105danie aktywno\u015bci wygl\u0105da podobnie, jak ma to miejsce w przypadku zwyk\u0142ego pracownika. Zasadnicza r\u00f3\u017cnica sprowadza si\u0119 do tego, \u017ce u\u017cytkownik widzi aktywno\u015b\u0107 innych pracownik\u00f3w. W zale\u017cno\u015bci od uprawnie\u0144 zawarto\u015b\u0107 listy b\u0119dzie si\u0119 r\u00f3\u017cni\u0107. Na przyk\u0142ad kadrowa zobaczy wykaz wszystkich pracownik\u00f3w, a kierownik dzia\u0142u handlowego jedynie swoich podw\u0142adnych.<\/p>\n\n\n\n<p>U\u017cytkownik ma do dyspozycji dwa widoki \u2013 <strong>dzienny <\/strong>oraz <strong>miesi\u0119czny<\/strong>. W ramach widoku dziennego u\u017cytkownik zobaczy wszystkich pracownik\u00f3w, kt\u00f3rych aktywno\u015bci mo\u017ce kontrolowa\u0107.<\/p>\n\n\n\n<figure class=\"wp-block-image size-full\"><img loading=\"lazy\" decoding=\"async\" width=\"845\" height=\"664\" src=\"https:\/\/ready-os.com\/wp-content\/uploads\/2022\/10\/r33-1.png\" alt=\"Widok dzienny dla pracownika, kt\u00f3ry ma dost\u0119p do danych innych os\u00f3b\" class=\"wp-image-12329\" srcset=\"https:\/\/www2.ready-os.com\/wp-content\/uploads\/2022\/10\/r33-1.png 845w, https:\/\/www2.ready-os.com\/wp-content\/uploads\/2022\/10\/r33-1-300x236.png 300w, https:\/\/www2.ready-os.com\/wp-content\/uploads\/2022\/10\/r33-1-768x603.png 768w\" sizes=\"(max-width: 845px) 100vw, 845px\" \/><figcaption>Widok dzienny dla pracownika, kt\u00f3ry ma dost\u0119p do danych innych os\u00f3b<\/figcaption><\/figure>\n\n\n\n<p>Klikni\u0119cie aktywno\u015bci otworzy nowe okno zawieraj\u0105ce kart\u0119 pracy. Z tego poziomu mo\u017cliwe jest wprowadzenie zmian w zakresie: opisu, czasu rozpocz\u0119cia i zako\u0144czenia pracy oraz powi\u0105zania z klientem, spraw\u0105, protoko\u0142em.<\/p>\n\n\n<div class=\"wp-block-image\">\n<figure class=\"aligncenter size-full\"><img loading=\"lazy\" decoding=\"async\" width=\"638\" height=\"619\" src=\"https:\/\/ready-os.com\/wp-content\/uploads\/2022\/10\/r14-2.png\" alt=\"Widok karty pracy\" class=\"wp-image-12278\" srcset=\"https:\/\/www2.ready-os.com\/wp-content\/uploads\/2022\/10\/r14-2.png 638w, https:\/\/www2.ready-os.com\/wp-content\/uploads\/2022\/10\/r14-2-300x291.png 300w\" sizes=\"(max-width: 638px) 100vw, 638px\" \/><figcaption>Widok karty pracy<\/figcaption><\/figure><\/div>\n\n\n<p>Wa\u017cn\u0105 i ciekaw\u0105 cech\u0105 jest mo\u017cliwo\u015b\u0107 zmiany u\u017cytkownika, do kt\u00f3rego przypisano kart\u0119 pracy. Wystarczy w polu <strong>U\u017cytkownik <\/strong>rozwin\u0105\u0107 list\u0119 i wskaza\u0107 innego pracownika, kt\u00f3ry ma mie\u0107 przypisan\u0105 dan\u0105 kart\u0119 pracy. Po wprowadzeniu zmiany nale\u017cy klikn\u0105\u0107 przycisk <strong>ZAPISZ<\/strong>, a nast\u0119pnie w nowym oknie doda\u0107 komentarz uzasadniaj\u0105cy potrzeb\u0119 zmiany i klikn\u0105\u0107 przycisk <strong>TAK<\/strong>. Karta pracy zostanie przeniesiona na innego u\u017cytkownika. Warto tutaj wskaza\u0107, \u017ce przy okazji przenosin karty pracy mo\u017cna dokona\u0107 zmian godzin, daty i ca\u0142ej reszty. U\u017cytkownicy, kt\u00f3rych dotyczy zmiana, dostan\u0105 stosowne powiadomienia systemowe.<\/p>\n\n\n<div class=\"wp-block-image\">\n<figure class=\"aligncenter size-full\"><img loading=\"lazy\" decoding=\"async\" width=\"867\" height=\"705\" src=\"https:\/\/ready-os.com\/wp-content\/uploads\/2022\/10\/r35-1.png\" alt=\"Zmiana osoby do kt\u00f3rej przypisano kart\u0119 pracy\" class=\"wp-image-12334\" srcset=\"https:\/\/www2.ready-os.com\/wp-content\/uploads\/2022\/10\/r35-1.png 867w, https:\/\/www2.ready-os.com\/wp-content\/uploads\/2022\/10\/r35-1-300x244.png 300w, https:\/\/www2.ready-os.com\/wp-content\/uploads\/2022\/10\/r35-1-768x624.png 768w\" sizes=\"(max-width: 867px) 100vw, 867px\" \/><figcaption>Zmiana osoby do kt\u00f3rej przypisano kart\u0119 pracy<\/figcaption><\/figure><\/div>\n\n\n<p>Widok miesi\u0119czny zawiera o\u015b kalendarza dla ka\u017cdego z pracownik\u00f3w, do kt\u00f3rych aktywno\u015bci zalogowany u\u017cytkownik ma dost\u0119p. Klikni\u0119cie pojedynczej kratki otworzy wykaz aktywno\u015bci z danego dnia. Klikni\u0119cie aktywno\u015bci otworzy kart\u0119 pracy.<\/p>\n\n\n\n<figure class=\"wp-block-image size-large\"><img loading=\"lazy\" decoding=\"async\" width=\"1024\" height=\"516\" src=\"https:\/\/ready-os.com\/wp-content\/uploads\/2022\/10\/r36-1-1024x516.png\" alt=\"Widok miesi\u0119czny z poziomu osoby maj\u0105ce dost\u0119p do danych innych pracownik\u00f3w\" class=\"wp-image-12337\" srcset=\"https:\/\/www2.ready-os.com\/wp-content\/uploads\/2022\/10\/r36-1-1024x516.png 1024w, https:\/\/www2.ready-os.com\/wp-content\/uploads\/2022\/10\/r36-1-300x151.png 300w, https:\/\/www2.ready-os.com\/wp-content\/uploads\/2022\/10\/r36-1-768x387.png 768w, https:\/\/www2.ready-os.com\/wp-content\/uploads\/2022\/10\/r36-1.png 1517w\" sizes=\"(max-width: 1024px) 100vw, 1024px\" \/><figcaption>Widok miesi\u0119czny z poziomu osoby maj\u0105ce dost\u0119p do danych innych pracownik\u00f3w<\/figcaption><\/figure>\n\n\n\n<h2 class=\"wp-block-heading\" id=\"2\">R\u0119czne dodawanie\/usuwanie obecno\u015bci<\/h2>\n\n\n\n<p>Zak\u0142adka <strong>Lista obecno\u015bci<\/strong> pozwala na przegl\u0105danie obecno\u015bci pracownik\u00f3w. W zale\u017cno\u015bci od uprawnie\u0144 u\u017cytkownik mo\u017ce zobaczy\u0107 na przyk\u0142ad swoich podw\u0142adnych (kierownik dzia\u0142u) lub wszystkich pracownik\u00f3w organizacji (kadrowa).<\/p>\n\n\n<div class=\"wp-block-image\">\n<figure class=\"aligncenter size-large\"><img loading=\"lazy\" decoding=\"async\" width=\"1024\" height=\"425\" src=\"https:\/\/ready-os.com\/wp-content\/uploads\/2022\/10\/r37-1-1024x425.png\" alt=\"Widok listy obecno\u015bci z poziomu osoby maj\u0105cej dost\u0119p do danych innych pracownik\u00f3w\" class=\"wp-image-12340\" srcset=\"https:\/\/www2.ready-os.com\/wp-content\/uploads\/2022\/10\/r37-1-1024x425.png 1024w, https:\/\/www2.ready-os.com\/wp-content\/uploads\/2022\/10\/r37-1-300x125.png 300w, https:\/\/www2.ready-os.com\/wp-content\/uploads\/2022\/10\/r37-1-768x319.png 768w, https:\/\/www2.ready-os.com\/wp-content\/uploads\/2022\/10\/r37-1.png 1238w\" sizes=\"(max-width: 1024px) 100vw, 1024px\" \/><figcaption>Widok listy obecno\u015bci z poziomu osoby maj\u0105cej dost\u0119p do danych innych pracownik\u00f3w<\/figcaption><\/figure><\/div>\n\n\n<p>Poszczeg\u00f3lne dni mog\u0105 przybiera\u0107 r\u00f3\u017cne kolory w zale\u017cno\u015bci od tego, czy pracownik by\u0142 w firmie, mia\u0142 urlop, chorowa\u0142 lub pojecha\u0142 w delegacj\u0119. Klikni\u0119cie nazwiska pracownika pozwoli na otwarcie szczeg\u00f3\u0142owego widoku z obja\u015bnieniami.<\/p>\n\n\n<div class=\"wp-block-image\">\n<figure class=\"aligncenter size-large\"><img loading=\"lazy\" decoding=\"async\" width=\"1024\" height=\"482\" src=\"https:\/\/ready-os.com\/wp-content\/uploads\/2022\/10\/r38-1-1024x482.png\" alt=\"Szczeg\u00f3\u0142owy widok obecno\u015bci wybranego pracownika\" class=\"wp-image-12342\" srcset=\"https:\/\/www2.ready-os.com\/wp-content\/uploads\/2022\/10\/r38-1-1024x482.png 1024w, https:\/\/www2.ready-os.com\/wp-content\/uploads\/2022\/10\/r38-1-300x141.png 300w, https:\/\/www2.ready-os.com\/wp-content\/uploads\/2022\/10\/r38-1-768x361.png 768w, https:\/\/www2.ready-os.com\/wp-content\/uploads\/2022\/10\/r38-1.png 1186w\" sizes=\"(max-width: 1024px) 100vw, 1024px\" \/><figcaption>Szczeg\u00f3\u0142owy widok obecno\u015bci wybranego pracownika<\/figcaption><\/figure><\/div>\n\n\n<p>Po klikni\u0119ciu danego dnia otwarte zostanie okno z dodatkowymi informacjami na temat obecno\u015bci. Dodatkowo okno to zawiera przycisk <strong>HISTORIA<\/strong>, po kt\u00f3rego klikni\u0119ciu pojawi si\u0119 informacja na temat historii ewentualnych zmian.<\/p>\n\n\n<div class=\"wp-block-image\">\n<figure class=\"aligncenter size-full\"><img loading=\"lazy\" decoding=\"async\" width=\"401\" height=\"412\" src=\"https:\/\/ready-os.com\/wp-content\/uploads\/2022\/10\/r39-1.png\" alt=\"Podgl\u0105d danych z konkretnego dnia\" class=\"wp-image-12344\" srcset=\"https:\/\/www2.ready-os.com\/wp-content\/uploads\/2022\/10\/r39-1.png 401w, https:\/\/www2.ready-os.com\/wp-content\/uploads\/2022\/10\/r39-1-292x300.png 292w\" sizes=\"(max-width: 401px) 100vw, 401px\" \/><figcaption>Podgl\u0105d danych z konkretnego dnia<\/figcaption><\/figure><\/div>\n\n\n<p>Aby doda\u0107 obecno\u015b\u0107, nale\u017cy:<\/p>\n\n\n\n<ol type=\"1\"><li>w\u0142\u0105czy\u0107 modu\u0142 <strong>Czas pracy<\/strong>;<\/li><li>klikn\u0105\u0107 zak\u0142adk\u0119 <strong>Lista obecno\u015bci<\/strong>;<\/li><li>klikn\u0105\u0107 nazwisko pracownika, kt\u00f3rego ma obj\u0105\u0107 zmiana;<\/li><li>w widoku kalendarza odszuka\u0107 i klikn\u0105\u0107 dzie\u0144, w kt\u00f3rym ma zosta\u0107 dodana obecno\u015b\u0107;<\/li><\/ol>\n\n\n<div class=\"wp-block-image\">\n<figure class=\"aligncenter size-large\"><img loading=\"lazy\" decoding=\"async\" width=\"1024\" height=\"482\" src=\"https:\/\/ready-os.com\/wp-content\/uploads\/2022\/10\/r40-1-1024x482.png\" alt=\"R\u0119czne dodawanie obecno\u015bci - krok pierwszy\" class=\"wp-image-12347\" srcset=\"https:\/\/www2.ready-os.com\/wp-content\/uploads\/2022\/10\/r40-1-1024x482.png 1024w, https:\/\/www2.ready-os.com\/wp-content\/uploads\/2022\/10\/r40-1-300x141.png 300w, https:\/\/www2.ready-os.com\/wp-content\/uploads\/2022\/10\/r40-1-768x362.png 768w, https:\/\/www2.ready-os.com\/wp-content\/uploads\/2022\/10\/r40-1.png 1189w\" sizes=\"(max-width: 1024px) 100vw, 1024px\" \/><figcaption>R\u0119czne dodawanie obecno\u015bci &#8211; krok pierwszy<\/figcaption><\/figure><\/div>\n\n\n<ol start=\"5\"><li>w nowym oknie nale\u017cy uzupe\u0142ni\u0107 pola wed\u0142ug potrzeb:<ul><li><strong>Rodzaj obecno\u015bci<\/strong> \u2013 na li\u015bcie odszuka\u0107 i wybra\u0107 <strong>Obecny<\/strong>;<\/li><\/ul><ul><li><strong>Data, godzina rozp<\/strong><em>.<\/em> \u2013 domy\u015blnie zostanie wstawiona data wskazana w kalendarzu. Dodatkowo system pobierze domy\u015blnie godzin\u0119 rozpocz\u0119cia pracy;<\/li><\/ul><ul><li><strong>Data, godzina zak<em>.<\/em><\/strong> \u2013 domy\u015blnie zostanie wstawiona data wskazana w kalendarzu. Dodatkowo system pobierze domy\u015blnie godzin\u0119 zako\u0144czenia pracy;<\/li><\/ul><ul><li><strong>Praca w dniu wolnym<\/strong> \u2013 je\u017celi dodawana jest obecno\u015b\u0107 w dniu ustawowo wolnym od pracy, nale\u017cy zaznaczy\u0107 t\u0119 opcj\u0119;<\/li><\/ul><ul><li><strong>Godz. nadliczbowe<\/strong> \u2013 w tym miejscu mo\u017cna wprowadzi\u0107 liczb\u0119 nadgodzin ;<\/li><\/ul><ul><li><strong>Godziny nocne <\/strong>\u2013 w tym miejscu mo\u017cna wskaza\u0107 liczb\u0119 godzin nocnych;<\/li><\/ul><\/li><\/ol>\n\n\n<div class=\"wp-block-image\">\n<figure class=\"aligncenter size-full\"><img loading=\"lazy\" decoding=\"async\" width=\"397\" height=\"413\" src=\"https:\/\/ready-os.com\/wp-content\/uploads\/2022\/10\/r41.png\" alt=\"R\u0119czne dodawanie obecno\u015bci - krok drugi\" class=\"wp-image-12349\" srcset=\"https:\/\/www2.ready-os.com\/wp-content\/uploads\/2022\/10\/r41.png 397w, https:\/\/www2.ready-os.com\/wp-content\/uploads\/2022\/10\/r41-288x300.png 288w\" sizes=\"(max-width: 397px) 100vw, 397px\" \/><figcaption>R\u0119czne dodawanie obecno\u015bci &#8211; krok drugi<\/figcaption><\/figure><\/div>\n\n\n<ol start=\"6\"><li>po uzupe\u0142nieniu niezb\u0119dnych p\u00f3l nale\u017cy klikn\u0105\u0107 przycisk <strong>ZAPISZ<\/strong>. Obecno\u015b\u0107 zostanie dodana do widoku kalendarza.<\/li><\/ol>\n\n\n\n<p>Aby usun\u0105\u0107 zarejestrowan\u0105 obecno\u015b\u0107, nale\u017cy:<\/p>\n\n\n\n<ol type=\"1\"><li>w\u0142\u0105czy\u0107 modu\u0142 <strong>Czas pracy<\/strong>;<\/li><li>klikn\u0105\u0107 zak\u0142adk\u0119 <strong>Lista obecno\u015bci<\/strong>;<\/li><li>klikn\u0105\u0107 nazwisko pracownika, kt\u00f3rego ma obj\u0105\u0107 zmiana;<\/li><li>w widoku kalendarza odszuka\u0107 dzie\u0144, w kt\u00f3rym ma zosta\u0107 usuni\u0119ta obecno\u015b\u0107;<\/li><\/ol>\n\n\n<div class=\"wp-block-image\">\n<figure class=\"aligncenter size-full\"><img loading=\"lazy\" decoding=\"async\" width=\"691\" height=\"567\" src=\"https:\/\/ready-os.com\/wp-content\/uploads\/2022\/10\/r42.png\" alt=\"R\u0119czne usuwanie obecno\u015bci\" class=\"wp-image-12351\" srcset=\"https:\/\/www2.ready-os.com\/wp-content\/uploads\/2022\/10\/r42.png 691w, https:\/\/www2.ready-os.com\/wp-content\/uploads\/2022\/10\/r42-300x246.png 300w\" sizes=\"(max-width: 691px) 100vw, 691px\" \/><figcaption>R\u0119czne usuwanie obecno\u015bci<\/figcaption><\/figure><\/div>\n\n\n<ol start=\"5\"><li>klikn\u0105\u0107 czerwony znak zakazu;<\/li><li>w nowym oknie klikn\u0105\u0107 przycisk <strong>USU\u0143<\/strong>;<\/li><li>obecno\u015b\u0107 zniknie z widoku kalendarza.<\/li><\/ol>\n\n\n\n<p>Aby podda\u0107 edycji zarejestrowan\u0105 obecno\u015b\u0107, nale\u017cy:<\/p>\n\n\n\n<ol type=\"1\"><li>w\u0142\u0105czy\u0107 modu\u0142 <strong>Czas pracy<\/strong>;<\/li><li>klikn\u0105\u0107 zak\u0142adk\u0119 <strong>Lista obecno\u015bci<\/strong>;<\/li><li>klikn\u0105\u0107 nazwisko pracownika, kt\u00f3rego ma obj\u0105\u0107 zmiana;<\/li><li>w widoku kalendarza odszuka\u0107 i klikn\u0105\u0107 dzie\u0144, w kt\u00f3rym ma zosta\u0107 zmieniona obecno\u015b\u0107;<\/li><li>w nowym oknie wprowadzi\u0107 zmiany, klikn\u0105\u0107 przycisk <strong>ZAPISZ<\/strong>.<\/li><\/ol>\n\n\n<div class=\"wp-block-image\">\n<figure class=\"aligncenter size-full\"><img loading=\"lazy\" decoding=\"async\" width=\"393\" height=\"412\" src=\"https:\/\/ready-os.com\/wp-content\/uploads\/2022\/10\/r43.png\" alt=\"Edycja istniej\u0105cej obecno\u015bci\" class=\"wp-image-12353\" srcset=\"https:\/\/www2.ready-os.com\/wp-content\/uploads\/2022\/10\/r43.png 393w, https:\/\/www2.ready-os.com\/wp-content\/uploads\/2022\/10\/r43-286x300.png 286w\" sizes=\"(max-width: 393px) 100vw, 393px\" \/><figcaption>Edycja istniej\u0105cej obecno\u015bci<\/figcaption><\/figure><\/div>\n\n\n<figure class=\"wp-block-pullquote has-background\" style=\"background-color:#fbf6f6;font-size:10px\"><blockquote><p>Zmiany wprowadzane w ramach pojedynczej obecno\u015bci (edycja, dodawanie r\u0119czne) s\u0105 zapisane w rejestrze, kt\u00f3ry mo\u017cna otworzy\u0107, klikaj\u0105c przycisk <strong>Historia<\/strong>. Rejestr zawiera dok\u0142adne informacje na temat tego, kto i co zmieni\u0142.<\/p><\/blockquote><\/figure>\n\n\n\n<h2 class=\"wp-block-heading\" id=\"3\">R\u0119czne dodawanie delegacji, chorobowych, etc.<\/h2>\n\n\n\n<p>Lista obecno\u015bci, jak sama nazwa wskazuje, s\u0142u\u017cy do rejestrowania obecno\u015bci pracownik\u00f3w w firmie. Poza tym daje r\u00f3wnie\u017c mo\u017cliwo\u015b\u0107 oznaczania:<\/p>\n\n\n\n<ul><li>chorobowego;<\/li><li>delegacji;<\/li><li>urlopu: macierzy\u0144skiego\/tacierzy\u0144skiego, wypoczynkowego, okoliczno\u015bciowego, na \u017c\u0105danie, bezp\u0142atnego;<\/li><li>nieobecno\u015bci (w tym z powodu opieki);<\/li><li>szkolenia;<\/li><li>wolnego za prac\u0119 w inny dzie\u0144 wolny.<\/li><\/ul>\n\n\n\n<p>Oznaczane ka\u017cdego z rodzaj\u00f3w obecno\u015bci nie r\u00f3\u017cni si\u0119 niczym od tego, co opisano przy okazji edycji istniej\u0105cej aktywno\u015bci lub dodawania jej r\u0119cznie. Ca\u0142a r\u00f3\u017cnica skupia si\u0119 w polu <strong>Rodzaj obecno\u015bci<\/strong>.<\/p>\n\n\n<div class=\"wp-block-image\">\n<figure class=\"aligncenter size-full\"><img loading=\"lazy\" decoding=\"async\" width=\"397\" height=\"412\" src=\"https:\/\/ready-os.com\/wp-content\/uploads\/2022\/10\/r44.png\" alt=\"Wyb\u00f3r rodzaju obecno\u015bci ma znaczenie dla zarejestrowanych danych\" class=\"wp-image-12356\" srcset=\"https:\/\/www2.ready-os.com\/wp-content\/uploads\/2022\/10\/r44.png 397w, https:\/\/www2.ready-os.com\/wp-content\/uploads\/2022\/10\/r44-289x300.png 289w\" sizes=\"(max-width: 397px) 100vw, 397px\" \/><figcaption>Wyb\u00f3r rodzaju obecno\u015bci ma znaczenie dla zarejestrowanych danych<\/figcaption><\/figure><\/div>\n\n\n<h2 class=\"wp-block-heading\" id=\"4\">Drukowanie<\/h2>\n\n\n\n<p>Aby wydrukowa\u0107 list\u0119 obecno\u015bci, nale\u017cy:<\/p>\n\n\n\n<ol type=\"1\"><li>w\u0142\u0105czy\u0107 modu\u0142 <strong>Czas pracy<\/strong>;<\/li><li>przej\u015b\u0107 do zak\u0142adki <strong>Lista obecno\u015bci<\/strong>;<\/li><li>klikn\u0105\u0107 nazwisko osoby, kt\u00f3rej lista ma zosta\u0107 wydrukowana;<\/li><\/ol>\n\n\n<div class=\"wp-block-image\">\n<figure class=\"aligncenter size-full\"><img loading=\"lazy\" decoding=\"async\" width=\"952\" height=\"510\" src=\"https:\/\/ready-os.com\/wp-content\/uploads\/2022\/10\/r45.png\" alt=\"Drukowanie listy obecno\u015bci wskazanej osoby - krok pierwszy\" class=\"wp-image-12358\" srcset=\"https:\/\/www2.ready-os.com\/wp-content\/uploads\/2022\/10\/r45.png 952w, https:\/\/www2.ready-os.com\/wp-content\/uploads\/2022\/10\/r45-300x161.png 300w, https:\/\/www2.ready-os.com\/wp-content\/uploads\/2022\/10\/r45-768x411.png 768w\" sizes=\"(max-width: 952px) 100vw, 952px\" \/><figcaption>Drukowanie listy obecno\u015bci wskazanej osoby &#8211; krok pierwszy<\/figcaption><\/figure><\/div>\n\n\n<ol start=\"4\"><li>klikn\u0105\u0107 przycisk z symbolem drukarki;<\/li><\/ol>\n\n\n<div class=\"wp-block-image\">\n<figure class=\"aligncenter size-full\"><img loading=\"lazy\" decoding=\"async\" width=\"966\" height=\"442\" src=\"https:\/\/ready-os.com\/wp-content\/uploads\/2022\/10\/r46.png\" alt=\"Drukowanie listy obecno\u015bci wskazanej osoby - krok drugi\" class=\"wp-image-12360\" srcset=\"https:\/\/www2.ready-os.com\/wp-content\/uploads\/2022\/10\/r46.png 966w, https:\/\/www2.ready-os.com\/wp-content\/uploads\/2022\/10\/r46-300x137.png 300w, https:\/\/www2.ready-os.com\/wp-content\/uploads\/2022\/10\/r46-768x351.png 768w, https:\/\/www2.ready-os.com\/wp-content\/uploads\/2022\/10\/r46-960x440.png 960w\" sizes=\"(max-width: 966px) 100vw, 966px\" \/><figcaption>Drukowanie listy obecno\u015bci wskazanej osoby &#8211; krok drugi<\/figcaption><\/figure><\/div>\n\n\n<ol start=\"5\"><li>po chwili otwarte zostanie okno w\u0142a\u015bciwo\u015bci drukowania, w kt\u00f3rym nale\u017cy okre\u015bli\u0107 liczb\u0119 kopii, wskaza\u0107 drukark\u0119 oraz zmieni\u0107 inne ustawienia urz\u0105dzenia (je\u017celi jest to konieczne). Na koniec nale\u017cy klikn\u0105\u0107 przycisk <strong>Drukuj<\/strong>. Zawarto\u015b\u0107 okna drukowania oraz dost\u0119pne ustawienia zale\u017c\u0105 od posiadanej drukarki.<\/li><\/ol>\n\n\n\n<h2 class=\"wp-block-heading\" id=\"5\">Pobieranie w formacie XLS (Excel)<\/h2>\n\n\n\n<p>Modu\u0142 <strong>Czas pracy<\/strong> pozwala na pobieranie raport\u00f3w miesi\u0119cznej aktywno\u015bci pracownika oraz jego listy obecno\u015bci. Raporty pobierane s\u0105 w formacie <strong>XLS<\/strong>, dzi\u0119ki czemu mo\u017cna nad nimi wygodnie pracowa\u0107 i poddawa\u0107 dok\u0142adniejszej analizie.<\/p>\n\n\n\n<p>Aby pobra\u0107 miesi\u0119czny raport aktywno\u015bci, nale\u017cy:<\/p>\n\n\n\n<ol type=\"1\"><li>w\u0142\u0105czy\u0107 modu\u0142 <strong>Czas pracy<\/strong>;<\/li><li>przej\u015b\u0107 do zak\u0142adki <strong>Miesi\u0119czny<\/strong>;<\/li><li>klikn\u0105\u0107 przycisk <strong>Pobierz zestawienie dla arkusza Excel<\/strong>;<\/li><\/ol>\n\n\n<div class=\"wp-block-image\">\n<figure class=\"aligncenter size-large\"><img loading=\"lazy\" decoding=\"async\" width=\"1024\" height=\"385\" src=\"https:\/\/ready-os.com\/wp-content\/uploads\/2022\/10\/r47-1024x385.png\" alt=\"Pobieranie miesi\u0119cznego raportu aktywno\u015bci w formacie XLS\" class=\"wp-image-12363\" srcset=\"https:\/\/www2.ready-os.com\/wp-content\/uploads\/2022\/10\/r47-1024x385.png 1024w, https:\/\/www2.ready-os.com\/wp-content\/uploads\/2022\/10\/r47-300x113.png 300w, https:\/\/www2.ready-os.com\/wp-content\/uploads\/2022\/10\/r47-768x289.png 768w, https:\/\/www2.ready-os.com\/wp-content\/uploads\/2022\/10\/r47.png 1239w\" sizes=\"(max-width: 1024px) 100vw, 1024px\" \/><figcaption>Pobieranie miesi\u0119cznego raportu aktywno\u015bci w formacie XLS<\/figcaption><\/figure><\/div>\n\n\n<ol start=\"4\"><li>po chwili rozpocznie si\u0119 pobieranie pliku Excela.<\/li><\/ol>\n\n\n\n<p>Aby pobra\u0107 list\u0119 obecno\u015bci, nale\u017cy:<\/p>\n\n\n\n<ol type=\"1\"><li>w\u0142\u0105czy\u0107 modu\u0142 <strong>Czas pracy<\/strong>;<\/li><li>przej\u015b\u0107 do zak\u0142adki <strong>Lista obecno\u015bci<\/strong>;<\/li><li>klikn\u0105\u0107 przycisk <strong>Pobierz zestawienie dla arkusza Excel<\/strong>;<\/li><\/ol>\n\n\n<div class=\"wp-block-image\">\n<figure class=\"aligncenter size-large\"><img loading=\"lazy\" decoding=\"async\" width=\"1024\" height=\"423\" src=\"https:\/\/ready-os.com\/wp-content\/uploads\/2022\/10\/r48-1024x423.png\" alt=\"Pobieranie listy obecno\u015bci w formacie XLS\" class=\"wp-image-12365\" srcset=\"https:\/\/www2.ready-os.com\/wp-content\/uploads\/2022\/10\/r48-1024x423.png 1024w, https:\/\/www2.ready-os.com\/wp-content\/uploads\/2022\/10\/r48-300x124.png 300w, https:\/\/www2.ready-os.com\/wp-content\/uploads\/2022\/10\/r48-768x317.png 768w, https:\/\/www2.ready-os.com\/wp-content\/uploads\/2022\/10\/r48.png 1239w\" sizes=\"(max-width: 1024px) 100vw, 1024px\" \/><figcaption>Pobieranie listy obecno\u015bci w formacie XLS<\/figcaption><\/figure><\/div>\n\n\n<ol start=\"4\"><li>po chwili rozpocznie si\u0119 pobieranie pliku Excela.<\/li><\/ol>\n\n\n\n<p>Raporty obecno\u015bci i aktywno\u015bci zawieraj\u0105 bardzo szczeg\u00f3\u0142owe dane, kt\u00f3re mo\u017cna podda\u0107 dok\u0142adnej obr\u00f3bce i analizie, wykorzystuj\u0105c narz\u0119dzie arkusza Excel.<\/p>\n","protected":false},"excerpt":{"rendered":"<p>Zarz\u0105dzanie kartami pracy, R\u0119czne dodawanie\/usuwanie obecno\u015bci, R\u0119czne dodawanie delegacji, chorobowych, etc., Drukowanie, Pobieranie w formacie XLS (Excel), System Ready_TM zak\u0142ada, \u017ce z modu\u0142u Czas pracy korzystaj\u0105 zwykli pracownicy do kontroli w\u0142asnej aktywno\u015bci. R\u00f3wnocze\u015bnie modu\u0142 zosta\u0142 tak zaprojektowany, by mog\u0142y z niego korzysta\u0107 osoby (zatrudnione na przyk\u0142ad w dziale kadr) zajmuj\u0105ce si\u0119 rozliczaniem i kontrol\u0105 pracownik\u00f3w. [&hellip;]<\/p>\n","protected":false},"author":27,"featured_media":0,"comment_status":"closed","ping_status":"closed","template":"","meta":[],"doc_category":[105],"doc_tag":[],"knowledge_base":[169],"_links":{"self":[{"href":"https:\/\/www2.ready-os.com\/pl\/wp-json\/wp\/v2\/docs\/12325"}],"collection":[{"href":"https:\/\/www2.ready-os.com\/pl\/wp-json\/wp\/v2\/docs"}],"about":[{"href":"https:\/\/www2.ready-os.com\/pl\/wp-json\/wp\/v2\/types\/docs"}],"author":[{"embeddable":true,"href":"https:\/\/www2.ready-os.com\/pl\/wp-json\/wp\/v2\/users\/27"}],"replies":[{"embeddable":true,"href":"https:\/\/www2.ready-os.com\/pl\/wp-json\/wp\/v2\/comments?post=12325"}],"version-history":[{"count":10,"href":"https:\/\/www2.ready-os.com\/pl\/wp-json\/wp\/v2\/docs\/12325\/revisions"}],"predecessor-version":[{"id":12472,"href":"https:\/\/www2.ready-os.com\/pl\/wp-json\/wp\/v2\/docs\/12325\/revisions\/12472"}],"wp:attachment":[{"href":"https:\/\/www2.ready-os.com\/pl\/wp-json\/wp\/v2\/media?parent=12325"}],"wp:term":[{"taxonomy":"doc_category","embeddable":true,"href":"https:\/\/www2.ready-os.com\/pl\/wp-json\/wp\/v2\/doc_category?post=12325"},{"taxonomy":"doc_tag","embeddable":true,"href":"https:\/\/www2.ready-os.com\/pl\/wp-json\/wp\/v2\/doc_tag?post=12325"},{"taxonomy":"knowledge_base","embeddable":true,"href":"https:\/\/www2.ready-os.com\/pl\/wp-json\/wp\/v2\/knowledge_base?post=12325"}],"curies":[{"name":"wp","href":"https:\/\/api.w.org\/{rel}","templated":true}]}}