{"id":12245,"date":"2022-10-21T11:35:35","date_gmt":"2022-10-21T09:35:35","guid":{"rendered":"https:\/\/ready-os.com\/?post_type=docs&#038;p=12245"},"modified":"2022-10-24T12:06:49","modified_gmt":"2022-10-24T10:06:49","slug":"opis-aplikacji-czas-pracy","status":"publish","type":"docs","link":"https:\/\/www2.ready-os.com\/pl\/docs\/czas-pracy\/opis-aplikacji-czas-pracy\/","title":{"rendered":"Wprowadzenie"},"content":{"rendered":"\n<ul class=\"has-background\" style=\"background-color:#fdf8f8\"><li><a href=\"#1\">Okno modu\u0142u Czas pracy<\/a>,<\/li><li><a href=\"#2\">Filtrowanie<\/a>,<\/li><li><a href=\"#3\">Przegl\u0105danie aktywno\u015bci<\/a>,<\/li><\/ul>\n\n\n\n<p>Modu\u0142 <strong>Czas Pracy<\/strong> to narz\u0119dzie, kt\u00f3re w spos\u00f3b kompleksowy pozwala na zarz\u0105dzanie rejestracj\u0105 i rozliczaniem czasu pracy. Modu\u0142 adresowany jest do pracownik\u00f3w, kt\u00f3rzy za jego pomoc\u0105 odnotowuj\u0105 godziny swojej pracy. Z narz\u0119dzia korzystaj\u0105 r\u00f3wnie\u017c osoby rozliczaj\u0105ce czas pracy i na jego podstawie kontroluj\u0105ce pracownik\u00f3w.<\/p>\n\n\n<div class=\"wp-block-image\">\n<figure class=\"aligncenter size-large\"><img loading=\"lazy\" decoding=\"async\" width=\"1024\" height=\"543\" src=\"https:\/\/ready-os.com\/wp-content\/uploads\/2022\/10\/r01-2-1024x543.png\" alt=\"Modu\u0142 Czas pracy\" class=\"wp-image-12246\" srcset=\"https:\/\/www2.ready-os.com\/wp-content\/uploads\/2022\/10\/r01-2-1024x543.png 1024w, https:\/\/www2.ready-os.com\/wp-content\/uploads\/2022\/10\/r01-2-300x159.png 300w, https:\/\/www2.ready-os.com\/wp-content\/uploads\/2022\/10\/r01-2-768x407.png 768w, https:\/\/www2.ready-os.com\/wp-content\/uploads\/2022\/10\/r01-2.png 1275w\" sizes=\"(max-width: 1024px) 100vw, 1024px\" \/><figcaption>Modu\u0142 Czas pracy<\/figcaption><\/figure><\/div>\n\n\n<p>Warto w tym miejscu podkre\u015bli\u0107, \u017ce aplikacja <strong>Czas pracy<\/strong> to jeden z element\u00f3w umo\u017cliwiaj\u0105cych kontrol\u0119 zarejestrowanych warto\u015bci. Pozosta\u0142e to narz\u0119dzia zintegrowane z innymi modu\u0142ami, kt\u00f3re pozwalaj\u0105 na przyk\u0142ad na rejestracj\u0119 czasu po\u015bwi\u0119conego na realizacj\u0119 zadania (<strong>karta pracy<\/strong>) czy raportowania obecno\u015bci w pracy w modelu stacjonarnym lub zdalnym (<strong>lista obecno\u015bci<\/strong>).<\/p>\n\n\n\n<p>Dla uproszczenia dalszego opisu warto doprecyzowa\u0107 pewne kwestie. <strong>Lista obecno\u015bci <\/strong>s\u0142u\u017cy do rejestracji obecno\u015bci w pracy (stacjonarnej lub zdalnej) w ustalonym wymiarze, na przyk\u0142ad 8 godzin. Natomiast <strong>karta pracy<\/strong> to zarejestrowany czas pracy wykonanej podczas realizacji konkretnego zadania. Pracownik sw\u00f3j dzie\u0144 pracy mo\u017ce rozpisa\u0107 na zadania lub otrzyma\u0107 je od prze\u0142o\u017conego albo wsp\u00f3\u0142pracownik\u00f3w. Je\u017celi pracownik zarejestruje cztery godziny w ramach pracy nad zadaniami w danym dniu, oznacza to, \u017ce w ramach swojego zakresu obowi\u0105zku wykona\u0142 zadania o \u0142\u0105cznym ekwiwalencie czasowym wynosz\u0105cym cztery godziny. Pozosta\u0142y czas m\u00f3g\u0142 zosta\u0107 spo\u017cytkowany na realizacj\u0119 innych obowi\u0105zk\u00f3w, kt\u00f3re wynikaj\u0105 z zakresu jego obowi\u0105zk\u00f3w.<\/p>\n\n\n\n<p>W praktyce oznacza to, \u017ce karta pracy jest dok\u0142adniejsz\u0105 form\u0105 kontroli pozwalaj\u0105c\u0105 dok\u0142adnie \u015bledzi\u0107 czasoch\u0142onno\u015b\u0107 konkretnych zada\u0144. To dzi\u0119ki kartom mo\u017cliwe jest sprawdzenie, czym zajmuje si\u0119 dany pracownik i czy na przyk\u0142ad zlecone mu zadania nie przekraczaj\u0105 jego wymiaru pracy.<\/p>\n\n\n\n<p>W systemie <a href=\"https:\/\/ready-os.com\/pl\/\">Ready_<sup>TM<\/sup><\/a> poza modu\u0142em <strong>Czas pracy<\/strong> dost\u0119pny jest tak\u017ce modu\u0142 <strong>Karty RCP<\/strong>. Narz\u0119dzie to jest uzupe\u0142nieniem modu\u0142u <strong>Czas pracy<\/strong> i pozwala w wygodniejszy spos\u00f3b przegl\u0105da\u0107 karty pracy.<\/p>\n\n\n\n<h2 class=\"wp-block-heading\" id=\"1\">Okno modu\u0142u Czas pracy<\/h2>\n\n\n\n<p>Okno modu\u0142u <strong>Czas pracy<\/strong> nawi\u0105zuje swoim wygl\u0105dem do innych narz\u0119dzi dost\u0119pnych w ramach systemu <a href=\"https:\/\/ready-os.com\/pl\/\">Ready_<sup>TM<\/sup><\/a>. Mo\u017cliwe jest wyr\u00f3\u017cnienie trzech zasadniczych obszar\u00f3w, kt\u00f3rych zawarto\u015b\u0107 ulega zmianie w zale\u017cno\u015bci od tego, jaki rodzaj informacji jest w nich prezentowany:<\/p>\n\n\n\n<ol type=\"1\"><li>sekcja umo\u017cliwiaj\u0105ca zmian\u0119 prezentowanych danych:<ul><li><strong>DZIENNY <\/strong>\u2013 wy\u015bwietla informacje na temat dziennej aktywno\u015bci;<\/li><li><strong>MIESI\u0118CZNY <\/strong>\u2013 wy\u015bwietla informacje na temat miesi\u0119cznej aktywno\u015bci;<\/li><li><strong>LISTA OBECNO\u015aCI<\/strong> \u2013 wy\u015bwietla informacje na temat obecno\u015bci pracownik\u00f3w;<\/li><\/ul><\/li><li>sekcja filtr\u00f3w i wyszukiwania \u2013 zawarto\u015b\u0107 tej sekcji b\u0119dzie ulega\u0107 zmianie w zale\u017cno\u015bci od tego, co wybrano w sekcji oznaczonej numerem 1;<\/li><li>sekcja danych \u2013 zawiera szczeg\u00f3\u0142owe dane, kt\u00f3re zale\u017c\u0105 od tego, co wybrano w sekcji oznaczonej numerem 1;<\/li><\/ol>\n\n\n<div class=\"wp-block-image\">\n<figure class=\"aligncenter size-large\"><img loading=\"lazy\" decoding=\"async\" width=\"1024\" height=\"523\" src=\"https:\/\/ready-os.com\/wp-content\/uploads\/2022\/10\/r02-2-1024x523.png\" alt=\"Elementy okna modu\u0142u Czas pracy\" class=\"wp-image-12250\" srcset=\"https:\/\/www2.ready-os.com\/wp-content\/uploads\/2022\/10\/r02-2-1024x523.png 1024w, https:\/\/www2.ready-os.com\/wp-content\/uploads\/2022\/10\/r02-2-300x153.png 300w, https:\/\/www2.ready-os.com\/wp-content\/uploads\/2022\/10\/r02-2-768x392.png 768w, https:\/\/www2.ready-os.com\/wp-content\/uploads\/2022\/10\/r02-2.png 1266w\" sizes=\"(max-width: 1024px) 100vw, 1024px\" \/><figcaption>Elementy okna modu\u0142u Czas pracy<\/figcaption><\/figure><\/div>\n\n\n<p>To, co zobaczy pracownik w module, zale\u017cy od jego uprawnie\u0144. Wersj\u0105 minimum jest podgl\u0105d w\u0142asnej aktywno\u015bci w ramach dost\u0119pnych rozwi\u0105za\u0144. Natomiast wersja maksimum przewiduje dost\u0119p do aktywno\u015bci wszystkich pracownik\u00f3w bez wzgl\u0119du na ich stanowiska w strukturze organizacyjnej. Wi\u0119cej informacji na temat dost\u0119pu do danych innych pracownik\u00f3w zamieszczono w oddzielnym artykule.<\/p>\n\n\n\n<h2 class=\"wp-block-heading\" id=\"2\">Filtrowanie<\/h2>\n\n\n\n<p>Kluczowym elementem modu\u0142u Czas pracy jest funkcja filtrowania zawarto\u015bci wy\u015bwietlanej w g\u0142\u00f3wnej cz\u0119\u015bci okna modu\u0142u. Filtrowanie dzia\u0142a w r\u00f3\u017cny spos\u00f3b w zale\u017cno\u015bci od tego, czy wybrano pokazywanie opcji <strong>DZIENNY<\/strong>, <strong>MIESI\u0118CZNY<\/strong>, <strong>LISTA OBECNO\u015aCI.<\/strong><\/p>\n\n\n\n<p>Aby skorzysta\u0107 z filtrowania w trybie widoku <strong>DZIENNY<\/strong>, nale\u017cy:<\/p>\n\n\n\n<ol type=\"1\"><li>w\u0142\u0105czy\u0107 modu\u0142 <strong>Czas pracy<\/strong> i wybra\u0107 widok <strong>DZIENNY<\/strong>;<\/li><li>w filtrach po lewej stronie pojawi si\u0119 zestaw kryteri\u00f3w, kt\u00f3re umo\u017cliwiaj\u0105 wyszukiwanie&nbsp;wed\u0142ug daty lub dzia\u0142u;<\/li><li>w przypadku braku wybranych kryteri\u00f3w, w g\u0142\u00f3wnej cz\u0119\u015bci okna pojawi si\u0119 aktywno\u015b\u0107 z danego dnia osoby;<\/li><\/ol>\n\n\n\n<figure class=\"wp-block-image size-full\"><img loading=\"lazy\" decoding=\"async\" width=\"883\" height=\"559\" src=\"https:\/\/ready-os.com\/wp-content\/uploads\/2022\/10\/r03-2.png\" alt=\"Filtrowanie - tryb dzienny\" class=\"wp-image-12252\" srcset=\"https:\/\/www2.ready-os.com\/wp-content\/uploads\/2022\/10\/r03-2.png 883w, https:\/\/www2.ready-os.com\/wp-content\/uploads\/2022\/10\/r03-2-300x190.png 300w, https:\/\/www2.ready-os.com\/wp-content\/uploads\/2022\/10\/r03-2-768x486.png 768w, https:\/\/www2.ready-os.com\/wp-content\/uploads\/2022\/10\/r03-2-195x123.png 195w, https:\/\/www2.ready-os.com\/wp-content\/uploads\/2022\/10\/r03-2-681x430.png 681w\" sizes=\"(max-width: 883px) 100vw, 883px\" \/><figcaption>Filtrowanie &#8211; tryb dzienny<\/figcaption><\/figure>\n\n\n\n<ol start=\"4\"><li>po ustawieniu daty w polu <strong>DATA <\/strong>(nale\u017cy klikn\u0105\u0107 pole i wybra\u0107 odpowiedni\u0105 dat\u0119 z kalendarza) widoczna b\u0119dzie lista aktywno\u015bci we wskazanym dniu. Aby wyczy\u015bci\u0107 filtrowanie, wystarczy klikn\u0105\u0107 przycisk ze znakiem krzy\u017cyka;<\/li><\/ol>\n\n\n<div class=\"wp-block-image\">\n<figure class=\"aligncenter size-full\"><img loading=\"lazy\" decoding=\"async\" width=\"881\" height=\"557\" src=\"https:\/\/ready-os.com\/wp-content\/uploads\/2022\/10\/r04-2.png\" alt=\"Filtrowanie - tryb dzienny, kryterium DATA\" class=\"wp-image-12254\" srcset=\"https:\/\/www2.ready-os.com\/wp-content\/uploads\/2022\/10\/r04-2.png 881w, https:\/\/www2.ready-os.com\/wp-content\/uploads\/2022\/10\/r04-2-300x190.png 300w, https:\/\/www2.ready-os.com\/wp-content\/uploads\/2022\/10\/r04-2-768x486.png 768w, https:\/\/www2.ready-os.com\/wp-content\/uploads\/2022\/10\/r04-2-195x123.png 195w, https:\/\/www2.ready-os.com\/wp-content\/uploads\/2022\/10\/r04-2-681x430.png 681w\" sizes=\"(max-width: 881px) 100vw, 881px\" \/><figcaption>Filtrowanie &#8211; tryb dzienny, kryterium DATA<\/figcaption><\/figure><\/div>\n\n\n<ol start=\"5\"><li>filtrowanie wed\u0142ug kryterium <strong>DZIA\u0141 <\/strong>wymaga klikni\u0119cia nazwy odpowiedniego dzia\u0142u na li\u015bcie lub wyszukania go za pomoc\u0105 wyszukiwarki. Istotne jest to, \u017ce przy nazwie dzia\u0142u mo\u017ce by\u0107 widoczna strza\u0142ka skierowana w praw\u0105 stron\u0119. Po jej klikni\u0119ciu rozwini\u0119ta zostanie struktura dzia\u0142u i widoczny b\u0119dzie dok\u0142adny wykaz stanowisk. Im ni\u017cej w hierarchii znajduj\u0105 si\u0119 zaznaczone dzia\u0142 lub stanowisko, tym filtrowanie b\u0119dzie precyzyjniejsze. Nic nie stoi jednak na przeszkodzie, by skorzysta\u0107 z najwy\u017cszego elementu w hierarchii i zobaczy\u0107 ca\u0142o\u015b\u0107 dost\u0119pnych danych;<\/li><\/ol>\n\n\n<div class=\"wp-block-image\">\n<figure class=\"aligncenter size-full\"><img loading=\"lazy\" decoding=\"async\" width=\"815\" height=\"612\" src=\"https:\/\/ready-os.com\/wp-content\/uploads\/2022\/10\/r05-2.png\" alt=\"Filtrowanie - tryb dzienny, kryterium DZIA\u0141\" class=\"wp-image-12256\" srcset=\"https:\/\/www2.ready-os.com\/wp-content\/uploads\/2022\/10\/r05-2.png 815w, https:\/\/www2.ready-os.com\/wp-content\/uploads\/2022\/10\/r05-2-300x225.png 300w, https:\/\/www2.ready-os.com\/wp-content\/uploads\/2022\/10\/r05-2-768x577.png 768w\" sizes=\"(max-width: 815px) 100vw, 815px\" \/><figcaption>Filtrowanie &#8211; tryb dzienny, kryterium DZIA\u0141<\/figcaption><\/figure><\/div>\n\n\n<ol start=\"6\"><li>filtrowanie wed\u0142ug <strong>DATY <\/strong>i <strong>DZIA\u0141U <\/strong>mo\u017cna ze sob\u0105 \u0142\u0105czy\u0107. Niezale\u017cnie od tego, jakie kryterium zostanie wybrane, w g\u0142\u00f3wnej cz\u0119\u015bci okna pojawi si\u0119 wynik, kt\u00f3ry b\u0119dzie zawiera\u0107 informacj\u0119 o pracowniku oraz dane na temat jego aktywno\u015bci.<\/li><\/ol>\n\n\n\n<p>Korzystaj\u0105c z filtrowania w widoku <strong>DZIENNY<\/strong>, nale\u017cy pami\u0119ta\u0107 o tym, \u017ce pracownik widzi swoje aktywno\u015bci oraz te, do kt\u00f3rych ma dost\u0119p w zwi\u0105zku z posiadanymi uprawnieniami. Na grafice powy\u017cej przedstawiono widok z poziomu kierownika dzia\u0142u handlowego. Natomiast poni\u017cej grafika przestawia widok osoby, kt\u00f3ra ma znacznie szersze uprawnienia.<\/p>\n\n\n\n<figure class=\"wp-block-image size-full\"><img loading=\"lazy\" decoding=\"async\" width=\"1023\" height=\"769\" src=\"https:\/\/ready-os.com\/wp-content\/uploads\/2022\/10\/r06-1.png\" alt=\"Filtrowanie - tryb dzienny z po\u0142\u0105czonymi kryteriami DZIA\u0141 I DATA, widok osoby z dost\u0119pem do danych innych wsp\u00f3\u0142pracownik\u00f3w\" class=\"wp-image-12258\" srcset=\"https:\/\/www2.ready-os.com\/wp-content\/uploads\/2022\/10\/r06-1.png 1023w, https:\/\/www2.ready-os.com\/wp-content\/uploads\/2022\/10\/r06-1-300x226.png 300w, https:\/\/www2.ready-os.com\/wp-content\/uploads\/2022\/10\/r06-1-768x577.png 768w\" sizes=\"(max-width: 1023px) 100vw, 1023px\" \/><figcaption>Filtrowanie &#8211; tryb dzienny z po\u0142\u0105czonymi kryteriami DZIA\u0141 I DATA, widok osoby z dost\u0119pem do danych innych wsp\u00f3\u0142pracownik\u00f3w<\/figcaption><\/figure>\n\n\n\n<p>Aby skorzysta\u0107 z filtrowania w trybie widoku <strong>MIESI\u0118CZNY<\/strong>, nale\u017cy:<\/p>\n\n\n\n<ol type=\"1\"><li>w\u0142\u0105czy\u0107 modu\u0142 <strong>Czas pracy<\/strong> i wybra\u0107 widok <strong>MIESI\u0118CZNY<\/strong>;<\/li><li>w filtrach po lewej stronie pojawi si\u0119 zestaw kryteri\u00f3w, kt\u00f3re umo\u017cliwiaj\u0105 wyszukiwanie wed\u0142ug daty lub dzia\u0142u;<\/li><li>domy\u015blnie wy\u015bwietlany b\u0119dzie zawsze ostatni miesi\u0105c. W sekcji <strong>DATA <\/strong>mo\u017cna wybra\u0107 inny przedzia\u0142 czasowy, wystarczy klikn\u0105\u0107 odpowiedni\u0105 pozycj\u0119 na li\u015bcie;<\/li><\/ol>\n\n\n<div class=\"wp-block-image\">\n<figure class=\"aligncenter size-large\"><img loading=\"lazy\" decoding=\"async\" width=\"1024\" height=\"482\" src=\"https:\/\/ready-os.com\/wp-content\/uploads\/2022\/10\/r07-2-1024x482.png\" alt=\"Filtrowanie - tryb miesi\u0119czny, kryterium DATA\" class=\"wp-image-12261\" srcset=\"https:\/\/www2.ready-os.com\/wp-content\/uploads\/2022\/10\/r07-2-1024x482.png 1024w, https:\/\/www2.ready-os.com\/wp-content\/uploads\/2022\/10\/r07-2-300x141.png 300w, https:\/\/www2.ready-os.com\/wp-content\/uploads\/2022\/10\/r07-2-768x362.png 768w, https:\/\/www2.ready-os.com\/wp-content\/uploads\/2022\/10\/r07-2.png 1164w\" sizes=\"(max-width: 1024px) 100vw, 1024px\" \/><figcaption>Filtrowanie &#8211; tryb miesi\u0119czny, kryterium DATA<\/figcaption><\/figure><\/div>\n\n\n<ol start=\"4\"><li>filtrowanie wed\u0142ug kryterium <strong>DZIA\u0141 <\/strong>wymaga klikni\u0119cia nazwy odpowiedniego dzia\u0142u na li\u015bcie lub wyszukania go za pomoc\u0105 wyszukiwarki. Istotne jest to, \u017ce przy nazwie dzia\u0142u mo\u017ce by\u0107 widoczna strza\u0142ka skierowana w praw\u0105 stron\u0119. Po jej klikni\u0119ciu rozwini\u0119ta zostanie struktura dzia\u0142u i widoczny b\u0119dzie dok\u0142adny wykaz stanowisk. Im ni\u017cej w hierarchii znajduj\u0105 si\u0119 zaznaczone dzia\u0142 lub stanowisko, tym filtrowanie b\u0119dzie precyzyjniejsze. Nic nie stoi jednak na przeszkodzie, by skorzysta\u0107 z najwy\u017cszego elementu w hierarchii i zobaczy\u0107 ca\u0142o\u015b\u0107 dost\u0119pnych danych;<\/li><\/ol>\n\n\n\n<figure class=\"wp-block-image size-large\"><img loading=\"lazy\" decoding=\"async\" width=\"1024\" height=\"402\" src=\"https:\/\/ready-os.com\/wp-content\/uploads\/2022\/10\/r08-2-1024x402.png\" alt=\"Filtrowanie - tryb miesi\u0119czny, kryterium DZIA\u0141\" class=\"wp-image-12263\" srcset=\"https:\/\/www2.ready-os.com\/wp-content\/uploads\/2022\/10\/r08-2-1024x402.png 1024w, https:\/\/www2.ready-os.com\/wp-content\/uploads\/2022\/10\/r08-2-300x118.png 300w, https:\/\/www2.ready-os.com\/wp-content\/uploads\/2022\/10\/r08-2-768x301.png 768w, https:\/\/www2.ready-os.com\/wp-content\/uploads\/2022\/10\/r08-2.png 1162w\" sizes=\"(max-width: 1024px) 100vw, 1024px\" \/><figcaption>Filtrowanie &#8211; tryb miesi\u0119czny, kryterium DZIA\u0141<\/figcaption><\/figure>\n\n\n\n<ol start=\"5\"><li>filtrowanie wed\u0142ug <strong>DATY <\/strong>i <strong>DZIA\u0141U <\/strong>mo\u017cna ze sob\u0105 \u0142\u0105czy\u0107. Niezale\u017cnie od tego, jakie kryterium zostanie wybrane, w g\u0142\u00f3wnej cz\u0119\u015bci okna pojawi si\u0119 wynik, kt\u00f3ry b\u0119dzie zawiera\u0107 informacj\u0119 o pracowniku oraz dane na temat jego aktywno\u015bci.<\/li><\/ol>\n\n\n\n<p>Korzystaj\u0105c z filtrowania w widoku <strong>MIESI\u0118CZNY<\/strong>, nale\u017cy pami\u0119ta\u0107 o tym, \u017ce pracownik widzi swoje aktywno\u015bci oraz te, do kt\u00f3rych ma dost\u0119p w zwi\u0105zku z posiadanymi uprawnieniami. Na grafice powy\u017cej przedstawiono widok z poziomu kierownika dzia\u0142u handlowego. Natomiast poni\u017cej grafika przestawia widok osoby, kt\u00f3ra ma znacznie szersze uprawnienia.<\/p>\n\n\n<div class=\"wp-block-image\">\n<figure class=\"aligncenter size-large\"><img loading=\"lazy\" decoding=\"async\" width=\"1024\" height=\"441\" src=\"https:\/\/ready-os.com\/wp-content\/uploads\/2022\/10\/r09-2-1024x441.png\" alt=\"Filtrowanie - tryb miesi\u0119czny , widok osoby z dost\u0119pem do danych innych wsp\u00f3\u0142pracownik\u00f3w\" class=\"wp-image-12267\" srcset=\"https:\/\/www2.ready-os.com\/wp-content\/uploads\/2022\/10\/r09-2-1024x441.png 1024w, https:\/\/www2.ready-os.com\/wp-content\/uploads\/2022\/10\/r09-2-300x129.png 300w, https:\/\/www2.ready-os.com\/wp-content\/uploads\/2022\/10\/r09-2-768x331.png 768w, https:\/\/www2.ready-os.com\/wp-content\/uploads\/2022\/10\/r09-2.png 1272w\" sizes=\"(max-width: 1024px) 100vw, 1024px\" \/><figcaption>Filtrowanie &#8211; tryb miesi\u0119czny, widok osoby z dost\u0119pem do danych innych wsp\u00f3\u0142pracownik\u00f3w<\/figcaption><\/figure><\/div>\n\n\n<p>Aby skorzysta\u0107 z filtrowania w trybie widoku <strong>LISTA OBECNO\u015aCI<\/strong>, nale\u017cy:<\/p>\n\n\n\n<ol type=\"1\"><li>w\u0142\u0105czy\u0107 modu\u0142 <strong>Czas pracy<\/strong> i wybra\u0107 widok <strong>LISTA OBECNO\u015aCI<\/strong>;<\/li><li>w filtrach po lewej stronie pojawi si\u0119 zestaw kryteri\u00f3w, kt\u00f3re umo\u017cliwiaj\u0105 wyszukiwanie wed\u0142ug daty, dzia\u0142u oraz wymuszenie wy\u015bwietlania aktywno\u015bci by\u0142ych pracownik\u00f3w (domy\u015blnie informacje na temat ich aktywno\u015bci s\u0105 ukrywane z chwil\u0105 rozwi\u0105zania stosunku pracy i wy\u0142\u0105czenia konta);<\/li><li>domy\u015blnie wy\u015bwietlany b\u0119dzie zawsze ostatni miesi\u0105c. W sekcji <strong>DATA <\/strong>mo\u017cna wybra\u0107 inny przedzia\u0142 czasowy, wystarczy klikn\u0105\u0107 odpowiedni\u0105 pozycj\u0119 na li\u015bcie;<\/li><\/ol>\n\n\n<div class=\"wp-block-image\">\n<figure class=\"aligncenter size-large\"><img loading=\"lazy\" decoding=\"async\" width=\"1024\" height=\"504\" src=\"https:\/\/ready-os.com\/wp-content\/uploads\/2022\/10\/r10-2-1024x504.png\" alt=\"Filtrowanie - tryb list obecno\u015bci, kryterium DATA\" class=\"wp-image-12270\" srcset=\"https:\/\/www2.ready-os.com\/wp-content\/uploads\/2022\/10\/r10-2-1024x504.png 1024w, https:\/\/www2.ready-os.com\/wp-content\/uploads\/2022\/10\/r10-2-300x148.png 300w, https:\/\/www2.ready-os.com\/wp-content\/uploads\/2022\/10\/r10-2-768x378.png 768w, https:\/\/www2.ready-os.com\/wp-content\/uploads\/2022\/10\/r10-2.png 1163w\" sizes=\"(max-width: 1024px) 100vw, 1024px\" \/><figcaption>Filtrowanie &#8211; tryb list obecno\u015bci, kryterium DATA<\/figcaption><\/figure><\/div>\n\n\n<ol start=\"4\"><li>filtrowanie wed\u0142ug kryterium <strong>DZIA\u0141 <\/strong>wymaga klikni\u0119cia nazwy odpowiedniego dzia\u0142u na li\u015bcie lub wyszukania go za pomoc\u0105 wyszukiwarki. Istotne jest to, \u017ce przy nazwie dzia\u0142u mo\u017ce by\u0107 widoczna strza\u0142ka skierowana w praw\u0105 stron\u0119. Po jej klikni\u0119ciu rozwini\u0119ta zostanie struktura dzia\u0142u i widoczny b\u0119dzie dok\u0142adny wykaz stanowisk. Im ni\u017cej w hierarchii znajduj\u0105 si\u0119 zaznaczone dzia\u0142 lub stanowisko, tym filtrowanie b\u0119dzie precyzyjniejsze. Nic nie stoi jednak na przeszkodzie, by skorzysta\u0107 z najwy\u017cszego elementu w hierarchii i zobaczy\u0107 ca\u0142o\u015b\u0107 dost\u0119pnych danych;<\/li><\/ol>\n\n\n<div class=\"wp-block-image\">\n<figure class=\"aligncenter size-large\"><img loading=\"lazy\" decoding=\"async\" width=\"1024\" height=\"602\" src=\"https:\/\/ready-os.com\/wp-content\/uploads\/2022\/10\/r11-2-1024x602.png\" alt=\"Filtrowanie - tryb list obecno\u015bci, kryterium DZIA\u0141\" class=\"wp-image-12272\" srcset=\"https:\/\/www2.ready-os.com\/wp-content\/uploads\/2022\/10\/r11-2-1024x602.png 1024w, https:\/\/www2.ready-os.com\/wp-content\/uploads\/2022\/10\/r11-2-300x176.png 300w, https:\/\/www2.ready-os.com\/wp-content\/uploads\/2022\/10\/r11-2-768x451.png 768w, https:\/\/www2.ready-os.com\/wp-content\/uploads\/2022\/10\/r11-2.png 1159w\" sizes=\"(max-width: 1024px) 100vw, 1024px\" \/><figcaption>Filtrowanie &#8211; tryb list obecno\u015bci, kryterium DZIA\u0141<\/figcaption><\/figure><\/div>\n\n\n<ol start=\"5\"><li>w\u0142\u0105czenie opcji <strong>BYLI PRACOWNICY<\/strong> wymusi wy\u015bwietlanie aktywno\u015bci pracownik\u00f3w, kt\u00f3rzy maj\u0105 wy\u0142\u0105czone konta w systemie <a href=\"https:\/\/ready-os.com\/pl\/\">Ready_<sup>TM<\/sup><\/a>. Nale\u017cy jednak pami\u0119ta\u0107 o tym, \u017ce r\u00f3wnie\u017c w tym przypadku widoczno\u015b\u0107 danych zale\u017cy od posiadanych uprawnie\u0144;<\/li><li>filtrowanie wed\u0142ug <strong>DATY <\/strong>i <strong>DZIA\u0141U <\/strong>mo\u017cna ze sob\u0105 \u0142\u0105czy\u0107. Niezale\u017cnie od tego, jakie kryterium zostanie wybrane, w g\u0142\u00f3wnej cz\u0119\u015bci okna pojawi si\u0119 wynik, kt\u00f3ry b\u0119dzie zawiera\u0107 informacj\u0119 o pracowniku oraz dane na temat jego aktywno\u015bci.<\/li><\/ol>\n\n\n\n<p>Korzystaj\u0105c z filtrowania w widoku <strong>LISTA OBECNO\u015aCI<\/strong>, nale\u017cy pami\u0119ta\u0107 o tym, \u017ce pracownik widzi swoje aktywno\u015bci oraz te, do kt\u00f3rych ma dost\u0119p w zwi\u0105zku z posiadanymi uprawnieniami. Na grafice powy\u017cej przedstawiono widok z poziomu kierownika dzia\u0142u handlowego. Natomiast poni\u017cej grafika przestawia widok osoby, kt\u00f3ra ma znacznie szersze uprawnienia.<\/p>\n\n\n\n<figure class=\"wp-block-image size-large\"><img loading=\"lazy\" decoding=\"async\" width=\"1024\" height=\"413\" src=\"https:\/\/ready-os.com\/wp-content\/uploads\/2022\/10\/r12-2-1024x413.png\" alt=\"Lista obecno\u015bci - widok z poziomu osoby maj\u0105ce dost\u0119p do danych wsp\u00f3\u0142pracownik\u00f3w\" class=\"wp-image-12274\" srcset=\"https:\/\/www2.ready-os.com\/wp-content\/uploads\/2022\/10\/r12-2-1024x413.png 1024w, https:\/\/www2.ready-os.com\/wp-content\/uploads\/2022\/10\/r12-2-300x121.png 300w, https:\/\/www2.ready-os.com\/wp-content\/uploads\/2022\/10\/r12-2-768x310.png 768w, https:\/\/www2.ready-os.com\/wp-content\/uploads\/2022\/10\/r12-2.png 1274w\" sizes=\"(max-width: 1024px) 100vw, 1024px\" \/><figcaption>Lista obecno\u015bci &#8211; widok z poziomu osoby maj\u0105ce dost\u0119p do danych wsp\u00f3\u0142pracownik\u00f3w<\/figcaption><\/figure>\n\n\n\n<h2 class=\"wp-block-heading\" id=\"3\">Przegl\u0105danie aktywno\u015bci<\/h2>\n\n\n\n<p>Modu\u0142 <strong>Czas pracy<\/strong> pozwala na wygodne przegl\u0105danie aktywno\u015bci \u2013 swojej lub innych pracownik\u00f3w (w zale\u017cno\u015bci od posiadanych uprawnie\u0144).<\/p>\n\n\n\n<p>W przypadku widoku dziennego domy\u015blnie wy\u015bwietlone zostan\u0105 aktywno\u015bci z danego dnia (tzw. <strong>dzienny raport karty pracy<\/strong>), ale za pomoc\u0105 filtr\u00f3w mo\u017cna to zmieni\u0107. Na grafice poni\u017cej wida\u0107 przyk\u0142ad w\u0142asnej aktywno\u015bci pracownika.<\/p>\n\n\n\n<figure class=\"wp-block-image size-full\"><img loading=\"lazy\" decoding=\"async\" width=\"867\" height=\"459\" src=\"https:\/\/ready-os.com\/wp-content\/uploads\/2022\/10\/r13-2.png\" alt=\"Przyk\u0142ad aktywno\u015bci, kt\u00f3r\u0105 widzi pracownik\" class=\"wp-image-12276\" srcset=\"https:\/\/www2.ready-os.com\/wp-content\/uploads\/2022\/10\/r13-2.png 867w, https:\/\/www2.ready-os.com\/wp-content\/uploads\/2022\/10\/r13-2-300x159.png 300w, https:\/\/www2.ready-os.com\/wp-content\/uploads\/2022\/10\/r13-2-768x407.png 768w\" sizes=\"(max-width: 867px) 100vw, 867px\" \/><figcaption>Przyk\u0142ad aktywno\u015bci, kt\u00f3r\u0105 widzi pracownik<\/figcaption><\/figure>\n\n\n\n<p>Pod informacj\u0105 o profilu pracownika widoczna b\u0119dzie lista zada\u0144, dla kt\u00f3rych zarejestrowano wykonanie jakiej\u015b pracy. Ka\u017cda pozycja zawiera nazw\u0119 zadania, informacj\u0119 o rozpocz\u0119ciu i zako\u0144czeniu pracy oraz konkretn\u0105 warto\u015b\u0107, jaka zosta\u0142a przepracowana. Na przyk\u0142ad dla zadania <strong>Analiza prawna umowy<\/strong> rejestracj\u0119 czasu w\u0142\u0105czono o <strong>14:28<\/strong> i wy\u0142\u0105czono o <strong>14:29<\/strong>.<\/p>\n\n\n\n<p>Klikni\u0119cie nazwy zadania spowoduje otwarcie <strong>Karty pracy<\/strong>, kt\u00f3r\u0105 przedstawiono na grafice poni\u017cej.<\/p>\n\n\n<div class=\"wp-block-image\">\n<figure class=\"aligncenter size-full\"><img loading=\"lazy\" decoding=\"async\" width=\"638\" height=\"619\" src=\"https:\/\/ready-os.com\/wp-content\/uploads\/2022\/10\/r14-2.png\" alt=\"Szczeg\u00f3\u0142owa karta pracy\" class=\"wp-image-12278\" srcset=\"https:\/\/www2.ready-os.com\/wp-content\/uploads\/2022\/10\/r14-2.png 638w, https:\/\/www2.ready-os.com\/wp-content\/uploads\/2022\/10\/r14-2-300x291.png 300w\" sizes=\"(max-width: 638px) 100vw, 638px\" \/><figcaption>Szczeg\u00f3\u0142owa karta pracy<\/figcaption><\/figure><\/div>\n\n\n<p>Karta zawiera szereg istotnych informacji na temat wykonanej pracy:<\/p>\n\n\n\n<ul><li><strong>Opis <\/strong>\u2013 domy\u015blnie zawiera tytu\u0142 zadania i mo\u017ce zosta\u0107 zmieniony, je\u017celi zajdzie taka potrzeba;<\/li><li><strong>Klient <\/strong>\u2013 w tym miejscu znajduje si\u0119 informacja na temat klienta, kt\u00f3rego dotyczy karta pracy. Je\u017celi w zadaniu ustawiono powi\u0105zanie z klientem, to domy\u015blnie <strong>Karta pracy<\/strong> je przejmie. W sytuacji braku powi\u0105zania z konkretn\u0105 osob\u0105 mo\u017cna je ustawi\u0107 z poziomu <strong>Karty pracy<\/strong> \u2013 nale\u017cy wpisa\u0107 fragment nazwy klienta i nacisn\u0105\u0107 przycisk z symbolem lupy. Nast\u0119pnie z listy mo\u017cna wybra\u0107 odpowiedniego klienta. W przypadku braku klienta mo\u017cna go doda\u0107 za pomoc\u0105 przycisku z symbolem plusa. Sam proces zak\u0142adania kartoteki nowego klienta opisano w oddzielnym artykule;<\/li><li><strong>U\u017cytkownik <\/strong>\u2013 zawiera informacj\u0119 na temat osoby, kt\u00f3rej dotyczy karta pracy. Je\u017celi zajdzie taka potrzeba, to kart\u0119 mo\u017cna przypisa\u0107 do innej osoby. Wystarczy rozwin\u0105\u0107 list\u0119 i wybra\u0107 z niej odpowiedni\u0105 osob\u0119;<\/li><li><strong>Sprawa <\/strong>\u2013 w tym miejscu znajduje si\u0119 informacja na temat sprawy, kt\u00f3rej dotyczy karta pracy. Je\u017celi w zadaniu ustawiono powi\u0105zanie ze spraw\u0105, to domy\u015blnie Karta pracy je przejmie. W sytuacji braku powi\u0105zania z konkretn\u0105 spraw\u0105 mo\u017cna je ustawi\u0107 z poziomu Karty pra<em>cy<\/em> \u2013 nale\u017cy wpisa\u0107 fragment nazwy sprawy i nacisn\u0105\u0107 przycisk z symbolem lupy. Nast\u0119pnie z listy mo\u017cna wybra\u0107 odpowiedni\u0105 spraw\u0119. W przypadku braku sprawy mo\u017cna j\u0105 doda\u0107 za pomoc\u0105 przycisku z symbolem plusa. Sam proces zak\u0142adania sprawy opisano w oddzielnym artykule;<\/li><li><strong>Protok\u00f3\u0142 <\/strong>\u2013 w tym miejscu mo\u017cliwe jest ustawienie powi\u0105zania z konkretnym protoko\u0142em. Wystarczy wpisa\u0107 fragment nazwy protoko\u0142u i nacisn\u0105\u0107 przycisk z symbolem lupy. Nast\u0119pnie z listy mo\u017cna wybra\u0107 odpowiedni protok\u00f3\u0142. W przypadku braku protoko\u0142u mo\u017cna go utworzy\u0107 za pomoc\u0105 przycisku z symbolem plusa. Sam proces tworzenia protoko\u0142u opisano w oddzielnym artykule;<\/li><li><strong>Czas <\/strong>\u2013 zawiera informacj\u0119 na temat czasu przepracowanego nad zadaniem, warto\u015b\u0107 mo\u017cna zmieni\u0107. W tym przypadku nale\u017cy pos\u0142u\u017cy\u0107 si\u0119 notacj\u0105, na przyk\u0142ad 10 min (dziesi\u0119\u0107 minut) lub 1 h 10 min (jedna godzina i dziesi\u0119\u0107 minut);<\/li><li><strong>Czas od<\/strong> \u2013 informacja o rozpocz\u0119ciu pracy nad zadaniem. Klikni\u0119cie pola daty spowoduje otwarcie kalendarza, na kt\u00f3rym mo\u017cliwe jest oznaczenie odpowiedniej daty. Klikni\u0119cie pola godziny pozwala na wybranie warto\u015bci z listy;<\/li><li><strong>Czas do<\/strong> \u2013 informacja o zako\u0144czeniu pracy nad zadaniem. Klikni\u0119cie pola daty spowoduje otwarcie kalendarza, na kt\u00f3rym mo\u017cliwe jest oznaczenie odpowiedniej daty. Klikni\u0119cie pola godziny pozwala na wybranie warto\u015bci z listy;<\/li><li><strong>OTW\u00d3RZ ZADANIE<\/strong> \u2013 klikni\u0119cie przycisku otworzy okno z zadaniem. Wi\u0119cej informacji na temat zada\u0144 znajduje si\u0119 w oddzielnym <a href=\"https:\/\/ready-os.com\/pl\/docs\/system\/zarzadzanie-zadaniami\/\">artykule<\/a>.<\/li><\/ul>\n\n\n\n<p>Wprowadzaj\u0105c zmiany w oknie <strong>Karty pracy<\/strong>, nale\u017cy pami\u0119ta\u0107 o ich zapisaniu za pomoc\u0105 przycisku <strong>ZAPISZ<\/strong>.<\/p>\n\n\n\n<p>W widoku miesi\u0119cznym szczeg\u00f3\u0142owe informacje mo\u017cna uzyska\u0107 w nieco inny spos\u00f3b. Po klikni\u0119ciu kratki na osi kalendarza otwarte zostanie nowe okno z list\u0105 aktywno\u015bci zarejestrowanych danego dnia. Warto zwr\u00f3ci\u0107 uwag\u0119 na to, \u017ce kratka odpowiada jednemu dniu i zawiera informacj\u0119 na temat \u0142\u0105cznego czasu pracy nad zadaniami.<\/p>\n\n\n\n<figure class=\"wp-block-image size-large\"><img loading=\"lazy\" decoding=\"async\" width=\"1024\" height=\"486\" src=\"https:\/\/ready-os.com\/wp-content\/uploads\/2022\/10\/r15-2-1024x486.png\" alt=\"Dost\u0119p do karty pracy z poziomu widoku miesi\u0119cznego\" class=\"wp-image-12281\" srcset=\"https:\/\/www2.ready-os.com\/wp-content\/uploads\/2022\/10\/r15-2-1024x486.png 1024w, https:\/\/www2.ready-os.com\/wp-content\/uploads\/2022\/10\/r15-2-300x142.png 300w, https:\/\/www2.ready-os.com\/wp-content\/uploads\/2022\/10\/r15-2-768x364.png 768w, https:\/\/www2.ready-os.com\/wp-content\/uploads\/2022\/10\/r15-2.png 1317w\" sizes=\"(max-width: 1024px) 100vw, 1024px\" \/><figcaption>Dost\u0119p do karty pracy z poziomu widoku miesi\u0119cznego<\/figcaption><\/figure>\n\n\n\n<p>Klikni\u0119cie wybranej pozycji na li\u015bcie otworzy opisan\u0105 nieco wcze\u015bniej <strong>Kart\u0119 pracy<\/strong>.<\/p>\n\n\n\n<p>Ostatni z widok\u00f3w \u2013 <strong>Lista obecno\u015bci<\/strong> \u2013 r\u00f3\u017cni si\u0119 od tego, co opisano powy\u017cej. Tutaj u\u017cytkownik domy\u015blnie widzi swoje obecno\u015bci w pracy. Je\u017celi uprawnienia na to pozwalaj\u0105, widoczne s\u0105 r\u00f3wnie\u017c grafiki pracy innych pracownik\u00f3w (na przyk\u0142ad swoich podw\u0142adnych).<\/p>\n\n\n\n<p>Widok zak\u0142adki zawiera o\u015b kalendarza. Ka\u017cdy dzie\u0144 to jedna kratka, kt\u00f3ra mo\u017ce przybiera\u0107 r\u00f3\u017cne kolory, tak jak to wida\u0107 na grafice poni\u017cej. Ka\u017cdy z kolor\u00f3w ma okre\u015blone znaczenie.<\/p>\n\n\n<div class=\"wp-block-image\">\n<figure class=\"aligncenter size-large\"><img loading=\"lazy\" decoding=\"async\" width=\"1024\" height=\"323\" src=\"https:\/\/ready-os.com\/wp-content\/uploads\/2022\/10\/r16-2-1024x323.png\" alt=\"Widok listy obecno\u015bci - szczeg\u00f3\u0142y\" class=\"wp-image-12283\" srcset=\"https:\/\/www2.ready-os.com\/wp-content\/uploads\/2022\/10\/r16-2-1024x323.png 1024w, https:\/\/www2.ready-os.com\/wp-content\/uploads\/2022\/10\/r16-2-300x95.png 300w, https:\/\/www2.ready-os.com\/wp-content\/uploads\/2022\/10\/r16-2-768x242.png 768w, https:\/\/www2.ready-os.com\/wp-content\/uploads\/2022\/10\/r16-2.png 1126w\" sizes=\"(max-width: 1024px) 100vw, 1024px\" \/><figcaption>Widok listy obecno\u015bci<\/figcaption><\/figure><\/div>\n\n\n<p>Klikni\u0119cie osi kalendarza (w dowolnym miejscu) lub nazwiska pracownika otworzy szczeg\u00f3\u0142owy widok wraz z obja\u015bnieniem kolor\u00f3w.<\/p>\n\n\n<div class=\"wp-block-image\">\n<figure class=\"aligncenter size-large\"><img loading=\"lazy\" decoding=\"async\" width=\"1024\" height=\"481\" src=\"https:\/\/ready-os.com\/wp-content\/uploads\/2022\/10\/r17-2-1024x481.png\" alt=\"Widok listy obecno\u015bci - szczeg\u00f3\u0142y\" class=\"wp-image-12285\" srcset=\"https:\/\/www2.ready-os.com\/wp-content\/uploads\/2022\/10\/r17-2-1024x481.png 1024w, https:\/\/www2.ready-os.com\/wp-content\/uploads\/2022\/10\/r17-2-300x141.png 300w, https:\/\/www2.ready-os.com\/wp-content\/uploads\/2022\/10\/r17-2-768x360.png 768w, https:\/\/www2.ready-os.com\/wp-content\/uploads\/2022\/10\/r17-2.png 1189w\" sizes=\"(max-width: 1024px) 100vw, 1024px\" \/><figcaption>Widok listy obecno\u015bci &#8211; szczeg\u00f3\u0142y<\/figcaption><\/figure><\/div>\n\n\n<p>Widok szczeg\u00f3\u0142owy dla ka\u017cdego dnia zawiera literowe i kolorystyczne oznaczenie statusu pracownika. Na przyk\u0142ad zielony napis <strong>OB<\/strong> oznacza obecno\u015b\u0107. Ka\u017cde ze stosowanych oznacze\u0144 jest wyja\u015bnione w legendzie po prawej stronie. Legenda jest tworzona dynamicznie i zawiera wyja\u015bnienia dla oznacze\u0144, kt\u00f3re wyst\u0119puj\u0105 w danym okresie.<\/p>\n\n\n\n<p>Poza nazwami i kolorami widoczne mog\u0105 by\u0107 r\u00f3wnie\u017c piktogramy, kt\u00f3re m\u00f3wi\u0105 na przyk\u0142ad o tym, czy dany dzie\u0144 pracownik przepracowa\u0142 zdalnie lub stacjonarnie albo czy odnotowano wtedy nadgodziny.<\/p>\n","protected":false},"excerpt":{"rendered":"<p>Okno modu\u0142u Czas pracy, Filtrowanie, Przegl\u0105danie aktywno\u015bci, Modu\u0142 Czas Pracy to narz\u0119dzie, kt\u00f3re w spos\u00f3b kompleksowy pozwala na zarz\u0105dzanie rejestracj\u0105 i rozliczaniem czasu pracy. Modu\u0142 adresowany jest do pracownik\u00f3w, kt\u00f3rzy za jego pomoc\u0105 odnotowuj\u0105 godziny swojej pracy. Z narz\u0119dzia korzystaj\u0105 r\u00f3wnie\u017c osoby rozliczaj\u0105ce czas pracy i na jego podstawie kontroluj\u0105ce pracownik\u00f3w. Warto w tym miejscu [&hellip;]<\/p>\n","protected":false},"author":27,"featured_media":0,"comment_status":"closed","ping_status":"closed","template":"","meta":[],"doc_category":[105],"doc_tag":[],"knowledge_base":[169],"_links":{"self":[{"href":"https:\/\/www2.ready-os.com\/pl\/wp-json\/wp\/v2\/docs\/12245"}],"collection":[{"href":"https:\/\/www2.ready-os.com\/pl\/wp-json\/wp\/v2\/docs"}],"about":[{"href":"https:\/\/www2.ready-os.com\/pl\/wp-json\/wp\/v2\/types\/docs"}],"author":[{"embeddable":true,"href":"https:\/\/www2.ready-os.com\/pl\/wp-json\/wp\/v2\/users\/27"}],"replies":[{"embeddable":true,"href":"https:\/\/www2.ready-os.com\/pl\/wp-json\/wp\/v2\/comments?post=12245"}],"version-history":[{"count":8,"href":"https:\/\/www2.ready-os.com\/pl\/wp-json\/wp\/v2\/docs\/12245\/revisions"}],"predecessor-version":[{"id":12470,"href":"https:\/\/www2.ready-os.com\/pl\/wp-json\/wp\/v2\/docs\/12245\/revisions\/12470"}],"wp:attachment":[{"href":"https:\/\/www2.ready-os.com\/pl\/wp-json\/wp\/v2\/media?parent=12245"}],"wp:term":[{"taxonomy":"doc_category","embeddable":true,"href":"https:\/\/www2.ready-os.com\/pl\/wp-json\/wp\/v2\/doc_category?post=12245"},{"taxonomy":"doc_tag","embeddable":true,"href":"https:\/\/www2.ready-os.com\/pl\/wp-json\/wp\/v2\/doc_tag?post=12245"},{"taxonomy":"knowledge_base","embeddable":true,"href":"https:\/\/www2.ready-os.com\/pl\/wp-json\/wp\/v2\/knowledge_base?post=12245"}],"curies":[{"name":"wp","href":"https:\/\/api.w.org\/{rel}","templated":true}]}}