{"id":12120,"date":"2022-10-28T18:34:51","date_gmt":"2022-10-28T16:34:51","guid":{"rendered":"https:\/\/ready-os.com\/?post_type=docs&#038;p=12120"},"modified":"2022-10-31T09:18:59","modified_gmt":"2022-10-31T08:18:59","slug":"konfiguracja-kalendarza","status":"publish","type":"docs","link":"https:\/\/www2.ready-os.com\/pl\/docs\/system\/konfiguracja-kalendarza\/","title":{"rendered":"Konfiguracja kalendarza"},"content":{"rendered":"\n<ul class=\"has-background\" style=\"background-color:#fdf6f6\"><li><a href=\"#1\">Zarz\u0105dzanie kalendarzami korporacyjnymi<\/a>,<\/li><li><a href=\"#2\">Kategorie zdarze\u0144<\/a>,<\/li><li><a href=\"#3\">Zarz\u0105dzanie kalendarzem<\/a>,<\/li><li><a href=\"#4\">Uprawnienia do kalendarza<\/a>,<ul><li><a href=\"#5\">Uprawnienia systemowe do tworzenia, edycji i usuwania<\/a>,<\/li><li><a href=\"#6\">Dost\u0119p do kalendarzy<\/a>,<\/li><\/ul><\/li><\/ul>\n\n\n\n<p>W ramach modu\u0142u <strong>Kalendarz <\/strong>administrator systemu mo\u017ce wprowadzi\u0107 kilka zmian, kt\u00f3re mog\u0105 by\u0107 istotne z punktu widzenia u\u017cytkownika. Istotne elementy opisano w dalszej cz\u0119\u015bci niniejszego artyku\u0142u.<\/p>\n\n\n\n<h2 class=\"wp-block-heading\" id=\"1\">Zarz\u0105dzanie kalendarzami korporacyjnymi<\/h2>\n\n\n\n<p>U\u017cytkownicy systemu <strong>Ready_<sup>TM<\/sup><\/strong> w ramach modu\u0142u <strong>Kalendarz<\/strong> mog\u0105 mie\u0107 dost\u0119p do tzw. <strong>kalendarzy<\/strong> <strong>korporacyjnych<\/strong>. Rozwi\u0105zanie to jest wykorzystywane do tworzenia kalendarzy, kt\u00f3re z za\u0142o\u017cenia dost\u0119pne s\u0105 dla wszystkich zainteresowanych pracownik\u00f3w. Kalendarz korporacyjny domy\u015blnie nie jest widoczny na koncie pracownika. Konieczna jest jego subskrypcja oraz nadanie odpowiednich uprawnie\u0144 pracownikowi.<\/p>\n\n\n\n<p>Aby utworzy\u0107 nowy kalendarz korporacyjny, nale\u017cy:<\/p>\n\n\n\n<ol type=\"1\"><li>klikn\u0105\u0107 przycisk <strong>Aplikacje<\/strong><strong>,<\/strong> a potem <strong>Ustawienia aplikacji<\/strong><strong>;<\/strong><\/li><li>w nowym oknie nale\u017cy kolejno klikn\u0105\u0107 <strong>SYSTEMOWE<\/strong><strong>,<\/strong> a potem odszuka\u0107 sekcj\u0119 <strong>GROUPWARE<\/strong>. Przy opcji <strong>Kalendarze korporacyjne<\/strong> nale\u017cy klikn\u0105\u0107 przycisk <strong>OTW\u00d3RZ<\/strong><strong>;<\/strong><\/li><\/ol>\n\n\n<div class=\"wp-block-image\">\n<figure class=\"aligncenter size-large\"><img loading=\"lazy\" decoding=\"async\" width=\"1024\" height=\"562\" src=\"https:\/\/ready-os.com\/wp-content\/uploads\/2022\/10\/r83-1024x562.png\" alt=\"Tworzenie kalendarza korporacyjnego - krok pierwszy\" class=\"wp-image-12725\" srcset=\"https:\/\/www2.ready-os.com\/wp-content\/uploads\/2022\/10\/r83-1024x562.png 1024w, https:\/\/www2.ready-os.com\/wp-content\/uploads\/2022\/10\/r83-300x165.png 300w, https:\/\/www2.ready-os.com\/wp-content\/uploads\/2022\/10\/r83-768x421.png 768w, https:\/\/www2.ready-os.com\/wp-content\/uploads\/2022\/10\/r83.png 1287w\" sizes=\"(max-width: 1024px) 100vw, 1024px\" \/><figcaption>Tworzenie kalendarza korporacyjnego &#8211; krok pierwszy<\/figcaption><\/figure><\/div>\n\n\n<ol start=\"3\"><li>w nowym oknie klikn\u0105\u0107 przycisk <strong>Nowy<\/strong>. W nowym oknie w polu <strong>Opis<\/strong> nale\u017cy poda\u0107 nazw\u0119 nowego kalendarza i klikn\u0105\u0107 przycisk <strong>OK;<\/strong><\/li><\/ol>\n\n\n<div class=\"wp-block-image\">\n<figure class=\"aligncenter size-full\"><img loading=\"lazy\" decoding=\"async\" width=\"550\" height=\"336\" src=\"https:\/\/ready-os.com\/wp-content\/uploads\/2022\/10\/r84.png\" alt=\"Tworzenie kalendarza korporacyjnego - krok drugi\" class=\"wp-image-12727\" srcset=\"https:\/\/www2.ready-os.com\/wp-content\/uploads\/2022\/10\/r84.png 550w, https:\/\/www2.ready-os.com\/wp-content\/uploads\/2022\/10\/r84-300x183.png 300w\" sizes=\"(max-width: 550px) 100vw, 550px\" \/><figcaption>Tworzenie kalendarza korporacyjnego &#8211; krok drugi<\/figcaption><\/figure><\/div>\n\n\n<ol start=\"4\"><li>nowy kalendarz pojawi si\u0119 na li\u015bcie;<\/li><\/ol>\n\n\n<div class=\"wp-block-image\">\n<figure class=\"aligncenter size-full\"><img loading=\"lazy\" decoding=\"async\" width=\"552\" height=\"248\" src=\"https:\/\/ready-os.com\/wp-content\/uploads\/2022\/10\/r85.png\" alt=\"Tworzenie kalendarza korporacyjnego - krok trzeci\" class=\"wp-image-12729\" srcset=\"https:\/\/www2.ready-os.com\/wp-content\/uploads\/2022\/10\/r85.png 552w, https:\/\/www2.ready-os.com\/wp-content\/uploads\/2022\/10\/r85-300x135.png 300w\" sizes=\"(max-width: 552px) 100vw, 552px\" \/><figcaption>Tworzenie kalendarza korporacyjnego &#8211; krok trzeci<\/figcaption><\/figure><\/div>\n\n\n<ol start=\"5\"><li>po dodaniu kalendarza konieczne jest poddanie go edycji i nadanie uprawnie\u0144. Nale\u017cy zaznaczy\u0107 kalendarz na li\u015bcie i klikn\u0105\u0107 przycisk <strong>Edytuj;<\/strong><\/li><li>w nowym oknie nale\u017cy klikn\u0105\u0107 przycisk <strong>Uprawnieni;<\/strong><\/li><\/ol>\n\n\n<div class=\"wp-block-image\">\n<figure class=\"aligncenter size-full\"><img loading=\"lazy\" decoding=\"async\" width=\"551\" height=\"426\" src=\"https:\/\/ready-os.com\/wp-content\/uploads\/2022\/10\/r86.png\" alt=\"Tworzenie kalendarza korporacyjnego - krok czwarty\" class=\"wp-image-12732\" srcset=\"https:\/\/www2.ready-os.com\/wp-content\/uploads\/2022\/10\/r86.png 551w, https:\/\/www2.ready-os.com\/wp-content\/uploads\/2022\/10\/r86-300x232.png 300w\" sizes=\"(max-width: 551px) 100vw, 551px\" \/><figcaption>Tworzenie kalendarza korporacyjnego &#8211; krok czwarty<\/figcaption><\/figure><\/div>\n\n\n<ol start=\"7\"><li>w nowym oknie nale\u017cy wskaza\u0107 pracownik\u00f3w, kt\u00f3rzy b\u0119d\u0105 mogli subskrybowa\u0107 kalendarz korporacyjny:<ul><li>kolumna <strong>Pracownicy<\/strong> \u2013 odszuka\u0107 i klikn\u0105\u0107 nazwisko pracownika, kt\u00f3ry ma zyska\u0107 dost\u0119p do kalendarza;<\/li><\/ul><ul><li>pomi\u0119dzy lew\u0105 i praw\u0105 kolumn\u0105 klikn\u0105\u0107 strza\u0142k\u0119 skierowan\u0105 w praw\u0105 stron\u0119;<\/li><\/ul><ul><li>w nowym oknie okre\u015bli\u0107 poziom uprawnie\u0144 i klikn\u0105\u0107 przycisk <strong>OK<\/strong>. Opcja <strong>U\u017cycie<\/strong> pozwala na dodawanie i usuwanie zdarze\u0144. Opcja <strong>Subskrypcja<\/strong> pozwala jedynie na zasubskrybowanie kalendarza i jego przegl\u0105danie bez prawa dodawania nowych zdarze\u0144;<\/li><\/ul><\/li><\/ol>\n\n\n<div class=\"wp-block-image\">\n<figure class=\"aligncenter size-full\"><img loading=\"lazy\" decoding=\"async\" width=\"772\" height=\"589\" src=\"https:\/\/ready-os.com\/wp-content\/uploads\/2022\/10\/r87.png\" alt=\"Tworzenie kalendarza korporacyjnego - krok pi\u0105ty\" class=\"wp-image-12734\" srcset=\"https:\/\/www2.ready-os.com\/wp-content\/uploads\/2022\/10\/r87.png 772w, https:\/\/www2.ready-os.com\/wp-content\/uploads\/2022\/10\/r87-300x229.png 300w, https:\/\/www2.ready-os.com\/wp-content\/uploads\/2022\/10\/r87-768x586.png 768w\" sizes=\"(max-width: 772px) 100vw, 772px\" \/><figcaption>Tworzenie kalendarza korporacyjnego &#8211; krok pi\u0105ty<\/figcaption><\/figure><\/div>\n\n\n<ol start=\"8\"><li>pracownik zostanie przeniesiony z lewej do prawej kolumny;<\/li><li>po zamkni\u0119ciu okna pracownicy zobacz\u0105 kalendarz i b\u0119d\u0105 mogli go zasubskrybowa\u0107.<\/li><\/ol>\n\n\n\n<p>Aby usun\u0105\u0107 kalendarz korporacyjny, nale\u017cy:<\/p>\n\n\n\n<ol type=\"1\"><li>klikn\u0105\u0107 przycisk <strong>Aplikacje<\/strong><strong>,<\/strong> a potem <strong>Ustawienia aplikacji<\/strong><strong>;<\/strong><\/li><li>w nowym oknie nale\u017cy kolejno klikn\u0105\u0107 <strong>SYSTEMOWE<\/strong><strong>,<\/strong> a potem odszuka\u0107 sekcj\u0119 <strong>GROUPWARE<\/strong>. Przy opcji <strong>Kalendarze korporacyjne<\/strong> nale\u017cy klikn\u0105\u0107 przycisk <strong>OTW\u00d3RZ<\/strong><strong>;<\/strong><\/li><\/ol>\n\n\n<div class=\"wp-block-image\">\n<figure class=\"aligncenter size-large\"><img loading=\"lazy\" decoding=\"async\" width=\"1024\" height=\"398\" src=\"https:\/\/ready-os.com\/wp-content\/uploads\/2022\/10\/r88-1024x398.png\" alt=\"Usuwanie kalendarza korporacyjnego - krok pierwszy\" class=\"wp-image-12736\" srcset=\"https:\/\/www2.ready-os.com\/wp-content\/uploads\/2022\/10\/r88-1024x398.png 1024w, https:\/\/www2.ready-os.com\/wp-content\/uploads\/2022\/10\/r88-300x116.png 300w, https:\/\/www2.ready-os.com\/wp-content\/uploads\/2022\/10\/r88-768x298.png 768w, https:\/\/www2.ready-os.com\/wp-content\/uploads\/2022\/10\/r88.png 1468w\" sizes=\"(max-width: 1024px) 100vw, 1024px\" \/><figcaption>Usuwanie kalendarza korporacyjnego &#8211; krok pierwszy<\/figcaption><\/figure><\/div>\n\n\n<ol start=\"3\"><li>w nowym oknie zaznaczy\u0107 kalendarz na li\u015bcie, a nast\u0119pnie klikn\u0105\u0107 przycisk <strong>Usu\u0144;<\/strong><\/li><\/ol>\n\n\n<div class=\"wp-block-image\">\n<figure class=\"aligncenter size-full\"><img loading=\"lazy\" decoding=\"async\" width=\"549\" height=\"254\" src=\"https:\/\/ready-os.com\/wp-content\/uploads\/2022\/10\/r89.png\" alt=\"Usuwanie kalendarza korporacyjnego - krok drugi\" class=\"wp-image-12738\" srcset=\"https:\/\/www2.ready-os.com\/wp-content\/uploads\/2022\/10\/r89.png 549w, https:\/\/www2.ready-os.com\/wp-content\/uploads\/2022\/10\/r89-300x139.png 300w\" sizes=\"(max-width: 549px) 100vw, 549px\" \/><figcaption>Usuwanie kalendarza korporacyjnego &#8211; krok drugi<\/figcaption><\/figure><\/div>\n\n\n<ol start=\"4\"><li>usuni\u0119cie kalendarza wymaga potwierdzenia w dodatkowym oknie, w kt\u00f3rym nale\u017cy klikn\u0105\u0107 przycisk <strong>USU\u0143<\/strong>. Dopiero po potwierdzeniu kalendarz zostanie usuni\u0119ty.<\/li><\/ol>\n\n\n\n<h2 class=\"wp-block-heading\" id=\"2\">Kategorie zdarze\u0144<\/h2>\n\n\n\n<p>Dodaj\u0105c zdarzenie do kalendarza, mo\u017cliwe jest wykorzystanie opcji kategorii. Rozwi\u0105zanie to przydaje si\u0119 w sytuacji, gdy zdarzenia tego samego typu s\u0105 regularnie dodawane. Skorzystanie ze zdefiniowanej kategorii przy\u015bpiesza proces dodawania zdarzenia oraz pozwala na zachowanie konwencji nazewnictwa.<\/p>\n\n\n\n<p>Aby doda\u0107 kategori\u0119 zdarzenia, nale\u017cy:<\/p>\n\n\n\n<ol type=\"1\"><li>klikn\u0105\u0107 przycisk <strong>Aplikacje<\/strong> i wybra\u0107 opcj\u0119 <strong>Ustawienia aplikacji<\/strong><strong>;<\/strong><\/li><li>w nowym oknie klikn\u0105\u0107 opcj\u0119 <strong>SYSTEMOWE<\/strong><strong>,<\/strong> a nast\u0119pnie w sekcji <strong>GROUPWARE<\/strong> przycisk <strong>OTW\u00d3RZ<\/strong> widoczny przy opcji <strong>Kategorie zdarze\u0144<\/strong><strong>;<\/strong><\/li><\/ol>\n\n\n<div class=\"wp-block-image\">\n<figure class=\"aligncenter size-large\"><img loading=\"lazy\" decoding=\"async\" width=\"1024\" height=\"538\" src=\"https:\/\/ready-os.com\/wp-content\/uploads\/2022\/10\/r90-1024x538.png\" alt=\"Tworzenie nowej kategorii zdarzenia - krok pierwszy\" class=\"wp-image-12744\" srcset=\"https:\/\/www2.ready-os.com\/wp-content\/uploads\/2022\/10\/r90-1024x538.png 1024w, https:\/\/www2.ready-os.com\/wp-content\/uploads\/2022\/10\/r90-300x158.png 300w, https:\/\/www2.ready-os.com\/wp-content\/uploads\/2022\/10\/r90-768x403.png 768w, https:\/\/www2.ready-os.com\/wp-content\/uploads\/2022\/10\/r90.png 1280w\" sizes=\"(max-width: 1024px) 100vw, 1024px\" \/><figcaption>Tworzenie nowej kategorii zdarzenia &#8211; krok pierwszy<\/figcaption><\/figure><\/div>\n\n\n<ol start=\"3\"><li>w kolejnym nowym oknie klikn\u0105\u0107 przycisk <strong>Nowa<\/strong> i wype\u0142ni\u0107 pola zgodnie z instrukcj\u0105 poni\u017cej;<ul><li><strong>Opis<\/strong> \u2013 opis zdarzenia, kt\u00f3ry pojawi si\u0119 w polu tematu i na siatce kalendarza;<\/li><\/ul><ul><li><strong>Typ<\/strong> \u2013 z listy nale\u017cy wybra\u0107 typ zdarzenia. Dost\u0119pne opcje odpowiadaj\u0105 temu, jakiego typu zdarzenia mo\u017cna utworzy\u0107 \u2013 <strong>Spotkanie<\/strong>, <strong>Termin<\/strong>, <strong>Zadanie <\/strong>oraz <strong>Rozmowa telefoniczna<\/strong>;<\/li><\/ul><ul><li><strong>Domy\u015blna<\/strong> \u2013 zaznaczenie tej opcji spowoduje, \u017ce dana kategoria b\u0119dzie domy\u015blnie wybierana dla konkretnego typu zdarzenia;<\/li><\/ul><ul><li>nast\u0119pnie klikn\u0105\u0107 przycisk <strong>ZAPISZ;<\/strong><\/li><\/ul><\/li><\/ol>\n\n\n<div class=\"wp-block-image\">\n<figure class=\"aligncenter size-full\"><img loading=\"lazy\" decoding=\"async\" width=\"573\" height=\"568\" src=\"https:\/\/ready-os.com\/wp-content\/uploads\/2022\/10\/r91.png\" alt=\"Tworzenie nowej kategorii zdarzenia - krok drugi\" class=\"wp-image-12746\" srcset=\"https:\/\/www2.ready-os.com\/wp-content\/uploads\/2022\/10\/r91.png 573w, https:\/\/www2.ready-os.com\/wp-content\/uploads\/2022\/10\/r91-300x297.png 300w, https:\/\/www2.ready-os.com\/wp-content\/uploads\/2022\/10\/r91-150x150.png 150w, https:\/\/www2.ready-os.com\/wp-content\/uploads\/2022\/10\/r91-128x128.png 128w\" sizes=\"(max-width: 573px) 100vw, 573px\" \/><figcaption>Tworzenie nowej kategorii zdarzenia &#8211; krok drugi<\/figcaption><\/figure><\/div>\n\n\n<ol start=\"4\"><li>nowa kategoria pojawi si\u0119 na li\u015bcie w oknie widocznym poni\u017cej. Je\u017celi zajdzie taka potrzeba, to za pomoc\u0105 przycisk\u00f3w <strong>Usu\u0144<\/strong> lub <strong>Edytuj<\/strong> mo\u017cna usun\u0105\u0107 lub zmieni\u0107 wpis na li\u015bcie. Wystarczy klikn\u0105\u0107 dan\u0105 pozycj\u0119, a potem odpowiedni przycisk;<\/li><\/ol>\n\n\n<div class=\"wp-block-image\">\n<figure class=\"aligncenter size-full\"><img loading=\"lazy\" decoding=\"async\" width=\"470\" height=\"290\" src=\"https:\/\/ready-os.com\/wp-content\/uploads\/2022\/10\/r92.png\" alt=\"Tworzenie nowej kategorii zdarzenia - krok trzeci\" class=\"wp-image-12748\" srcset=\"https:\/\/www2.ready-os.com\/wp-content\/uploads\/2022\/10\/r92.png 470w, https:\/\/www2.ready-os.com\/wp-content\/uploads\/2022\/10\/r92-300x185.png 300w\" sizes=\"(max-width: 470px) 100vw, 470px\" \/><figcaption>Tworzenie nowej kategorii zdarzenia &#8211; krok trzeci<\/figcaption><\/figure><\/div>\n\n\n<ol start=\"5\"><li>po zako\u0144czeniu tworzenia, edytowania lub usuwania kategorii mo\u017cna zamkn\u0105\u0107 okno <strong>Kategorii zdarze\u0144<\/strong> oraz <strong>Ustawienia aplikacji;<\/strong><\/li><\/ol>\n\n\n\n<p>Aby skorzysta\u0107 z kategorii zdarzenia, nale\u017cy:<\/p>\n\n\n\n<ol type=\"1\"><li>w\u0142\u0105czy\u0107 modu\u0142 <strong>Kalendarz<\/strong><strong>;<\/strong><\/li><li>klikn\u0105\u0107 przycisk <strong>Dodaj<\/strong> i wybra\u0107 typ zdarzenia;<\/li><li>w nowym oknie w zak\u0142adce <strong>Og\u00f3lne<\/strong> wybra\u0107 odpowiedni\u0105 kategori\u0119 z listy;<\/li><\/ol>\n\n\n<div class=\"wp-block-image\">\n<figure class=\"aligncenter size-full\"><img loading=\"lazy\" decoding=\"async\" width=\"837\" height=\"397\" src=\"https:\/\/ready-os.com\/wp-content\/uploads\/2022\/10\/r93.png\" alt=\"Wykorzystanie kategorii zdarzenia w praktyce\" class=\"wp-image-12750\" srcset=\"https:\/\/www2.ready-os.com\/wp-content\/uploads\/2022\/10\/r93.png 837w, https:\/\/www2.ready-os.com\/wp-content\/uploads\/2022\/10\/r93-300x142.png 300w, https:\/\/www2.ready-os.com\/wp-content\/uploads\/2022\/10\/r93-768x364.png 768w\" sizes=\"(max-width: 837px) 100vw, 837px\" \/><figcaption>Wykorzystanie kategorii zdarzenia w praktyce<\/figcaption><\/figure><\/div>\n\n\n<ol start=\"4\"><li>wprowadzi\u0107 reszt\u0119 ustawie\u0144 zgodnie z potrzebami i zapisa\u0107 zdarzenie.<\/li><\/ol>\n\n\n\n<h2 class=\"wp-block-heading\" id=\"3\">Zarz\u0105dzanie kalendarzem<\/h2>\n\n\n\n<p>Domy\u015blnie ka\u017cdy u\u017cytkownik posiada jeden kalendarz, kt\u00f3ry zak\u0142ada, \u017ce tydzie\u0144 roboczy trwa od poniedzia\u0142ku do pi\u0105tku w godzinach od 8:00 do 16:00. W ten sam spos\u00f3b skonfigurowano wszystkie kolejne tygodnie. Je\u017celi jednak dzia\u0142anie firmy wymaga specyficznych konfiguracji, to administrator systemu mo\u017ce dokona\u0107 korekty ustawie\u0144, tak by lepiej pasowa\u0142y do potrzeb.<\/p>\n\n\n\n<p>Aby zmieni\u0107 domy\u015blne ustawienia godzin pracy, nale\u017cy:<\/p>\n\n\n\n<ol type=\"1\"><li>klikn\u0105\u0107 przycisk <strong>Aplikacje<\/strong><strong>,<\/strong> a potem <strong>Ustawienia aplikacji<\/strong><strong>;<\/strong><\/li><li>w nowym oknie klikn\u0105\u0107 opcj\u0119 <strong>SYSTEMOWE<\/strong><strong>,<\/strong> a dalej w sekcji <strong>GROUPWARE<\/strong> przycisk <strong>OTW\u00d3RZ<\/strong> obok opcji <strong>Kalendarze<\/strong><strong>;<\/strong><\/li><\/ol>\n\n\n<div class=\"wp-block-image\">\n<figure class=\"aligncenter size-large\"><img loading=\"lazy\" decoding=\"async\" width=\"1024\" height=\"422\" src=\"https:\/\/ready-os.com\/wp-content\/uploads\/2022\/10\/r94-1024x422.png\" alt=\"Zmiana domy\u015blnych godzin pracy - krok pierwszy\" class=\"wp-image-12753\" srcset=\"https:\/\/www2.ready-os.com\/wp-content\/uploads\/2022\/10\/r94-1024x422.png 1024w, https:\/\/www2.ready-os.com\/wp-content\/uploads\/2022\/10\/r94-300x124.png 300w, https:\/\/www2.ready-os.com\/wp-content\/uploads\/2022\/10\/r94-768x317.png 768w, https:\/\/www2.ready-os.com\/wp-content\/uploads\/2022\/10\/r94.png 1241w\" sizes=\"(max-width: 1024px) 100vw, 1024px\" \/><figcaption>Zmiana domy\u015blnych godzin pracy &#8211; krok pierwszy<\/figcaption><\/figure><\/div>\n\n\n<ol start=\"3\"><li>w nast\u0119pnym nowym oknie klikn\u0105\u0107 <strong>Domy\u015blny kalendarz,<\/strong> a potem przycisk <strong>Zarz\u0105dzaj;<\/strong><\/li><\/ol>\n\n\n<div class=\"wp-block-image\">\n<figure class=\"aligncenter size-full\"><img loading=\"lazy\" decoding=\"async\" width=\"771\" height=\"254\" src=\"https:\/\/ready-os.com\/wp-content\/uploads\/2022\/10\/r95.png\" alt=\"Zmiana domy\u015blnych godzin pracy - krok drugi\" class=\"wp-image-12755\" srcset=\"https:\/\/www2.ready-os.com\/wp-content\/uploads\/2022\/10\/r95.png 771w, https:\/\/www2.ready-os.com\/wp-content\/uploads\/2022\/10\/r95-300x99.png 300w, https:\/\/www2.ready-os.com\/wp-content\/uploads\/2022\/10\/r95-768x253.png 768w\" sizes=\"(max-width: 771px) 100vw, 771px\" \/><figcaption>Zmiana domy\u015blnych godzin pracy &#8211; krok drugi<\/figcaption><\/figure><\/div>\n\n\n<ol start=\"4\"><li>w kolejnym nowym oknie klikn\u0105\u0107 zak\u0142adk\u0119 <strong>Tydzie\u0144<\/strong> <strong>pracy<\/strong>, potem pozycj\u0119 <strong>Domy\u015blne<\/strong> i przycisk z symbolem o\u0142\u00f3wka (<strong>Edycja<\/strong>);<\/li><\/ol>\n\n\n<div class=\"wp-block-image\">\n<figure class=\"aligncenter size-full\"><img loading=\"lazy\" decoding=\"async\" width=\"794\" height=\"605\" src=\"https:\/\/ready-os.com\/wp-content\/uploads\/2022\/10\/r96.png\" alt=\"Zmiana domy\u015blnych godzin pracy - krok trzeci\" class=\"wp-image-12757\" srcset=\"https:\/\/www2.ready-os.com\/wp-content\/uploads\/2022\/10\/r96.png 794w, https:\/\/www2.ready-os.com\/wp-content\/uploads\/2022\/10\/r96-300x229.png 300w, https:\/\/www2.ready-os.com\/wp-content\/uploads\/2022\/10\/r96-768x585.png 768w\" sizes=\"(max-width: 794px) 100vw, 794px\" \/><figcaption>Zmiana domy\u015blnych godzin pracy &#8211; krok trzeci<\/figcaption><\/figure><\/div>\n\n\n<ol start=\"5\"><li>na ekranie pojawi si\u0119 kolejne okno, kt\u00f3re pozwala na wprowadzenie zmian dla ka\u017cdego dnia tygodnia;<\/li><li>dzie\u0144 wolny lub roboczy \u2013 to pierwsza z opcji, jakie mo\u017cna zmieni\u0107;<ul><li>w polu <strong>Wybierz dzie\u0144<\/strong> nale\u017cy wybra\u0107 dzie\u0144, kt\u00f3ry ma zosta\u0107 poddany edycji;<\/li><\/ul><ul><li>w polu <strong>Okre\u015bl<\/strong> <strong>jako<\/strong> nale\u017cy zaznaczy\u0107 jedn\u0105 z opcji \u2013 <strong>niepracuj\u0105cy<\/strong> lub <strong>pracuj\u0105cy<\/strong> wed\u0142ug potrzeb;<\/li><\/ul><ul><li>zmiany nale\u017cy wprowadzi\u0107 dla ka\u017cdego dnia tygodnia, kt\u00f3ry tego wymaga;<\/li><\/ul><\/li><\/ol>\n\n\n<div class=\"wp-block-image\">\n<figure class=\"aligncenter size-full\"><img loading=\"lazy\" decoding=\"async\" width=\"440\" height=\"468\" src=\"https:\/\/ready-os.com\/wp-content\/uploads\/2022\/10\/r97.png\" alt=\"Zmiana domy\u015blnych godzin pracy - krok czwarty\" class=\"wp-image-12759\" srcset=\"https:\/\/www2.ready-os.com\/wp-content\/uploads\/2022\/10\/r97.png 440w, https:\/\/www2.ready-os.com\/wp-content\/uploads\/2022\/10\/r97-282x300.png 282w\" sizes=\"(max-width: 440px) 100vw, 440px\" \/><figcaption>Zmiana domy\u015blnych godzin pracy &#8211; krok czwarty<\/figcaption><\/figure><\/div>\n\n\n<ol start=\"7\"><li>godziny pracy \u2013 to druga z domy\u015blnych opcji, kt\u00f3re mo\u017cna zmieni\u0107:<ul><li>w polu <strong>Wybierz dzie<\/strong><em>\u0144<\/em> nale\u017cy zaznaczy\u0107 dzie\u0144, dla kt\u00f3rego planowane s\u0105 zmiany;<\/li><\/ul><ul><li>w sekcji <strong>Zakres godzin<\/strong> klikn\u0105\u0107 przycisk z symbolem o\u0142\u00f3wka (<strong>Edycja godzin pracy<\/strong>);<\/li><\/ul><ul><li>w nowym oknie mo\u017cliwe jest wprowadzenie nowych godzin rozpocz\u0119cia i zako\u0144czenia pracy;<\/li><\/ul><ul><li>zamiany trzeba zapisa\u0107, klikaj\u0105c przycisk <strong>ZAPISZ;<\/strong><\/li><\/ul><\/li><\/ol>\n\n\n<div class=\"wp-block-image\">\n<figure class=\"aligncenter size-full\"><img loading=\"lazy\" decoding=\"async\" width=\"441\" height=\"553\" src=\"https:\/\/ready-os.com\/wp-content\/uploads\/2022\/10\/r98.png\" alt=\"\" class=\"wp-image-12761\" srcset=\"https:\/\/www2.ready-os.com\/wp-content\/uploads\/2022\/10\/r98.png 441w, https:\/\/www2.ready-os.com\/wp-content\/uploads\/2022\/10\/r98-239x300.png 239w\" sizes=\"(max-width: 441px) 100vw, 441px\" \/><figcaption>Zmiana domy\u015blnych godzin pracy &#8211; krok pi\u0105ty<\/figcaption><\/figure><\/div>\n\n\n<ol start=\"8\"><li>po wprowadzeniu zmian dla ka\u017cdego z dni tygodnia nale\u017cy klikn\u0105\u0107 przycisk <strong>ZAPISZ<\/strong>. Zmiany zostan\u0105 zachowane i pojawi\u0105 si\u0119 na koncie ka\u017cdego pracownika, kt\u00f3ry u\u017cywa domy\u015blnego kalendarza;<\/li><li>informacje o zmianach b\u0119d\u0105 widoczne w oknie podgl\u0105du, wystarczy klikn\u0105\u0107 odpowiedni dzie\u0144 na kalendarzu.<\/li><\/ol>\n\n\n<div class=\"wp-block-image\">\n<figure class=\"aligncenter size-full\"><img loading=\"lazy\" decoding=\"async\" width=\"789\" height=\"568\" src=\"https:\/\/ready-os.com\/wp-content\/uploads\/2022\/10\/r99.png\" alt=\"\" class=\"wp-image-12763\" srcset=\"https:\/\/www2.ready-os.com\/wp-content\/uploads\/2022\/10\/r99.png 789w, https:\/\/www2.ready-os.com\/wp-content\/uploads\/2022\/10\/r99-300x216.png 300w, https:\/\/www2.ready-os.com\/wp-content\/uploads\/2022\/10\/r99-768x553.png 768w\" sizes=\"(max-width: 789px) 100vw, 789px\" \/><figcaption>Przyk\u0142ad dzia\u0142ania nowych godzin pracy<\/figcaption><\/figure><\/div>\n\n\n<figure class=\"wp-block-pullquote has-background\" style=\"background-color:#fbf4f4;font-size:10px\"><blockquote><p>Je\u017celi w organizacji praktykuje si\u0119 przerw\u0119 podczas dnia pracy, to w takim wypadku nale\u017cy wprowadzi\u0107 dwa przedzia\u0142y godzin pracy dla ka\u017cdego dnia. Najpierw nale\u017cy zmodyfikowa\u0107 domy\u015blne godziny, na przyk\u0142ad od 7:00 do 14:00, a potem klikn\u0105\u0107 przycisk <strong>Nowe godziny pracy<\/strong> i wprowadzi\u0107 drugi przedzia\u0142, na przyk\u0142ad od 15:00 do 18:00.<\/p><\/blockquote><\/figure>\n\n\n\n<p>Administrator systemu mo\u017ce wprowadzi\u0107 do kalendarza zmiany r\u00f3wnie\u017c w formie wyj\u0105tk\u00f3w (na przyk\u0142ad \u015bwi\u0119ta ruchome czy techniczna przerwa w pracy).<\/p>\n\n\n\n<p>Aby doda\u0107 wyj\u0105tek, nale\u017cy:<\/p>\n\n\n\n<ol type=\"1\"><li>klikn\u0105\u0107 przycisk <strong>Aplikacje<\/strong><strong>,<\/strong> a potem <strong>Ustawienia aplikacji<\/strong><strong>;<\/strong><\/li><li>w nowym oknie klikn\u0105\u0107 opcj\u0119 <strong>SYSTEMOWE<\/strong><strong>,<\/strong> a dalej w sekcji <strong>GROUPWARE<\/strong> przycisk <strong>OTW\u00d3RZ<\/strong> obok opcji <strong>Kalendarze<\/strong><strong>;<\/strong><\/li><\/ol>\n\n\n<div class=\"wp-block-image\">\n<figure class=\"aligncenter size-large\"><img loading=\"lazy\" decoding=\"async\" width=\"1024\" height=\"422\" src=\"https:\/\/ready-os.com\/wp-content\/uploads\/2022\/10\/r100-1024x422.png\" alt=\"Dodawanie wyj\u0105tk\u00f3w - krok pierwszy\" class=\"wp-image-12765\" srcset=\"https:\/\/www2.ready-os.com\/wp-content\/uploads\/2022\/10\/r100-1024x422.png 1024w, https:\/\/www2.ready-os.com\/wp-content\/uploads\/2022\/10\/r100-300x124.png 300w, https:\/\/www2.ready-os.com\/wp-content\/uploads\/2022\/10\/r100-768x317.png 768w, https:\/\/www2.ready-os.com\/wp-content\/uploads\/2022\/10\/r100.png 1241w\" sizes=\"(max-width: 1024px) 100vw, 1024px\" \/><figcaption>Dodawanie wyj\u0105tk\u00f3w &#8211; krok pierwszy<\/figcaption><\/figure><\/div>\n\n\n<ol start=\"3\"><li>w nast\u0119pnym nowym oknie klikn\u0105\u0107 <strong>Domy\u015blny kalendarz,<\/strong> a potem przycisk <strong>Zarz\u0105dzaj;<\/strong><\/li><\/ol>\n\n\n<div class=\"wp-block-image\">\n<figure class=\"aligncenter size-full\"><img loading=\"lazy\" decoding=\"async\" width=\"771\" height=\"254\" src=\"https:\/\/ready-os.com\/wp-content\/uploads\/2022\/10\/r101.png\" alt=\"Dodawanie wyj\u0105tk\u00f3w - krok drugi\" class=\"wp-image-12767\" srcset=\"https:\/\/www2.ready-os.com\/wp-content\/uploads\/2022\/10\/r101.png 771w, https:\/\/www2.ready-os.com\/wp-content\/uploads\/2022\/10\/r101-300x99.png 300w, https:\/\/www2.ready-os.com\/wp-content\/uploads\/2022\/10\/r101-768x253.png 768w\" sizes=\"(max-width: 771px) 100vw, 771px\" \/><figcaption>Dodawanie wyj\u0105tk\u00f3w &#8211; krok drugi<\/figcaption><\/figure><\/div>\n\n\n<ol start=\"4\"><li>w kolejnym nowym oknie w zak\u0142adce <strong>Wyj\u0105tki<\/strong> nale\u017cy klikn\u0105\u0107 zielony przycisk z symbolem plusa (<strong>Nowy<\/strong>);<\/li><li>definiowanie wyj\u0105tku sprowadza si\u0119 do wprowadzenia wyj\u0105tk\u00f3w wed\u0142ug instrukcji widocznej poni\u017cej:<ul><li><strong>Nazwa<\/strong> \u2013 pozwala na okre\u015blenie nazwy wyj\u0105tku;<\/li><\/ul><ul><li><strong>Cykl<\/strong> \u2013 wyj\u0105tek mo\u017ce mie\u0107 charakter cykliczny. Dost\u0119pne opcje to <strong>Dzienny<\/strong>, <strong>Tygodniowy<\/strong> oraz <strong>Miesi\u0119czny;<\/strong><\/li><\/ul><ul><li><strong>Wzorzec co <\/strong>\u2013 odpowiada za okre\u015blenie wzorca powielania wyj\u0105tku. Nale\u017cy wskaza\u0107 &nbsp;warto\u015b\u0107 liczbow\u0105 i konkretny dzie\u0144;<\/li><\/ul><ul><li><strong>Pocz\u0105tek<\/strong> \u2013 pozwala na wskazanie pierwszego dnia, w kt\u00f3rym zaczyna obowi\u0105zywa\u0107 wyj\u0105tek;<\/li><\/ul><ul><li><strong>Koniec <\/strong>\u2013 pozwala na wskazanie kra\u0144cowej daty, do kt\u00f3rej wyj\u0105tek ma obowi\u0105zywa\u0107. Warto\u015b\u0107 <strong>Nigdy<\/strong> oznacza, \u017ce wyj\u0105tek dzia\u0142a bezterminowo. <strong>Po x wyst\u0105pieniach<\/strong> pozwala wskaza\u0107 liczb\u0119 powt\u00f3rze\u0144. Natomiast <strong>W dniu<\/strong> pozwala na okre\u015blenie terminu ko\u0144ca;<\/li><\/ul><ul><li><strong>Okre\u015bl jako <\/strong>\u2013 umo\u017cliwia okre\u015blenie, czy dni obj\u0119te wyj\u0105tkiem s\u0105 pracuj\u0105ce czy wolne;<\/li><\/ul><ul><li><strong>Zakres czasu <\/strong>\u2013 je\u017celi dni s\u0105 pracuj\u0105ce, to w tym miejscu mo\u017cna okre\u015bli\u0107 godziny pracy;<\/li><\/ul><\/li><\/ol>\n\n\n<div class=\"wp-block-image\">\n<figure class=\"aligncenter size-full\"><img loading=\"lazy\" decoding=\"async\" width=\"479\" height=\"642\" src=\"https:\/\/ready-os.com\/wp-content\/uploads\/2022\/10\/r102.png\" alt=\"Dodawanie wyj\u0105tk\u00f3w - krok trzeci\" class=\"wp-image-12769\" srcset=\"https:\/\/www2.ready-os.com\/wp-content\/uploads\/2022\/10\/r102.png 479w, https:\/\/www2.ready-os.com\/wp-content\/uploads\/2022\/10\/r102-224x300.png 224w\" sizes=\"(max-width: 479px) 100vw, 479px\" \/><figcaption>Dodawanie wyj\u0105tk\u00f3w &#8211; krok trzeci<\/figcaption><\/figure><\/div>\n\n\n<ol start=\"6\"><li>po wprowadzeniu zmian nale\u017cy klikn\u0105\u0107 przycisk <strong>Zapisz.<\/strong> Nowy wyj\u0105tek pojawi si\u0119 na li\u015bcie, a na kalendarzu b\u0119dzie mo\u017cna podejrze\u0107, czy wszystko zadzia\u0142a\u0142o zgodnie z oczekiwaniami.<\/li><\/ol>\n\n\n<div class=\"wp-block-image\">\n<figure class=\"aligncenter size-full\"><img loading=\"lazy\" decoding=\"async\" width=\"792\" height=\"601\" src=\"https:\/\/ready-os.com\/wp-content\/uploads\/2022\/10\/r103.png\" alt=\"Przyk\u0142ad dzia\u0142ania wyj\u0105tk\u00f3w\" class=\"wp-image-12771\" srcset=\"https:\/\/www2.ready-os.com\/wp-content\/uploads\/2022\/10\/r103.png 792w, https:\/\/www2.ready-os.com\/wp-content\/uploads\/2022\/10\/r103-300x228.png 300w, https:\/\/www2.ready-os.com\/wp-content\/uploads\/2022\/10\/r103-768x583.png 768w\" sizes=\"(max-width: 792px) 100vw, 792px\" \/><figcaption>Przyk\u0142ad dzia\u0142ania wyj\u0105tk\u00f3w<\/figcaption><\/figure><\/div>\n\n\n<p>Przyk\u0142ad opisany powy\u017cej tworzy wyj\u0105tek, kt\u00f3ry zak\u0142ada, \u017ce co dwa tygodnie w pi\u0105tek firma ma wolne z uwagi na przerw\u0119 techniczn\u0105. Wyj\u0105tek obowi\u0105zuje od 16 wrze\u015bnia 2022 roku przez 10 kolejnych wyst\u0105pie\u0144.<\/p>\n\n\n\n<figure class=\"wp-block-pullquote has-background\" style=\"background-color:#fcf6f6;font-size:10px\"><blockquote><p>Ka\u017cdy wyj\u0105tek mo\u017cna usun\u0105\u0107 lub podda\u0107 edycji. W oknie widocznym powy\u017cej wystarczy klikn\u0105\u0107 nazw\u0119 wyj\u0105tku, a potem przycisk <strong>Usu\u0144<\/strong> lub <strong>Edycja<\/strong>. Nic nie stoi na przeszkodzie, aby zdefiniowa\u0107 wi\u0119cej ni\u017c jeden wyj\u0105tek.<\/p><\/blockquote><\/figure>\n\n\n\n<h2 class=\"wp-block-heading\" id=\"4\">Uprawnienia do kalendarza<\/h2>\n\n\n\n<p>Czynno\u015bci, kt\u00f3re mo\u017cna wykonywa\u0107 w module <strong>Kalendarz<\/strong> s\u0105 powi\u0105zane z:<\/p>\n\n\n\n<ul><li>uprawnieniami systemowymi \u2013 w zakresie zarz\u0105dzania zdarzeniami;<\/li><li>prawami do jednostek \u2013 w zakresie zarz\u0105dzania kalendarzami innych u\u017cytkownik\u00f3w;<\/li><li>uprawnieniami do kalendarzy \u2013 zwi\u0105zane z kalendarzami udost\u0119pnianymi.<\/li><\/ul>\n\n\n\n<h3 class=\"wp-block-heading\" id=\"5\">Uprawnienia systemowe do tworzenia, edycji i usuwania<\/h3>\n\n\n\n<p>Aby doda\u0107 nowe, edytowa\u0107 i usuwa\u0107 istniej\u0105ce zdarzenie z poziomu modu\u0142u <strong>Kalendarz<\/strong><strong>,<\/strong> niezb\u0119dne jest posiadanie przez pracownika uprawnienia systemowego <strong>Zadania<\/strong>\/<strong>Dodawanie<\/strong>.<\/p>\n\n\n\n<p>Aby nada\u0107 uprawnienie, nale\u017cy:<\/p>\n\n\n\n<ol type=\"1\"><li>klikn\u0105\u0107 przycisk <strong>Centrum<\/strong><strong>,<\/strong> a potem <strong>Pracownicy<\/strong><strong>;<\/strong><\/li><\/ol>\n\n\n<div class=\"wp-block-image\">\n<figure class=\"aligncenter size-full\"><img loading=\"lazy\" decoding=\"async\" width=\"474\" height=\"165\" src=\"https:\/\/ready-os.com\/wp-content\/uploads\/2022\/10\/r104.png\" alt=\"Nadawanie uprawnie\u0144 do kalendarza - krok pierwszy\" class=\"wp-image-12774\" srcset=\"https:\/\/www2.ready-os.com\/wp-content\/uploads\/2022\/10\/r104.png 474w, https:\/\/www2.ready-os.com\/wp-content\/uploads\/2022\/10\/r104-300x104.png 300w\" sizes=\"(max-width: 474px) 100vw, 474px\" \/><figcaption>Nadawanie uprawnie\u0144 do kalendarza &#8211; krok pierwszy<\/figcaption><\/figure><\/div>\n\n\n<ol start=\"2\"><li>w nowym oknie odszuka\u0107 i zaznaczy\u0107 pracownika na li\u015bcie, a potem klikn\u0105\u0107 przycisk <strong>Edycja;<\/strong><\/li><\/ol>\n\n\n<div class=\"wp-block-image\">\n<figure class=\"aligncenter size-full\"><img loading=\"lazy\" decoding=\"async\" width=\"872\" height=\"368\" src=\"https:\/\/ready-os.com\/wp-content\/uploads\/2022\/10\/r105.png\" alt=\"Nadawanie uprawnie\u0144 do kalendarza - krok drugi\" class=\"wp-image-12776\" srcset=\"https:\/\/www2.ready-os.com\/wp-content\/uploads\/2022\/10\/r105.png 872w, https:\/\/www2.ready-os.com\/wp-content\/uploads\/2022\/10\/r105-300x127.png 300w, https:\/\/www2.ready-os.com\/wp-content\/uploads\/2022\/10\/r105-768x324.png 768w\" sizes=\"(max-width: 872px) 100vw, 872px\" \/><figcaption>Nadawanie uprawnie\u0144 do kalendarza &#8211; krok drugi<\/figcaption><\/figure><\/div>\n\n\n<ol start=\"3\"><li>klikn\u0105\u0107 opcj\u0119 <strong>PRAWA DO SYSTEMU<\/strong>, na li\u015bcie odszuka\u0107 i rozwin\u0105\u0107 grup\u0119 <strong>Zadanie:<\/strong><ul><li><strong>Dodawanie<\/strong> \u2013 znak plusa informuje, \u017ce pracownik posiada odpowiednie uprawnienia. Znak minusa m\u00f3wi o tym, \u017ce pracownik nie mo\u017ce dodawa\u0107 zada\u0144;<\/li><\/ul><ul><li><strong>Edycja<\/strong> \u2013 znak plusa informuje, \u017ce pracownik posiada odpowiednie uprawnienia. Znak minusa m\u00f3wi o tym, \u017ce pracownik nie mo\u017ce edytowa\u0107 zada\u0144;<\/li><\/ul><ul><li><strong>Usuwanie<\/strong> \u2013 znak plusa informuje, \u017ce pracownik posiada odpowiednie uprawnienia. Znak minusa m\u00f3wi o tym, \u017ce pracownik nie mo\u017ce usuwa\u0107 zada\u0144;<\/li><\/ul><\/li><\/ol>\n\n\n<div class=\"wp-block-image\">\n<figure class=\"aligncenter size-full\"><img loading=\"lazy\" decoding=\"async\" width=\"723\" height=\"826\" src=\"https:\/\/ready-os.com\/wp-content\/uploads\/2022\/10\/r106.png\" alt=\"Nadawanie uprawnie\u0144 do kalendarza - krok trzeci\" class=\"wp-image-12778\" srcset=\"https:\/\/www2.ready-os.com\/wp-content\/uploads\/2022\/10\/r106.png 723w, https:\/\/www2.ready-os.com\/wp-content\/uploads\/2022\/10\/r106-263x300.png 263w\" sizes=\"(max-width: 723px) 100vw, 723px\" \/><figcaption>Nadawanie uprawnie\u0144 do kalendarza &#8211; krok trzeci<\/figcaption><\/figure><\/div>\n\n\n<ol start=\"4\"><li>aby zmieni\u0107 uprawnienie, nale\u017cy je klikn\u0105\u0107, a potem klikn\u0105\u0107 przycisk ze znakiem plusa na pasku narz\u0119dziowym;<\/li><li>klikn\u0105\u0107 przycisk <strong>ZAPISZ<\/strong>.<\/li><\/ol>\n\n\n\n<p>Nale\u017cy pami\u0119ta\u0107 o tym, \u017ce podczas tworzenia nowych zdarze\u0144 mo\u017cliwe jest powi\u0105zanie z klientami, sprawami oraz zasobami, do kt\u00f3rych nadane s\u0105 oddzielne uprawnienia.<\/p>\n\n\n\n<figure class=\"wp-block-pullquote has-background\" style=\"background-color:#fcf6f6;font-size:10px\"><blockquote><p>Pracownik z uprawnieniem <strong>Dodawanie\/Edycja\/Usuwanie<\/strong> mo\u017ce modyfikowa\u0107 zdarzenia dodane przez niego samego. Poza tym mo\u017ce modyfikowa\u0107 zdarzenia zlecone przez osoby, do kt\u00f3rych ma uprawnienia (prawo do jednostki). Dodatkowo mo\u017ce modyfikowa\u0107 zdarzenia przypisane u\u017cytkownikom, do kt\u00f3rych kalendarzy ma dost\u0119p, je\u015bli posiada uprawnienie do edycji na udost\u0119pnionym kalendarzu.<\/p><\/blockquote><\/figure>\n\n\n\n<h3 class=\"wp-block-heading\" id=\"6\">Dost\u0119p do kalendarzy<\/h3>\n\n\n\n<p>Pracownik mo\u017ce przegl\u0105da\u0107 kalendarze, kt\u00f3re zosta\u0142y mu udost\u0119pnione przez innych pracownik\u00f3w lub kt\u00f3re u\u017cytkownik udost\u0119pni\u0142 sobie, korzystaj\u0105c z posiadania tzw. praw do jednostek.<\/p>\n\n\n\n<p>Proces udost\u0119pniania i subskrypcji kalendarzy zosta\u0142 szczeg\u00f3\u0142owo opisany w oddzielnym <a href=\"#5\">artykule<\/a>.<\/p>\n","protected":false},"excerpt":{"rendered":"<p>Zarz\u0105dzanie kalendarzami korporacyjnymi, Kategorie zdarze\u0144, Zarz\u0105dzanie kalendarzem, Uprawnienia do kalendarza, Uprawnienia systemowe do tworzenia, edycji i usuwania, Dost\u0119p do kalendarzy, W ramach modu\u0142u Kalendarz administrator systemu mo\u017ce wprowadzi\u0107 kilka zmian, kt\u00f3re mog\u0105 by\u0107 istotne z punktu widzenia u\u017cytkownika. Istotne elementy opisano w dalszej cz\u0119\u015bci niniejszego artyku\u0142u. Zarz\u0105dzanie kalendarzami korporacyjnymi U\u017cytkownicy systemu Ready_TM w ramach modu\u0142u [&hellip;]<\/p>\n","protected":false},"author":27,"featured_media":0,"comment_status":"closed","ping_status":"closed","template":"","meta":[],"doc_category":[208],"doc_tag":[],"knowledge_base":[134],"_links":{"self":[{"href":"https:\/\/www2.ready-os.com\/pl\/wp-json\/wp\/v2\/docs\/12120"}],"collection":[{"href":"https:\/\/www2.ready-os.com\/pl\/wp-json\/wp\/v2\/docs"}],"about":[{"href":"https:\/\/www2.ready-os.com\/pl\/wp-json\/wp\/v2\/types\/docs"}],"author":[{"embeddable":true,"href":"https:\/\/www2.ready-os.com\/pl\/wp-json\/wp\/v2\/users\/27"}],"replies":[{"embeddable":true,"href":"https:\/\/www2.ready-os.com\/pl\/wp-json\/wp\/v2\/comments?post=12120"}],"version-history":[{"count":10,"href":"https:\/\/www2.ready-os.com\/pl\/wp-json\/wp\/v2\/docs\/12120\/revisions"}],"predecessor-version":[{"id":12783,"href":"https:\/\/www2.ready-os.com\/pl\/wp-json\/wp\/v2\/docs\/12120\/revisions\/12783"}],"wp:attachment":[{"href":"https:\/\/www2.ready-os.com\/pl\/wp-json\/wp\/v2\/media?parent=12120"}],"wp:term":[{"taxonomy":"doc_category","embeddable":true,"href":"https:\/\/www2.ready-os.com\/pl\/wp-json\/wp\/v2\/doc_category?post=12120"},{"taxonomy":"doc_tag","embeddable":true,"href":"https:\/\/www2.ready-os.com\/pl\/wp-json\/wp\/v2\/doc_tag?post=12120"},{"taxonomy":"knowledge_base","embeddable":true,"href":"https:\/\/www2.ready-os.com\/pl\/wp-json\/wp\/v2\/knowledge_base?post=12120"}],"curies":[{"name":"wp","href":"https:\/\/api.w.org\/{rel}","templated":true}]}}