{"id":12118,"date":"2022-10-28T18:09:58","date_gmt":"2022-10-28T16:09:58","guid":{"rendered":"https:\/\/ready-os.com\/?post_type=docs&#038;p=12118"},"modified":"2022-10-31T09:27:00","modified_gmt":"2022-10-31T08:27:00","slug":"synchronizacja-z-wykorzystaniem-protokolu-caldav","status":"publish","type":"docs","link":"https:\/\/www2.ready-os.com\/pl\/docs\/system\/synchronizacja-z-wykorzystaniem-protokolu-caldav\/","title":{"rendered":"Synchronizacja z wykorzystaniem protoko\u0142u CalDAV"},"content":{"rendered":"\n<ul class=\"has-background\" style=\"background-color:#fdf6f6\"><li><a href=\"#h-system-android\">Protok\u00f3\u0142 CalDAV w systemie Android<\/a>,<\/li><li><a href=\"#h-system-ios\">Protok\u00f3\u0142 CalDAV w systemie iOS<\/a>,<\/li><li><a href=\"#h-mozilla-thunderbird\">Protok\u00f3\u0142 CalDAV w Mozilla Thunderbird<\/a>,<\/li><li><a href=\"#h-ms-outlook\">Protok\u00f3\u0142 CalDAV w MS Outlook<\/a>,<\/li><\/ul>\n\n\n\n<p>System <strong>Ready_<sup>TM<\/sup><\/strong> jest platform\u0105, kt\u00f3ra sama w sobie jest rozwi\u0105zaniem kompletnym i posiada wszystkie niezb\u0119dne narz\u0119dzia do codziennej pracy. Do dzia\u0142ania wystarczy dost\u0119p do internetu oraz przegl\u0105darka stron WWW. Dodatkowo dla system\u00f3w mobilnych przygotowano dedykowane aplikacje. Niezale\u017cnie od tego tw\u00f3rcy <strong>Ready_<sup>TM<\/sup><\/strong> uznali, \u017ce w przypadku niekt\u00f3rych rozwi\u0105za\u0144 (na przyk\u0142ad <strong>Kalendarza<\/strong>) warto wyj\u015b\u0107 naprzeciw i udost\u0119pni\u0107 wsparcie dla aplikacji zewn\u0119trznych. Dane z kalendarza mo\u017cna wymienia\u0107 i synchronizowa\u0107 z innymi aplikacjami oraz systemami za pomoc\u0105 specjalnego protoko\u0142u <strong>CalDAV<\/strong>.<\/p>\n\n\n\n<figure class=\"wp-block-pullquote has-background\" style=\"background-color:#fdf7f7;font-size:10px\"><blockquote><p><strong>CalDAV<\/strong> jest protoko\u0142em sieciowym, kt\u00f3ry umo\u017cliwia jednoczesny dost\u0119p wielu u\u017cytkownik\u00f3w do us\u0142ugi kalendarza. Natywne (systemowe) wsparcie protoko\u0142u CalDAV nie jest dost\u0119pne w urz\u0105dzeniach pracuj\u0105cych pod kontrol\u0105 systemu Android. Niezb\u0119dna jest instalacja dodatkowej aplikacji, kt\u00f3ra doda obs\u0142ug\u0119 protoko\u0142u <strong>CalDAV<\/strong>.<\/p><\/blockquote><\/figure>\n\n\n\n<p>U\u017cywaj\u0105c synchronizacji za pomoc\u0105 protoko\u0142u CalDAV, nale\u017cy mie\u0107 \u015bwiadomo\u015b\u0107 tego, \u017ce nie wszystkie funkcje dost\u0119pne w ramach modu\u0142u <strong>Kalendarz <\/strong>b\u0119d\u0105 wspierane. Dlatego zalecanym rozwi\u0105zaniem jest korzystanie z systemu <strong>Ready_<sup>TM<\/sup><\/strong> w przegl\u0105darce lub z dedykowanych aplikacji <strong>Ready_<sup>TM<\/sup><\/strong>.<\/p>\n\n\n\n<h2 class=\"wp-block-heading\" id=\"h-system-android\">System Android<\/h2>\n\n\n\n<p>System <strong>Ready_<sup>TM<\/sup><\/strong> posiada dedykowan\u0105 aplikacj\u0119 przeznaczon\u0105 do system\u00f3w <a href=\"https:\/\/play.google.com\/store\/apps\/details?id=eu.edokumenty.ready\">Android<\/a>, kt\u00f3ra pozwala mi\u0119dzy innymi na podgl\u0105d kalendarza firmowego. Je\u017celi jednak z jakiego\u015b powodu nie jest mo\u017cliwe zainstalowanie aplikacji <strong>Ready_<sup>TM<\/sup>,<\/strong> istnieje inne rozwi\u0105zanie, kt\u00f3re umo\u017cliwia zarz\u0105dzanie kalendarzem na urz\u0105dzeniach z systemem Android.<\/p>\n\n\n\n<p>Aby ustawi\u0107 synchronizacj\u0119 kalendarza w systemie Android, nale\u017cy:<\/p>\n\n\n\n<ol type=\"1\"><li>ze sklepu Play pobra\u0107 i zainstalowa\u0107 darmow\u0105 aplikacj\u0119 <a href=\"https:\/\/play.google.com\/store\/apps\/details?id=org.dmfs.caldav.lib\">CalDAV-Sync<\/a>;<\/li><li>uruchomi\u0107 aplikacj\u0119 <a href=\"https:\/\/play.google.com\/store\/apps\/details?id=org.dmfs.caldav.lib\">CalDAV-Sync<\/a>, w\u0142\u0105czy\u0107 opcj\u0119 <strong>Kontakty<\/strong> oraz <strong>Kalendarz<\/strong>, a nast\u0119pnie klikn\u0105\u0107 przycisk <strong>DALEJ;<\/strong><\/li><\/ol>\n\n\n<div class=\"wp-block-image\">\n<figure class=\"aligncenter size-full\"><img loading=\"lazy\" decoding=\"async\" width=\"521\" height=\"436\" src=\"https:\/\/ready-os.com\/wp-content\/uploads\/2022\/10\/r62.jpg\" alt=\"Konfiguracja protoko\u0142u CalDAV w systemie Android - krok pierwszy\" class=\"wp-image-12646\" srcset=\"https:\/\/www2.ready-os.com\/wp-content\/uploads\/2022\/10\/r62.jpg 521w, https:\/\/www2.ready-os.com\/wp-content\/uploads\/2022\/10\/r62-300x251.jpg 300w\" sizes=\"(max-width: 521px) 100vw, 521px\" \/><figcaption>Konfiguracja protoko\u0142u CalDAV w systemie Android &#8211; krok pierwszy<\/figcaption><\/figure><\/div>\n\n\n<ol start=\"3\"><li>na li\u015bcie wspieranych protoko\u0142\u00f3w odszuka\u0107 i wybra\u0107 opcj\u0119 <strong><a href=\"https:\/\/play.google.com\/store\/apps\/details?id=org.dmfs.caldav.lib\">CalDAV<\/a>;<\/strong><\/li><\/ol>\n\n\n<div class=\"wp-block-image\">\n<figure class=\"aligncenter size-full\"><img loading=\"lazy\" decoding=\"async\" width=\"521\" height=\"517\" src=\"https:\/\/ready-os.com\/wp-content\/uploads\/2022\/10\/r63.jpg\" alt=\"Konfiguracja protoko\u0142u CalDAV w systemie Android - krok drugi\" class=\"wp-image-12649\" srcset=\"https:\/\/www2.ready-os.com\/wp-content\/uploads\/2022\/10\/r63.jpg 521w, https:\/\/www2.ready-os.com\/wp-content\/uploads\/2022\/10\/r63-300x298.jpg 300w, https:\/\/www2.ready-os.com\/wp-content\/uploads\/2022\/10\/r63-150x150.jpg 150w, https:\/\/www2.ready-os.com\/wp-content\/uploads\/2022\/10\/r63-128x128.jpg 128w\" sizes=\"(max-width: 521px) 100vw, 521px\" \/><figcaption>Konfiguracja protoko\u0142u CalDAV w systemie Android &#8211; krok drugi<\/figcaption><\/figure><\/div>\n\n\n<ol start=\"4\"><li>uzupe\u0142ni\u0107 dane konfiguracyjne serwera. Niezb\u0119dne wskaz\u00f3wki znajduj\u0105 si\u0119 poni\u017cej:<ul><li><strong>Nazwa serwera lub adres URL<\/strong> \u2013 w tym miejscu nale\u017cy korzysta\u0107 ze schematu <em>https:\/\/<strong>[nazwa.instancji]<\/strong>\/dav.php\/principals\/<strong>[nazwa@u\u017cytkownika]<\/strong><\/em>. W miejscu <strong>[nazwa.instancji]<\/strong> nale\u017cy wpisa\u0107 nazw\u0119, kt\u00f3ra wyst\u0119puje na pocz\u0105tku adresu systemu <strong>Ready_<sup>TM<\/sup> zalogowanego u\u017cytkownika<\/strong>. W miejsce <strong>[nazwa@u\u017cytkownika]<\/strong> nale\u017cy poda\u0107 login do systemu. Przyk\u0142adowy zapis mo\u017ce wygl\u0105da\u0107 w nast\u0119puj\u0105cy spos\u00f3b: <br><em>https:\/\/<strong>demo<\/strong>\/dav.php\/principals\/<strong>demo@ready-os.com<\/strong>.<\/em><\/li><\/ul><ul><li><strong>Nazwa u\u017cytkownika<\/strong> \u2013 to login do systemu <strong>Ready_<sup>TM<\/sup>;<\/strong><\/li><\/ul><ul><li><strong>Has\u0142o<\/strong> \u2013 to has\u0142o, kt\u00f3re u\u017cywanie jest podczas logowania do systemu <strong>Ready_<sup>TM<\/sup>;<\/strong><\/li><\/ul><ul><li><strong>U\u017cywaj SSL<\/strong> \u2013 ta opcja powinna by\u0107 w\u0142\u0105czona;<\/li><\/ul><ul><li><strong>Certyfikat klienta<\/strong> \u2013 nale\u017cy ustawi\u0107 warto\u015b\u0107 <strong>\u017baden;<\/strong><\/li><\/ul><ul><li>klikn\u0105\u0107 przycisk <strong>Dalej;<\/strong><\/li><\/ul><\/li><\/ol>\n\n\n<div class=\"wp-block-image\">\n<figure class=\"aligncenter size-full\"><img loading=\"lazy\" decoding=\"async\" width=\"521\" height=\"783\" src=\"https:\/\/ready-os.com\/wp-content\/uploads\/2022\/10\/r64.jpg\" alt=\"Konfiguracja protoko\u0142u CalDAV w systemie Android - krok trzeci\" class=\"wp-image-12652\" srcset=\"https:\/\/www2.ready-os.com\/wp-content\/uploads\/2022\/10\/r64.jpg 521w, https:\/\/www2.ready-os.com\/wp-content\/uploads\/2022\/10\/r64-200x300.jpg 200w\" sizes=\"(max-width: 521px) 100vw, 521px\" \/><figcaption>Konfiguracja protoko\u0142u CalDAV w systemie Android &#8211; krok trzeci<\/figcaption><\/figure><\/div>\n\n\n<ol start=\"5\"><li>je\u017celi konfiguracja zosta\u0142a przeprowadzona poprawnie, to na ekranie pojawi si\u0119 wykaz dost\u0119pnych kalendarzy. Nale\u017cy zaznaczy\u0107 w\u0142a\u015bciwy element i klikn\u0105\u0107 przycisk <strong>Dalej;<\/strong><\/li><\/ol>\n\n\n<div class=\"wp-block-image\">\n<figure class=\"aligncenter size-full\"><img loading=\"lazy\" decoding=\"async\" width=\"521\" height=\"532\" src=\"https:\/\/ready-os.com\/wp-content\/uploads\/2022\/10\/r65.jpg\" alt=\"Konfiguracja protoko\u0142u CalDAV w systemie Android - krok czwarty\" class=\"wp-image-12654\" srcset=\"https:\/\/www2.ready-os.com\/wp-content\/uploads\/2022\/10\/r65.jpg 521w, https:\/\/www2.ready-os.com\/wp-content\/uploads\/2022\/10\/r65-294x300.jpg 294w\" sizes=\"(max-width: 521px) 100vw, 521px\" \/><figcaption>Konfiguracja protoko\u0142u CalDAV w systemie Android &#8211; krok czwarty<\/figcaption><\/figure><\/div>\n\n\n<ol start=\"6\"><li>poda\u0107 adres e-mail, kt\u00f3ry jest powi\u0105zany z kontem i klikn\u0105\u0107 przycisk <strong>Zako\u0144cz<\/strong>. Po chwili na ekranie pojawi si\u0119 podsumowanie ca\u0142ej operacji. Teraz mo\u017cna wy\u0142\u0105czy\u0107 aplikacj\u0119 <strong><a href=\"https:\/\/play.google.com\/store\/apps\/details?id=org.dmfs.caldav.lib\">CalDAV-Sync<\/a>;<\/strong><\/li><\/ol>\n\n\n<div class=\"wp-block-image\">\n<figure class=\"aligncenter size-full\"><img loading=\"lazy\" decoding=\"async\" width=\"522\" height=\"420\" src=\"https:\/\/ready-os.com\/wp-content\/uploads\/2022\/10\/r66.jpg\" alt=\"Konfiguracja protoko\u0142u CalDAV w systemie Android - krok pi\u0105ty\" class=\"wp-image-12657\" srcset=\"https:\/\/www2.ready-os.com\/wp-content\/uploads\/2022\/10\/r66.jpg 522w, https:\/\/www2.ready-os.com\/wp-content\/uploads\/2022\/10\/r66-300x241.jpg 300w\" sizes=\"(max-width: 522px) 100vw, 522px\" \/><figcaption>Konfiguracja protoko\u0142u CalDAV w systemie Android &#8211; krok pi\u0105ty<\/figcaption><\/figure><\/div>\n\n\n<ol start=\"7\"><li>otworzy\u0107 aplikacj\u0119 <strong>Kalendarz<\/strong> na swoim urz\u0105dzeniu z systemem Android i sprawdzi\u0107 list\u0119 powi\u0105zanych kont. W\u015br\u00f3d obecnych kalendarzy powinien pojawi\u0107 si\u0119 ten dodany z systemu <strong>Ready_<sup>TM<\/sup>;<\/strong><\/li><\/ol>\n\n\n<div class=\"wp-block-image\">\n<figure class=\"aligncenter size-full\"><img loading=\"lazy\" decoding=\"async\" width=\"522\" height=\"856\" src=\"https:\/\/ready-os.com\/wp-content\/uploads\/2022\/10\/r67.jpg\" alt=\"Konfiguracja protoko\u0142u CalDAV w systemie Android - krok sz\u00f3sty\" class=\"wp-image-12659\" srcset=\"https:\/\/www2.ready-os.com\/wp-content\/uploads\/2022\/10\/r67.jpg 522w, https:\/\/www2.ready-os.com\/wp-content\/uploads\/2022\/10\/r67-183x300.jpg 183w\" sizes=\"(max-width: 522px) 100vw, 522px\" \/><figcaption>Konfiguracja protoko\u0142u CalDAV w systemie Android &#8211; krok sz\u00f3sty<\/figcaption><\/figure><\/div>\n\n\n<ol start=\"8\"><li>synchronizacja odbywa si\u0119 w spos\u00f3b automatyczny i po chwili na li\u015bcie swoich spotka\u0144 powinny pojawi\u0107 si\u0119 elementy pobrane z systemu <strong>Ready_<sup>TM<\/sup><\/strong>.<\/li><\/ol>\n\n\n<div class=\"wp-block-image\">\n<figure class=\"aligncenter size-full\"><img loading=\"lazy\" decoding=\"async\" width=\"520\" height=\"535\" src=\"https:\/\/ready-os.com\/wp-content\/uploads\/2022\/10\/r68.jpg\" alt=\"Konfiguracja protoko\u0142u CalDAV w systemie Android - krok si\u00f3dmy\" class=\"wp-image-12662\" srcset=\"https:\/\/www2.ready-os.com\/wp-content\/uploads\/2022\/10\/r68.jpg 520w, https:\/\/www2.ready-os.com\/wp-content\/uploads\/2022\/10\/r68-292x300.jpg 292w\" sizes=\"(max-width: 520px) 100vw, 520px\" \/><figcaption>Konfiguracja protoko\u0142u CalDAV w systemie Android &#8211; krok si\u00f3dmy<\/figcaption><\/figure><\/div>\n\n\n<p>Konfiguracja ma charakter jednorazowej operacji. Po jej wykonaniu urz\u0105dzenie pracuj\u0105ce pod kontrol\u0105 systemu Android b\u0119dzie automatycznie synchronizowa\u0107 si\u0119 z firmowym kalendarzem. Wymiana informacji jest dwukierunkowa \u2013 dodanie spotkania z poziomu smartfona b\u0119dzie skutkowa\u0107 pojawieniem si\u0119 go w kalendarzu firmowym. Nale\u017cy pami\u0119ta\u0107 o tym, \u017ce synchronizacja odbywa si\u0119 w okre\u015blonych interwa\u0142ach czasowych. Przy\u015bpieszenie pojawienia si\u0119 danego wpisu w synchronizowanym kalendarzu wymaga r\u0119cznego uruchomienia zadania.<\/p>\n\n\n\n<p>Aplikacja <strong>CalDAV-Sync<\/strong> posiada liczne ustawienia, kt\u00f3re pozwol\u0105 wp\u0142ywa\u0107 na jej dzia\u0142ania i dopasowa\u0107 ca\u0142o\u015b\u0107 do w\u0142asnych wymaga\u0144 (mo\u017cna na przyk\u0142ad zmieni\u0107 interwa\u0142 czasowy dla synchronizacji automatycznej).<\/p>\n\n\n\n<p>W sklepie Play dost\u0119pne s\u0105 inne aplikacje, kt\u00f3re umo\u017cliwiaj\u0105 synchronizacj\u0119 z u\u017cyciem CalDAV. Zasada konfiguracji wygl\u0105da podobnie.<\/p>\n\n\n\n<ul><li><em>DAVx\u2075 \u2014 Contacts, Calendars,Tasks and Files Sync<\/em><\/li><li><em>CardDAV-Sync free<\/em><\/li><li><em>Open Sync<\/em><\/li><\/ul>\n\n\n\n<h2 class=\"wp-block-heading\" id=\"h-system-ios\">System iOS<\/h2>\n\n\n\n<p>U\u017cytkownicy urz\u0105dze\u0144 firmy Apple r\u00f3wnie\u017c mog\u0105 pod\u0142\u0105czy\u0107 kalendarz do swoich iPad\u00f3w lub iPhone\u2019\u00f3w. W tym przypadku system iOS posiada niezb\u0119dne wsparcie dla protoko\u0142u <strong>CalDAV <\/strong>i ca\u0142a konfiguracja jest szybka i przyjemna.<\/p>\n\n\n\n<p>Aby w\u0142\u0105czy\u0107 synchronizacj\u0119 kalendarza z urz\u0105dzeniem Apple, nale\u017cy:<\/p>\n\n\n\n<ol type=\"1\"><li>przej\u015b\u0107 do ustawie\u0144 systemu iOS;<\/li><li>odszuka\u0107 sekcj\u0119 <strong>Has\u0142a i konta<\/strong><strong>,<\/strong> a nast\u0119pnie wybra\u0107 opcj\u0119 <strong>Dodaj konto<\/strong><strong>;<\/strong><\/li><\/ol>\n\n\n\n<figure class=\"wp-block-image size-large\"><img loading=\"lazy\" decoding=\"async\" width=\"1024\" height=\"816\" src=\"https:\/\/ready-os.com\/wp-content\/uploads\/2022\/10\/ipad-1-1-1024x816.png\" alt=\"Konfiguracja protoko\u0142u CalDAV w systemie iOS - krok pierwszy\" class=\"wp-image-12672\" srcset=\"https:\/\/www2.ready-os.com\/wp-content\/uploads\/2022\/10\/ipad-1-1-1024x816.png 1024w, https:\/\/www2.ready-os.com\/wp-content\/uploads\/2022\/10\/ipad-1-1-300x239.png 300w, https:\/\/www2.ready-os.com\/wp-content\/uploads\/2022\/10\/ipad-1-1-768x612.png 768w, https:\/\/www2.ready-os.com\/wp-content\/uploads\/2022\/10\/ipad-1-1.png 1536w\" sizes=\"(max-width: 1024px) 100vw, 1024px\" \/><figcaption>Konfiguracja protoko\u0142u CalDAV w systemie iOS &#8211; krok pierwszy<\/figcaption><\/figure>\n\n\n\n<ol start=\"3\"><li>w sekcji <strong>KALENDARZE<\/strong> klikn\u0105\u0107 opcj\u0119 <strong>Dodaj konto CardDAV;<\/strong><\/li><\/ol>\n\n\n<div class=\"wp-block-image\">\n<figure class=\"aligncenter size-large\"><img loading=\"lazy\" decoding=\"async\" width=\"1024\" height=\"750\" src=\"https:\/\/ready-os.com\/wp-content\/uploads\/2022\/10\/ipad-1a-1-1024x750.png\" alt=\"Konfiguracja protoko\u0142u CalDAV w systemie iOS - krok drugi\" class=\"wp-image-12674\" srcset=\"https:\/\/www2.ready-os.com\/wp-content\/uploads\/2022\/10\/ipad-1a-1-1024x750.png 1024w, https:\/\/www2.ready-os.com\/wp-content\/uploads\/2022\/10\/ipad-1a-1-300x220.png 300w, https:\/\/www2.ready-os.com\/wp-content\/uploads\/2022\/10\/ipad-1a-1-768x563.png 768w, https:\/\/www2.ready-os.com\/wp-content\/uploads\/2022\/10\/ipad-1a-1.png 1535w\" sizes=\"(max-width: 1024px) 100vw, 1024px\" \/><figcaption>Konfiguracja protoko\u0142u CalDAV w systemie iOS &#8211; krok drugi<\/figcaption><\/figure><\/div>\n\n\n<ol start=\"4\"><li>ustawi\u0107 kolejne pola wed\u0142ug instrukcji:<ul><li>Serwer \u2013 w tym miejscu nale\u017cy korzysta\u0107 ze schematu <em>https:\/\/<strong>[nazwa.instancji]<\/strong>\/dav.php\/principals\/<strong>[nazwa@u\u017cytkownika]<\/strong><\/em>. W miejscu <strong>[nazwa.instancji]<\/strong> nale\u017cy wpisa\u0107 nazw\u0119, kt\u00f3ra wyst\u0119puje na pocz\u0105tku adresu systemu <strong>Ready_<sup>TM <\/sup>zalogowanego u\u017cytkownika<\/strong>. W miejscu <strong>[nazwa@u\u017cytkownika]<\/strong> nale\u017cy poda\u0107 login do systemu. Przyk\u0142adowy zapis mo\u017ce wygl\u0105da\u0107 w nast\u0119puj\u0105cy spos\u00f3b: <br><em>https:\/\/<strong> demo<\/strong>\/dav.php\/principals\/<strong>demo@ready-os.com<\/strong><\/em>,<\/li><\/ul><ul><li><strong>U\u017cytkownik<\/strong> \u2013 tutaj nale\u017cy wpisa\u0107 nazw\u0119 u\u017cytkownika u\u017cywan\u0105 podczas logowania do systemu <strong>Ready_<sup>TM<\/sup><\/strong>;<\/li><\/ul><ul><li><strong>Has\u0142o<\/strong> \u2013 tutaj nale\u017cy poda\u0107 has\u0142o u\u017cywane do logowania do systemu <strong>Ready_<sup>TM<\/sup><\/strong>;<\/li><\/ul><ul><li><strong>Opis<\/strong> \u2013 w tym miejscu nale\u017cy poda\u0107 nazw\u0119, pod jak\u0105 kalendarz b\u0119dzie widoczny w systemie iOS;<\/li><\/ul><\/li><\/ol>\n\n\n\n<figure class=\"wp-block-image size-large\"><img loading=\"lazy\" decoding=\"async\" width=\"1024\" height=\"652\" src=\"https:\/\/ready-os.com\/wp-content\/uploads\/2022\/10\/ipad-2-1-1024x652.png\" alt=\"Konfiguracja protoko\u0142u CalDAV w systemie iOS - krok trzeci\" class=\"wp-image-12676\" srcset=\"https:\/\/www2.ready-os.com\/wp-content\/uploads\/2022\/10\/ipad-2-1-1024x652.png 1024w, https:\/\/www2.ready-os.com\/wp-content\/uploads\/2022\/10\/ipad-2-1-300x191.png 300w, https:\/\/www2.ready-os.com\/wp-content\/uploads\/2022\/10\/ipad-2-1-768x489.png 768w, https:\/\/www2.ready-os.com\/wp-content\/uploads\/2022\/10\/ipad-2-1-195x123.png 195w, https:\/\/www2.ready-os.com\/wp-content\/uploads\/2022\/10\/ipad-2-1.png 1068w\" sizes=\"(max-width: 1024px) 100vw, 1024px\" \/><figcaption>Konfiguracja protoko\u0142u CalDAV w systemie iOS &#8211; krok trzeci<\/figcaption><\/figure>\n\n\n\n<ol start=\"5\"><li>po wprowadzeniu ustawie\u0144 zgodnie z instrukcj\u0105 z punktu 4. nale\u017cy klikn\u0105\u0107 opcj\u0119 <strong>Gotowe<\/strong>. Je\u017celi wszystko zosta\u0142o poprawnie wpisane, to przy ka\u017cdej z pozycji pojawi si\u0119 \u201eptaszek\u201d, a u\u017cytkownik zostanie przeniesiony do ekranu widocznego poni\u017cej. Opcje <strong>Kalendarz <\/strong>i <strong>Przypomnienia <\/strong>powinny by\u0107 w\u0142\u0105czone;<\/li><\/ol>\n\n\n<div class=\"wp-block-image\">\n<figure class=\"aligncenter size-large\"><img loading=\"lazy\" decoding=\"async\" width=\"1024\" height=\"527\" src=\"https:\/\/ready-os.com\/wp-content\/uploads\/2022\/10\/ipad-3-1024x527.png\" alt=\"Konfiguracja protoko\u0142u CalDAV w systemie iOS - krok czwarty\" class=\"wp-image-12678\" srcset=\"https:\/\/www2.ready-os.com\/wp-content\/uploads\/2022\/10\/ipad-3-1024x527.png 1024w, https:\/\/www2.ready-os.com\/wp-content\/uploads\/2022\/10\/ipad-3-300x154.png 300w, https:\/\/www2.ready-os.com\/wp-content\/uploads\/2022\/10\/ipad-3-768x395.png 768w, https:\/\/www2.ready-os.com\/wp-content\/uploads\/2022\/10\/ipad-3.png 1535w\" sizes=\"(max-width: 1024px) 100vw, 1024px\" \/><figcaption>Konfiguracja protoko\u0142u CalDAV w systemie iOS &#8211; krok czwarty<\/figcaption><\/figure><\/div>\n\n\n<ol start=\"6\"><li>w tej chwili na urz\u0105dzeniu Apple mo\u017cna w\u0142\u0105czy\u0107 aplikacj\u0119 <strong>Kalendarz<\/strong>. Po jej uruchomieniu nale\u017cy klikn\u0105\u0107 opcj\u0119 <strong>Kalendarze<\/strong>. Otwarte zostanie menu z list\u0105 dost\u0119pnych kalendarzy. Nowy kalendarz powinien by\u0107 widoczny na li\u015bcie;<\/li><\/ol>\n\n\n<div class=\"wp-block-image\">\n<figure class=\"aligncenter size-full\"><img loading=\"lazy\" decoding=\"async\" width=\"772\" height=\"929\" src=\"https:\/\/ready-os.com\/wp-content\/uploads\/2022\/10\/ipad-4.png\" alt=\"Konfiguracja protoko\u0142u CalDAV w systemie iOS - krok pi\u0105ty\" class=\"wp-image-12681\" srcset=\"https:\/\/www2.ready-os.com\/wp-content\/uploads\/2022\/10\/ipad-4.png 772w, https:\/\/www2.ready-os.com\/wp-content\/uploads\/2022\/10\/ipad-4-249x300.png 249w, https:\/\/www2.ready-os.com\/wp-content\/uploads\/2022\/10\/ipad-4-768x924.png 768w\" sizes=\"(max-width: 772px) 100vw, 772px\" \/><figcaption>Konfiguracja protoko\u0142u CalDAV w systemie iOS &#8211; krok pi\u0105ty<\/figcaption><\/figure><\/div>\n\n\n<ol start=\"7\"><li>na siatce kalendarza widoczne b\u0119d\u0105 zdarzenia, kt\u00f3re pobrano z modu\u0142u <strong>Kalendarz <\/strong>w systemie <strong>Ready_<sup>TM<\/sup><\/strong>. Je\u017celi na urz\u0105dzeniu Apple zostanie dodane zdarzenie, to pojawi si\u0119 ono r\u00f3wnie\u017c w systemie <strong>Ready_<sup>TM<\/sup><\/strong>.<\/li><\/ol>\n\n\n<div class=\"wp-block-image\">\n<figure class=\"aligncenter size-large\"><img loading=\"lazy\" decoding=\"async\" width=\"1024\" height=\"914\" src=\"https:\/\/ready-os.com\/wp-content\/uploads\/2022\/10\/ipad-5-1024x914.png\" alt=\"Konfiguracja protoko\u0142u CalDAV w systemie iOS - krok sz\u00f3sty\" class=\"wp-image-12683\" srcset=\"https:\/\/www2.ready-os.com\/wp-content\/uploads\/2022\/10\/ipad-5-1024x914.png 1024w, https:\/\/www2.ready-os.com\/wp-content\/uploads\/2022\/10\/ipad-5-300x268.png 300w, https:\/\/www2.ready-os.com\/wp-content\/uploads\/2022\/10\/ipad-5-768x686.png 768w, https:\/\/www2.ready-os.com\/wp-content\/uploads\/2022\/10\/ipad-5.png 1536w\" sizes=\"(max-width: 1024px) 100vw, 1024px\" \/><figcaption>Konfiguracja protoko\u0142u CalDAV w systemie iOS &#8211; krok sz\u00f3sty<\/figcaption><\/figure><\/div>\n\n\n<h2 class=\"wp-block-heading\" id=\"h-mozilla-thunderbird\">Mozilla Thunderbird<\/h2>\n\n\n\n<p>U\u017cytkownicy programu Mozilla Thunderbird bez wi\u0119kszych problem\u00f3w mog\u0105 pod\u0142\u0105czy\u0107 kalendarz z systemu <strong>Ready_<sup>TM<\/sup><\/strong>. Wsparcie dla protoko\u0142u <strong>CalDAV <\/strong>jest wbudowane w program i nie jest wymagane instalowanie \u017cadnych dodatk\u00f3w.<\/p>\n\n\n\n<p>Aby pod\u0142\u0105czy\u0107 kalendarz <strong>Ready_<sup>TM<\/sup><\/strong> do programu Mozilla Thunderbird, nale\u017cy:<\/p>\n\n\n\n<ol type=\"1\"><li>w\u0142\u0105czy\u0107 klienta pocztowego Mozilla Thunderbird i przej\u015b\u0107 do kalendarza;<\/li><li>&nbsp;klikn\u0105\u0107 prawym przyciskiem myszy miejsce wskazane strza\u0142k\u0105 na rysunku, z menu wybra\u0107 opcj\u0119 <strong>Nowy kalendarz<\/strong><strong>;<\/strong><\/li><\/ol>\n\n\n<div class=\"wp-block-image\">\n<figure class=\"aligncenter size-full\"><img loading=\"lazy\" decoding=\"async\" width=\"561\" height=\"585\" src=\"https:\/\/ready-os.com\/wp-content\/uploads\/2022\/10\/r69-1.png\" alt=\"Konfiguracja protoko\u0142u CalDAV Mozilla Thunderbird - krok pierwszy\" class=\"wp-image-12687\" srcset=\"https:\/\/www2.ready-os.com\/wp-content\/uploads\/2022\/10\/r69-1.png 561w, https:\/\/www2.ready-os.com\/wp-content\/uploads\/2022\/10\/r69-1-288x300.png 288w\" sizes=\"(max-width: 561px) 100vw, 561px\" \/><figcaption>Konfiguracja protoko\u0142u CalDAV Mozilla Thunderbird &#8211; krok pierwszy<\/figcaption><\/figure><\/div>\n\n\n<ol start=\"3\"><li>w oknie kreatora nale\u017cy zaznaczy\u0107 opcj\u0119 <strong>Kalendarz zdalny<\/strong> i klikn\u0105\u0107 przycisk <strong>Nast\u0119pna;<\/strong><\/li><li>nast\u0119pny krok wymaga wprowadzania kluczowych danych:<ul><li><strong>Nazwa u\u017cytkownika<\/strong> \u2013 tutaj nale\u017cy poda\u0107 login do systemu <strong>Ready_<sup>TM<\/sup><\/strong>, kt\u00f3ry jest u\u017cywany do logowania w przegl\u0105darce;<\/li><\/ul><ul><li><strong>Po\u0142o\u017cenia <\/strong>\u2013 tutaj nale\u017cy poda\u0107 adres, pod kt\u00f3rym dzia\u0142a system <strong>Ready_<sup>TM<\/sup><\/strong> uzupe\u0142niony o dodatkowe elementy. Uniwersalna konstrukcja wygl\u0105da tak: <em>https:\/\/<strong>[adres-instacji.ready-os.com]<\/strong>\/dav.php\/principals<\/em> i zmianie podlega wy\u0142\u0105cznie <strong>[adres-instacji.ready-os.com];<\/strong><\/li><\/ul><ul><li><strong>To po\u0142\u0105czenie nie wymaga danych logowania <\/strong>\u2013 ta opcja ma by\u0107 wy\u0142\u0105czona<em>;<\/em><\/li><\/ul><ul><li><strong>Dost\u0119pno\u015b\u0107 offline <\/strong>\u2013 opcj\u0119 nale\u017cy w\u0142\u0105czy\u0107;<\/li><\/ul><\/li><\/ol>\n\n\n<div class=\"wp-block-image\">\n<figure class=\"aligncenter size-full\"><img loading=\"lazy\" decoding=\"async\" width=\"496\" height=\"225\" src=\"https:\/\/ready-os.com\/wp-content\/uploads\/2022\/10\/r70-1.png\" alt=\"Konfiguracja protoko\u0142u CalDAV Mozilla Thunderbird - krok drugi\" class=\"wp-image-12691\" srcset=\"https:\/\/www2.ready-os.com\/wp-content\/uploads\/2022\/10\/r70-1.png 496w, https:\/\/www2.ready-os.com\/wp-content\/uploads\/2022\/10\/r70-1-300x136.png 300w\" sizes=\"(max-width: 496px) 100vw, 496px\" \/><figcaption>Konfiguracja protoko\u0142u CalDAV Mozilla Thunderbird &#8211; krok drugi<\/figcaption><\/figure><\/div>\n\n\n<ol start=\"5\"><li>w oknie powy\u017cej po wprowadzeniu niezb\u0119dnych ustawie\u0144 nale\u017cy klikn\u0105\u0107 przycisk <strong>Znajd\u017a kalendarze<\/strong>. Po chwili na ekranie pojawi si\u0119 nowe okno, w kt\u00f3rym nale\u017cy poda\u0107 has\u0142o powi\u0105zane z podanym wcze\u015bniej loginem. Po klikni\u0119ciu przycisku <strong>OK<\/strong> ca\u0142y proces przejdzie do nast\u0119pnego etapu;<\/li><\/ol>\n\n\n<div class=\"wp-block-image\">\n<figure class=\"aligncenter size-full\"><img loading=\"lazy\" decoding=\"async\" width=\"462\" height=\"171\" src=\"https:\/\/ready-os.com\/wp-content\/uploads\/2022\/10\/r71-2.png\" alt=\"Konfiguracja protoko\u0142u CalDAV Mozilla Thunderbird - krok trzeci\" class=\"wp-image-12693\" srcset=\"https:\/\/www2.ready-os.com\/wp-content\/uploads\/2022\/10\/r71-2.png 462w, https:\/\/www2.ready-os.com\/wp-content\/uploads\/2022\/10\/r71-2-300x111.png 300w\" sizes=\"(max-width: 462px) 100vw, 462px\" \/><figcaption>Konfiguracja protoko\u0142u CalDAV Mozilla Thunderbird &#8211; krok trzeci<\/figcaption><\/figure><\/div>\n\n\n<ol start=\"6\"><li>je\u017celi adres kalendarza, login i has\u0142o zosta\u0142y podane prawid\u0142owo, to wynikiem dzia\u0142a\u0144 opisanych w poprzednich podpunktach b\u0119dzie pojawienie si\u0119 okna widocznego poni\u017cej;<ul><li>na li\u015bcie b\u0119d\u0105 widoczne wszystkie dost\u0119pne kalendarze;<\/li><\/ul><ul><li>ptaszek przy nazwie kalendarza oznacza, \u017ce b\u0119dzie on subskrybowany w Mozilla Thunderbird;<\/li><\/ul><ul><li>przycisk <strong>W\u0142a\u015bciwo\u015bci<\/strong> obok nazwy kalendarza pozwala mi\u0119dzy innymi na zmian\u0119 nazwy, koloru, cz\u0119stotliwo\u015bci od\u015bwie\u017cania i kilku innych element\u00f3w;<\/li><\/ul><\/li><\/ol>\n\n\n<div class=\"wp-block-image\">\n<figure class=\"aligncenter size-full\"><img loading=\"lazy\" decoding=\"async\" width=\"492\" height=\"191\" src=\"https:\/\/ready-os.com\/wp-content\/uploads\/2022\/10\/r72-1.png\" alt=\"Konfiguracja protoko\u0142u CalDAV Mozilla Thunderbird - krok czwarty\" class=\"wp-image-12695\" srcset=\"https:\/\/www2.ready-os.com\/wp-content\/uploads\/2022\/10\/r72-1.png 492w, https:\/\/www2.ready-os.com\/wp-content\/uploads\/2022\/10\/r72-1-300x116.png 300w\" sizes=\"(max-width: 492px) 100vw, 492px\" \/><figcaption>Konfiguracja protoko\u0142u CalDAV Mozilla Thunderbird &#8211; krok czwarty<\/figcaption><\/figure><\/div>\n\n\n<ol start=\"7\"><li>po dopasowaniu sposobu obs\u0142ugi kalendarzy nale\u017cy klikn\u0105\u0107 przycisk <strong>Subskrybuj.<\/strong> Nowy kalendarz pojawi si\u0119 na li\u015bcie obok innych pozycji. Dodatkowo na siatce kalendarza widoczne b\u0119d\u0105 nowe zdarzenia.<\/li><\/ol>\n\n\n\n<figure class=\"wp-block-image size-large\"><img loading=\"lazy\" decoding=\"async\" width=\"1024\" height=\"752\" src=\"https:\/\/ready-os.com\/wp-content\/uploads\/2022\/10\/r73-1-1024x752.png\" alt=\"Konfiguracja protoko\u0142u CalDAV Mozilla Thunderbird - krok pi\u0105ty\" class=\"wp-image-12697\" srcset=\"https:\/\/www2.ready-os.com\/wp-content\/uploads\/2022\/10\/r73-1-1024x752.png 1024w, https:\/\/www2.ready-os.com\/wp-content\/uploads\/2022\/10\/r73-1-300x220.png 300w, https:\/\/www2.ready-os.com\/wp-content\/uploads\/2022\/10\/r73-1-768x564.png 768w, https:\/\/www2.ready-os.com\/wp-content\/uploads\/2022\/10\/r73-1.png 1126w\" sizes=\"(max-width: 1024px) 100vw, 1024px\" \/><figcaption>Konfiguracja protoko\u0142u CalDAV Mozilla Thunderbird &#8211; krok pi\u0105ty<\/figcaption><\/figure>\n\n\n\n<p>Warto zwr\u00f3ci\u0107 uwag\u0119, \u017ce w opisie powy\u017cej dokonano subskrypcji kalendarzy o nazwie <strong>work<\/strong> oraz <strong>prywatny<\/strong>. Pierwszy z nich zawiera zdarzenia, kt\u00f3re mog\u0105 by\u0107 dost\u0119pne dla innych os\u00f3b. Natomiast kalendarz <strong>prywatny<\/strong> wy\u015bwietla wy\u0142\u0105cznie te zdarzenia, kt\u00f3re oznaczono jako <strong>prywatne<\/strong>.<\/p>\n\n\n\n<p>Po pod\u0142\u0105czeniu kalendarza <strong>Ready_<sup>TM<\/sup><\/strong> w programie Mozilla Thunderbird b\u0119d\u0105 w nim widoczne wszystkie zdarzenia dodane bezpo\u015brednio z poziomu modu\u0142u <strong>Kalendarz <\/strong>w systemie <strong>Ready_<sup>TM<\/sup><\/strong>. Zdarzenia dodane w programie Mozilla Thunderbird do odpowiedniego kalendarza pojawi\u0105 si\u0119 w systemie <strong>Ready_<sup>TM<\/sup><\/strong>. Nale\u017cy jednak pami\u0119ta\u0107 o tym, \u017ce domy\u015blny interwa\u0142 synchronizacji wynosi 30 min. Oznacza to, \u017ce je\u017celi synchronizacja nie zostanie wymuszona r\u0119cznie, to zdarzenia mog\u0105 pokazywa\u0107 si\u0119 z op\u00f3\u017anieniem, co mo\u017ce by\u0107 nieco myl\u0105ce.<\/p>\n\n\n\n<h2 class=\"wp-block-heading\" id=\"h-ms-outlook\">MS Outlook<\/h2>\n\n\n\n<p>W dalszej cz\u0119\u015bci artyku\u0142u wykorzystano najnowsz\u0105 wersj\u0119 aplikacji Microsoft Outlook dost\u0119pn\u0105 w ramach pakietu Office 365. Do obs\u0142ugi protoko\u0142u <strong>CalDAV <\/strong>konieczna jest instalacja dodatku, kt\u00f3ry nale\u017cy pobra\u0107 ze strony <a href=\"https:\/\/caldavsynchronizer.org\/download-2\/\">https:\/\/caldavsynchronizer.org\/download-2\/<\/a> i zainstalowa\u0107 na komputerze pracuj\u0105cym pod kontrol\u0105 systemu Windows. Na czas instalacji dodatku program Microsoft Outlook powinien by\u0107 wy\u0142\u0105czony.<\/p>\n\n\n\n<p>Aby pod\u0142\u0105czy\u0107 kalendarz <strong>Ready_<sup>TM<\/sup><\/strong> do programu Microsoft Outlook, nale\u017cy:<\/p>\n\n\n\n<ol type=\"1\"><li>w\u0142\u0105czy\u0107 Microsoft Outlook i przej\u015b\u0107 do kalendarza;<\/li><li>klikn\u0105\u0107 zak\u0142adk\u0119 <strong>CalDAV Synchronizer<\/strong><strong>,<\/strong> a potem opcj\u0119 <strong>Synchronization Profiles<\/strong><strong>;<\/strong><\/li><\/ol>\n\n\n<div class=\"wp-block-image\">\n<figure class=\"aligncenter size-full\"><img loading=\"lazy\" decoding=\"async\" width=\"899\" height=\"198\" src=\"https:\/\/ready-os.com\/wp-content\/uploads\/2022\/10\/r74a.png\" alt=\"Konfiguracja protoko\u0142u CalDAV Microsoft Outlook - krok pierwszy\" class=\"wp-image-12701\" srcset=\"https:\/\/www2.ready-os.com\/wp-content\/uploads\/2022\/10\/r74a.png 899w, https:\/\/www2.ready-os.com\/wp-content\/uploads\/2022\/10\/r74a-300x66.png 300w, https:\/\/www2.ready-os.com\/wp-content\/uploads\/2022\/10\/r74a-768x169.png 768w\" sizes=\"(max-width: 899px) 100vw, 899px\" \/><figcaption>Konfiguracja protoko\u0142u CalDAV Microsoft Outlook &#8211; krok pierwszy<\/figcaption><\/figure><\/div>\n\n\n<ol start=\"3\"><li>w nowym oknie klikn\u0105\u0107 przycisk z zielonym plusem \u2013 <strong>Add new profile;<\/strong><\/li><\/ol>\n\n\n<div class=\"wp-block-image\">\n<figure class=\"aligncenter size-full\"><img loading=\"lazy\" decoding=\"async\" width=\"225\" height=\"119\" src=\"https:\/\/ready-os.com\/wp-content\/uploads\/2022\/10\/r75a.png\" alt=\"Konfiguracja protoko\u0142u CalDAV Microsoft Outlook - krok drugi\" class=\"wp-image-12704\"\/><figcaption>Konfiguracja protoko\u0142u CalDAV Microsoft Outlook &#8211; krok drugi<\/figcaption><\/figure><\/div>\n\n\n<ol start=\"4\"><li>w kolejnym nowym oknie zaznaczy\u0107 opcj\u0119 <strong>Generic CalDAV\/CardDAV<\/strong> i klikn\u0105\u0107 przycisk <strong>OK;<\/strong><\/li><\/ol>\n\n\n<div class=\"wp-block-image\">\n<figure class=\"aligncenter size-full\"><img loading=\"lazy\" decoding=\"async\" width=\"935\" height=\"570\" src=\"https:\/\/ready-os.com\/wp-content\/uploads\/2022\/10\/r76-1.png\" alt=\"Konfiguracja protoko\u0142u CalDAV Microsoft Outlook - krok trzeci\" class=\"wp-image-12706\" srcset=\"https:\/\/www2.ready-os.com\/wp-content\/uploads\/2022\/10\/r76-1.png 935w, https:\/\/www2.ready-os.com\/wp-content\/uploads\/2022\/10\/r76-1-300x183.png 300w, https:\/\/www2.ready-os.com\/wp-content\/uploads\/2022\/10\/r76-1-768x468.png 768w\" sizes=\"(max-width: 935px) 100vw, 935px\" \/><figcaption>Konfiguracja protoko\u0142u CalDAV Microsoft Outlook &#8211; krok trzeci<\/figcaption><\/figure><\/div>\n\n\n<ol start=\"5\"><li>w polu <strong>Name<\/strong> w pierwszej kolejno\u015bci nale\u017cy poda\u0107 nazw\u0119 nowego profilu;<\/li><li>nast\u0119pnie w polu <strong>Outlook Settings<\/strong> nale\u017cy klikn\u0105\u0107 przycisk z trzema kropkami;<\/li><\/ol>\n\n\n<div class=\"wp-block-image\">\n<figure class=\"aligncenter size-full\"><img loading=\"lazy\" decoding=\"async\" width=\"838\" height=\"514\" src=\"https:\/\/ready-os.com\/wp-content\/uploads\/2022\/10\/r77-1.png\" alt=\"Konfiguracja protoko\u0142u CalDAV Microsoft Outlook - krok czwarty\" class=\"wp-image-12708\" srcset=\"https:\/\/www2.ready-os.com\/wp-content\/uploads\/2022\/10\/r77-1.png 838w, https:\/\/www2.ready-os.com\/wp-content\/uploads\/2022\/10\/r77-1-300x184.png 300w, https:\/\/www2.ready-os.com\/wp-content\/uploads\/2022\/10\/r77-1-768x471.png 768w\" sizes=\"(max-width: 838px) 100vw, 838px\" \/><figcaption>Konfiguracja protoko\u0142u CalDAV Microsoft Outlook &#8211; krok czwarty<\/figcaption><\/figure><\/div>\n\n\n<ol start=\"7\"><li>otwarte zostanie nowe okno. W polu <strong>Folder <\/strong>na li\u015bcie odszuka\u0107 i zaznaczy\u0107 pozycj\u0119 <strong>Kalendarz, <\/strong>a potem klikn\u0105\u0107 przycisk <strong>Nowy\u2026;<\/strong><\/li><\/ol>\n\n\n<div class=\"wp-block-image\">\n<figure class=\"aligncenter size-full\"><img loading=\"lazy\" decoding=\"async\" width=\"403\" height=\"368\" src=\"https:\/\/ready-os.com\/wp-content\/uploads\/2022\/10\/r78-1.png\" alt=\"Konfiguracja protoko\u0142u CalDAV Microsoft Outlook - krok pi\u0105ty\" class=\"wp-image-12710\" srcset=\"https:\/\/www2.ready-os.com\/wp-content\/uploads\/2022\/10\/r78-1.png 403w, https:\/\/www2.ready-os.com\/wp-content\/uploads\/2022\/10\/r78-1-300x274.png 300w\" sizes=\"(max-width: 403px) 100vw, 403px\" \/><figcaption>Konfiguracja protoko\u0142u CalDAV Microsoft Outlook &#8211; krok pi\u0105ty<\/figcaption><\/figure><\/div>\n\n\n<ol start=\"8\"><li>w kolejnym oknie nale\u017cy:<ul><li><strong>Nazwa<\/strong> \u2013 wpisa\u0107 nazw\u0119 kalendarza;<\/li><\/ul><ul><li><strong>Folder zawiera<\/strong> \u2013 ustawi\u0107 warto\u015b\u0107 <strong>Elementy<\/strong> <strong>typu<\/strong> <strong>Kalendarz;<\/strong><\/li><\/ul><ul><li><strong>Wybierz lokalizacj\u0119 folderu<\/strong> \u2013 zaznaczy\u0107 pozycj\u0119 <strong>Kalendarz;<\/strong><\/li><\/ul><ul><li>klikn\u0105\u0107 przycisk <strong>OK;<\/strong><\/li><\/ul><\/li><\/ol>\n\n\n<div class=\"wp-block-image\">\n<figure class=\"aligncenter size-full\"><img loading=\"lazy\" decoding=\"async\" width=\"310\" height=\"359\" src=\"https:\/\/ready-os.com\/wp-content\/uploads\/2022\/10\/r79-1.png\" alt=\"Konfiguracja protoko\u0142u CalDAV Microsoft Outlook - krok sz\u00f3sty\" class=\"wp-image-12712\" srcset=\"https:\/\/www2.ready-os.com\/wp-content\/uploads\/2022\/10\/r79-1.png 310w, https:\/\/www2.ready-os.com\/wp-content\/uploads\/2022\/10\/r79-1-259x300.png 259w\" sizes=\"(max-width: 310px) 100vw, 310px\" \/><figcaption>Konfiguracja protoko\u0142u CalDAV Microsoft Outlook &#8211; krok sz\u00f3sty<\/figcaption><\/figure><\/div>\n\n\n<ol start=\"9\"><li>w sekcji <strong>Folder<\/strong> odszuka\u0107 <strong>Kalendarz<\/strong> oraz nazw\u0119 utworzonego kalendarza, nast\u0119pnie j\u0105 zaznaczy\u0107 i klikn\u0105\u0107 przycisk <strong>OK;<\/strong><\/li><\/ol>\n\n\n<div class=\"wp-block-image\">\n<figure class=\"aligncenter size-full\"><img loading=\"lazy\" decoding=\"async\" width=\"402\" height=\"371\" src=\"https:\/\/ready-os.com\/wp-content\/uploads\/2022\/10\/r80-1.png\" alt=\"Konfiguracja protoko\u0142u CalDAV Microsoft Outlook - krok si\u00f3dmy\" class=\"wp-image-12714\" srcset=\"https:\/\/www2.ready-os.com\/wp-content\/uploads\/2022\/10\/r80-1.png 402w, https:\/\/www2.ready-os.com\/wp-content\/uploads\/2022\/10\/r80-1-300x277.png 300w\" sizes=\"(max-width: 402px) 100vw, 402px\" \/><figcaption>Konfiguracja protoko\u0142u CalDAV Microsoft Outlook &#8211; krok si\u00f3dmy<\/figcaption><\/figure><\/div>\n\n\n<ol type=\"1\" start=\"10\"><li>po powrocie do g\u0142\u00f3wnego okna konfiguracyjnego uzupe\u0142ni\u0107 pozosta\u0142e pola wed\u0142ug instrukcji:<ul><li><strong>DAV URL<\/strong> \u2013 wprowadzi\u0107 adres kalendarza wed\u0142ug schematu <em>https:\/\/<strong>[adres-serwera]<\/strong>\/dav.php\/calendars\/<strong>[twoj-login@domena.pl]<\/strong>\/work\/<\/em>. Zamiast <strong>[adres-serwera]<\/strong> nale\u017cy poda\u0107 adres, pod kt\u00f3rym znajduje si\u0119 system <em>Ready_<sup>TM<\/sup><\/em>. Zamiast <strong>[tw\u00f3j-login@domena.pl]<\/strong> trzeba wpisa\u0107 login do systemu <strong>Ready_<sup>TM<\/sup><\/strong>. Zar\u00f3wno adres, jak i login nale\u017cy wprowadzi\u0107 bez nawias\u00f3w kwadratowych;<\/li><li><strong>Username<\/strong> i <strong>Password <\/strong>\u2013 wpisa\u0107 login i has\u0142o do systemu<em>;<\/em><\/li><li>Pozosta\u0142e opcje ustawi\u0107 zgodnie z tym, co wida\u0107 na zrzucie ekranu i klikn\u0105\u0107 przycisk <strong>OK;<\/strong><\/li><\/ul><\/li><\/ol>\n\n\n<div class=\"wp-block-image\">\n<figure class=\"aligncenter size-full\"><img loading=\"lazy\" decoding=\"async\" width=\"840\" height=\"509\" src=\"https:\/\/ready-os.com\/wp-content\/uploads\/2022\/10\/r81.png\" alt=\"Konfiguracja protoko\u0142u CalDAV Microsoft Outlook - krok \u00f3smy\" class=\"wp-image-12716\" srcset=\"https:\/\/www2.ready-os.com\/wp-content\/uploads\/2022\/10\/r81.png 840w, https:\/\/www2.ready-os.com\/wp-content\/uploads\/2022\/10\/r81-300x182.png 300w, https:\/\/www2.ready-os.com\/wp-content\/uploads\/2022\/10\/r81-768x465.png 768w\" sizes=\"(max-width: 840px) 100vw, 840px\" \/><figcaption>Konfiguracja protoko\u0142u CalDAV Microsoft Outlook &#8211; krok \u00f3smy<\/figcaption><\/figure><\/div>\n\n\n<ol type=\"1\" start=\"11\"><li>po powrocie do g\u0142\u00f3wnego okna programu Microsoft Outlook w sekcji z list\u0105 kalendarzy pojawi si\u0119 nowa pozycja. Natomiast po klikni\u0119ciu przycisku <strong>Synchronize now<\/strong> nast\u0105pi synchronizacja kalendarza.<\/li><\/ol>\n\n\n<div class=\"wp-block-image\">\n<figure class=\"aligncenter size-large\"><img loading=\"lazy\" decoding=\"async\" width=\"1024\" height=\"923\" src=\"https:\/\/ready-os.com\/wp-content\/uploads\/2022\/10\/r82-1024x923.png\" alt=\"Konfiguracja protoko\u0142u CalDAV Microsoft Outlook - krok dziewi\u0105ty\" class=\"wp-image-12718\" srcset=\"https:\/\/www2.ready-os.com\/wp-content\/uploads\/2022\/10\/r82-1024x923.png 1024w, https:\/\/www2.ready-os.com\/wp-content\/uploads\/2022\/10\/r82-300x271.png 300w, https:\/\/www2.ready-os.com\/wp-content\/uploads\/2022\/10\/r82-768x693.png 768w, https:\/\/www2.ready-os.com\/wp-content\/uploads\/2022\/10\/r82.png 1059w\" sizes=\"(max-width: 1024px) 100vw, 1024px\" \/><figcaption>Konfiguracja protoko\u0142u CalDAV Microsoft Outlook &#8211; krok dziewi\u0105ty<\/figcaption><\/figure><\/div>\n\n\n<p>Konfiguracja ma charakter jednorazowej operacji. Po jej wykonaniu Microsoft Outlook b\u0119dzie automatycznie synchronizowa\u0107 si\u0119 z kalendarzem. Wymiana informacji jest dwukierunkowa \u2013 dodanie spotkania z poziomu Outlooka b\u0119dzie skutkowa\u0107 pojawieniem si\u0119 go w kalendarzu. Nale\u017cy pami\u0119ta\u0107 o tym, \u017ce synchronizacja odbywa si\u0119 w okre\u015blonych interwa\u0142ach czasowych, kt\u00f3re mo\u017cna zmieni\u0107 w oknie opisanym w punkcie 10. Przy\u015bpieszenie pojawienia si\u0119 danego wpisu w synchronizowanym kalendarzu wymaga klikni\u0119cia przycisku <strong>Synchronize now<\/strong>.<\/p>\n","protected":false},"excerpt":{"rendered":"<p>Protok\u00f3\u0142 CalDAV w systemie Android, Protok\u00f3\u0142 CalDAV w systemie iOS, Protok\u00f3\u0142 CalDAV w Mozilla Thunderbird, Protok\u00f3\u0142 CalDAV w MS Outlook, System Ready_TM jest platform\u0105, kt\u00f3ra sama w sobie jest rozwi\u0105zaniem kompletnym i posiada wszystkie niezb\u0119dne narz\u0119dzia do codziennej pracy. Do dzia\u0142ania wystarczy dost\u0119p do internetu oraz przegl\u0105darka stron WWW. Dodatkowo dla system\u00f3w mobilnych przygotowano dedykowane [&hellip;]<\/p>\n","protected":false},"author":27,"featured_media":0,"comment_status":"closed","ping_status":"closed","template":"","meta":[],"doc_category":[208],"doc_tag":[],"knowledge_base":[134],"_links":{"self":[{"href":"https:\/\/www2.ready-os.com\/pl\/wp-json\/wp\/v2\/docs\/12118"}],"collection":[{"href":"https:\/\/www2.ready-os.com\/pl\/wp-json\/wp\/v2\/docs"}],"about":[{"href":"https:\/\/www2.ready-os.com\/pl\/wp-json\/wp\/v2\/types\/docs"}],"author":[{"embeddable":true,"href":"https:\/\/www2.ready-os.com\/pl\/wp-json\/wp\/v2\/users\/27"}],"replies":[{"embeddable":true,"href":"https:\/\/www2.ready-os.com\/pl\/wp-json\/wp\/v2\/comments?post=12118"}],"version-history":[{"count":19,"href":"https:\/\/www2.ready-os.com\/pl\/wp-json\/wp\/v2\/docs\/12118\/revisions"}],"predecessor-version":[{"id":12722,"href":"https:\/\/www2.ready-os.com\/pl\/wp-json\/wp\/v2\/docs\/12118\/revisions\/12722"}],"wp:attachment":[{"href":"https:\/\/www2.ready-os.com\/pl\/wp-json\/wp\/v2\/media?parent=12118"}],"wp:term":[{"taxonomy":"doc_category","embeddable":true,"href":"https:\/\/www2.ready-os.com\/pl\/wp-json\/wp\/v2\/doc_category?post=12118"},{"taxonomy":"doc_tag","embeddable":true,"href":"https:\/\/www2.ready-os.com\/pl\/wp-json\/wp\/v2\/doc_tag?post=12118"},{"taxonomy":"knowledge_base","embeddable":true,"href":"https:\/\/www2.ready-os.com\/pl\/wp-json\/wp\/v2\/knowledge_base?post=12118"}],"curies":[{"name":"wp","href":"https:\/\/api.w.org\/{rel}","templated":true}]}}