{"id":12116,"date":"2022-10-28T15:01:52","date_gmt":"2022-10-28T13:01:52","guid":{"rendered":"https:\/\/ready-os.com\/?post_type=docs&#038;p=12116"},"modified":"2022-10-31T09:16:54","modified_gmt":"2022-10-31T08:16:54","slug":"funkcjonalnosc-modulu-kalendarz","status":"publish","type":"docs","link":"https:\/\/www2.ready-os.com\/pl\/docs\/system\/funkcjonalnosc-modulu-kalendarz\/","title":{"rendered":"Funkcjonalno\u015b\u0107 modu\u0142u Kalendarz"},"content":{"rendered":"\n<p><\/p>\n\n\n\n<ul class=\"has-background\" style=\"background-color:#fbf5f5\"><li><a href=\"#1\">Podgl\u0105d zdarzenia<\/a>,<\/li><li><a href=\"#2\">Dodawanie zdarze\u0144<\/a>,<ul><li><a href=\"#3\">Zadanie<\/a>,<\/li><li><a href=\"#4\">Spotkanie<\/a>,<\/li><li><a href=\"#5\">Termin<\/a>,<\/li><li><a href=\"#6\">Rozmowa telefoniczna<\/a>,<\/li><li><a href=\"#7\">Zdarzenie cykliczne<\/a>,<\/li><li><a href=\"#8\">Zdarzenie prywatne<\/a>,<\/li><li><a href=\"#9\">Kolizje w czasie<\/a>,<\/li><\/ul><\/li><li><a href=\"#10\">Modyfikacja i usuwanie zdarze\u0144<\/a>,<\/li><li><a href=\"#11\">Oznaczanie zdarzenia jako za\u0142atwione<\/a>,<\/li><li><a href=\"#12\">Wydruk kalendarza<\/a>,<\/li><li><a href=\"#13\">Wykres obci\u0105\u017cenia zasob\u00f3w<\/a>,<\/li><li><a href=\"#14\">Subskrypcja i udost\u0119pnianie kalendarzy<\/a>,<\/li><\/ul>\n\n\n\n<p>Funkcjonalno\u015b\u0107 <strong>Kalendarza<\/strong> nie r\u00f3\u017cni si\u0119 od innych podobnych aplikacji. Oznacza to, \u017ce u\u017cytkownik mo\u017ce przegl\u0105da\u0107 i modyfikowa\u0107 istniej\u0105ce oraz dodawa\u0107 nowe zdarzenia. Poza tym mo\u017cliwe jest subskrybowanie i udost\u0119pnianie kalendarzy.<\/p>\n\n\n\n<h2 class=\"wp-block-heading\" id=\"1\">Podgl\u0105d zdarzenia<\/h2>\n\n\n\n<p>Przegl\u0105danie zdarze\u0144 bezpo\u015brednio w <strong>Kalendarzu<\/strong> jest jedn\u0105 z podstawowych funkcji wykorzystywanych przez ka\u017cdego u\u017cytkownika. Nale\u017cy tutaj pami\u0119ta\u0107, \u017ce sam widok kalendarza mo\u017cna zmienia\u0107, co zosta\u0142o szerzej om\u00f3wione w oddzielnym <a href=\"https:\/\/ready-os.com\/pl\/docs\/system\/okno-kalendarza-i-jego-mozliwosci\/\">artykule<\/a>.<\/p>\n\n\n\n<p>Pojedyncze zdarzenie jest widoczne na siatce kalendarza w formie kolorowej kafelki. Kolor zmienia si\u0119 w zale\u017cno\u015bci od kalendarza, z kt\u00f3rego pochodzi dane zdarzenie. W zdarzeniu znajduje si\u0119:<\/p>\n\n\n\n<ul><li>godzina rozpocz\u0119cia i zako\u0144czenia (nie zawsze j\u0105 wida\u0107);<\/li><li>temat informuj\u0105cy o tym, czego dotyczy zdarzenie;<\/li><li>ikona symbolizuj\u0105ca rodzaj zdarzenia. Dost\u0119pne s\u0105 dedykowane ikony dla spotka\u0144, zada\u0144, rozm\u00f3w telefonicznych oraz termin\u00f3w.<\/li><\/ul>\n\n\n<div class=\"wp-block-image\">\n<figure class=\"aligncenter size-full\"><img loading=\"lazy\" decoding=\"async\" width=\"832\" height=\"552\" src=\"https:\/\/ready-os.com\/wp-content\/uploads\/2022\/10\/r08-4.png\" alt=\"Widok zdarze\u0144 na siatce kalendarza\" class=\"wp-image-12507\" srcset=\"https:\/\/www2.ready-os.com\/wp-content\/uploads\/2022\/10\/r08-4.png 832w, https:\/\/www2.ready-os.com\/wp-content\/uploads\/2022\/10\/r08-4-300x199.png 300w, https:\/\/www2.ready-os.com\/wp-content\/uploads\/2022\/10\/r08-4-768x510.png 768w\" sizes=\"(max-width: 832px) 100vw, 832px\" \/><figcaption>Widok zdarze\u0144 na siatce kalendarza<\/figcaption><\/figure><\/div>\n\n\n<p>Podw\u00f3jne klikni\u0119cie kafelka zdarzenia otworzy okno zawieraj\u0105ce szczeg\u00f3\u0142owe informacje. Wygl\u0105d okna oraz zawarte w nim dane s\u0105 niezale\u017cnie od typu zdarzenia.<\/p>\n\n\n<div class=\"wp-block-image\">\n<figure class=\"aligncenter size-full\"><img loading=\"lazy\" decoding=\"async\" width=\"770\" height=\"828\" src=\"https:\/\/ready-os.com\/wp-content\/uploads\/2022\/10\/r09-3.png\" alt=\"Szczeg\u00f3\u0142owy widok zdarzenia\" class=\"wp-image-12509\" srcset=\"https:\/\/www2.ready-os.com\/wp-content\/uploads\/2022\/10\/r09-3.png 770w, https:\/\/www2.ready-os.com\/wp-content\/uploads\/2022\/10\/r09-3-279x300.png 279w, https:\/\/www2.ready-os.com\/wp-content\/uploads\/2022\/10\/r09-3-768x826.png 768w\" sizes=\"(max-width: 770px) 100vw, 770px\" \/><figcaption>Szczeg\u00f3\u0142owy widok zdarzenia<\/figcaption><\/figure><\/div>\n\n\n<p>Szczeg\u00f3\u0142owe om\u00f3wienie wszystkich dost\u0119pnych p\u00f3l znajduje si\u0119 oddzielnym artykule po\u015bwi\u0119conym dodaniu zdarze\u0144 okre\u015blonych typ\u00f3w.<\/p>\n\n\n\n<h2 class=\"wp-block-heading\" id=\"2\">Dodawanie zdarze\u0144<\/h2>\n\n\n\n<p>U\u017cytkownik modu\u0142u <strong>Kalendarz <\/strong>mo\u017ce utworzy\u0107 nast\u0119puj\u0105ce rodzaje zdarze\u0144:<\/p>\n\n\n\n<ul><li><strong>Zadanie<\/strong> \u2013 s\u0142u\u017cy zlecaniu polece\u0144 s\u0142u\u017cbowych, najlepiej pojedynczej czynno\u015bci;<\/li><li><strong>Termin<\/strong> \u2013 dowolne zdarzenie, na przyk\u0142ad urlop, termin wa\u017cno\u015bci ubezpieczenia, rocznica, p\u0142atno\u015b\u0107;<\/li><li><strong>Spotkanie <\/strong><strong>\u2013<\/strong> s\u0142u\u017cy do rejestracji zdarze\u0144, w kt\u00f3rych uczestnicz\u0105 inne osoby;<\/li><li><strong>Rozmowa telefoniczna<\/strong> \u2013 miejsce, w kt\u00f3rym zapisuje si\u0119 informacj\u0119 o odbytej przez telefon rozmowie z klientem. Do rejestracji zaplanowanej rozmowy nale\u017cy u\u017cy\u0107 zadania, a informacj\u0119 o tym, \u017ce kto\u015b nie odbiera lub jest nieobecny, umie\u015bci\u0107 w komentarzu. Dopiero zrealizowana rozmowa powinna by\u0107 odnotowana jako <strong>Rozmowa telefoniczna<\/strong><strong>;<\/strong><\/li><li><strong>Przypomnienie<\/strong> \u2013 powiadomienie wyskakuj\u0105ce jako okno komunikatu w ustalonym czasie. Zwykle jest powi\u0105zane z innym zdarzeniem.<\/li><\/ul>\n\n\n\n<p>Ka\u017cdy typ zdarzenia mo\u017cna doda\u0107 na kilka sposob\u00f3w:<\/p>\n\n\n\n<ol type=\"1\"><li>przycisk <strong>Dodaj<\/strong> \u2013 po klikni\u0119ciu przycisku pojawi si\u0119 menu wyboru typu zdarzenia. U\u017cycie tej metody zobrazowano w dalszych opisach;<\/li><li>siatka kalendarza \u2013 na siatce kalendarza (w widoku dnia, tygodnia i miesi\u0105ca) mo\u017cna klikn\u0105\u0107 odpowiedni dzie\u0144 i godzin\u0119, a potem z menu wybra\u0107 typ zdarzenia. Mo\u017cna r\u00f3wnie\u017c klikn\u0105\u0107 pocz\u0105tkow\u0105 godzin\u0119 spotkania, przytrzyma\u0107 przycisk myszy i przesun\u0105\u0107 kursor, tak by oznaczy\u0107 koniec zdarzenia. Po zwolnieniu przycisku nale\u017cy wskaza\u0107 typ zdarzenia.<\/li><\/ol>\n\n\n\n<h3 class=\"wp-block-heading\" id=\"3\">Zadanie<\/h3>\n\n\n\n<p>Zdarzenie typu <strong>Zadanie <\/strong>najlepiej sprawdza si\u0119 do oznaczania konkretnych dzia\u0142a\u0144, kt\u00f3re maj\u0105 by\u0107 wykonane w przysz\u0142o\u015bci. Zaleca si\u0119 u\u017cywania zada\u0144 do pojedynczych dzia\u0142a\u0144.<\/p>\n\n\n\n<p>Aby doda\u0107 zadanie, nale\u017cy:<\/p>\n\n\n\n<ol type=\"1\"><li>w\u0142\u0105czy\u0107 modu\u0142 <strong>Kalendarz<\/strong><strong>;<\/strong><\/li><li>klikn\u0105\u0107 przycisk <strong>Dodaj<\/strong> i wybra\u0107 opcj\u0119 <strong>Zadanie<\/strong><strong>;<\/strong><\/li><\/ol>\n\n\n<div class=\"wp-block-image\">\n<figure class=\"aligncenter size-full\"><img loading=\"lazy\" decoding=\"async\" width=\"552\" height=\"238\" src=\"https:\/\/ready-os.com\/wp-content\/uploads\/2022\/10\/r10-3.png\" alt=\"Dodawanie zadania - krok pierwszy\" class=\"wp-image-12514\" srcset=\"https:\/\/www2.ready-os.com\/wp-content\/uploads\/2022\/10\/r10-3.png 552w, https:\/\/www2.ready-os.com\/wp-content\/uploads\/2022\/10\/r10-3-300x129.png 300w\" sizes=\"(max-width: 552px) 100vw, 552px\" \/><figcaption>Dodawanie nowego zadania<\/figcaption><\/figure><\/div>\n\n\n<ol start=\"3\"><li>w nowym oknie dost\u0119pnych jest kilka zak\u0142adek, kt\u00f3re nale\u017cy wype\u0142ni\u0107 wed\u0142ug instrukcji zawartych w kolejnych podpunktach;<\/li><li>zak\u0142adka <strong>Og\u00f3lne<\/strong> zawiera podstawowe dane na temat tworzonego zadania:<ul><li><strong>Temat<\/strong> \u2013 pozwala na wpisanie tematu tworzonego zadania. Powinien on by\u0107 sugestywny i pozwala\u0107 na identyfikacj\u0119 tego, co nale\u017cy zrobi\u0107, bez potrzeby otwierania zdarzenia;<\/li><\/ul><ul><li><strong>Data<\/strong> \u2013 data rozpocz\u0119cia zadania. Klikni\u0119cie pola daty pozwoli na wskazanie konkretnego terminu. Klikni\u0119cie pola godziny pozwoli na wskazanie konkretnej godziny rozpocz\u0119cia zadania. Domy\u015blnie pola s\u0105 wype\u0142nione aktualn\u0105 dat\u0105 i godzin\u0105;<\/li><\/ul><ul><li><strong>Czas trwania<\/strong> \u2013 pozwala na wpisanie planowanego czasu trwania zadania. Nale\u017cy wpisa\u0107 okre\u015blon\u0105 warto\u015b\u0107, na przyk\u0142ad <strong>30m<\/strong> (trzydzie\u015bci minut) albo <strong>2h<\/strong> (dwie godziny). Wa\u017cne jest to, by poza warto\u015bci\u0105 liczbow\u0105 doda\u0107 literk\u0119: <strong>m<\/strong> (minuty), <strong>h<\/strong> (godziny) lub <strong>d<\/strong> (dni). Po wpisaniu warto\u015bci i naci\u015bni\u0119ciu <em>Enter<\/em> warto\u015b\u0107 pola <strong>Data do<\/strong> ulegnie zmianie;<\/li><\/ul><ul><li><strong>Data do<\/strong> \u2013 pozwala ustawi\u0107 dat\u0119, do kt\u00f3rej ma trwa\u0107 dane zadanie. Po klikni\u0119ciu opcji <strong>Ustaw<\/strong> pojawi si\u0119 ma\u0142e okno, w kt\u00f3rym mo\u017cna wskaza\u0107 konkretn\u0105 dat\u0119 i godzin\u0119. Po wpisaniu daty i godziny niezb\u0119dne jest klikni\u0119cie jednego z przycisk\u00f3w: <strong>PRZELICZ DAT\u0118 STARTU<\/strong> zmieni dat\u0119 pocz\u0105tku, je\u017celi b\u0119dzie to konieczne, natomiast <strong>PRZELICZ CZAS TRWANIA<\/strong> spowoduje przeliczenie warto\u015bci w polu <strong>Czas<\/strong> <strong>trwania;<\/strong><\/li><\/ul><ul><li><strong>Dla kogo<\/strong> \u2013 pozwala na wskazanie os\u00f3b, kt\u00f3rym ma by\u0107 przypisane zadanie. Domy\u015blnie w polu widoczne b\u0119d\u0105 dane osoby zak\u0142adaj\u0105cej zdarzenie. Klikni\u0119cie przycisku <strong>Poka\u017c list\u0119<\/strong> spowoduje otwarcie listy pracownik\u00f3w. Z listy mo\u017cna wybra\u0107 konkretn\u0105 osob\u0119 i w ten spos\u00f3b doda\u0107 j\u0105 do pola. Mo\u017cna r\u00f3wnie\u017c klikn\u0105\u0107 opcj\u0119 <strong>Kliknij, aby wyszuka\u0107,<\/strong> a nast\u0119pnie wpisa\u0107 na przyk\u0142ad nazwisko szukanej osoby. System poka\u017ce pracownik\u00f3w, kt\u00f3rzy spe\u0142niaj\u0105 zadane kryterium wyszukiwania. Dalej wystarczy klikn\u0105\u0107 odpowiedni\u0105 pozycj\u0119 na li\u015bcie podpowiedzi;<\/li><\/ul><ul><li><strong>Opis<\/strong> \u2013 umo\u017cliwia dodanie szerszego opisu zadania. To w tym miejscu mo\u017cna doda\u0107 dok\u0142adne instrukcje zwi\u0105zane z zadaniem;<\/li><\/ul><ul><li><strong>Powi\u0105zania <\/strong>\u2013 pozwala na powi\u0105zanie zdarzenia z konkretn\u0105 spraw\u0105 (pole <strong>Sprawa<\/strong>) lub z klientem (pole <strong>Klient<\/strong>). Samo powi\u0105zanie sprowadza si\u0119 do wpisania fragmentu nazwy szukanego klienta lub sprawy, klikni\u0119cia przycisku lupy i wskazania na li\u015bcie z wynikami wyszukiwania odpowiedniej pozycji. Je\u017celi sprawy lub klienta nie ma w systemie, mo\u017cna klikn\u0105\u0107 przycisk plusa i za\u0142o\u017cy\u0107 dany element od nowa. B\u0142\u0119dnie ustawione powi\u0105zanie mo\u017cna usun\u0105\u0107 klikaj\u0105c przycisk <strong>x<\/strong>, kt\u00f3ry pojawi obok pola;<\/li><\/ul><\/li><\/ol>\n\n\n<div class=\"wp-block-image\">\n<figure class=\"aligncenter size-full\"><img loading=\"lazy\" decoding=\"async\" width=\"773\" height=\"819\" src=\"https:\/\/ready-os.com\/wp-content\/uploads\/2022\/10\/r11-3.png\" alt=\"Dodawanie zadania - zak\u0142adka Og\u00f3lne\" class=\"wp-image-12516\" srcset=\"https:\/\/www2.ready-os.com\/wp-content\/uploads\/2022\/10\/r11-3.png 773w, https:\/\/www2.ready-os.com\/wp-content\/uploads\/2022\/10\/r11-3-283x300.png 283w, https:\/\/www2.ready-os.com\/wp-content\/uploads\/2022\/10\/r11-3-768x814.png 768w\" sizes=\"(max-width: 773px) 100vw, 773px\" \/><figcaption>Dodawanie zadania &#8211; zak\u0142adka Og\u00f3lne<\/figcaption><\/figure><\/div>\n\n\n<ol start=\"5\"><li>zak\u0142adka <strong>Dodatkowe<\/strong> zawiera dodatkowe ustawienia dla tworzonego zadania:<ul><li><strong>Przypomnienie<\/strong> \u2013 pozwala na ustawienie przypomnienia, kt\u00f3re wyskoczy w formie komunikatu na pulpicie na pewn\u0105 chwil\u0119 przed up\u0142ywem czasu rozpocz\u0119cia;<\/li><\/ul><ul><li><strong>Identyfikator<\/strong> \u2013 wpisywany jest ci\u0105g znak\u00f3w (na przyk\u0142ad SP01Z01), kt\u00f3ry wykorzystywany jest przy tworzeniu struktury zada\u0144 z szablonu projektu i umo\u017cliwia dalsze przetwarzanie zada\u0144 przez procedury;<\/li><\/ul><ul><li><strong>Post\u0119p<\/strong> \u2013 umo\u017cliwia procentowe okre\u015blenie post\u0119pu wykonania zadania w danym momencie;<\/li><\/ul><ul><li><strong>Kampania<\/strong> \u2013 pozwala na ustawienie powi\u0105zania z aktywn\u0105 kampani\u0105, kt\u00f3ra zosta\u0142a zdefiniowana w module <strong>Kampanie;<\/strong><\/li><\/ul><ul><li><strong>Termin od i do planu bazowego<\/strong> \u2013 pozwala na ustawienie alternatywnych dat pocz\u0105tku i ko\u0144ca zgodnych z innym, szerszym planem;<\/li><\/ul><ul><li><strong>Status<\/strong> \u2013 pozwala na okre\u015blenie statusu zadania. Dost\u0119pne ustawienia to <strong>PRZYJ\u0118TY<\/strong>, <strong>W<\/strong> <strong>TRAKCIE<\/strong>, <strong>WERYFIKACJA<\/strong> oraz <strong>ZAKO\u0143CZONY<\/strong> i odpowiadaj\u0105 one temu, co wida\u0107 na tablicy <strong>Kanban;<\/strong><\/li><\/ul><ul><li><strong>Kamie\u0144 milowy<\/strong> \u2013 je\u015bli zadanie ma charakter kamienia milowego w projekcie, to za pomoc\u0105 tej opcji mo\u017cna ten fakt oznaczy\u0107;<\/li><\/ul><ul><li><strong>Priorytet<\/strong> \u2013 umo\u017cliwia okre\u015blenie wa\u017cno\u015bci zadania. Dost\u0119pne opcje to <strong>Niski<\/strong>, <strong>Brak<\/strong> oraz <strong>Wysoki;<\/strong><\/li><\/ul><ul><li><strong>Poinformuj mnie, je\u017celi wykonano<\/strong> \u2013 w\u0142\u0105czenie tej opcji spowoduje, \u017ce osoba zlecaj\u0105ca zadanie za pomoc\u0105 kalendarza otrzyma powiadomienie o jego wykonaniu i oznaczeniu jako za\u0142atwione;<\/li><\/ul><ul><li><strong>Prywatne<\/strong> \u2013 je\u017celi zdanie ma by\u0107 prywatne, to nale\u017cy zaznaczy\u0107 t\u0119 opcj\u0119. Doprecyzowuj\u0105c \u2013 zdanie b\u0119dzie widoczne wy\u0142\u0105cznie dla osoby lub os\u00f3b, kt\u00f3re wpisano w zak\u0142adce <strong>Og\u00f3lne<\/strong> w polu <strong>Dla kogo;<\/strong><\/li><\/ul><ul><li><strong>Przypi\u0119te<\/strong> \u2013 po zaznaczeniu tej opcji zadanie zostanie przypi\u0119te w planie dania osoby, kt\u00f3ra zosta\u0142a wpisana w zak\u0142adce <strong>Og\u00f3lne<\/strong> w polu <strong>Dla kogo;<\/strong><\/li><\/ul><\/li><\/ol>\n\n\n<div class=\"wp-block-image\">\n<figure class=\"aligncenter size-full\"><img loading=\"lazy\" decoding=\"async\" width=\"768\" height=\"593\" src=\"https:\/\/ready-os.com\/wp-content\/uploads\/2022\/10\/r12-3.png\" alt=\"Dodawanie zadania - zak\u0142adka Dodatkowe\" class=\"wp-image-12518\" srcset=\"https:\/\/www2.ready-os.com\/wp-content\/uploads\/2022\/10\/r12-3.png 768w, https:\/\/www2.ready-os.com\/wp-content\/uploads\/2022\/10\/r12-3-300x232.png 300w\" sizes=\"(max-width: 768px) 100vw, 768px\" \/><figcaption>Dodawanie zadania &#8211; zak\u0142adka Dodatkowe<\/figcaption><\/figure><\/div>\n\n\n<ol start=\"6\"><li>zak\u0142adka <strong>Zasoby<\/strong> umo\u017cliwia powi\u0105zanie z dodawanym do kalendarza zadaniem koniecznych zasob\u00f3w, na przyk\u0142ad do zadania \u201eKonferencja\u201d mo\u017cna doda\u0107 zas\u00f3b \u201esala konferencyjna\u201d, kt\u00f3ra jest w posiadaniu firmy. Dodanie zasobu spowoduje, \u017ce b\u0119dzie on zarezerwowany na potrzeby tworzonego zadania. Sam proces dodania zasobu wymaga:<ul><li>klikni\u0119cia przycisku <strong>Nowy zas\u00f3b<\/strong> (zielony przycisk ze znakiem plusa);<\/li><\/ul><ul><li>w nowym oknie odszukania wymaganego zasobu;<\/li><\/ul><ul><li>klikni\u0119cia przycisku <strong>DODAJ;<\/strong><\/li><\/ul><ul><li>zas\u00f3b pojawi si\u0119 na li\u015bcie widocznej w zak\u0142adce <strong>Zasoby;<\/strong><\/li><\/ul><ul><li>zasoby mo\u017cna r\u00f3wnie\u017c usun\u0105\u0107 z listy, klikaj\u0105c przycisk z symbolem kosza (<strong>Usu\u0144 zas\u00f3b<\/strong>) lub podda\u0107 edycji (przycisk <strong>Edytuj zas\u00f3b<\/strong>);<\/li><\/ul><\/li><\/ol>\n\n\n<div class=\"wp-block-image\">\n<figure class=\"aligncenter size-full\"><img loading=\"lazy\" decoding=\"async\" width=\"770\" height=\"422\" src=\"https:\/\/ready-os.com\/wp-content\/uploads\/2022\/10\/r13-3.png\" alt=\"Dodawanie zadania - zak\u0142adka Zasoby\" class=\"wp-image-12520\" srcset=\"https:\/\/www2.ready-os.com\/wp-content\/uploads\/2022\/10\/r13-3.png 770w, https:\/\/www2.ready-os.com\/wp-content\/uploads\/2022\/10\/r13-3-300x164.png 300w, https:\/\/www2.ready-os.com\/wp-content\/uploads\/2022\/10\/r13-3-768x421.png 768w\" sizes=\"(max-width: 770px) 100vw, 770px\" \/><figcaption>Dodawanie zadania &#8211; zak\u0142adka Zasoby<\/figcaption><\/figure><\/div>\n\n\n<ol start=\"7\"><li>zak\u0142adka <strong>Poprzedniki<\/strong> umo\u017cliwia pod\u0142\u0105czenie do tworzonego zdarzenia zada\u0144, kt\u00f3re nale\u017cy wykona\u0107 wcze\u015bniej. Dodanie poprzednika sprowadza si\u0119 do:<ul><li>klikni\u0119cia przycisku <strong>Dodaj poprzedniki;<\/strong><\/li><\/ul><ul><li>odszukania i wskazania zada\u0144 w nowym oknie;<\/li><\/ul><ul><li>klikni\u0119cia przycisku <strong>DODAJ WYBRANE;<\/strong><\/li><\/ul><ul><li>dodany poprzednik mo\u017cna usun\u0105\u0107, klikaj\u0105c przycisk z ikon\u0105 kosza (<strong>Usu\u0144 poprzedniki<\/strong>);<\/li><\/ul><\/li><\/ol>\n\n\n<div class=\"wp-block-image\">\n<figure class=\"aligncenter size-full\"><img loading=\"lazy\" decoding=\"async\" width=\"773\" height=\"467\" src=\"https:\/\/ready-os.com\/wp-content\/uploads\/2022\/10\/r14-4.png\" alt=\"Dodawanie zadania - zak\u0142adka Poprzedniki\" class=\"wp-image-12526\" srcset=\"https:\/\/www2.ready-os.com\/wp-content\/uploads\/2022\/10\/r14-4.png 773w, https:\/\/www2.ready-os.com\/wp-content\/uploads\/2022\/10\/r14-4-300x181.png 300w, https:\/\/www2.ready-os.com\/wp-content\/uploads\/2022\/10\/r14-4-768x464.png 768w\" sizes=\"(max-width: 773px) 100vw, 773px\" \/><figcaption>Dodawanie zadania &#8211; zak\u0142adka Poprzedniki<\/figcaption><\/figure><\/div>\n\n\n<ol start=\"8\"><li>zak\u0142adka <strong>Czas pracy<\/strong> zawiera wszelkie informacje na temat czasu pracy. W tym miejscu pojawiaj\u0105 si\u0119 wszystkie informacje na temat czasu, jaki zaj\u0119\u0142o dane zadanie. Mo\u017cna r\u00f3wnie\u017c r\u0119cznie doda\u0107 informacje o przepracowanych godzinach. W tym celu nale\u017cy:<ul><li>klikn\u0105\u0107 przycisk <strong>Nowy wpis;<\/strong><\/li><\/ul><ul><li>w nowym oknie uzupe\u0142ni\u0107 niezb\u0119dne pola, klikn\u0105\u0107 przycisk <strong>ZAPISZ;<\/strong><\/li><\/ul><ul><li>nowy wpis pojawi si\u0119 na li\u015bcie;<\/li><\/ul><ul><li>usuni\u0119cie wpisu wymaga klikni\u0119cia go prawym przyciskiem myszy i wybrania opcji <strong>Usu\u0144<\/strong> z menu podr\u0119cznego;<\/li><\/ul><ul><li>edycja wpisu wymaga klikni\u0119cia &nbsp;go prawym przyciskiem myszy i wybrania opcji <strong>Edytuj<\/strong> z menu podr\u0119cznego;<\/li><\/ul><\/li><\/ol>\n\n\n<div class=\"wp-block-image\">\n<figure class=\"aligncenter size-full\"><img loading=\"lazy\" decoding=\"async\" width=\"773\" height=\"415\" src=\"https:\/\/ready-os.com\/wp-content\/uploads\/2022\/10\/r15-3.png\" alt=\"Dodawanie zadania - zak\u0142adka Czas pracy\" class=\"wp-image-12528\" srcset=\"https:\/\/www2.ready-os.com\/wp-content\/uploads\/2022\/10\/r15-3.png 773w, https:\/\/www2.ready-os.com\/wp-content\/uploads\/2022\/10\/r15-3-300x161.png 300w, https:\/\/www2.ready-os.com\/wp-content\/uploads\/2022\/10\/r15-3-768x412.png 768w\" sizes=\"(max-width: 773px) 100vw, 773px\" \/><figcaption>Dodawanie zadania &#8211; zak\u0142adka Czas pracy<\/figcaption><\/figure><\/div>\n\n\n<ol start=\"9\"><li>zak\u0142adka <strong>Za\u0142\u0105cznik<\/strong> gromadzi wszystkie za\u0142\u0105czniki w formie plik\u00f3w, kt\u00f3re maj\u0105 zwi\u0105zek z tworzonym zdarzeniem. Dodanie nowego za\u0142\u0105cznika mo\u017cliwe jest na dwa sposoby:<ul><li>przycisk <strong>Dodaj<\/strong> \u2013 po jego klikni\u0119ciu w nowym oknie nale\u017cy wskaza\u0107 plik na dysku komputera i klikn\u0105\u0107 <strong>Otw\u00f3rz<\/strong>. Za\u0142\u0105cznik zostanie przes\u0142any na serwer i pod\u0142\u0105czony w omawianej zak\u0142adce;<\/li><\/ul><ul><li>przycisk <strong>Skanuj<\/strong> \u2013 je\u017celi w systemie ustawiono skaner, to po klikni\u0119ciu omawianego przycisku uruchomi si\u0119 modu\u0142 skanowania, kt\u00f3ry pozwoli zeskanowa\u0107 i do\u0142\u0105czy\u0107 dokument do tworzonego zdarzenia;<\/li><\/ul><ul><li>za\u0142\u0105czniki mo\u017cna usun\u0105\u0107 z listy. W tym celu nale\u017cy je zaznaczy\u0107, a potem klikn\u0105\u0107 przycisk <strong>Usu\u0144;<\/strong><\/li><\/ul><\/li><\/ol>\n\n\n\n<figure class=\"wp-block-image size-full\"><img loading=\"lazy\" decoding=\"async\" width=\"771\" height=\"507\" src=\"https:\/\/ready-os.com\/wp-content\/uploads\/2022\/10\/r16-3.png\" alt=\"Dodawanie zadania - zak\u0142adka Za\u0142\u0105czniki\" class=\"wp-image-12530\" srcset=\"https:\/\/www2.ready-os.com\/wp-content\/uploads\/2022\/10\/r16-3.png 771w, https:\/\/www2.ready-os.com\/wp-content\/uploads\/2022\/10\/r16-3-300x197.png 300w, https:\/\/www2.ready-os.com\/wp-content\/uploads\/2022\/10\/r16-3-768x505.png 768w\" sizes=\"(max-width: 771px) 100vw, 771px\" \/><figcaption>Dodawanie zadania &#8211; zak\u0142adka Za\u0142\u0105czniki<\/figcaption><\/figure>\n\n\n\n<ol type=\"1\" start=\"10\"><li>klikn\u0105\u0107 przycisk <strong>DODAJ<\/strong> lub <strong>DODAJ I ZAMKNIJ<\/strong>. Pierwsza z opcji doda zadanie, ale okno pozostanie nadal otwarte i b\u0119dzie mo\u017cna wprowadzi\u0107 w nim ewentualne zmiany. Natomiast druga z opcji utworzy w kalendarzu nowy wpis i zamknie okno;<\/li><li>nowe zdarzenie pojawi si\u0119 na siatce kalendarza u os\u00f3b, kt\u00f3re oznaczono w zak\u0142adce <strong>Og\u00f3lne<\/strong> w polu <strong>Dla kogo<\/strong>. W zale\u017cno\u015bci od czasu trwania graficzny wska\u017anik mo\u017ce zajmowa\u0107 kilka kratek na siatce. Dodatkowo w r\u00f3\u017cnych widokach zaj\u0119ty obszar b\u0119dzie prezentowany inaczej.<\/li><\/ol>\n\n\n<div class=\"wp-block-image\">\n<figure class=\"aligncenter size-large\"><img loading=\"lazy\" decoding=\"async\" width=\"1024\" height=\"707\" src=\"https:\/\/ready-os.com\/wp-content\/uploads\/2022\/10\/r17-3-1024x707.png\" alt=\"Nowe zadanie widoczne w kalendarzu\" class=\"wp-image-12533\" srcset=\"https:\/\/www2.ready-os.com\/wp-content\/uploads\/2022\/10\/r17-3-1024x707.png 1024w, https:\/\/www2.ready-os.com\/wp-content\/uploads\/2022\/10\/r17-3-300x207.png 300w, https:\/\/www2.ready-os.com\/wp-content\/uploads\/2022\/10\/r17-3-768x530.png 768w, https:\/\/www2.ready-os.com\/wp-content\/uploads\/2022\/10\/r17-3.png 1124w\" sizes=\"(max-width: 1024px) 100vw, 1024px\" \/><figcaption>Nowe zadanie widoczne w kalendarzu<\/figcaption><\/figure><\/div>\n\n\n<h3 class=\"wp-block-heading\" id=\"4\">Spotkanie<\/h3>\n\n\n\n<p>Zdarzenie typu spotkanie najlepiej nadaje si\u0119 do oznaczana konkretnych spotka\u0144 z innymi osobami, kt\u00f3re maj\u0105 si\u0119 odby\u0107 w okre\u015blonym czasie i sk\u0142adzie.<\/p>\n\n\n\n<p>Aby doda\u0107 spotkanie, nale\u017cy:<\/p>\n\n\n\n<ol type=\"1\"><li>w\u0142\u0105czy\u0107 modu\u0142 <strong>Kalendarz<\/strong><strong>;<\/strong><\/li><li>klikn\u0105\u0107 przycisk <strong>Dodaj<\/strong> i wybra\u0107 opcj\u0119 <strong>Spotkanie<\/strong><strong>;<\/strong><\/li><\/ol>\n\n\n<div class=\"wp-block-image\">\n<figure class=\"aligncenter size-full\"><img loading=\"lazy\" decoding=\"async\" width=\"548\" height=\"235\" src=\"https:\/\/ready-os.com\/wp-content\/uploads\/2022\/10\/r18-3.png\" alt=\"Dodawanie nowego spotkania\" class=\"wp-image-12537\" srcset=\"https:\/\/www2.ready-os.com\/wp-content\/uploads\/2022\/10\/r18-3.png 548w, https:\/\/www2.ready-os.com\/wp-content\/uploads\/2022\/10\/r18-3-300x129.png 300w\" sizes=\"(max-width: 548px) 100vw, 548px\" \/><figcaption>Dodawanie nowego spotkania<\/figcaption><\/figure><\/div>\n\n\n<ol start=\"3\"><li>w nowym oknie dost\u0119pnych jest kilka zak\u0142adek, kt\u00f3re nale\u017cy wype\u0142ni\u0107 wed\u0142ug instrukcji zawartych w kolejnych podpunktach;<\/li><li>zak\u0142adka <strong>Og\u00f3lne<\/strong> zawiera podstawowe dane na temat tworzonego spotkania:<ul><li><strong>Temat<\/strong> \u2013 pozwala na wpisanie tematu spotkania. Powinien on by\u0107 sugestywny i pozwala\u0107 na identyfikacj\u0119 przedmiotu spotkania, na przyk\u0142ad spotkanie z dzia\u0142em handlowym;<\/li><\/ul><ul><li><strong>Data<\/strong> \u2013 data rozpocz\u0119cia spotkania. Klikni\u0119cie pola daty pozwoli na wskazanie konkretnego terminu. Klikni\u0119cie pola godziny pozwoli na wskazanie konkretnej godziny rozpocz\u0119cia spotkania. Domy\u015blnie pola s\u0105 wype\u0142nione aktualn\u0105 dat\u0105 i godzin\u0105;<\/li><\/ul><ul><li><strong>Czas trwania<\/strong> \u2013 pozwala na wpisanie planowanego czasu trwania spotkania. Nale\u017cy wpisa\u0107 okre\u015blon\u0105 warto\u015b\u0107, na przyk\u0142ad <strong>30m<\/strong> (trzydzie\u015bci minut) albo <strong>2h<\/strong> (dwie godziny). Wa\u017cne jest to, by poza warto\u015bci\u0105 liczbow\u0105 doda\u0107 literk\u0119: <strong>m<\/strong> (minuty), <strong>h<\/strong> (godziny) lub <strong>d<\/strong> (dni). Po wpisaniu warto\u015bci i naci\u015bni\u0119ciu <em>Enter<\/em> warto\u015b\u0107 pola <strong>Data do<\/strong> ulegnie zmianie;<\/li><\/ul><ul><li><strong>Data do<\/strong> \u2013 pozwala ustawi\u0107 dat\u0119, do kt\u00f3rej ma trwa\u0107 dane spotkanie. Po klikni\u0119ciu opcji <strong>Ustaw<\/strong> pojawi si\u0119 ma\u0142e okno, w kt\u00f3rym mo\u017cna wskaza\u0107 konkretny termin i godzin\u0119. Po wpisaniu daty i godziny niezb\u0119dne jest klikni\u0119cie jednego z przycisk\u00f3w \u2013 <strong>PRZELICZ DAT\u0118 STARTU<\/strong> zmieni dat\u0119 pocz\u0105tku, je\u017celi b\u0119dzie to konieczne, natomiast <strong>PRZELICZ CZAS TRWANIA<\/strong> spowoduje przeliczenie warto\u015bci w polu <strong>Czas<\/strong> <strong>trwania;<\/strong><\/li><\/ul><ul><li><strong>Dla kogo<\/strong> \u2013 pozwala na wskazanie os\u00f3b maj\u0105cych uczestniczy\u0107 w spotkaniu. Domy\u015blnie w polu widoczne b\u0119d\u0105 dane osoby, kt\u00f3ra zak\u0142ada spotkanie. Klikni\u0119cie przycisku <strong>Poka\u017c list\u0119<\/strong> spowoduje otwarcie listy pracownik\u00f3w. Z listy mo\u017cna wybra\u0107 konkretn\u0105 osob\u0119 i w ten spos\u00f3b doda\u0107 j\u0105 do pola. Mo\u017cna r\u00f3wnie\u017c klikn\u0105\u0107 opcj\u0119 <strong>Kliknij, aby wyszuka\u0107,<\/strong> a nast\u0119pnie wpisa\u0107 na przyk\u0142ad nazwisko szukanej osoby. System poka\u017ce pracownik\u00f3w, kt\u00f3rzy spe\u0142niaj\u0105 zadane kryterium wyszukiwania. Dalej wystarczy klikn\u0105\u0107 odpowiedni\u0105 pozycj\u0119 na li\u015bcie podpowiedzi;<\/li><\/ul><ul><li><strong>Opis<\/strong> \u2013 umo\u017cliwia dodanie szerszego opisu spotkania. To w tym miejscu mo\u017cna doda\u0107 dok\u0142adny opis spotkania albo wpisa\u0107 instrukcje dla os\u00f3b, kt\u00f3re b\u0119d\u0105 w nim uczestniczy\u0107;<\/li><\/ul><ul><li><strong>Powi\u0105zania <\/strong>\u2013 pozwala na powi\u0105zanie spotkania z konkretn\u0105 spraw\u0105 (pole <strong>Sprawa<\/strong>) lub klientem (pole <strong>Klient<\/strong>). Samo powi\u0105zanie sprowadza si\u0119 do wpisania fragmentu nazwy szukanego klienta lub sprawy, klikni\u0119cia przycisku lupy i wskazania na li\u015bcie z wynikami wyszukiwania odpowiedniej pozycji. Je\u017celi sprawy lub klienta nie ma w systemie, mo\u017cna klikn\u0105\u0107 przycisk plusa i za\u0142o\u017cy\u0107 dany element od nowa. B\u0142\u0119dnie ustawione powi\u0105zanie mo\u017cna usun\u0105\u0107, klikaj\u0105c przycisk <strong>x<\/strong>, kt\u00f3ry pojawi obok pola;<\/li><\/ul><\/li><\/ol>\n\n\n\n<figure class=\"wp-block-image size-full\"><img loading=\"lazy\" decoding=\"async\" width=\"767\" height=\"832\" src=\"https:\/\/ready-os.com\/wp-content\/uploads\/2022\/10\/r19-3.png\" alt=\"Dodawanie nowego spotkania - zak\u0142adka Og\u00f3lne\" class=\"wp-image-12539\" srcset=\"https:\/\/www2.ready-os.com\/wp-content\/uploads\/2022\/10\/r19-3.png 767w, https:\/\/www2.ready-os.com\/wp-content\/uploads\/2022\/10\/r19-3-277x300.png 277w\" sizes=\"(max-width: 767px) 100vw, 767px\" \/><figcaption>Dodawanie nowego spotkania &#8211; zak\u0142adka Og\u00f3lne<\/figcaption><\/figure>\n\n\n\n<ol type=\"1\" start=\"5\"><li>zak\u0142adka <strong>Dodatkowe<\/strong> zawiera dodatkowe ustawienia dla tworzonego spotkania:<ul><li><strong>Przypomnienie<\/strong> \u2013 pozwala na ustawienie przypomnienia, kt\u00f3re wyskoczy w formie komunikatu na pulpicie na pewn\u0105 chwil\u0119 przed up\u0142ywem czasu rozpocz\u0119cia;<\/li><li><strong>Identyfikator<\/strong> \u2013 wpisywany jest ci\u0105g znak\u00f3w (na przyk\u0142ad SP01Z01), kt\u00f3ry wykorzystywany jest przy tworzeniu struktury zada\u0144 z szablonu projektu i umo\u017cliwia dalsze przetwarzanie zada\u0144 przez procedury;<\/li><li><strong>Post\u0119p<\/strong> \u2013 umo\u017cliwia procentowe okre\u015blenie post\u0119pu. W przypadku spotka\u0144 w ten spos\u00f3b mo\u017cna oznaczy\u0107 post\u0119p spraw omawianych na wi\u0119cej ni\u017c jednym spotkaniu;<\/li><li><strong>Kampania<\/strong> \u2013 pozwala na ustawienie powi\u0105zania z aktywn\u0105 kampani\u0105, kt\u00f3ra zosta\u0142a zdefiniowana w module <strong>Kampanie;<\/strong><\/li><li><strong>Termin od i do planu bazowego<\/strong> \u2013 pozwala na ustawienie alternatywnych dat pocz\u0105tku i ko\u0144ca zgodnych z innym, szerszym planem;<\/li><li><strong>Status<\/strong> \u2013 pozwala na okre\u015blenie statusu spotkania. Dost\u0119pne ustawienia to <strong>PRZYJ\u0118TY<\/strong>, <strong>W<\/strong> <strong>TRAKCIE<\/strong>, <strong>WERYFIKACJA<\/strong> oraz <strong>ZAKO\u0143CZONY<\/strong> i odpowiadaj\u0105 one temu, co wida\u0107 na tablicy <strong>Kanban;<\/strong><\/li><li><strong>Kamie\u0144 milowy<\/strong> \u2013 je\u015bli zadanie ma charakter kamienia milowego w projekcie, to za pomoc\u0105 tej opcji mo\u017cna ten fakt oznaczy\u0107;<\/li><li><strong>Priorytet<\/strong> \u2013 umo\u017cliwia okre\u015blenie wa\u017cno\u015bci spotkania. Dost\u0119pne opcje to <strong>Niski<\/strong>, <strong>Brak<\/strong> oraz <strong>Wysoki;<\/strong><\/li><li><strong>Prywatne<\/strong> \u2013 je\u017celi spotkanie ma by\u0107 prywatne, to nale\u017cy zaznaczy\u0107 t\u0119 opcj\u0119. Doprecyzowuj\u0105c \u2013 spotkanie b\u0119dzie widoczne wy\u0142\u0105cznie dla osoby lub os\u00f3b, kt\u00f3re wpisano w zak\u0142adce <strong>Og\u00f3lne<\/strong> w polu <strong>Dla kogo;<\/strong><\/li><li><strong>Przypi\u0119te<\/strong> \u2013 po zaznaczeniu tej opcji spotkanie zostanie przypi\u0119te w planie dnia osoby, kt\u00f3ra zosta\u0142a wpisana w zak\u0142adce <strong>Og\u00f3lne<\/strong> w polu <strong>Dla kogo;<\/strong><\/li><\/ul><\/li><\/ol>\n\n\n<div class=\"wp-block-image\">\n<figure class=\"aligncenter size-full\"><img loading=\"lazy\" decoding=\"async\" width=\"768\" height=\"571\" src=\"https:\/\/ready-os.com\/wp-content\/uploads\/2022\/10\/r20-3.png\" alt=\"Dodawanie nowego spotkania - zak\u0142adka Dodatkowe\" class=\"wp-image-12542\" srcset=\"https:\/\/www2.ready-os.com\/wp-content\/uploads\/2022\/10\/r20-3.png 768w, https:\/\/www2.ready-os.com\/wp-content\/uploads\/2022\/10\/r20-3-300x223.png 300w\" sizes=\"(max-width: 768px) 100vw, 768px\" \/><figcaption>Dodawanie nowego spotkania &#8211; zak\u0142adka Dodatkowe<\/figcaption><\/figure><\/div>\n\n\n<ol start=\"6\"><li>zak\u0142adka <strong>Zasoby<\/strong> umo\u017cliwia powi\u0105zanie z dodawanym do kalendarza spotkaniem koniecznych zasob\u00f3w, na przyk\u0142ad do zadania \u201eKonferencja\u201d mo\u017cna doda\u0107 zas\u00f3b \u201esala konferencyjna\u201d, kt\u00f3ra jest w posiadaniu firmy. Dodanie zasobu spowoduje, \u017ce b\u0119dzie on zarezerwowany na potrzeby tworzonego zdarzenia. Sam proces dodania zasobu wymaga:<ul><li>klikni\u0119cia przycisku <strong>Nowy zas\u00f3b<\/strong> (zielony przycisk ze znakiem plusa);<\/li><\/ul><ul><li>w nowym oknie odszukania wymaganego zasobu;<\/li><\/ul><ul><li>klikni\u0119cia przycisku <strong>DODAJ;<\/strong><\/li><\/ul><ul><li>zas\u00f3b pojawi si\u0119 na li\u015bcie widocznej w zak\u0142adce <strong>Zasoby;<\/strong><\/li><\/ul><ul><li>zasoby mo\u017cna r\u00f3wnie\u017c usun\u0105\u0107 z listy, klikaj\u0105c przycisk z symbolem kosza (<strong>Usu\u0144 zas\u00f3b<\/strong>) lub podda\u0107 edycji (przycisk <strong>Edytuj zas\u00f3b<\/strong>);<\/li><\/ul><\/li><\/ol>\n\n\n<div class=\"wp-block-image\">\n<figure class=\"aligncenter size-full\"><img loading=\"lazy\" decoding=\"async\" width=\"771\" height=\"392\" src=\"https:\/\/ready-os.com\/wp-content\/uploads\/2022\/10\/r21-3.png\" alt=\"Dodawanie nowego spotkania - zak\u0142adka Zasoby\" class=\"wp-image-12544\" srcset=\"https:\/\/www2.ready-os.com\/wp-content\/uploads\/2022\/10\/r21-3.png 771w, https:\/\/www2.ready-os.com\/wp-content\/uploads\/2022\/10\/r21-3-300x153.png 300w, https:\/\/www2.ready-os.com\/wp-content\/uploads\/2022\/10\/r21-3-768x390.png 768w\" sizes=\"(max-width: 771px) 100vw, 771px\" \/><figcaption>Dodawanie nowego spotkania &#8211; zak\u0142adka Zasoby<\/figcaption><\/figure><\/div>\n\n\n<ol start=\"7\"><li>zak\u0142adka <strong>Czas pracy<\/strong> zawiera wszelkie informacje na temat czasu pracy. W tym miejscu pojawiaj\u0105 si\u0119 wszystkie informacje na temat czasu, jaki zaj\u0119\u0142o dane spotkanie. Dodatkowo mo\u017cna r\u0119cznie doda\u0107 informacje o przepracowanych godzinach. W tym celu nale\u017cy:<ul><li>klikn\u0105\u0107 przycisk <strong>Nowy wpis;<\/strong><\/li><\/ul><ul><li>w nowym oknie uzupe\u0142ni\u0107 niezb\u0119dne pola, klikn\u0105\u0107 przycisk <strong>ZAPISZ;<\/strong><\/li><\/ul><ul><li>nowy wpis pojawi si\u0119 na li\u015bcie;<\/li><\/ul><ul><li>usuni\u0119cie wpisu wymaga klikni\u0119cia go prawym przyciskiem myszy i wybrania opcji <strong>Usu\u0144<\/strong> z menu podr\u0119cznego;<\/li><\/ul><ul><li>edycja wpisu wymaga klikni\u0119cia go prawym przyciskiem myszy i wybrania opcji <strong>Edytuj<\/strong> z menu podr\u0119cznego;<\/li><\/ul><\/li><\/ol>\n\n\n<div class=\"wp-block-image\">\n<figure class=\"aligncenter size-full\"><img loading=\"lazy\" decoding=\"async\" width=\"772\" height=\"433\" src=\"https:\/\/ready-os.com\/wp-content\/uploads\/2022\/10\/r22-3.png\" alt=\"Dodawanie nowego spotkania - zak\u0142adka Czas pracy\" class=\"wp-image-12547\" srcset=\"https:\/\/www2.ready-os.com\/wp-content\/uploads\/2022\/10\/r22-3.png 772w, https:\/\/www2.ready-os.com\/wp-content\/uploads\/2022\/10\/r22-3-300x168.png 300w, https:\/\/www2.ready-os.com\/wp-content\/uploads\/2022\/10\/r22-3-768x431.png 768w\" sizes=\"(max-width: 772px) 100vw, 772px\" \/><figcaption>Dodawanie nowego spotkania &#8211; zak\u0142adka Czas pracy<\/figcaption><\/figure><\/div>\n\n\n<ol start=\"8\"><li>zak\u0142adka <strong>Za\u0142\u0105cznik<\/strong> gromadzi wszystkie za\u0142\u0105czniki w formie plik\u00f3w, kt\u00f3re maj\u0105 zwi\u0105zek z tworzonym spotkaniem (na przyk\u0142ad prezentacje, raporty, etc.). Dodanie nowego za\u0142\u0105cznika mo\u017cliwe jest na dwa sposoby:<ul><li>przycisk <strong>Dodaj<\/strong> \u2013 po jego klikni\u0119ciu w nowym oknie nale\u017cy wskaza\u0107 plik na dysku komputera i klikn\u0105\u0107 <strong>Otw\u00f3rz<\/strong>. Za\u0142\u0105cznik zostanie przes\u0142any na serwer i pod\u0142\u0105czony w omawianej zak\u0142adce;<\/li><\/ul><ul><li>przycisk <strong>Skanuj<\/strong> \u2013 je\u017celi w systemie ustawiono skaner, to po klikni\u0119ciu omawianego przycisku uruchomi si\u0119 modu\u0142 skanowania, kt\u00f3ry pozwoli zeskanowa\u0107 i do\u0142\u0105czy\u0107 dokument do tworzonego zdarzenia;<\/li><\/ul><ul><li>za\u0142\u0105czniki mo\u017cna usun\u0105\u0107 z listy. W tym celu nale\u017cy je zaznaczy\u0107, a potem klikn\u0105\u0107 przycisk <strong>Usu\u0144;<\/strong><\/li><\/ul><\/li><\/ol>\n\n\n<div class=\"wp-block-image\">\n<figure class=\"aligncenter size-full\"><img loading=\"lazy\" decoding=\"async\" width=\"772\" height=\"468\" src=\"https:\/\/ready-os.com\/wp-content\/uploads\/2022\/10\/r23-3.png\" alt=\"Dodawanie nowego spotkania - zak\u0142adka Za\u0142\u0105czniki\" class=\"wp-image-12549\" srcset=\"https:\/\/www2.ready-os.com\/wp-content\/uploads\/2022\/10\/r23-3.png 772w, https:\/\/www2.ready-os.com\/wp-content\/uploads\/2022\/10\/r23-3-300x182.png 300w, https:\/\/www2.ready-os.com\/wp-content\/uploads\/2022\/10\/r23-3-768x466.png 768w\" sizes=\"(max-width: 772px) 100vw, 772px\" \/><figcaption>Dodawanie nowego spotkania &#8211; zak\u0142adka Za\u0142\u0105czniki<\/figcaption><\/figure><\/div>\n\n\n<ol start=\"9\"><li>klikn\u0105\u0107 przycisk <strong>DODAJ<\/strong> lub <strong>DODAJ I ZAMKNIJ<\/strong>. Pierwsza z opcji doda spotkanie, ale okno pozostanie nadal otwarte i b\u0119dzie mo\u017cna wprowadzi\u0107 w nim ewentualne zmiany. Natomiast druga z opcji utworzy w kalendarzu nowy wpis i zamknie okno;<\/li><li>nowe spotkanie pojawi si\u0119 na siatce kalendarza u os\u00f3b, kt\u00f3re oznaczono w zak\u0142adce <strong>Og\u00f3lne<\/strong> w polu <strong>Dla kogo<\/strong>. W zale\u017cno\u015bci od czasu trwania graficzny wska\u017anik mo\u017ce zajmowa\u0107 kilka kratek na siatce. Dodatkowo w r\u00f3\u017cnych widokach zaj\u0119ty obszar b\u0119dzie prezentowany inaczej.<\/li><\/ol>\n\n\n<div class=\"wp-block-image\">\n<figure class=\"aligncenter size-large\"><img loading=\"lazy\" decoding=\"async\" width=\"1024\" height=\"708\" src=\"https:\/\/ready-os.com\/wp-content\/uploads\/2022\/10\/r24-3-1024x708.png\" alt=\"Nowe spotkanie widoczne w kalendarzu\" class=\"wp-image-12551\" srcset=\"https:\/\/www2.ready-os.com\/wp-content\/uploads\/2022\/10\/r24-3-1024x708.png 1024w, https:\/\/www2.ready-os.com\/wp-content\/uploads\/2022\/10\/r24-3-300x207.png 300w, https:\/\/www2.ready-os.com\/wp-content\/uploads\/2022\/10\/r24-3-768x531.png 768w, https:\/\/www2.ready-os.com\/wp-content\/uploads\/2022\/10\/r24-3.png 1122w\" sizes=\"(max-width: 1024px) 100vw, 1024px\" \/><figcaption>Nowe spotkanie widoczne w kalendarzu<\/figcaption><\/figure><\/div>\n\n\n<h3 class=\"wp-block-heading\" id=\"5\">Termin<\/h3>\n\n\n\n<p>Zdarzenie typu termin najlepiej sprawdza si\u0119 do oznaczana dowolnych zdarze\u0144, na przyk\u0142ad urlopu, terminu wa\u017cno\u015bci ubezpieczenia, rocznicy czy daty urodzin wsp\u00f3\u0142pracownika.<\/p>\n\n\n\n<p>Aby doda\u0107 spotkanie, nale\u017cy:<\/p>\n\n\n\n<ol type=\"1\"><li>w\u0142\u0105czy\u0107 modu\u0142 <strong>Kalendarz<\/strong><strong>;<\/strong><\/li><li>klikn\u0105\u0107 przycisk <strong>Dodaj<\/strong> i wybra\u0107 opcj\u0119 <strong>Termin<\/strong><strong>;<\/strong><\/li><\/ol>\n\n\n<div class=\"wp-block-image\">\n<figure class=\"aligncenter size-full\"><img loading=\"lazy\" decoding=\"async\" width=\"551\" height=\"234\" src=\"https:\/\/ready-os.com\/wp-content\/uploads\/2022\/10\/r25-3.png\" alt=\"Dodawanie nowego terminu\" class=\"wp-image-12555\" srcset=\"https:\/\/www2.ready-os.com\/wp-content\/uploads\/2022\/10\/r25-3.png 551w, https:\/\/www2.ready-os.com\/wp-content\/uploads\/2022\/10\/r25-3-300x127.png 300w\" sizes=\"(max-width: 551px) 100vw, 551px\" \/><figcaption>Dodawanie nowego terminu<\/figcaption><\/figure><\/div>\n\n\n<ol start=\"3\"><li>w nowym oknie dost\u0119pnych jest kilka zak\u0142adek, kt\u00f3re nale\u017cy wype\u0142ni\u0107 wed\u0142ug instrukcji zawartych w kolejnych podpunktach;<\/li><li>zak\u0142adka <strong>Og\u00f3lne<\/strong> zawiera podstawowe dane na temat tworzonego spotkania:<ul><li><strong>Temat<\/strong> \u2013 pozwala na wpisanie tematu spotkania. Powinien on by\u0107 sugestywny i pozwala\u0107 na identyfikacj\u0119 przedmiotu spotkania, na przyk\u0142ad spotkanie z dzia\u0142em handlowym;<\/li><\/ul><ul><li><strong>Data<\/strong> \u2013 data rozpocz\u0119cia spotkania. Klikni\u0119cie pola daty pozwoli na wskazanie konkretnego terminu. Klikni\u0119cie pola godziny pozwoli na wskazanie konkretnej godziny rozpocz\u0119cia spotkania. Domy\u015blnie pola s\u0105 wype\u0142nione aktualn\u0105 dat\u0105 i godzin\u0105;<\/li><\/ul><ul><li><strong>Czas trwania<\/strong> \u2013 pozwala na wpisanie planowanego czasu trwania spotkania. Nale\u017cy wpisa\u0107 okre\u015blon\u0105 warto\u015b\u0107, na przyk\u0142ad <strong>30m<\/strong> (trzydzie\u015bci minut) albo <strong>2h<\/strong> (dwie godziny). Wa\u017cne jest to, by poza warto\u015bci\u0105 liczbow\u0105 doda\u0107 literk\u0119: <strong>m<\/strong> (minuty), <strong>h<\/strong> (godziny) lub <strong>d<\/strong> (dni). Po wpisaniu warto\u015bci i naci\u015bni\u0119ciu <strong>Enter<\/strong> warto\u015b\u0107 pola <strong>Data do<\/strong> ulegnie zmianie;<\/li><\/ul><ul><li><strong>Data do<\/strong> \u2013 pozwala ustawi\u0107 dat\u0119, do kt\u00f3rej ma trwa\u0107 dane spotkanie. Po klikni\u0119ciu opcji <strong>Ustaw<\/strong> pojawi si\u0119 ma\u0142e okno, w kt\u00f3rym mo\u017cna wskaza\u0107 konkretn\u0105 dat\u0119 i godzin\u0119. Po wpisaniu daty i godziny niezb\u0119dne jest klikni\u0119cie jednego z przycisk\u00f3w \u2013 <strong>PRZELICZ DAT\u0118 STARTU<\/strong> zmieni dat\u0119 pocz\u0105tku, je\u017celi b\u0119dzie to konieczne, natomiast <strong>PRZELICZ CZAS TRWANIA<\/strong> spowoduje przeliczenie warto\u015bci w polu <strong>Czas<\/strong> <strong>trwania;<\/strong><\/li><\/ul><ul><li><strong>Dla kogo<\/strong> \u2013 pozwala na wskazanie os\u00f3b maj\u0105cych uczestniczy\u0107 w spotkaniu. Domy\u015blnie w polu widoczne b\u0119d\u0105 dane osoby, kt\u00f3ra zak\u0142ada spotkanie. Klikni\u0119cie przycisku <strong>Poka\u017c list\u0119<\/strong> spowoduje otwarcie listy pracownik\u00f3w. Z listy mo\u017cna wybra\u0107 konkretn\u0105 osob\u0119 i w ten spos\u00f3b doda\u0107 j\u0105 do pola. Mo\u017cna r\u00f3wnie\u017c klikn\u0105\u0107 opcj\u0119 <strong>Kliknij, aby wyszuka\u0107,<\/strong> a nast\u0119pnie wpisa\u0107 na przyk\u0142ad nazwisko szukanej osoby. System poka\u017ce pracownik\u00f3w, kt\u00f3rzy spe\u0142niaj\u0105 zadane kryterium wyszukiwania. Dalej wystarczy klikn\u0105\u0107 odpowiedni\u0105 pozycj\u0119 na li\u015bcie podpowiedzi;<\/li><\/ul><ul><li><strong>Opis<\/strong> \u2013 to w tym miejscu mo\u017cna doda\u0107 dok\u0142adny opis spotkania albo wpisa\u0107 instrukcje dla os\u00f3b, kt\u00f3re b\u0119d\u0105 w nim uczestniczy\u0107;<\/li><\/ul><ul><li><strong>Powi\u0105zania <\/strong>\u2013 pozwala na powi\u0105zanie spotkania z konkretn\u0105 spraw\u0105 (pole <strong>Sprawa<\/strong>) lub klientem (pole <strong>Klient<\/strong>). Samo powi\u0105zanie sprowadza si\u0119 do wpisania fragmentu nazwy szukanego klienta lub sprawy, klikni\u0119cia przycisku lupy i wskazania na li\u015bcie z wynikami wyszukiwania odpowiedniej pozycji. Je\u017celi sprawy lub klienta nie ma w systemie, mo\u017cna klikn\u0105\u0107 przycisk plusa i za\u0142o\u017cy\u0107 dany element od nowa. B\u0142\u0119dnie ustawione powi\u0105zanie mo\u017cna usun\u0105\u0107, klikaj\u0105c przycisk <strong>x<\/strong>, kt\u00f3ry pojawi obok pola;<\/li><\/ul><\/li><\/ol>\n\n\n<div class=\"wp-block-image\">\n<figure class=\"aligncenter size-full\"><img loading=\"lazy\" decoding=\"async\" width=\"770\" height=\"821\" src=\"https:\/\/ready-os.com\/wp-content\/uploads\/2022\/10\/r26-2.png\" alt=\"Dodawanie nowego terminu - zak\u0142adka Og\u00f3lne\" class=\"wp-image-12557\" srcset=\"https:\/\/www2.ready-os.com\/wp-content\/uploads\/2022\/10\/r26-2.png 770w, https:\/\/www2.ready-os.com\/wp-content\/uploads\/2022\/10\/r26-2-281x300.png 281w, https:\/\/www2.ready-os.com\/wp-content\/uploads\/2022\/10\/r26-2-768x819.png 768w\" sizes=\"(max-width: 770px) 100vw, 770px\" \/><figcaption>Dodawanie nowego terminu &#8211; zak\u0142adka Og\u00f3lne<\/figcaption><\/figure><\/div>\n\n\n<ol start=\"5\"><li>zak\u0142adka <strong>Dodatkowe<\/strong> zawiera dodatkowe ustawienia dla tworzonego spotkania:<ul><li><strong>Przypomnienie<\/strong> \u2013 pozwala na ustawienie przypomnienia, kt\u00f3re wyskoczy w formie komunikatu na pulpicie na pewn\u0105 chwil\u0119 przed up\u0142ywem czasu rozpocz\u0119cia;<\/li><\/ul><ul><li><strong>Identyfikator<\/strong> \u2013 wpisywany jest ci\u0105g znak\u00f3w (na przyk\u0142ad SP01Z01), kt\u00f3ry wykorzystywany jest przy tworzeniu struktury zada\u0144 z szablonu projektu i umo\u017cliwia dalsze przetwarzanie zada\u0144 przez procedury;<\/li><\/ul><ul><li><strong>Post\u0119p<\/strong> \u2013 umo\u017cliwia procentowe okre\u015blenie post\u0119pu;<\/li><\/ul><ul><li><strong>Kampania<\/strong> \u2013 pozwala na ustawienie powi\u0105zania z aktywn\u0105 kampani\u0105, kt\u00f3ra zosta\u0142a zdefiniowana w module <strong>Kampanie;<\/strong><\/li><\/ul><ul><li><strong>Termin od i do planu bazowego<\/strong> \u2013 pozwala na ustawienie alternatywnych dat pocz\u0105tku i ko\u0144ca zgodnych z innym, szerszym planem;<\/li><\/ul><ul><li><strong>Status<\/strong> \u2013 pozwala na okre\u015blenie statusu terminu. Dost\u0119pne ustawienia to <strong>PRZYJ\u0118TY<\/strong>, <strong>W<\/strong> <strong>TRAKCIE<\/strong>, <strong>WERYFIKACJA<\/strong> oraz <strong>ZAKO\u0143CZONY<\/strong> i odpowiadaj\u0105 one temu, co wida\u0107 na tablicy <strong>Kanban;<\/strong><\/li><\/ul><ul><li><strong>Kamie\u0144 milowy<\/strong> \u2013 je\u015bli termin ma charakter kamienia milowego w projekcie, to za pomoc\u0105 tej opcji mo\u017cna ten fakt oznaczy\u0107;<\/li><\/ul><ul><li><strong>Priorytet<\/strong> \u2013 umo\u017cliwia okre\u015blenie wa\u017cno\u015bci terminu. Dost\u0119pne opcje to <strong>Niski<\/strong>, <strong>Brak<\/strong> oraz <strong>Wysoki;<\/strong><\/li><\/ul><ul><li><strong>Prywatne<\/strong> \u2013 je\u017celi termin ma by\u0107 prywatny, to nale\u017cy zaznaczy\u0107 t\u0119 opcj\u0119. Doprecyzowuj\u0105c \u2013 zdarzenie b\u0119dzie widoczne wy\u0142\u0105cznie dla osoby lub os\u00f3b, kt\u00f3re wpisano w zak\u0142adce <strong>Og\u00f3lne<\/strong> w polu <strong>Dla kogo;<\/strong><\/li><\/ul><ul><li><strong>Przypi\u0119te<\/strong> \u2013 po zaznaczeniu tej opcji termin zostanie przypi\u0119ty w planie dnia osoby, kt\u00f3ra zosta\u0142a wpisana w zak\u0142adce <strong>Og\u00f3lne<\/strong> w polu <strong>Dla kogo;<\/strong><\/li><\/ul><\/li><\/ol>\n\n\n<div class=\"wp-block-image\">\n<figure class=\"aligncenter size-full\"><img loading=\"lazy\" decoding=\"async\" width=\"768\" height=\"570\" src=\"https:\/\/ready-os.com\/wp-content\/uploads\/2022\/10\/r28-3.png\" alt=\"Dodawanie nowego terminu - zak\u0142adka Dodatkowe\" class=\"wp-image-12561\" srcset=\"https:\/\/www2.ready-os.com\/wp-content\/uploads\/2022\/10\/r28-3.png 768w, https:\/\/www2.ready-os.com\/wp-content\/uploads\/2022\/10\/r28-3-300x223.png 300w\" sizes=\"(max-width: 768px) 100vw, 768px\" \/><figcaption>Dodawanie nowego terminu &#8211; zak\u0142adka Dodatkowe<\/figcaption><\/figure><\/div>\n\n\n<ol start=\"6\"><li>zak\u0142adka <strong>Zasoby<\/strong> umo\u017cliwia powi\u0105zanie z dodawanym do kalendarza terminem koniecznych zasob\u00f3w, na przyk\u0142ad do zadania \u201eKonferencja\u201d mo\u017cna doda\u0107 zas\u00f3b \u201esala konferencyjna\u201d, kt\u00f3ra jest w posiadaniu firmy. Dodanie zasobu spowoduje, \u017ce b\u0119dzie on zarezerwowany na potrzeby tworzonego terminu. Sam proces dodania zasobu wymaga:<ul><li>klikni\u0119cia przycisku <strong>Nowy zas\u00f3b<\/strong> (zielony przycisk ze znakiem plus);<\/li><li>w nowym oknie odszukania wymaganego zasobu;<\/li><li>klikni\u0119cia przycisku <strong>DODAJ;<\/strong><\/li><li>zas\u00f3b pojawi si\u0119 na li\u015bcie widocznej w zak\u0142adce <strong>Zasoby;<\/strong><\/li><li>zasoby mo\u017cna r\u00f3wnie\u017c usun\u0105\u0107 z listy, klikaj\u0105c przycisk z symbolem kosza (<strong>Usu\u0144 zas\u00f3b<\/strong>) lub podda\u0107 je edycji (przycisk <strong>Edytuj zas\u00f3b<\/strong>);<\/li><\/ul><\/li><\/ol>\n\n\n<div class=\"wp-block-image\">\n<figure class=\"aligncenter size-full\"><img loading=\"lazy\" decoding=\"async\" width=\"773\" height=\"427\" src=\"https:\/\/ready-os.com\/wp-content\/uploads\/2022\/10\/r29-3.png\" alt=\"Dodawanie nowego terminu - zak\u0142adka Zasoby\" class=\"wp-image-12563\" srcset=\"https:\/\/www2.ready-os.com\/wp-content\/uploads\/2022\/10\/r29-3.png 773w, https:\/\/www2.ready-os.com\/wp-content\/uploads\/2022\/10\/r29-3-300x166.png 300w, https:\/\/www2.ready-os.com\/wp-content\/uploads\/2022\/10\/r29-3-768x424.png 768w\" sizes=\"(max-width: 773px) 100vw, 773px\" \/><figcaption>Dodawanie nowego terminu &#8211; zak\u0142adka Zasoby<\/figcaption><\/figure><\/div>\n\n\n<ol start=\"7\"><li>zak\u0142adka <strong>Czas pracy<\/strong> zawiera wszelkie informacje na temat czasu pracy. W tym miejscu pojawiaj\u0105 si\u0119 wszystkie informacje na temat czasu, jaki zaj\u0119\u0142o dane zdarzenie. Dodatkowo mo\u017cna r\u0119cznie doda\u0107 informacje o przepracowanych godzinach. W tym celu nale\u017cy:<ul><li>klikn\u0105\u0107 przycisk <strong>Nowy wpis;<\/strong><\/li><li>w nowym oknie uzupe\u0142ni\u0107 niezb\u0119dne pola, klikn\u0105\u0107 przycisk <strong>ZAPISZ;<\/strong><\/li><li>nowy wpis pojawi si\u0119 na li\u015bcie;<\/li><li>usuni\u0119cie wpisu wymaga klikni\u0119cia go prawym przyciskiem myszy i wybrania opcji <strong>Usu\u0144<\/strong> z menu podr\u0119cznego;<\/li><li>edycja wpisu wymaga klikni\u0119cia go prawym przyciskiem myszy i wybrania opcji <strong>Edytuj<\/strong> z menu podr\u0119cznego;<\/li><\/ul><\/li><\/ol>\n\n\n\n<figure class=\"wp-block-image size-full\"><img loading=\"lazy\" decoding=\"async\" width=\"771\" height=\"420\" src=\"https:\/\/ready-os.com\/wp-content\/uploads\/2022\/10\/r30-3.png\" alt=\"Dodawanie nowego terminu - zak\u0142adka Czas pracy\" class=\"wp-image-12565\" srcset=\"https:\/\/www2.ready-os.com\/wp-content\/uploads\/2022\/10\/r30-3.png 771w, https:\/\/www2.ready-os.com\/wp-content\/uploads\/2022\/10\/r30-3-300x163.png 300w, https:\/\/www2.ready-os.com\/wp-content\/uploads\/2022\/10\/r30-3-768x418.png 768w\" sizes=\"(max-width: 771px) 100vw, 771px\" \/><figcaption>Dodawanie nowego terminu &#8211; zak\u0142adka Czas pracy<\/figcaption><\/figure>\n\n\n\n<ol start=\"8\"><li>zak\u0142adka <strong>Za\u0142\u0105cznik<\/strong> gromadzi wszystkie za\u0142\u0105czniki w formie plik\u00f3w, kt\u00f3re maj\u0105 zwi\u0105zek z tworzonym terminem (na przyk\u0142ad prezentacje, raporty, etc.). Dodanie nowego za\u0142\u0105cznika mo\u017cliwe jest na dwa sposoby:<ul><li>przycisk <strong>Dodaj<\/strong> \u2013 po jego klikni\u0119ciu w nowym oknie nale\u017cy wskaza\u0107 plik na dysku komputera i klikn\u0105\u0107 <strong>Otw\u00f3rz<\/strong>. Za\u0142\u0105cznik zostanie przes\u0142any na serwer i pod\u0142\u0105czony w omawianej zak\u0142adce;<\/li><li>przycisk <strong>Skanuj<\/strong> \u2013 je\u017celi w systemie ustawiono skaner, to po klikni\u0119ciu omawianego przycisku uruchomi si\u0119 modu\u0142 skanowania, kt\u00f3ry pozwoli zeskanowa\u0107 i do\u0142\u0105czy\u0107 dokument do tworzonego zdarzenia;<\/li><li>za\u0142\u0105czniki mo\u017cna usun\u0105\u0107 z listy. W tym celu nale\u017cy je zaznaczy\u0107, a potem klikn\u0105\u0107 przycisk <strong>Usu\u0144;<\/strong><\/li><\/ul><\/li><\/ol>\n\n\n<div class=\"wp-block-image\">\n<figure class=\"aligncenter size-full\"><img loading=\"lazy\" decoding=\"async\" width=\"772\" height=\"469\" src=\"https:\/\/ready-os.com\/wp-content\/uploads\/2022\/10\/r31-2.png\" alt=\"Dodawanie nowego terminu - zak\u0142adka Za\u0142\u0105czniki\" class=\"wp-image-12567\" srcset=\"https:\/\/www2.ready-os.com\/wp-content\/uploads\/2022\/10\/r31-2.png 772w, https:\/\/www2.ready-os.com\/wp-content\/uploads\/2022\/10\/r31-2-300x182.png 300w, https:\/\/www2.ready-os.com\/wp-content\/uploads\/2022\/10\/r31-2-768x467.png 768w\" sizes=\"(max-width: 772px) 100vw, 772px\" \/><figcaption>Dodawanie nowego terminu &#8211; zak\u0142adka Za\u0142\u0105czniki<\/figcaption><\/figure><\/div>\n\n\n<ol start=\"9\"><li>klikn\u0105\u0107 przycisk <strong>DODAJ<\/strong> lub <strong>DODAJ I ZAMKNIJ<\/strong>. Pierwsza z opcji doda termin, ale okno pozostanie nadal otwarte i b\u0119dzie mo\u017cna wprowadzi\u0107 w nim ewentualne zmiany. Natomiast druga z opcji po prostu utworzy w kalendarzu nowy wpis i zamknie okno;<\/li><li>nowy termin pojawi si\u0119 na siatce kalendarza u os\u00f3b, kt\u00f3re oznaczono w zak\u0142adce <strong>Og\u00f3lne<\/strong> w polu <strong>Dla kogo<\/strong>. W zale\u017cno\u015bci od czasu trwania graficzny wska\u017anik mo\u017ce zajmowa\u0107 kilka kratek na siatce. Dodatkowo w r\u00f3\u017cnych widokach zaj\u0119ty obszar b\u0119dzie prezentowany inaczej.<\/li><\/ol>\n\n\n\n<figure class=\"wp-block-image size-large\"><img loading=\"lazy\" decoding=\"async\" width=\"1024\" height=\"706\" src=\"https:\/\/ready-os.com\/wp-content\/uploads\/2022\/10\/r32-2-1024x706.png\" alt=\"Nowy termin widoczny w Kalendarzu\" class=\"wp-image-12569\" srcset=\"https:\/\/www2.ready-os.com\/wp-content\/uploads\/2022\/10\/r32-2-1024x706.png 1024w, https:\/\/www2.ready-os.com\/wp-content\/uploads\/2022\/10\/r32-2-300x207.png 300w, https:\/\/www2.ready-os.com\/wp-content\/uploads\/2022\/10\/r32-2-768x530.png 768w, https:\/\/www2.ready-os.com\/wp-content\/uploads\/2022\/10\/r32-2.png 1122w\" sizes=\"(max-width: 1024px) 100vw, 1024px\" \/><figcaption>Nowy termin widoczny w Kalendarzu<\/figcaption><\/figure>\n\n\n\n<h3 class=\"wp-block-heading\" id=\"6\">Rozmowa telefoniczna<\/h3>\n\n\n\n<p>Zdarzenie typu rozmowa telefoniczna przeznaczone jest do zapisywania informacji o rozmowie telefonicznej. W kalendarzu zostanie \u015blad, a w opisie mo\u017cna zawrze\u0107 dodatkowe informacje, na przyk\u0142ad na temat ewentualnych ustale\u0144 wynikaj\u0105cych rozmowy, deklaracji dotycz\u0105cej kolejnej rozmowy czy po prostu tego, \u017ce adresat rozmowy nie odbiera\u0142 telefonu.<\/p>\n\n\n\n<p>Aby doda\u0107 spotkanie, nale\u017cy:<\/p>\n\n\n\n<ol type=\"1\"><li>w\u0142\u0105czy\u0107 modu\u0142 <strong>Kalendarz<\/strong><strong>;<\/strong><\/li><li>klikn\u0105\u0107 przycisk <strong>Dodaj<\/strong> i wybra\u0107 opcj\u0119 <strong>Rozmowa telefoniczna<\/strong><strong>;<\/strong><\/li><\/ol>\n\n\n<div class=\"wp-block-image\">\n<figure class=\"aligncenter size-full\"><img loading=\"lazy\" decoding=\"async\" width=\"546\" height=\"232\" src=\"https:\/\/ready-os.com\/wp-content\/uploads\/2022\/10\/r33-2.png\" alt=\"Dodawanie nowego rozmowy telefonicznej\" class=\"wp-image-12572\" srcset=\"https:\/\/www2.ready-os.com\/wp-content\/uploads\/2022\/10\/r33-2.png 546w, https:\/\/www2.ready-os.com\/wp-content\/uploads\/2022\/10\/r33-2-300x127.png 300w\" sizes=\"(max-width: 546px) 100vw, 546px\" \/><figcaption>Dodawanie nowego rozmowy telefonicznej<\/figcaption><\/figure><\/div>\n\n\n<ol start=\"3\"><li>w nowym oknie dost\u0119pnych jest kilka zak\u0142adek, kt\u00f3re nale\u017cy wype\u0142ni\u0107 wed\u0142ug instrukcji zawartych w kolejnych podpunktach;<\/li><li>zak\u0142adka <strong>Og\u00f3lne<\/strong> zawiera podstawowe dane na temat rozmowy telefonicznej:<ul><li><strong>Temat<\/strong> \u2013 pozwala na wpisanie tematu rozmowy. Powinien on by\u0107 sugestywny i umo\u017cliwia\u0107 identyfikacj\u0119 tego, co nale\u017cy zrobi\u0107, bez potrzeby otwierania zdarzenia;<\/li><\/ul><ul><li><strong>Data<\/strong> \u2013 data przeprowadzenia rozmowy. Klikni\u0119cie pola daty pozwoli na wskazanie konkretnego terminu. Klikni\u0119cie pola godziny pozwoli na wskazanie konkretnej godziny rozpocz\u0119cia zadania. Domy\u015blnie pola s\u0105 wype\u0142nione aktualn\u0105 dat\u0105 i godzin\u0105;<\/li><\/ul><ul><li><strong>Czas trwania<\/strong> \u2013 pozwala na wpisanie czasu trwania zdarzenia. Nale\u017cy wpisa\u0107 okre\u015blon\u0105 warto\u015b\u0107, na przyk\u0142ad <strong>30m<\/strong> (trzydzie\u015bci minut) albo <strong>2h<\/strong> (dwie godziny). Wa\u017cne jest to, by poza warto\u015bci\u0105 liczbow\u0105 doda\u0107 literk\u0119: <strong>m<\/strong> (minuty), <strong>h<\/strong> (godziny) lub <strong>d<\/strong> (dni). Po wpisaniu warto\u015bci i naci\u015bni\u0119ciu <em>Enter<\/em> warto\u015b\u0107 pola <strong>Data do<\/strong> ulegnie zmianie;<\/li><\/ul><ul><li><strong>Data do<\/strong> \u2013 pozwala ustawi\u0107 dat\u0119, do kt\u00f3rej ma trwa\u0107 dane zdarzenie. Po klikni\u0119ciu opcji <strong>Ustaw<\/strong> pojawi si\u0119 ma\u0142e okno, w kt\u00f3rym mo\u017cna wskaza\u0107 konkretn\u0105 dat\u0119 i godzin\u0119. Po wpisaniu daty i godziny niezb\u0119dne jest klikni\u0119cie jednego z przycisk\u00f3w \u2013 <strong>PRZELICZ DAT\u0118 STARTU<\/strong> zmieni dat\u0119 pocz\u0105tku, je\u017celi b\u0119dzie to konieczne, natomiast <strong>PRZELICZ CZAS TRWANIA<\/strong> spowoduje przeliczenie warto\u015bci w polu <strong>Czas<\/strong> <strong>trwania;<\/strong><\/li><\/ul><ul><li><strong>Dla kogo<\/strong> \u2013 pozwala na wskazanie os\u00f3b, kt\u00f3re mog\u0105 by\u0107 zainteresowane wynikami rozmowy. Domy\u015blnie w polu widoczne b\u0119d\u0105 dane osoby, kt\u00f3ra zak\u0142ada zdarzenie. Klikni\u0119cie przycisku <strong>Poka\u017c list\u0119<\/strong> spowoduje otwarcie listy pracownik\u00f3w. Z listy mo\u017cna wybra\u0107 konkretn\u0105 osob\u0119 i w ten spos\u00f3b doda\u0107 j\u0105 do pola. Mo\u017cna r\u00f3wnie\u017c klikn\u0105\u0107 opcj\u0119 <strong>Kliknij, aby wyszuka\u0107,<\/strong> a nast\u0119pnie wpisa\u0107 na przyk\u0142ad nazwisko szukanej osoby. System poka\u017ce pracownik\u00f3w, kt\u00f3rzy spe\u0142niaj\u0105 zadane kryterium wyszukiwania. Dalej wystarczy klikn\u0105\u0107 odpowiedni\u0105 pozycj\u0119 na li\u015bcie podpowiedzi;<\/li><\/ul><ul><li><strong>Opis<\/strong> \u2013 umo\u017cliwia dodanie szerszego opisu, na przyk\u0142ad streszczenia rozmowy;<\/li><\/ul><ul><li><strong>Powi\u0105zania <\/strong>\u2013 pozwala na powi\u0105zanie rozmowy telefonicznej z konkretn\u0105 spraw\u0105 (pole <strong>Sprawa<\/strong>) lub z klientem (pole <strong>Klient<\/strong>). Samo powi\u0105zanie sprowadza si\u0119 do wpisania fragmentu nazwy szukanego klienta lub sprawy, klikni\u0119cia przycisku lupy i wskazania na li\u015bcie z wynikami wyszukiwania odpowiedniej pozycji. Je\u017celi sprawy lub klienta nie ma w systemie, mo\u017cna klikn\u0105\u0107 przycisk plusa i za\u0142o\u017cy\u0107 dany element od nowa. B\u0142\u0119dnie ustawione powi\u0105zanie mo\u017cna usun\u0105\u0107, klikaj\u0105c w przycisk <strong>x<\/strong>, kt\u00f3ry pojawi obok pola;<\/li><\/ul><\/li><\/ol>\n\n\n<div class=\"wp-block-image\">\n<figure class=\"aligncenter size-full\"><img loading=\"lazy\" decoding=\"async\" width=\"769\" height=\"827\" src=\"https:\/\/ready-os.com\/wp-content\/uploads\/2022\/10\/r34-2.png\" alt=\"Nowa rozmowa telefoniczna - zak\u0142adka Og\u00f3lne\" class=\"wp-image-12574\" srcset=\"https:\/\/www2.ready-os.com\/wp-content\/uploads\/2022\/10\/r34-2.png 769w, https:\/\/www2.ready-os.com\/wp-content\/uploads\/2022\/10\/r34-2-279x300.png 279w\" sizes=\"(max-width: 769px) 100vw, 769px\" \/><figcaption>Nowa rozmowa telefoniczna &#8211; zak\u0142adka Og\u00f3lne<\/figcaption><\/figure><\/div>\n\n\n<ol start=\"4\"><li>zak\u0142adka <strong>Dodatkowe<\/strong> zawiera dodatkowe ustawienia dla tworzonego zdarzenia:<ul><li><strong>Przypomnienie<\/strong> \u2013 pozwala na ustawienie przypomnienia, kt\u00f3re wyskoczy w formie komunikatu na pulpicie na pewn\u0105 chwil\u0119 przed up\u0142ywem czasu rozpocz\u0119cia;<\/li><\/ul><ul><li><strong>Identyfikator<\/strong> \u2013 wpisywany jest ci\u0105g znak\u00f3w (na przyk\u0142ad SP01Z01), kt\u00f3ry wykorzystywany jest przy tworzeniu struktury zada\u0144 z szablonu projektu i umo\u017cliwia dalsze przetwarzanie przez procedury;<\/li><\/ul><ul><li><strong>Post\u0119p<\/strong> \u2013 umo\u017cliwia procentowe okre\u015blenie post\u0119pu wykonania w danym momencie;<\/li><\/ul><ul><li><strong>Kampania<\/strong> \u2013 pozwala na ustawienie powi\u0105zania z aktywn\u0105 kampani\u0105, kt\u00f3ra zosta\u0142a zdefiniowana w module <strong>Kampanie;<\/strong><\/li><\/ul><ul><li><strong>Termin od i do planu bazowego<\/strong> \u2013 pozwala na ustawienie alternatywnych dat pocz\u0105tku i ko\u0144ca zgodnych z innym, szerszym planem;<\/li><\/ul><ul><li><strong>Status<\/strong> \u2013 pozwala na okre\u015blenie statusu rozmowy. Dost\u0119pne ustawienia to <strong>PRZYJ\u0118TY<\/strong>, <strong>W<\/strong> <strong>TRAKCIE<\/strong>, <strong>WERYFIKACJA<\/strong> oraz <strong>ZAKO\u0143CZONY<\/strong> i odpowiadaj\u0105 one temu, co wida\u0107 na tablicy <strong>Kanban;<\/strong><\/li><\/ul><ul><li><strong>Kamie\u0144 milowy<\/strong> \u2013 je\u015bli rozmowa ma charakter kamienia milowego w projekcie, to za pomoc\u0105 tej opcji mo\u017cna ten fakt oznaczy\u0107;<\/li><\/ul><ul><li><strong>Priorytet<\/strong> \u2013 umo\u017cliwia okre\u015blenie wa\u017cno\u015bci rozmowy. Dost\u0119pne opcje to <strong>Niski<\/strong>, <strong>Brak<\/strong> oraz <strong>Wysoki;<\/strong><\/li><\/ul><ul><li><strong>Prywatne<\/strong> \u2013 je\u017celi rozmowa ma by\u0107 prywatna, to nale\u017cy zaznaczy\u0107 t\u0119 opcj\u0119; Doprecyzowuj\u0105c \u2013 zdarzenie b\u0119dzie widoczne wy\u0142\u0105cznie dla osoby lub os\u00f3b, kt\u00f3re wpisano w zak\u0142adce <strong>Og\u00f3lne<\/strong> w polu <strong>Dla kogo;<\/strong><\/li><\/ul><ul><li><strong>Przypi\u0119te<\/strong> \u2013 po zaznaczeniu tej opcji zdarzenie zostanie przypi\u0119te w planie dnia osoby, kt\u00f3ra zosta\u0142a wpisana w zak\u0142adce <strong>Og\u00f3lne<\/strong> w polu <strong>Dla kogo;<\/strong><\/li><\/ul><\/li><\/ol>\n\n\n<div class=\"wp-block-image\">\n<figure class=\"aligncenter size-full\"><img loading=\"lazy\" decoding=\"async\" width=\"769\" height=\"571\" src=\"https:\/\/ready-os.com\/wp-content\/uploads\/2022\/10\/r35-2.png\" alt=\"Nowa rozmowa telefoniczna - zak\u0142adka Dodatkowe\" class=\"wp-image-12576\" srcset=\"https:\/\/www2.ready-os.com\/wp-content\/uploads\/2022\/10\/r35-2.png 769w, https:\/\/www2.ready-os.com\/wp-content\/uploads\/2022\/10\/r35-2-300x223.png 300w\" sizes=\"(max-width: 769px) 100vw, 769px\" \/><figcaption>Nowa rozmowa telefoniczna &#8211; zak\u0142adka Dodatkowe<\/figcaption><\/figure><\/div>\n\n\n<ol start=\"5\"><li>zak\u0142adka <strong>Czas pracy<\/strong> zawiera wszelkie informacje na temat czasu pracy. W tym miejscu pojawiaj\u0105 si\u0119 wszystkie informacje na temat czasu, jaki zaj\u0119\u0142a rozmowa. Dodatkowo mo\u017cna r\u0119cznie doda\u0107 informacje o przepracowanych godzinach. W tym celu nale\u017cy:<ul><li>klikn\u0105\u0107 przycisk <strong>Nowy wpis;<\/strong><\/li><\/ul><ul><li>w nowym oknie uzupe\u0142ni\u0107 niezb\u0119dne pola, klikn\u0105\u0107 przycisk <strong>ZAPISZ;<\/strong><\/li><\/ul><ul><li>nowy wpis pojawi si\u0119 na li\u015bcie;<\/li><\/ul><ul><li>usuni\u0119cie wpisu wymaga klikni\u0119cia go prawym przyciskiem myszy i wybrania opcji <strong>Usu\u0144<\/strong> z menu podr\u0119cznego;<\/li><\/ul><ul><li>edycja wpisu wymaga klikni\u0119cia go prawym przyciskiem myszy i wybrania opcji <strong>Edytuj<\/strong> z menu podr\u0119cznego;<\/li><\/ul><\/li><\/ol>\n\n\n<div class=\"wp-block-image\">\n<figure class=\"aligncenter size-full\"><img loading=\"lazy\" decoding=\"async\" width=\"773\" height=\"429\" src=\"https:\/\/ready-os.com\/wp-content\/uploads\/2022\/10\/r36-2.png\" alt=\"Nowa rozmowa telefoniczna - zak\u0142adka Czas pracy\" class=\"wp-image-12578\" srcset=\"https:\/\/www2.ready-os.com\/wp-content\/uploads\/2022\/10\/r36-2.png 773w, https:\/\/www2.ready-os.com\/wp-content\/uploads\/2022\/10\/r36-2-300x166.png 300w, https:\/\/www2.ready-os.com\/wp-content\/uploads\/2022\/10\/r36-2-768x426.png 768w\" sizes=\"(max-width: 773px) 100vw, 773px\" \/><figcaption>Nowa rozmowa telefoniczna &#8211; zak\u0142adka Czas pracy<\/figcaption><\/figure><\/div>\n\n\n<ol start=\"6\"><li>zak\u0142adka <strong>Za\u0142\u0105cznik<\/strong> gromadzi wszystkie za\u0142\u0105czniki w formie plik\u00f3w, kt\u00f3re maj\u0105 zwi\u0105zek z tworzonym zdarzeniem. Dodanie nowego za\u0142\u0105cznika mo\u017cliwe jest na dwa sposoby:<ul><li>przycisk <strong>Dodaj<\/strong> \u2013 po jego klikni\u0119ciu w nowym oknie nale\u017cy wskaza\u0107 plik na dysku komputera i klikn\u0105\u0107 <strong>Otw\u00f3rz<\/strong>. Za\u0142\u0105cznik zostanie przes\u0142any na serwer i pod\u0142\u0105czony w omawianej zak\u0142adce;<\/li><\/ul><ul><li>przycisk <strong>Skanuj<\/strong> \u2013 je\u017celi w systemie ustawiono skaner, to po klikni\u0119ciu omawianego przycisku uruchomi si\u0119 modu\u0142 skanowania, kt\u00f3ry pozwoli zeskanowa\u0107 i do\u0142\u0105czy\u0107 dokument do tworzonego zdarzenia;<\/li><\/ul><ul><li>za\u0142\u0105czniki mo\u017cna usun\u0105\u0107 z listy. W tym celu nale\u017cy je zaznaczy\u0107 na li\u015bcie, a potem klikn\u0105\u0107 przycisk <strong>Usu\u0144;<\/strong><\/li><\/ul><\/li><\/ol>\n\n\n<div class=\"wp-block-image\">\n<figure class=\"aligncenter size-full\"><img loading=\"lazy\" decoding=\"async\" width=\"771\" height=\"467\" src=\"https:\/\/ready-os.com\/wp-content\/uploads\/2022\/10\/r37-2.png\" alt=\"Nowa rozmowa telefoniczna - zak\u0142adka Za\u0142\u0105czniki\" class=\"wp-image-12580\" srcset=\"https:\/\/www2.ready-os.com\/wp-content\/uploads\/2022\/10\/r37-2.png 771w, https:\/\/www2.ready-os.com\/wp-content\/uploads\/2022\/10\/r37-2-300x182.png 300w, https:\/\/www2.ready-os.com\/wp-content\/uploads\/2022\/10\/r37-2-768x465.png 768w\" sizes=\"(max-width: 771px) 100vw, 771px\" \/><figcaption>Nowa rozmowa telefoniczna &#8211; zak\u0142adka Za\u0142\u0105czniki<\/figcaption><\/figure><\/div>\n\n\n<ol start=\"7\"><li>klikn\u0105\u0107 przycisk <strong>DODAJ<\/strong> lub <strong>DODAJ I ZAMKNIJ<\/strong>. Pierwsza z opcji doda zdarzenie, ale okno pozostanie nadal otwarte i b\u0119dzie mo\u017cna wprowadzi\u0107 w nim ewentualne zmiany. Natomiast druga z opcji utworzy w kalendarzu nowy wpis i zamknie okno;<\/li><li>nowy wpis pojawi si\u0119 na siatce kalendarza u os\u00f3b, kt\u00f3re oznaczono w zak\u0142adce <strong>Og\u00f3lne<\/strong> w polu <strong>Dla kogo<\/strong>. W zale\u017cno\u015bci od czasu trwania graficzny wska\u017anik mo\u017ce zajmowa\u0107 kilka kratek na siatce. Dodatkowo w r\u00f3\u017cnych widokach zaj\u0119ty obszar b\u0119dzie prezentowany inaczej;<\/li><\/ol>\n\n\n\n<figure class=\"wp-block-image size-large\"><img loading=\"lazy\" decoding=\"async\" width=\"1024\" height=\"705\" src=\"https:\/\/ready-os.com\/wp-content\/uploads\/2022\/10\/r38-2-1024x705.png\" alt=\"Nowa rozmowa telefoniczna widoczna w kalendarzu\" class=\"wp-image-12582\" srcset=\"https:\/\/www2.ready-os.com\/wp-content\/uploads\/2022\/10\/r38-2-1024x705.png 1024w, https:\/\/www2.ready-os.com\/wp-content\/uploads\/2022\/10\/r38-2-300x206.png 300w, https:\/\/www2.ready-os.com\/wp-content\/uploads\/2022\/10\/r38-2-768x529.png 768w, https:\/\/www2.ready-os.com\/wp-content\/uploads\/2022\/10\/r38-2.png 1126w\" sizes=\"(max-width: 1024px) 100vw, 1024px\" \/><figcaption>Nowa rozmowa telefoniczna widoczna w kalendarzu<\/figcaption><\/figure>\n\n\n\n<p>W kolejnych zak\u0142adkach okna dodawania zdarzenia Rozmowa telefoniczna widoczny jest przycisk <strong>PONOWNY KONTAKT<\/strong>. Klikni\u0119cie go otworzy okno tworzenia nowego zadania w kalendarzu. Podczas tego procesu b\u0119dzie mo\u017cna okre\u015bli\u0107 szczeg\u00f3\u0142y. Ca\u0142y proces opisano w oddzielnym artykule. Warto pami\u0119ta\u0107 o tym, \u017ce klikni\u0119cie omawianego przycisku automatycznie zapisze i zamknie wcze\u015bniejsze okno zdarzenia. Dzi\u0119ki temu w prosty spos\u00f3b mo\u017cliwe jest zaplanowanie kolejnej rozmowy telefonicznej.<\/p>\n\n\n\n<h3 class=\"wp-block-heading\" id=\"7\">Zdarzenie cykliczne<\/h3>\n\n\n\n<p>Zdarzenia cykliczne to te elementy, kt\u00f3re w kalendarzu wracaj\u0105 w okre\u015blonych interwa\u0142ach czasowych. Na przyk\u0142ad dodaj\u0105c czyje\u015b urodziny w dniu 1 kwietnia, mo\u017cna je oznaczy\u0107 jako zdarzenie cykliczne i w ten spos\u00f3b wymusi\u0107, aby co roku odpowiedni wpis znalaz\u0142 si\u0119 w kalendarzu w zadanej dacie.<\/p>\n\n\n\n<p>Aby doda\u0107 zdarzenie cykliczne, nale\u017cy:<\/p>\n\n\n\n<ol type=\"1\"><li>rozpocz\u0105\u0107 tworzenie zdarzenia (spotkanie, rozmowa telefon, zadanie, termin) wed\u0142ug stosownej instrukcji;<\/li><li>uzupe\u0142ni\u0107 niezb\u0119dne pola, ale nie klika\u0107 przycisku <strong>DODAJ<\/strong> lub <strong>DODAJ I ZAMKNIJ<\/strong><strong>;<\/strong><\/li><li>pole <strong>Data<\/strong> powinno pozosta\u0107 puste, je\u017celi jednak znajdzie si\u0119 tutaj data, to wtedy w tym dniu dodane zostanie pierwsze zdarzenie, a reszta wed\u0142ug okre\u015blonych cykli;<\/li><li>po uzupe\u0142nieniu wszystkich niezb\u0119dnych danych klikn\u0105\u0107 przycisk <strong>Cykl<\/strong> na pasku narz\u0119dziowym w g\u00f3rnej cz\u0119\u015bci okna;<\/li><\/ol>\n\n\n<div class=\"wp-block-image\">\n<figure class=\"aligncenter size-full\"><img loading=\"lazy\" decoding=\"async\" width=\"528\" height=\"397\" src=\"https:\/\/ready-os.com\/wp-content\/uploads\/2022\/10\/r39-2.png\" alt=\"Zdarzenie cykliczne\" class=\"wp-image-12585\" srcset=\"https:\/\/www2.ready-os.com\/wp-content\/uploads\/2022\/10\/r39-2.png 528w, https:\/\/www2.ready-os.com\/wp-content\/uploads\/2022\/10\/r39-2-300x226.png 300w\" sizes=\"(max-width: 528px) 100vw, 528px\" \/><figcaption>Zdarzenie cykliczne<\/figcaption><\/figure><\/div>\n\n\n<ol start=\"5\"><li>w nowym oknie konieczne jest wprowadzanie zmiennych, a ich zakres zale\u017cy od ustawie\u0144 w polu <strong>Cykl;<\/strong><\/li><li>cykl <strong>Dzienny<\/strong> \u2013 okre\u015bla parametry dzia\u0142ania interwa\u0142u dziennego:<ul><li><strong>co<\/strong> \u2013 okre\u015bla interwa\u0142, co jaki ma by\u0107 dodane zdarzenie, na przyk\u0142ad wpisanie warto\u015bci 2 spowoduje, \u017ce zadanie b\u0119dzie pojawia\u0142o si\u0119 co drugi dzie\u0144;<\/li><\/ul><ul><li><strong>w ka\u017cdy dzie\u0144 powszedni<\/strong> \u2013 zdarzenie zostanie dodane w ka\u017cdy dzie\u0144 roboczy;<\/li><\/ul><\/li><\/ol>\n\n\n<div class=\"wp-block-image\">\n<figure class=\"aligncenter size-full\"><img loading=\"lazy\" decoding=\"async\" width=\"479\" height=\"498\" src=\"https:\/\/ready-os.com\/wp-content\/uploads\/2022\/10\/r40-2.png\" alt=\"Okno w\u0142a\u015bciwo\u015bci zdarzenia cyklicznego - cykl dzienny\" class=\"wp-image-12587\" srcset=\"https:\/\/www2.ready-os.com\/wp-content\/uploads\/2022\/10\/r40-2.png 479w, https:\/\/www2.ready-os.com\/wp-content\/uploads\/2022\/10\/r40-2-289x300.png 289w\" sizes=\"(max-width: 479px) 100vw, 479px\" \/><figcaption>Okno w\u0142a\u015bciwo\u015bci zdarzenia cyklicznego &#8211; cykl dzienny<\/figcaption><\/figure><\/div>\n\n\n<ol start=\"7\"><li>cykl <strong>Tygodniowy<\/strong> \u2013 okre\u015bla parametry dzia\u0142ania interwa\u0142u tygodniowego:<ul><li><strong>co<\/strong> \u2013 okre\u015bla interwa\u0142, co jaki ma by\u0107 dodane zdarzenie, na przyk\u0142ad wpisanie warto\u015bci 2 spowoduje, \u017ce zdarzenie b\u0119dzie pojawia\u0142o si\u0119 co dwa tygodnie;<\/li><\/ul><ul><li><strong>dni tygodnia<\/strong> \u2013 umo\u017cliwia wskazanie konkretnego dnia tygodnia, w kt\u00f3rym zdarzenie pojawi si\u0119 w kalendarzu;<\/li><\/ul><\/li><\/ol>\n\n\n<div class=\"wp-block-image\">\n<figure class=\"aligncenter size-full\"><img loading=\"lazy\" decoding=\"async\" width=\"483\" height=\"502\" src=\"https:\/\/ready-os.com\/wp-content\/uploads\/2022\/10\/r41-1.png\" alt=\"Okno w\u0142a\u015bciwo\u015bci zdarzenia cyklicznego - cykl tygodniowy\" class=\"wp-image-12589\" srcset=\"https:\/\/www2.ready-os.com\/wp-content\/uploads\/2022\/10\/r41-1.png 483w, https:\/\/www2.ready-os.com\/wp-content\/uploads\/2022\/10\/r41-1-289x300.png 289w\" sizes=\"(max-width: 483px) 100vw, 483px\" \/><figcaption>Okno w\u0142a\u015bciwo\u015bci zdarzenia cyklicznego &#8211; cykl tygodniowy<\/figcaption><\/figure><\/div>\n\n\n<ol start=\"8\"><li>cykl <strong>Miesi\u0119czny<\/strong> \u2013 okre\u015bla parametry dzia\u0142ania interwa\u0142u miesi\u0119cznego:<ul><li><strong>dzie\u0144 miesi\u0105ca<\/strong> \u2013 zdarzenie zostanie dodane zawsze w okre\u015blonym dniu miesi\u0105ca, bez sprawdzania, czy jest to dzie\u0144 wolny czy roboczy;<\/li><\/ul><ul><li><strong>dzie\u0144 tygodnia<\/strong> \u2013 regu\u0142a pozwala okre\u015bli\u0107 konkretny dzie\u0144 tygodnia w ramach cyklu miesi\u0119cznego. Na przyk\u0142ad mo\u017cliwe jest dodanie zdarzenia w <strong>drugi wtorek miesi\u0105ca<\/strong> albo <strong>ostatni pi\u0105tek miesi\u0105ca;<\/strong><\/li><\/ul><ul><li><strong>powtarzaj co<\/strong> \u2013 pozwala okre\u015bli\u0107 interwa\u0142 powtarzania zdarzenia, na przyk\u0142ad co dwa miesi\u0105ce;<\/li><\/ul><\/li><\/ol>\n\n\n<div class=\"wp-block-image\">\n<figure class=\"aligncenter size-full\"><img loading=\"lazy\" decoding=\"async\" width=\"481\" height=\"501\" src=\"https:\/\/ready-os.com\/wp-content\/uploads\/2022\/10\/r42-1.png\" alt=\"Okno w\u0142a\u015bciwo\u015bci zdarzenia cyklicznego - cykl miesi\u0119czny\" class=\"wp-image-12591\" srcset=\"https:\/\/www2.ready-os.com\/wp-content\/uploads\/2022\/10\/r42-1.png 481w, https:\/\/www2.ready-os.com\/wp-content\/uploads\/2022\/10\/r42-1-288x300.png 288w\" sizes=\"(max-width: 481px) 100vw, 481px\" \/><figcaption>Okno w\u0142a\u015bciwo\u015bci zdarzenia cyklicznego &#8211; cykl miesi\u0119czny<\/figcaption><\/figure><\/div>\n\n\n<ol start=\"9\"><li>cykl <strong>Roczny<\/strong> \u2013 okre\u015bla parametry dzia\u0142ania interwa\u0142u miesi\u0119cznego:<ul><li><strong>powtarzaj co<\/strong> \u2013 pozwala na okre\u015blenie, co ile lat zdarzenie ma by\u0107 powielone w kalendarzu, na przyk\u0142ad co dwa lata;<\/li><\/ul><\/li><\/ol>\n\n\n<div class=\"wp-block-image\">\n<figure class=\"aligncenter size-full\"><img loading=\"lazy\" decoding=\"async\" width=\"484\" height=\"499\" src=\"https:\/\/ready-os.com\/wp-content\/uploads\/2022\/10\/r43-1.png\" alt=\"Okno w\u0142a\u015bciwo\u015bci zdarzenia cyklicznego - cykl roczny\" class=\"wp-image-12593\" srcset=\"https:\/\/www2.ready-os.com\/wp-content\/uploads\/2022\/10\/r43-1.png 484w, https:\/\/www2.ready-os.com\/wp-content\/uploads\/2022\/10\/r43-1-291x300.png 291w\" sizes=\"(max-width: 484px) 100vw, 484px\" \/><figcaption>Okno w\u0142a\u015bciwo\u015bci zdarzenia cyklicznego &#8211; cykl roczny<\/figcaption><\/figure><\/div>\n\n\n<ol type=\"1\" start=\"10\"><li>po zdefiniowaniu <strong>Cyklu<\/strong> konieczne jest okre\u015blenie <strong>Zakresu cyklu.<\/strong> Zakres ustawie\u0144 jest dok\u0142adnie taki sam dla ka\u017cdego z czterech cykli:<ul><li><strong>Pocz\u0105tek<\/strong> \u2013 klikni\u0119cie pola pozwala na okre\u015blenie daty pierwszego wyst\u0105pienia zdarzenia;<\/li><li><strong>Koniec<\/strong> \u2013 tutaj nale\u017cy wskaza\u0107, kiedy ma nast\u0105pi\u0107 koniec dodawanego zdarzenia cyklicznego. Opcja <strong>Nigdy<\/strong> oznacza, \u017ce zdarzenie b\u0119dzie powtarzane bez przerwy. <strong>Po x wyst\u0105pieniach<\/strong> umo\u017cliwia wskazanie, ile razy ma zosta\u0107 powielone zdarzenie. Ostatnie z ustawie\u0144 \u2013 <strong>W dniu \u2013<\/strong> pozwala na wskazanie konkretnej daty, do kt\u00f3rej ma by\u0107 utworzone zadanie cykliczne;<\/li><li>po zdefiniowaniu <strong>Cyklu<\/strong> i <strong>Zakresu cyklu<\/strong> nale\u017cy klikn\u0105\u0107 przycisk <strong>OK;<\/strong><\/li><\/ul><\/li><\/ol>\n\n\n<div class=\"wp-block-image\">\n<figure class=\"aligncenter size-full\"><img loading=\"lazy\" decoding=\"async\" width=\"483\" height=\"500\" src=\"https:\/\/ready-os.com\/wp-content\/uploads\/2022\/10\/r44-1.png\" alt=\"Okno w\u0142a\u015bciwo\u015bci zdarzenia cyklicznego - zakres cyklu\" class=\"wp-image-12595\" srcset=\"https:\/\/www2.ready-os.com\/wp-content\/uploads\/2022\/10\/r44-1.png 483w, https:\/\/www2.ready-os.com\/wp-content\/uploads\/2022\/10\/r44-1-290x300.png 290w\" sizes=\"(max-width: 483px) 100vw, 483px\" \/><figcaption>Okno w\u0142a\u015bciwo\u015bci zdarzenia cyklicznego &#8211; zakres cyklu<\/figcaption><\/figure><\/div>\n\n\n<ol type=\"1\" start=\"11\"><li>informacja o cyklu zostanie wy\u015bwietlona w prawym g\u00f3rnym naro\u017cniku okna dodawania nowego zdarzenia. Je\u017celi wszystko si\u0119 zgadza, mo\u017cna klikn\u0105\u0107 przycisk <strong>DODAJ<\/strong> lub <em>DODAJ<strong> I<\/strong><\/em> <strong>ZAMKNIJ<\/strong>. Zdarzenie cykliczne zostanie wpisane do kalendarza w odpowiednich dniach.<\/li><\/ol>\n\n\n<div class=\"wp-block-image\">\n<figure class=\"aligncenter size-full\"><img loading=\"lazy\" decoding=\"async\" width=\"772\" height=\"643\" src=\"https:\/\/ready-os.com\/wp-content\/uploads\/2022\/10\/r45-1.png\" alt=\"Widok okna szczeg\u00f3\u0142\u00f3w zdarzenia cyklicznego\" class=\"wp-image-12597\" srcset=\"https:\/\/www2.ready-os.com\/wp-content\/uploads\/2022\/10\/r45-1.png 772w, https:\/\/www2.ready-os.com\/wp-content\/uploads\/2022\/10\/r45-1-300x250.png 300w, https:\/\/www2.ready-os.com\/wp-content\/uploads\/2022\/10\/r45-1-768x640.png 768w\" sizes=\"(max-width: 772px) 100vw, 772px\" \/><figcaption>Widok okna szczeg\u00f3\u0142\u00f3w zdarzenia cyklicznego<\/figcaption><\/figure><\/div>\n\n\n<h3 class=\"wp-block-heading\" id=\"8\">Zdarzenie prywatne<\/h3>\n\n\n\n<p>Ka\u017cdy z typ\u00f3w zdarze\u0144 dodawanych do kalendarza mo\u017ce mie\u0107 prywatny charakter. Dzi\u0119ki temu jeden kalendarz mo\u017ce by\u0107 u\u017cywany do wielu cel\u00f3w. Aby okre\u015bli\u0107 zdarzenie jako prywatne, wystarczy w zak\u0142adce <strong>Dodatkowe<\/strong> zaznaczy\u0107 opcj\u0119 <strong>prywatne<\/strong>.<\/p>\n\n\n<div class=\"wp-block-image\">\n<figure class=\"aligncenter size-full\"><img loading=\"lazy\" decoding=\"async\" width=\"770\" height=\"574\" src=\"https:\/\/ready-os.com\/wp-content\/uploads\/2022\/10\/r46-1.png\" alt=\"Definiowanie zdarzenia o charakterze prywatnym\" class=\"wp-image-12600\" srcset=\"https:\/\/www2.ready-os.com\/wp-content\/uploads\/2022\/10\/r46-1.png 770w, https:\/\/www2.ready-os.com\/wp-content\/uploads\/2022\/10\/r46-1-300x224.png 300w, https:\/\/www2.ready-os.com\/wp-content\/uploads\/2022\/10\/r46-1-768x573.png 768w\" sizes=\"(max-width: 770px) 100vw, 770px\" \/><figcaption>Definiowanie zdarzenia o charakterze prywatnym<\/figcaption><\/figure><\/div>\n\n\n<p>Prywatne zdarzenie w kalendarzu nie b\u0119dzie widoczne dla innych wsp\u00f3\u0142pracownik\u00f3w, kt\u00f3rym udost\u0119pniono kalendarz.<\/p>\n\n\n\n<h3 class=\"wp-block-heading\" id=\"9\">Kolizje w czasie<\/h3>\n\n\n\n<p>W przypadku rozbudowanych kalendarzy zawieraj\u0105cych wiele zdarze\u0144 mo\u017ce si\u0119 okaza\u0107, \u017ce podczas dodawania kolejnych spotka\u0144 wyst\u0105pi konflikt ( na przyk\u0142ad wskazany zostanie termin zaj\u0119ty przez inne spotkanie). Modu\u0142 <strong>Kalendarz<\/strong> wyposa\u017cono w mechanizm wykrywania takich kolizji.<\/p>\n\n\n\n<p>Informacja o kolizji pojawi si\u0119 w formie komunikatu wy\u015bwietlonego na ekranie. Komunikat pojawi dok\u0142adnie w chwili, gdy u\u017cytkownik doda nowe zdarzenie i kliknie przycisk <strong>DODAJ<\/strong> lub <strong>DODAJ I ZAMKNIJ<\/strong>.<\/p>\n\n\n<div class=\"wp-block-image\">\n<figure class=\"aligncenter size-full\"><img loading=\"lazy\" decoding=\"async\" width=\"703\" height=\"227\" src=\"https:\/\/ready-os.com\/wp-content\/uploads\/2022\/10\/r47-1.png\" alt=\"Okno rozwi\u0105zywania kolizji w czasie\" class=\"wp-image-12602\" srcset=\"https:\/\/www2.ready-os.com\/wp-content\/uploads\/2022\/10\/r47-1.png 703w, https:\/\/www2.ready-os.com\/wp-content\/uploads\/2022\/10\/r47-1-300x97.png 300w\" sizes=\"(max-width: 703px) 100vw, 703px\" \/><figcaption>Okno rozwi\u0105zywania kolizji w czasie<\/figcaption><\/figure><\/div>\n\n\n<p>Okno komunikatu zawiera informacj\u0119 o tym, jakie inne zdarzenie powoduje konflikt. Dalsze kroki mog\u0105 wygl\u0105da\u0107 nast\u0119puj\u0105co:<\/p>\n\n\n\n<ul><li>przycisk <strong>Anuluj<\/strong> \u2013 jego klikni\u0119cie wy\u0142\u0105czy okno komunikatu. U\u017cytkownik mo\u017ce w oknie dodawania zdarzenia wprowadzi\u0107 korekt\u0119 i ponownie klikn\u0105\u0107 przycisk <strong>DODAJ<\/strong> lub <strong>DODAJ I ZAMKNIJ<\/strong><strong>;<\/strong><\/li><li>przycisk <strong>DODAJ\/ZAPISZ<\/strong> \u2013 konflikt zostanie zignorowany, zdarzenie zostanie dopisane w kalendarzu;<\/li><li>przycisk <strong>ZAPLANUJ INNY TERMIN<\/strong> \u2013 otwarty zostanie plan, kt\u00f3ry w za\u0142o\u017ceniu ma upro\u015bci\u0107 rozwi\u0105zanie konfliktu. Okno plannera zawiera oznaczone na zielono zdarzenie, kt\u00f3re ju\u017c istnieje w kalendarzu. Aby wskaza\u0107 inny termin, wystarczy klikn\u0105\u0107 pasek godzin, przytrzyma\u0107 przycisk i przesun\u0105\u0107 kursor, tak by zaznaczy\u0107 potrzebny czas. Dok\u0142adno\u015b\u0107 tego rozwi\u0105zania liczona jest w modu\u0142ach po 30 minut. Zaznaczanie godziny automatycznie poprawi warto\u015bci w oknie tworzonego zdarzenia. Po ustawieniu wolnego terminu nale\u017cy zamkn\u0105\u0107 okno plannera, a nast\u0119pnie w oknie zdarzenia klikn\u0105\u0107 przycisk <em>DODAJ<\/em> lub <strong>DODAJ I ZAMKNIJ<\/strong>.<\/li><\/ul>\n\n\n\n<figure class=\"wp-block-image size-full\"><img loading=\"lazy\" decoding=\"async\" width=\"954\" height=\"468\" src=\"https:\/\/ready-os.com\/wp-content\/uploads\/2022\/10\/r48-1.png\" alt=\"Rozwi\u0105zywania kolizji w czasie - ci\u0105g dalszy\" class=\"wp-image-12605\" srcset=\"https:\/\/www2.ready-os.com\/wp-content\/uploads\/2022\/10\/r48-1.png 954w, https:\/\/www2.ready-os.com\/wp-content\/uploads\/2022\/10\/r48-1-300x147.png 300w, https:\/\/www2.ready-os.com\/wp-content\/uploads\/2022\/10\/r48-1-768x377.png 768w\" sizes=\"(max-width: 954px) 100vw, 954px\" \/><figcaption>Rozwi\u0105zywania kolizji w czasie &#8211; ci\u0105g dalszy<\/figcaption><\/figure>\n\n\n\n<h2 class=\"wp-block-heading\" id=\"10\">Modyfikacja i usuwanie zdarze\u0144<\/h2>\n\n\n\n<p>Zdarzenia zapisane module <strong>Kalendarz <\/strong>mo\u017cna podda\u0107 edycji w zale\u017cno\u015bci od potrzeb. Modu\u0142 przewiduje kilka ciekawych rozwi\u0105za\u0144, kt\u00f3re opisano w dalszej cz\u0119\u015bci.<\/p>\n\n\n\n<p>Podstawow\u0105 czynno\u015bci\u0105 jest przenoszenie zdarzenia na inny termin. Tutaj najwygodniej zrobi\u0107 to poprzez wykorzystanie myszki i przeci\u0105gnie element\u00f3w na siatce.<\/p>\n\n\n\n<p>Aby przenie\u015b\u0107 zdarzenie na inny termin, nale\u017cy:<\/p>\n\n\n\n<ol type=\"1\"><li>odszuka\u0107 zdarzenie na siatce kalendarza (w dowolnym widoku);<\/li><li>klikn\u0105\u0107 zdarzenie, przytrzyma\u0107 wci\u015bni\u0119ty przycisk myszy;<\/li><li>przesun\u0105\u0107 zdarzenie na przyk\u0142ad na inny dzie\u0144 lub godzin\u0119, a potem zwolni\u0107 przycisk myszy;<\/li><\/ol>\n\n\n<div class=\"wp-block-image\">\n<figure class=\"aligncenter size-full\"><img loading=\"lazy\" decoding=\"async\" width=\"968\" height=\"589\" src=\"https:\/\/ready-os.com\/wp-content\/uploads\/2022\/10\/r49-1.png\" alt=\"Przenoszenia zdarzenia na inny termin metod\u0105 przeci\u0105gnij i upu\u015b\u0107\" class=\"wp-image-12609\" srcset=\"https:\/\/www2.ready-os.com\/wp-content\/uploads\/2022\/10\/r49-1.png 968w, https:\/\/www2.ready-os.com\/wp-content\/uploads\/2022\/10\/r49-1-300x183.png 300w, https:\/\/www2.ready-os.com\/wp-content\/uploads\/2022\/10\/r49-1-768x467.png 768w\" sizes=\"(max-width: 968px) 100vw, 968px\" \/><figcaption>Przenoszenia zdarzenia na inny termin metod\u0105 przeci\u0105gnij i upu\u015b\u0107<\/figcaption><\/figure><\/div>\n\n\n<ol start=\"4\"><li>zdarzenie pojawi si\u0119 w wybranym miejscu.<\/li><\/ol>\n\n\n\n<p>Zdarzenie mo\u017ce wymaga\u0107 dok\u0142adniejszej edycji. Poza zmian\u0105 terminu konieczne mo\u017ce by\u0107 na przyk\u0142ad do\u0142\u0105czenie innych os\u00f3b, aktualizacja opisu, dodanie za\u0142\u0105cznik\u00f3w, etc.<\/p>\n\n\n\n<p>Aby zmodyfikowa\u0107 zdarzenie, nale\u017cy:<\/p>\n\n\n\n<ol type=\"1\"><li>odszuka\u0107 i dwukrotnie klikn\u0105\u0107 zdarzenie na siatce kalendarza. Mo\u017cna r\u00f3wnie\u017c klikn\u0105\u0107 prawym przyciskiem myszy pozycj\u0119 widoczn\u0105 na siatce kalendarza i z menu wybra\u0107 opcj\u0119 <strong>Pokarz szczeg\u00f3\u0142y<\/strong><strong>;<\/strong><\/li><li>otwarte zostanie nowe okno zawieraj\u0105ce szczeg\u00f3\u0142y zdarzenia;<\/li><\/ol>\n\n\n<div class=\"wp-block-image\">\n<figure class=\"aligncenter size-full\"><img loading=\"lazy\" decoding=\"async\" width=\"772\" height=\"670\" src=\"https:\/\/ready-os.com\/wp-content\/uploads\/2022\/10\/r50-1.png\" alt=\"Modyfikacja zdarzenia\" class=\"wp-image-12612\" srcset=\"https:\/\/www2.ready-os.com\/wp-content\/uploads\/2022\/10\/r50-1.png 772w, https:\/\/www2.ready-os.com\/wp-content\/uploads\/2022\/10\/r50-1-300x260.png 300w, https:\/\/www2.ready-os.com\/wp-content\/uploads\/2022\/10\/r50-1-768x667.png 768w\" sizes=\"(max-width: 772px) 100vw, 772px\" \/><figcaption>Modyfikacja zdarzenia<\/figcaption><\/figure><\/div>\n\n\n<ol start=\"3\"><li>okno edycji b\u0119dzie dopasowane do typu zdarzenia i jest dok\u0142adnie takie samo, jak w przypadku opis\u00f3w tworzenia nowych pozycji w kalendarzu.<\/li><\/ol>\n\n\n\n<p>Histori\u0119 zmian zdarzenia mo\u017cna podejrze\u0107, klikaj\u0105c przycisk <strong>Akcje<\/strong> i wybieraj\u0105c opcj\u0119 <strong>Historia<\/strong>. W nowym oknie b\u0119dzie mo\u017cna prze\u015bledzi\u0107 szczeg\u00f3\u0142y wszystkich zmian wprowadzonych dla danego zdarzenia.<\/p>\n\n\n<div class=\"wp-block-image\">\n<figure class=\"aligncenter size-full\"><img loading=\"lazy\" decoding=\"async\" width=\"624\" height=\"220\" src=\"https:\/\/ready-os.com\/wp-content\/uploads\/2022\/10\/r51-1.png\" alt=\"Historia modyfikacji zdarzenia\" class=\"wp-image-12614\" srcset=\"https:\/\/www2.ready-os.com\/wp-content\/uploads\/2022\/10\/r51-1.png 624w, https:\/\/www2.ready-os.com\/wp-content\/uploads\/2022\/10\/r51-1-300x106.png 300w\" sizes=\"(max-width: 624px) 100vw, 624px\" \/><figcaption>Historia modyfikacji zdarzenia<\/figcaption><\/figure><\/div>\n\n\n<h2 class=\"wp-block-heading\" id=\"11\">Oznaczanie zdarzenia jako za\u0142atwione<\/h2>\n\n\n\n<p>Zdarzenie w kalendarzu mo\u017cna oznaczy\u0107 jako za\u0142atwione. Dzi\u0119ki temu zniknie ono z siatki kalendarza. Jako za\u0142atwione mo\u017cna oznaczy\u0107 wy\u0142\u0105cznie te pozycje, kt\u00f3rych czas ju\u017c min\u0105\u0142 (np. w danym dniu odznaczenie b\u0119dzie mo\u017cliwe tylko w przypadku spotka\u0144, kt\u00f3re ju\u017c si\u0119 odby\u0142y).<\/p>\n\n\n\n<p>Aby oznaczy\u0107 zdarzenia jako za\u0142atwione, nale\u017cy:<\/p>\n\n\n\n<ol type=\"1\"><li>odszuka\u0107 zdarzenia na siatce kalendarza;<\/li><li>klikn\u0105\u0107 prawym przyciskiem myszy zdarzenie i wybra\u0107 opcj\u0119 <em>Oznacz jako za\u0142atwione<\/em>;<\/li><\/ol>\n\n\n<div class=\"wp-block-image\">\n<figure class=\"aligncenter size-full\"><img loading=\"lazy\" decoding=\"async\" width=\"709\" height=\"564\" src=\"https:\/\/ready-os.com\/wp-content\/uploads\/2022\/10\/r52-1.png\" alt=\"Oznaczanie zdarzenia jako za\u0142atwione\" class=\"wp-image-12617\" srcset=\"https:\/\/www2.ready-os.com\/wp-content\/uploads\/2022\/10\/r52-1.png 709w, https:\/\/www2.ready-os.com\/wp-content\/uploads\/2022\/10\/r52-1-300x239.png 300w\" sizes=\"(max-width: 709px) 100vw, 709px\" \/><figcaption>Oznaczanie zdarzenia jako za\u0142atwione<\/figcaption><\/figure><\/div>\n\n\n<ol start=\"3\"><li>mo\u017cna r\u00f3wnie\u017c podda\u0107 edycji zdarzenie i w oknie szczeg\u00f3\u0142\u00f3w klikn\u0105\u0107 przycisk <strong>OZNACZ JAKO ZA\u0141ATWIONE<\/strong>.<\/li><\/ol>\n\n\n\n<p>Zdarzenia oznaczone jako zako\u0144czone znikn\u0105 z siatki kalendarza, ale nie zostan\u0105 trwale usuni\u0119te. Je\u017celi zajdzie potrzeba wy\u015bwietlenia za\u0142atwionych zdarze\u0144, nale\u017cy zmieni\u0107 ustawienie filtra. Aby to zrobi\u0107, nale\u017cy klikn\u0105\u0107 przycisk <strong>Filtry<\/strong><strong>,<\/strong> a potem zaznaczy\u0107 opcj\u0119 <strong>Za\u0142atwione<\/strong>.<\/p>\n\n\n<div class=\"wp-block-image\">\n<figure class=\"aligncenter size-full\"><img loading=\"lazy\" decoding=\"async\" width=\"644\" height=\"523\" src=\"https:\/\/ready-os.com\/wp-content\/uploads\/2022\/10\/r53-1.png\" alt=\"Wymuszanie wy\u015bwietlania zdarze\u0144 za\u0142atwionych\" class=\"wp-image-12619\" srcset=\"https:\/\/www2.ready-os.com\/wp-content\/uploads\/2022\/10\/r53-1.png 644w, https:\/\/www2.ready-os.com\/wp-content\/uploads\/2022\/10\/r53-1-300x244.png 300w\" sizes=\"(max-width: 644px) 100vw, 644px\" \/><figcaption>Wymuszanie wy\u015bwietlania zdarze\u0144 za\u0142atwionych<\/figcaption><\/figure><\/div>\n\n\n<p>Zdarzenia pojawi\u0105 si\u0119 na siatce kalendarza. W szczeg\u00f3\u0142ach konkretnego zdarzenia w prawym g\u00f3rnym naro\u017cniku okna pojawi si\u0119 zielony napis informuj\u0105cy o zamkni\u0119ciu wraz z dok\u0142adn\u0105 dat\u0105 i godzin\u0105. Dodatkowo przycisk <strong>OZNACZ JAKO ZA\u0141ATWIONE<\/strong> zostanie zast\u0105piony przez <strong>OZNACZ JAKO<\/strong> <strong>NIEZA\u0141ATWIONE<\/strong>. W ten spos\u00f3b mo\u017cna zmieni\u0107 status zdarzenia i ponownie je otworzy\u0107.<\/p>\n\n\n\n<figure class=\"wp-block-image size-full\"><img loading=\"lazy\" decoding=\"async\" width=\"771\" height=\"641\" src=\"https:\/\/ready-os.com\/wp-content\/uploads\/2022\/10\/r54-1.png\" alt=\"Zmiana statusu zdarzenia na nieza\u0142atwione\" class=\"wp-image-12621\" srcset=\"https:\/\/www2.ready-os.com\/wp-content\/uploads\/2022\/10\/r54-1.png 771w, https:\/\/www2.ready-os.com\/wp-content\/uploads\/2022\/10\/r54-1-300x249.png 300w, https:\/\/www2.ready-os.com\/wp-content\/uploads\/2022\/10\/r54-1-768x639.png 768w\" sizes=\"(max-width: 771px) 100vw, 771px\" \/><figcaption>Zmiana statusu zdarzenia na nieza\u0142atwione<\/figcaption><\/figure>\n\n\n\n<h2 class=\"wp-block-heading\" id=\"12\">Wydruk kalendarza<\/h2>\n\n\n\n<p>W systemie <strong>Ready_<sup>TM<\/sup><\/strong> istnieje mo\u017cliwo\u015b\u0107 wydruku kalendarza. W zale\u017cno\u015bci od tego, jakie kalendarze udost\u0119pniono, wydruk b\u0119dzie uwzgl\u0119dnia\u0142 podzia\u0142 na pracownik\u00f3w. Drukowany jest zakres aktualnego widoku.<\/p>\n\n\n\n<p>Aby wydrukowa\u0107 terminarz, nale\u017cy klikn\u0105\u0107 przycisk <strong>Akcje<\/strong><strong>,<\/strong> a potem <strong>Drukuj<\/strong> w pasku narz\u0119dzi.<\/p>\n\n\n<div class=\"wp-block-image\">\n<figure class=\"aligncenter size-full\"><img loading=\"lazy\" decoding=\"async\" width=\"825\" height=\"268\" src=\"https:\/\/ready-os.com\/wp-content\/uploads\/2022\/10\/r55-1.png\" alt=\"Wydruk kalendarza\" class=\"wp-image-12624\" srcset=\"https:\/\/www2.ready-os.com\/wp-content\/uploads\/2022\/10\/r55-1.png 825w, https:\/\/www2.ready-os.com\/wp-content\/uploads\/2022\/10\/r55-1-300x97.png 300w, https:\/\/www2.ready-os.com\/wp-content\/uploads\/2022\/10\/r55-1-768x249.png 768w\" sizes=\"(max-width: 825px) 100vw, 825px\" \/><figcaption>Wydruk kalendarza<\/figcaption><\/figure><\/div>\n\n\n<p>Na ekranie pojawi si\u0119 podgl\u0105d wydruku. Je\u017celi nadal ma si\u0119 zamiar wydrukowa\u0107 kalendarz, nale\u017cy klikn\u0105\u0107 przycisk <strong>Drukuj<\/strong>. Przyk\u0142adowy widok wydruku kalendarza przestawiono poni\u017cej.<\/p>\n\n\n<div class=\"wp-block-image\">\n<figure class=\"aligncenter size-large\"><img loading=\"lazy\" decoding=\"async\" width=\"1002\" height=\"1024\" src=\"https:\/\/ready-os.com\/wp-content\/uploads\/2022\/10\/r56-1-1002x1024.png\" alt=\"\" class=\"wp-image-12626\" srcset=\"https:\/\/www2.ready-os.com\/wp-content\/uploads\/2022\/10\/r56-1-1002x1024.png 1002w, https:\/\/www2.ready-os.com\/wp-content\/uploads\/2022\/10\/r56-1-294x300.png 294w, https:\/\/www2.ready-os.com\/wp-content\/uploads\/2022\/10\/r56-1-768x785.png 768w, https:\/\/www2.ready-os.com\/wp-content\/uploads\/2022\/10\/r56-1.png 1054w\" sizes=\"(max-width: 1002px) 100vw, 1002px\" \/><figcaption>Przyk\u0142adowy widok wydruku kalendarza<\/figcaption><\/figure><\/div>\n\n\n<h2 class=\"wp-block-heading\" id=\"13\">Wykres obci\u0105\u017cenia zasob\u00f3w<\/h2>\n\n\n\n<p>Definiowanie, modyfikacja i usuwanie zasob\u00f3w w systemie <strong>Ready_<sup>TM<\/sup><\/strong> odbywa si\u0119 w module <strong>Ustawie\u0144 aplikacji<\/strong>. Ka\u017cdy zas\u00f3b ma przypisanego opiekuna i kalendarz. Zasoby te mo\u017cna rezerwowa\u0107 na etapie dodawania zdarze\u0144 (na przyk\u0142ad rezerwacja samochodu na wyjazd s\u0142u\u017cbowy) oraz sprawdza\u0107 ich dost\u0119pno\u015b\u0107 na wykresie obci\u0105\u017cania zasob\u00f3w i w kalendarzu.<\/p>\n\n\n\n<p>Aby wy\u015bwietli\u0107 wykres obci\u0105\u017cenia zasob\u00f3w, nale\u017cy klikn\u0105\u0107 na pasku narz\u0119dziowym przycisk <strong>Akcje<\/strong> i <strong>Ob\u0142o\u017cenie zasob\u00f3w<\/strong>. Na ekranie pojawi si\u0119 tabela, z kt\u00f3rej mo\u017cna odczyta\u0107 informacje o dost\u0119pno\u015bci danych zasob\u00f3w.<\/p>\n\n\n\n<h2 class=\"wp-block-heading\" id=\"14\">Subskrypcja i udost\u0119pnianie kalendarzy<\/h2>\n\n\n\n<p>Ka\u017cdy z u\u017cytkownik\u00f3w systemu <strong>Ready_<sup>TM<\/sup><\/strong> domy\u015blnie ma dost\u0119p do swojego kalendarza i widzi w nim zaplanowane przez siebie zdarzenia lub te, kt\u00f3re maj\u0105 z nim zwi\u0105zek (na przyk\u0142ad zaproszenie na spotkanie).<\/p>\n\n\n\n<p>System <strong>Ready_<sup>TM<\/sup><\/strong> pozwala na udost\u0119pnianie kalendarzy, co u\u0142atwia wsp\u00f3\u0142prac\u0119 i komunikacj\u0119 mi\u0119dzy pracownikami.<\/p>\n\n\n\n<p>Ka\u017cdy pracownik ma mo\u017cliwo\u015b\u0107 udost\u0119pnienia swojego kalendarza. Maj\u0105c prawa do stanowisk innych os\u00f3b (tzw. prawa do jednostki), mo\u017cliwe jest r\u00f3wnie\u017c udost\u0119pnienie sobie kalendarza tego pracownika.<\/p>\n\n\n\n<p>Aby udost\u0119pni\u0107 kalendarz innemu pracownikowi, nale\u017cy:<\/p>\n\n\n\n<ol type=\"1\"><li>w\u0142\u0105czy\u0107 modu\u0142 <strong>Kalendarz<\/strong><strong>;<\/strong><\/li><li>klikn\u0105\u0107 przycisk <strong>SUBSKRYBUJ\/UDOST\u0118PNIJ<\/strong><strong>;<\/strong><\/li><\/ol>\n\n\n<div class=\"wp-block-image\">\n<figure class=\"aligncenter size-full\"><img loading=\"lazy\" decoding=\"async\" width=\"403\" height=\"537\" src=\"https:\/\/ready-os.com\/wp-content\/uploads\/2022\/10\/r57-1.png\" alt=\"Udost\u0119pnianie kalendarza\" class=\"wp-image-12629\" srcset=\"https:\/\/www2.ready-os.com\/wp-content\/uploads\/2022\/10\/r57-1.png 403w, https:\/\/www2.ready-os.com\/wp-content\/uploads\/2022\/10\/r57-1-225x300.png 225w\" sizes=\"(max-width: 403px) 100vw, 403px\" \/><figcaption>Udost\u0119pnianie kalendarza<\/figcaption><\/figure><\/div>\n\n\n<ol start=\"3\"><li>w nowym oknie konieczne jest wprowadzenie niezb\u0119dnych ustawie\u0144 wed\u0142ug instrukcji poni\u017cej:<ul><li><strong>W\u0142a\u015bciciel kalendarza<\/strong> \u2013 w tym miejscu domy\u015blnie pojawi si\u0119 nazwisko pracownika, kt\u00f3ry planuje udost\u0119pni\u0107 sw\u00f3j kalendarz. Je\u017celi jednak pracownik posiada uprawnienia do stanowisk innych os\u00f3b, to z rozwijanej listy mo\u017cliwe jest wybranie konkretnej osoby i udost\u0119pnienie kalendarza w jej imieniu;<\/li><\/ul><ul><li><strong>Pracownicy<\/strong> \u2013 pole zawiera list\u0119 pracownik\u00f3w organizacji. Nale\u017cy klikn\u0105\u0107 osob\u0119, kt\u00f3rej ma si\u0119 zamiar udost\u0119pni\u0107 kalendarz, a nast\u0119pnie klikn\u0105\u0107 przycisk strza\u0142ki skierowanej w praw\u0105 stron\u0119. Nazwisko osoby przeskoczy z lewej do prawej kolumny;<\/li><\/ul><ul><li><strong>Uprawnieni <\/strong>\u2013 pole zawiera wykaz pracownik\u00f3w, kt\u00f3rzy b\u0119d\u0105 mie\u0107 uprawienia do udost\u0119pnionego kalendarza;<\/li><\/ul><ul><li><strong>Uprawnienia<\/strong> \u2013 w tym miejscu mo\u017cliwe jest ustawienie szczeg\u00f3\u0142owych uprawnie\u0144 dla osoby, kt\u00f3r\u0105 oznaczono w polu <strong>Uprawnieni<\/strong>. Opcja <strong>podgl\u0105d wolny\/zaj\u0119ty<\/strong> daje mo\u017cliwo\u015b\u0107 sprawdzenia, czy w\u0142a\u015bciciel kalendarza w danym czasie jest dost\u0119pny b\u0105d\u017a zaj\u0119ty. Szczeg\u00f3\u0142y zdarze\u0144 nie s\u0105 widoczne. Opcja <strong>podgl\u0105d szczeg\u00f3\u0142\u00f3w<\/strong> pozwoli zobaczy\u0107 szczeg\u00f3\u0142owe informacje na temat zdarzenia. Natomiast opcja <strong>edycja<\/strong> daje pe\u0142en wgl\u0105d wraz z mo\u017cliwo\u015bci\u0105 wprowadzania zmian;<\/li><\/ul><\/li><\/ol>\n\n\n<div class=\"wp-block-image\">\n<figure class=\"aligncenter size-full\"><img loading=\"lazy\" decoding=\"async\" width=\"660\" height=\"426\" src=\"https:\/\/ready-os.com\/wp-content\/uploads\/2022\/10\/r58-1.png\" alt=\"Udost\u0119pnianie kalendarza - wyb\u00f3r os\u00f3b z dost\u0119pem\" class=\"wp-image-12631\" srcset=\"https:\/\/www2.ready-os.com\/wp-content\/uploads\/2022\/10\/r58-1.png 660w, https:\/\/www2.ready-os.com\/wp-content\/uploads\/2022\/10\/r58-1-300x194.png 300w\" sizes=\"(max-width: 660px) 100vw, 660px\" \/><figcaption>Udost\u0119pnianie kalendarza &#8211; wyb\u00f3r os\u00f3b z dost\u0119pem<\/figcaption><\/figure><\/div>\n\n\n<ol start=\"4\"><li>po tym jak wskazany zostanie pracownik oraz zakres uprawnie\u0144, nale\u017cy klikn\u0105\u0107 przycisk <strong>Zamknij;<\/strong><\/li><li>u osoby, kt\u00f3rej udost\u0119pniono kalendarz, pojawi si\u0119 on w oknie modu\u0142u <strong>Kalendarz<\/strong>. Je\u017celi tak si\u0119 nie stanie, to warto wy\u0142\u0105czy\u0107 i ponownie w\u0142\u0105czy\u0107 modu\u0142 <strong>Kalendarz <\/strong>lub po prostu skorzysta\u0107 z klawisza <strong>F5<\/strong>.<\/li><\/ol>\n\n\n<div class=\"wp-block-image\">\n<figure class=\"aligncenter size-full\"><img loading=\"lazy\" decoding=\"async\" width=\"314\" height=\"552\" src=\"https:\/\/ready-os.com\/wp-content\/uploads\/2022\/10\/r59-1.png\" alt=\"Udost\u0119pnianie kalendarza - w\u0142asny kolor\" class=\"wp-image-12633\" srcset=\"https:\/\/www2.ready-os.com\/wp-content\/uploads\/2022\/10\/r59-1.png 314w, https:\/\/www2.ready-os.com\/wp-content\/uploads\/2022\/10\/r59-1-171x300.png 171w\" sizes=\"(max-width: 314px) 100vw, 314px\" \/><figcaption>Udost\u0119pnianie kalendarza &#8211; w\u0142asny kolor<\/figcaption><\/figure><\/div>\n\n\n<figure class=\"wp-block-pullquote has-background\" style=\"background-color:#fdf6f6;font-size:10px\"><blockquote><p>Dobr\u0105 praktyk\u0105 jest oznaczanie kalendarzy kolorem. Dzi\u0119ki temu na podgl\u0105dzie zdarzenia z r\u00f3\u017cnych kalendarzy b\u0119d\u0105 mia\u0142y inny kolor. Zmiana koloru ogranicza si\u0119 do klikni\u0119cia pola koloru po prawej stronie nazwy kalendarza i wskazania innego.<\/p><\/blockquote><\/figure>\n\n\n\n<p>W ramach organizacji mog\u0105 funkcjonowa\u0107 kalendarze, kt\u00f3re domy\u015blnie s\u0105 dost\u0119pne dla wszystkich zainteresowanych. Je\u017celi u\u017cytkownik chce zobaczy\u0107 ten kalendarz, to musi go zasubskrybowa\u0107.<\/p>\n\n\n\n<p>Aby subskrybowa\u0107 kalendarz, nale\u017cy:<\/p>\n\n\n\n<ol type=\"1\"><li>w\u0142\u0105czy\u0107 modu\u0142 <strong>Kalendarz <\/strong>i klikn\u0105\u0107 przycisk <strong>SUBSKRYBUJ\/UDOST\u0118PNIJ;<\/strong><\/li><li>w nowym oknie klikn\u0105\u0107 zak\u0142adk\u0119 <strong>Korporacyjny<\/strong>, w lewej kolumnie wskaza\u0107 kalendarz, kt\u00f3ry ma zosta\u0107 zasubskrybowany i klikn\u0105\u0107 strza\u0142k\u0119 skierowan\u0105 w praw\u0105 stron\u0119. Kalendarz przeskoczy z lewej do prawej kolumny;<\/li><\/ol>\n\n\n<div class=\"wp-block-image\">\n<figure class=\"aligncenter size-full\"><img loading=\"lazy\" decoding=\"async\" width=\"660\" height=\"427\" src=\"https:\/\/ready-os.com\/wp-content\/uploads\/2022\/10\/r60-1.png\" alt=\"Subskrybowanie kalendarza\" class=\"wp-image-12635\" srcset=\"https:\/\/www2.ready-os.com\/wp-content\/uploads\/2022\/10\/r60-1.png 660w, https:\/\/www2.ready-os.com\/wp-content\/uploads\/2022\/10\/r60-1-300x194.png 300w\" sizes=\"(max-width: 660px) 100vw, 660px\" \/><figcaption>Subskrybowanie kalendarza<\/figcaption><\/figure><\/div>\n\n\n<ol start=\"3\"><li>dla subskrybowanego kalendarza mo\u017cna ustawi\u0107 dodatkowe uprawnienia. Opcja <strong>podgl\u0105d wolny\/zaj\u0119ty<\/strong> daje mo\u017cliwo\u015b\u0107 sprawdzenia, czy w\u0142a\u015bciciel kalendarza w danym czasie jest dyspozycyjny. Szczeg\u00f3\u0142y zdarze\u0144 nie s\u0105 widoczne. Opcja <strong>podgl\u0105d szczeg\u00f3\u0142\u00f3w<\/strong> pozwoli zobaczy\u0107 szczeg\u00f3\u0142owe informacje na temat zdarzenia. Natomiast opcja <strong>edycja<\/strong> daje pe\u0142en wgl\u0105d wraz z mo\u017cliwo\u015bci\u0105 wprowadzania zmian;<\/li><li>klikn\u0105\u0107 przycisk <strong>Zamknij<\/strong>.<\/li><\/ol>\n\n\n\n<p>Aby przesta\u0107 udost\u0119pnia\u0107 kalendarz, nale\u017cy:<\/p>\n\n\n\n<ol type=\"1\"><li>w\u0142\u0105czy\u0107 modu\u0142 <strong>Kalendarz<\/strong><strong>;<\/strong><\/li><li>klikn\u0105\u0107 przycisk <strong>SUBSKRYBUJ\/UDOST\u0118PNIJ<\/strong><strong>;<\/strong><\/li><li>w nowym oknie w zak\u0142adce <strong>Pracownicy<\/strong> nale\u017cy w prawej kolumnie wskaza\u0107 pracownika, kt\u00f3ry ma przesta\u0107 widzie\u0107 kalendarz, a potem klikn\u0105\u0107 strza\u0142k\u0119 skierowan\u0105 w lew\u0105 stron\u0119. Pracownik przeskoczy z prawej do lewej kolumny;<\/li><\/ol>\n\n\n<div class=\"wp-block-image\">\n<figure class=\"aligncenter size-full\"><img loading=\"lazy\" decoding=\"async\" width=\"661\" height=\"429\" src=\"https:\/\/ready-os.com\/wp-content\/uploads\/2022\/10\/r61-1.png\" alt=\"Anulowanie udost\u0119pniania kalendarza\" class=\"wp-image-12637\" srcset=\"https:\/\/www2.ready-os.com\/wp-content\/uploads\/2022\/10\/r61-1.png 661w, https:\/\/www2.ready-os.com\/wp-content\/uploads\/2022\/10\/r61-1-300x195.png 300w\" sizes=\"(max-width: 661px) 100vw, 661px\" \/><figcaption>Anulowanie udost\u0119pniania kalendarza<\/figcaption><\/figure><\/div>\n\n\n<ol start=\"4\"><li>klikn\u0105\u0107 przycisk <strong>Zamknij<\/strong>. Osoba, kt\u00f3rej odebrano uprawnienia, po wy\u0142\u0105czeniu i w\u0142\u0105czeniu modu\u0142u <strong>Kalendarz <\/strong>przestanie widzie\u0107 udost\u0119pniony zas\u00f3b.<\/li><\/ol>\n\n\n\n<figure class=\"wp-block-pullquote has-background\" style=\"background-color:#fcf8f8;font-size:10px\"><blockquote><p>U\u017cytkownik modu\u0142u <strong>Kalendarz<\/strong> mo\u017ce czasowo wy\u0142\u0105czy\u0107 pokazywanie zdarze\u0144 z udost\u0119pnionego kalendarza. Aby to zrobi\u0107, wystarczy wy\u0142\u0105czy\u0107 \u201eptaszka\u201d przy nazwie kalendarza. Wpisy znikn\u0105 z siatki kalendarza. Jednocze\u015bnie w ka\u017cdej chwil mo\u017cna w\u0142\u0105czy\u0107 ponownie dany kalendarz.<\/p><\/blockquote><\/figure>\n","protected":false},"excerpt":{"rendered":"<p>Podgl\u0105d zdarzenia, Dodawanie zdarze\u0144, Zadanie, Spotkanie, Termin, Rozmowa telefoniczna, Zdarzenie cykliczne, Zdarzenie prywatne, Kolizje w czasie, Modyfikacja i usuwanie zdarze\u0144, Oznaczanie zdarzenia jako za\u0142atwione, Wydruk kalendarza, Wykres obci\u0105\u017cenia zasob\u00f3w, Subskrypcja i udost\u0119pnianie kalendarzy, Funkcjonalno\u015b\u0107 Kalendarza nie r\u00f3\u017cni si\u0119 od innych podobnych aplikacji. Oznacza to, \u017ce u\u017cytkownik mo\u017ce przegl\u0105da\u0107 i modyfikowa\u0107 istniej\u0105ce oraz dodawa\u0107 nowe zdarzenia. [&hellip;]<\/p>\n","protected":false},"author":27,"featured_media":0,"comment_status":"closed","ping_status":"closed","template":"","meta":[],"doc_category":[208],"doc_tag":[],"knowledge_base":[134],"_links":{"self":[{"href":"https:\/\/www2.ready-os.com\/pl\/wp-json\/wp\/v2\/docs\/12116"}],"collection":[{"href":"https:\/\/www2.ready-os.com\/pl\/wp-json\/wp\/v2\/docs"}],"about":[{"href":"https:\/\/www2.ready-os.com\/pl\/wp-json\/wp\/v2\/types\/docs"}],"author":[{"embeddable":true,"href":"https:\/\/www2.ready-os.com\/pl\/wp-json\/wp\/v2\/users\/27"}],"replies":[{"embeddable":true,"href":"https:\/\/www2.ready-os.com\/pl\/wp-json\/wp\/v2\/comments?post=12116"}],"version-history":[{"count":27,"href":"https:\/\/www2.ready-os.com\/pl\/wp-json\/wp\/v2\/docs\/12116\/revisions"}],"predecessor-version":[{"id":12782,"href":"https:\/\/www2.ready-os.com\/pl\/wp-json\/wp\/v2\/docs\/12116\/revisions\/12782"}],"wp:attachment":[{"href":"https:\/\/www2.ready-os.com\/pl\/wp-json\/wp\/v2\/media?parent=12116"}],"wp:term":[{"taxonomy":"doc_category","embeddable":true,"href":"https:\/\/www2.ready-os.com\/pl\/wp-json\/wp\/v2\/doc_category?post=12116"},{"taxonomy":"doc_tag","embeddable":true,"href":"https:\/\/www2.ready-os.com\/pl\/wp-json\/wp\/v2\/doc_tag?post=12116"},{"taxonomy":"knowledge_base","embeddable":true,"href":"https:\/\/www2.ready-os.com\/pl\/wp-json\/wp\/v2\/knowledge_base?post=12116"}],"curies":[{"name":"wp","href":"https:\/\/api.w.org\/{rel}","templated":true}]}}