{"id":12114,"date":"2022-10-28T12:47:30","date_gmt":"2022-10-28T10:47:30","guid":{"rendered":"https:\/\/ready-os.com\/?post_type=docs&#038;p=12114"},"modified":"2022-10-31T09:20:03","modified_gmt":"2022-10-31T08:20:03","slug":"okno-kalendarza-i-jego-mozliwosci","status":"publish","type":"docs","link":"https:\/\/www2.ready-os.com\/pl\/docs\/system\/okno-kalendarza-i-jego-mozliwosci\/","title":{"rendered":"Okno kalendarza i jego mo\u017cliwo\u015bci"},"content":{"rendered":"\n<ul class=\"has-background\" style=\"background-color:#fdf6f6\"><li><a href=\"#h-wyswietlanie-zdarzen\">Wy\u015bwietlanie zdarze\u0144<\/a>,<\/li><li><a href=\"#h-filtrowanie-zdarzen\">Filtrowanie zdarze\u0144<\/a>,<\/li><\/ul>\n\n\n\n<p>Okno aplikacji <strong>Kalendarz<\/strong> sk\u0142ada si\u0119 z nast\u0119puj\u0105cych element\u00f3w odpowiedzialnych za obs\u0142ug\u0119 kluczowych funkcji:<\/p>\n\n\n<div class=\"wp-block-image\">\n<figure class=\"aligncenter size-large\"><img loading=\"lazy\" decoding=\"async\" width=\"1024\" height=\"569\" src=\"https:\/\/ready-os.com\/wp-content\/uploads\/2022\/10\/r01-3-1024x569.png\" alt=\"Okno kalendarza i jego elementy\" class=\"wp-image-12487\" srcset=\"https:\/\/www2.ready-os.com\/wp-content\/uploads\/2022\/10\/r01-3-1024x569.png 1024w, https:\/\/www2.ready-os.com\/wp-content\/uploads\/2022\/10\/r01-3-300x167.png 300w, https:\/\/www2.ready-os.com\/wp-content\/uploads\/2022\/10\/r01-3-768x427.png 768w, https:\/\/www2.ready-os.com\/wp-content\/uploads\/2022\/10\/r01-3.png 1293w\" sizes=\"(max-width: 1024px) 100vw, 1024px\" \/><figcaption>Okno kalendarza i jego elementy<\/figcaption><\/figure><\/div>\n\n\n<ol type=\"1\"><li><strong>Filtr daty i zakresu<\/strong> \u2013 w tym miejscu mo\u017cliwe jest wskazanie konkretnego dnia, miesi\u0105ca lub roku i przegl\u0105danie zdarze\u0144;<\/li><li><strong>Pasek narz\u0119dziowy<\/strong> \u2013 zbi\u00f3r kilku przycisk\u00f3w, kt\u00f3re pozwalaj\u0105 mi\u0119dzy innymi na dodawanie nowych zdarze\u0144, od\u015bwie\u017canie widoku czy te\u017c filtrowanie zada\u0144;<\/li><li><strong>Siatka kalendarza<\/strong> \u2013 widok mo\u017ce by\u0107 wy\u015bwietlany w trybie dnia, tygodnia lub miesi\u0105ca. Siatka zawiera zdefiniowane zdarzenia oraz wolne terminy;<\/li><li><strong>Zdarzenie<\/strong> \u2013 widok pojedynczego zdarzenia zapisanego w kalendarzu. Element zawiera informacje o czasie trwania oraz kr\u00f3tki opis;<\/li><li><strong>Zmiana widoku siatki kalendarza<\/strong> \u2013 w tym miejscu mo\u017cna zmieni\u0107 widok siatki kalendarza. Dost\u0119pne opcje pozwalaj\u0105 na w\u0142\u0105czenie widoku dnia, tygodnia lub miesi\u0105ca;<\/li><li><strong>Menu nowego zdarzenia<\/strong> \u2013 dost\u0119pne po klikni\u0119ciu wolnego pola na siatce kalendarza.<\/li><\/ol>\n\n\n\n<h2 class=\"wp-block-heading\" id=\"h-wyswietlanie-zdarzen\">Wy\u015bwietlanie zdarze\u0144<\/h2>\n\n\n\n<p>Domy\u015blnym widokiem kalendarza jest <strong>Tydzie\u0144 roboczy<\/strong>. Bia\u0142y obszar \u2013 obejmuj\u0105cy domy\u015blnie godziny 8:00-16:00 \u2013 oznacza czas pracy. W zale\u017cno\u015bci od godzin urz\u0119dowania firmy, czas pracy mo\u017cna zmieni\u0107 (robi si\u0119 to w <strong>Ustawieniach aplikacji<\/strong> w sekcji <strong>SYSTEMOWE\/GROUPWARE<\/strong> i przy opcji <strong>Kalendarze<\/strong> nale\u017cy klikn\u0105\u0107 <strong>OTW\u00d3RZ<\/strong>). Widok i siatk\u0119 kalendarza mo\u017cna zmienia\u0107, korzystaj\u0105c z przycisk\u00f3w i listy w belce zmiany siatki kalendarza.<\/p>\n\n\n\n<p>Aby zmieni\u0107 widok kalendarza, nale\u017cy:<\/p>\n\n\n\n<ol type=\"1\"><li>w\u0142\u0105czy\u0107 aplikacj\u0119 <strong>Kalendarz;<\/strong><\/li><li>na pasku narz\u0119dziowym klikn\u0105\u0107 jedn\u0105 z opcji:<ul><li><strong>Dzie\u0144<\/strong> \u2013 podgl\u0105d tylko jednego dnia;<\/li><li><strong>Tydzie\u0144 roboczy<\/strong> \u2013 podgl\u0105d ca\u0142ego tygodnia (od poniedzia\u0142ku do pi\u0105tku);<\/li><li><strong>Miesi\u0105c<\/strong> \u2013 podgl\u0105d ca\u0142ego miesi\u0105ca;<\/li><\/ul><\/li><\/ol>\n\n\n<div class=\"wp-block-image\">\n<figure class=\"aligncenter size-large\"><img loading=\"lazy\" decoding=\"async\" width=\"1024\" height=\"497\" src=\"https:\/\/ready-os.com\/wp-content\/uploads\/2022\/10\/r02-3-1024x497.png\" alt=\"Zmiana widoku kalendarza\" class=\"wp-image-12489\" srcset=\"https:\/\/www2.ready-os.com\/wp-content\/uploads\/2022\/10\/r02-3-1024x497.png 1024w, https:\/\/www2.ready-os.com\/wp-content\/uploads\/2022\/10\/r02-3-300x146.png 300w, https:\/\/www2.ready-os.com\/wp-content\/uploads\/2022\/10\/r02-3-768x373.png 768w, https:\/\/www2.ready-os.com\/wp-content\/uploads\/2022\/10\/r02-3.png 1125w\" sizes=\"(max-width: 1024px) 100vw, 1024px\" \/><figcaption>Zmiana widoku kalendarza<\/figcaption><\/figure><\/div>\n\n\n<p>Siatka kalendarza domy\u015blnie jest podzielona na modu\u0142y 30-minutowe. Podzia\u0142 mo\u017cna zmieni\u0107, tak by lepiej odpowiada\u0142 potrzebie danego pracownika lub organizacji.<\/p>\n\n\n\n<p>Aby zmieni\u0107 podzia\u0142 siatki kalendarza, nale\u017cy:<\/p>\n\n\n\n<ol type=\"1\"><li>w\u0142\u0105czy\u0107 aplikacj\u0119 <strong>Kalendarz;<\/strong><\/li><li>na pasku narz\u0119dziowym klikn\u0105\u0107 pole oznaczone strza\u0142k\u0105 i wybra\u0107 odpowiedni podzia\u0142:<ul><li><strong>30 minut<\/strong> \u2013 warto\u015b\u0107 domy\u015blna;<\/li><li><strong>1 godzina;<\/strong><\/li><li><strong>15 minut;<\/strong><\/li><li><strong>10 minut;<\/strong><\/li><\/ul><\/li><li>po wybraniu odpowiedniej warto\u015bci podzia\u0142 siatki zostanie zmieniony.<\/li><\/ol>\n\n\n<div class=\"wp-block-image\">\n<figure class=\"aligncenter size-full\"><img loading=\"lazy\" decoding=\"async\" width=\"833\" height=\"338\" src=\"https:\/\/ready-os.com\/wp-content\/uploads\/2022\/10\/r03-3.png\" alt=\"Dopasowanie widoku siatki kalendarza\" class=\"wp-image-12491\" srcset=\"https:\/\/www2.ready-os.com\/wp-content\/uploads\/2022\/10\/r03-3.png 833w, https:\/\/www2.ready-os.com\/wp-content\/uploads\/2022\/10\/r03-3-300x122.png 300w, https:\/\/www2.ready-os.com\/wp-content\/uploads\/2022\/10\/r03-3-768x312.png 768w\" sizes=\"(max-width: 833px) 100vw, 833px\" \/><figcaption>Dopasowanie widoku siatki kalendarza<\/figcaption><\/figure><\/div>\n\n\n<p>Uzupe\u0142nieniem podgl\u0105du tygodniowego, dziennego, miesi\u0119cznego oraz zmiany podzia\u0142u siatki jest przycisk <strong>DZISIAJ<\/strong> oraz strza\u0142ki obok niego. Za pomoc\u0105 tego elementu mo\u017cna zawsze szybko wr\u00f3ci\u0107 do bie\u017c\u0105cego dnia. Natomiast strza\u0142kami mo\u017cna przeskoczy\u0107 do nast\u0119pnego lub poprzedniego dnia.<\/p>\n\n\n\n<p>Aby szybko wy\u015bwietli\u0107 aktualny dzie\u0144 (lub s\u0105siednie), nale\u017cy:<\/p>\n\n\n\n<ol type=\"1\"><li>w\u0142\u0105czy\u0107 aplikacj\u0119 <strong>Kalendarz;<\/strong><\/li><li>na pasku narz\u0119dziowym klikn\u0105\u0107 przycisk:<ul><li><strong>DZISIAJ <\/strong>\u2013 aby zobaczy\u0107 aktualny dzie\u0144;<\/li><li><strong>&gt;<\/strong> &#8211; aby zobaczy\u0107 nast\u0119pny dzie\u0144;<\/li><li><strong>&lt;<\/strong> &#8211; aby zobaczy\u0107 poprzedni dzie\u0144.<\/li><\/ul><\/li><\/ol>\n\n\n<div class=\"wp-block-image\">\n<figure class=\"aligncenter size-large\"><img loading=\"lazy\" decoding=\"async\" width=\"1024\" height=\"379\" src=\"https:\/\/ready-os.com\/wp-content\/uploads\/2022\/10\/r04-3-1024x379.png\" alt=\"Nawigowanie po kalendarzu\" class=\"wp-image-12493\" srcset=\"https:\/\/www2.ready-os.com\/wp-content\/uploads\/2022\/10\/r04-3-1024x379.png 1024w, https:\/\/www2.ready-os.com\/wp-content\/uploads\/2022\/10\/r04-3-300x111.png 300w, https:\/\/www2.ready-os.com\/wp-content\/uploads\/2022\/10\/r04-3-768x284.png 768w, https:\/\/www2.ready-os.com\/wp-content\/uploads\/2022\/10\/r04-3.png 1126w\" sizes=\"(max-width: 1024px) 100vw, 1024px\" \/><figcaption>Nawigowanie po kalendarzu<\/figcaption><\/figure><\/div>\n\n\n<p>Kolejnym wa\u017cnym elementem odpowiedzialnym za wy\u015bwietlanie zdarze\u0144 jest sekcja filtru daty i zakresu. Klikni\u0119cie konkretnego dnia w kalendarzu spowoduje szybkie prze\u0142\u0105czenie g\u0142\u00f3wnego widoku do danego terminu. W zale\u017cno\u015bci od widoku zmiana b\u0119dzie przebiega\u0107 w r\u00f3\u017cny spos\u00f3b:<\/p>\n\n\n\n<ul><li><strong>Dzie\u0144<\/strong> \u2013 w g\u0142\u00f3wnym oknie pojawi si\u0119 widok wskazanego dnia;<\/li><li><strong>Tydzie\u0144 roboczy<\/strong> \u2013 w g\u0142\u00f3wnym oknie pojawi si\u0119 widok tygodnia, w ramach kt\u00f3rego zawiera si\u0119 wskazany dzie\u0144. Dodatkowo kolumna dnia na pasku zostanie pod\u015bwietlona;<\/li><li><strong>Miesi\u0105c<\/strong> \u2013 w g\u0142\u00f3wnym oknie pojawi si\u0119 widok miesi\u0105ca, w ramach kt\u00f3rego zawiera si\u0119 wskazany dzie\u0144. Dodatkowo odpowiedni dzie\u0144 zostanie pod\u015bwietlony.<\/li><\/ul>\n\n\n\n<p>Widok kalendarza w sekcji filtrowania daty mo\u017cna zmienia\u0107 na kilka sposob\u00f3w:<\/p>\n\n\n\n<ul><li><strong>Miesi\u0105c<\/strong> \u2013 klikni\u0119cie pola pozwoli wybra\u0107 konkretny miesi\u0105c z listy. Po wybraniu miesi\u0105ca zmieni si\u0119 widok g\u0142\u00f3wnego okna modu\u0142u <strong>Kalendarz<\/strong><strong>;<\/strong><\/li><li><strong>Rok<\/strong> \u2013 klikni\u0119cie pola pozwoli wybra\u0107 konkretny rok z listy. Po wybraniu roku zmieni si\u0119 widok g\u0142\u00f3wnego okna modu\u0142u <strong>Kalendarz<\/strong><strong>;<\/strong><\/li><li><strong>&gt;<\/strong> \u2013 pozwala wybra\u0107 nast\u0119pny miesi\u0105c. Ka\u017cde klikni\u0119cie to zmiana o jeden miesi\u0105c;<\/li><li><strong>&gt;&gt;<\/strong> \u2013 pozwala wybra\u0107 nast\u0119pny rok. Ka\u017cde klikni\u0119cie to zmiana o jeden rok;<\/li><li><strong>&lt;<\/strong> \u2013 pozwala wybra\u0107 poprzedni miesi\u0105c. Ka\u017cde klikni\u0119cie to zmiana o jeden miesi\u0105c;<\/li><li><strong>&gt;&gt;<\/strong> \u2013 pozwala wybra\u0107 poprzedni rok. Ka\u017cde klikni\u0119cie to zmiana o jeden rok.<\/li><\/ul>\n\n\n\n<p>Nic nie stoi na przeszkodzie, aby \u0142\u0105czy\u0107 ze sob\u0105 dost\u0119pne opcje. Na przyk\u0142ad mo\u017cna wybra\u0107 konkretny rok, a potem miesi\u0105c.<\/p>\n\n\n\n<p>Aby zmieni\u0107 widok kalendarza za pomoc\u0105 sekcji filtrowania daty, nale\u017cy:<\/p>\n\n\n\n<ol type=\"1\"><li>w\u0142\u0105czy\u0107 aplikacj\u0119 <strong>Kalendarz;<\/strong><\/li><li>na pasku klikn\u0105\u0107 przycisk, kt\u00f3ry najbardziej pasuje do potrzeb:<ul><li><strong>miesi\u0105c <\/strong>\u2013 wyb\u00f3r konkretnego miesi\u0105ca z listy;<\/li><li><strong>rok <\/strong>\u2013 wyb\u00f3r konkretnego roku z listy;<\/li><li><em><strong>&gt;<\/strong><\/em> \u2013 nast\u0119pny miesi\u0105c;<\/li><li><em><strong>&gt;&gt;<\/strong><\/em> \u2013 nast\u0119pny rok;<\/li><li><em><strong>&lt;<\/strong><\/em> \u2013 poprzedni miesi\u0105c;<\/li><li><em><strong>&lt;&lt;<\/strong><\/em> \u2013 poprzedni rok;<\/li><\/ul><\/li><li>widok kalendarza ulegnie zmianie.<\/li><\/ol>\n\n\n<div class=\"wp-block-image\">\n<figure class=\"aligncenter size-large\"><img loading=\"lazy\" decoding=\"async\" width=\"1024\" height=\"312\" src=\"https:\/\/ready-os.com\/wp-content\/uploads\/2022\/10\/r05-3-1024x312.png\" alt=\"Zmiana widoku kalendarza przy pomocy sekcji filtrowania\" class=\"wp-image-12495\" srcset=\"https:\/\/www2.ready-os.com\/wp-content\/uploads\/2022\/10\/r05-3-1024x312.png 1024w, https:\/\/www2.ready-os.com\/wp-content\/uploads\/2022\/10\/r05-3-300x92.png 300w, https:\/\/www2.ready-os.com\/wp-content\/uploads\/2022\/10\/r05-3-768x234.png 768w, https:\/\/www2.ready-os.com\/wp-content\/uploads\/2022\/10\/r05-3.png 1121w\" sizes=\"(max-width: 1024px) 100vw, 1024px\" \/><figcaption>Zmiana widoku kalendarza przy pomocy sekcji filtrowania<\/figcaption><\/figure><\/div>\n\n\n<p>Warto w tym miejscu pokre\u015bli\u0107, \u017ce wszystkie opisane powy\u017cej mechanizmy mo\u017cna ze sob\u0105 \u0142\u0105czy\u0107, tak by uzyska\u0107 oczekiwany rezultat.<\/p>\n\n\n\n<p>Widok kalendarza mo\u017cna r\u00f3wnie\u017c filtrowa\u0107 za pomoc\u0105 zakresu. Jednak warto wcze\u015bniej zwr\u00f3ci\u0107 uwag\u0119 na istotn\u0105 kwesti\u0119. Kalendarze mo\u017cna udost\u0119pnia\u0107 i wsp\u00f3\u0142dzieli\u0107. Oznacza to, \u017ce pracownik na swojej li\u015bcie mo\u017ce mie\u0107 widok z kilku kalendarzy. Poszczeg\u00f3lne kalendarze b\u0119d\u0105 rozr\u00f3\u017cnione za pomoc\u0105 kolor\u00f3w. Mo\u017cliwe jest wy\u0142\u0105czenie\/w\u0142\u0105czenie podgl\u0105du okre\u015blonego kalendarza.<\/p>\n\n\n\n<p>Aby zmieni\u0107 zakres wy\u015bwietlanych zdarze\u0144, nale\u017cy:<\/p>\n\n\n\n<ol type=\"1\"><li>w\u0142\u0105czy\u0107 aplikacj\u0119 <strong>Kalendarz<\/strong><strong>;<\/strong><\/li><li>w sekcji oznaczonej ramk\u0105 na poni\u017cszym rysunku zaznaczy\u0107 lub odznaczy\u0107 dan\u0105 pozycj\u0119 na li\u015bcie, widok g\u0142\u00f3wnej cz\u0119\u015bci kalendarza ulegnie zmianie.<\/li><\/ol>\n\n\n<div class=\"wp-block-image\">\n<figure class=\"aligncenter size-full\"><img loading=\"lazy\" decoding=\"async\" width=\"292\" height=\"535\" src=\"https:\/\/ready-os.com\/wp-content\/uploads\/2022\/10\/r06-2.png\" alt=\"Kontrola zakresu wy\u015bwietlanych zdarze\u0144\" class=\"wp-image-12497\" srcset=\"https:\/\/www2.ready-os.com\/wp-content\/uploads\/2022\/10\/r06-2.png 292w, https:\/\/www2.ready-os.com\/wp-content\/uploads\/2022\/10\/r06-2-164x300.png 164w\" sizes=\"(max-width: 292px) 100vw, 292px\" \/><figcaption>Kontrola zakresu wy\u015bwietlanych zdarze\u0144<\/figcaption><\/figure><\/div>\n\n\n<h2 class=\"wp-block-heading\" id=\"h-filtrowanie-zdarzen\">Filtrowanie zdarze\u0144<\/h2>\n\n\n\n<p>Modu\u0142 <strong>Kalendarz<\/strong> wyposa\u017cono w mechanizm filtr\u00f3w, kt\u00f3re pozwalaj\u0105 na automatyczne pokazywanie lub ukrywanie okre\u015blonych typ\u00f3w zdarze\u0144 w oknie kalendarza. Na przyk\u0142ad domy\u015blnie mo\u017cna ukrywa\u0107 wszystkie zadania, kt\u00f3re oznaczono jako za\u0142atwione.<\/p>\n\n\n\n<p>Filtrowanie jest mo\u017cliwe wed\u0142ug wielu r\u00f3\u017cnych kryteri\u00f3w, kt\u00f3re wyja\u015bniono poni\u017cej:<\/p>\n\n\n\n<ul><li>Typ zdarzenia:<ul><li>Termin;<\/li><\/ul><ul><li>Zadanie;<\/li><\/ul><ul><li>Spotkanie;<\/li><\/ul><ul><li>Rozmowa telefoniczna;<\/li><\/ul><ul><li>Zdarzenie korporacyjne;<\/li><\/ul><ul><li>Przypomnienie;<\/li><\/ul><\/li><li>Priorytet zdarzenia:<ul><li>Niski priorytet;<\/li><\/ul><ul><li>Normalny priorytet;<\/li><\/ul><ul><li>Wysoki priorytet;<\/li><\/ul><\/li><li>Status:<ul><li>Nieza\u0142atwione;<\/li><\/ul><ul><li>Za\u0142atwione;<\/li><\/ul><\/li><li>Kategoria.<\/li><\/ul>\n\n\n\n<p>Aby ustawi\u0107 filtrowanie widoku kalendarza, nale\u017cy:<\/p>\n\n\n\n<ol type=\"1\"><li>w\u0142\u0105czy\u0107 aplikacj\u0119 <strong>Kalendarz<\/strong><strong>;<\/strong><\/li><li>klikn\u0105\u0107 przycisk <strong>Filtry<\/strong><strong>;<\/strong><\/li><\/ol>\n\n\n<div class=\"wp-block-image\">\n<figure class=\"aligncenter size-large\"><img loading=\"lazy\" decoding=\"async\" width=\"1024\" height=\"527\" src=\"https:\/\/ready-os.com\/wp-content\/uploads\/2022\/10\/r07-3-1024x527.png\" alt=\"Filtrowanie widoku kalendarza\" class=\"wp-image-12500\" srcset=\"https:\/\/www2.ready-os.com\/wp-content\/uploads\/2022\/10\/r07-3-1024x527.png 1024w, https:\/\/www2.ready-os.com\/wp-content\/uploads\/2022\/10\/r07-3-300x154.png 300w, https:\/\/www2.ready-os.com\/wp-content\/uploads\/2022\/10\/r07-3-768x395.png 768w, https:\/\/www2.ready-os.com\/wp-content\/uploads\/2022\/10\/r07-3.png 1125w\" sizes=\"(max-width: 1024px) 100vw, 1024px\" \/><figcaption>Filtrowanie widoku kalendarza<\/figcaption><\/figure><\/div>\n\n\n<ol start=\"3\"><li>w menu nale\u017cy zaznaczy\u0107 lub odznaczy\u0107 pozycje, kt\u00f3re maj\u0105 by\u0107 obj\u0119te automatycznym filtrowaniem;<ul><li>pozycja zaznaczona \u2013 dany rodzaj zdarze\u0144 b\u0119dzie widoczny na siatce kalendarza;<\/li><\/ul><ul><li>pozycja odznaczona \u2013 dany rodzaj zdarze\u0144 nie b\u0119dzie widoczny na siatce kalendarza.<\/li><\/ul><\/li><\/ol>\n","protected":false},"excerpt":{"rendered":"<p>Wy\u015bwietlanie zdarze\u0144, Filtrowanie zdarze\u0144, Okno aplikacji Kalendarz sk\u0142ada si\u0119 z nast\u0119puj\u0105cych element\u00f3w odpowiedzialnych za obs\u0142ug\u0119 kluczowych funkcji: Filtr daty i zakresu \u2013 w tym miejscu mo\u017cliwe jest wskazanie konkretnego dnia, miesi\u0105ca lub roku i przegl\u0105danie zdarze\u0144; Pasek narz\u0119dziowy \u2013 zbi\u00f3r kilku przycisk\u00f3w, kt\u00f3re pozwalaj\u0105 mi\u0119dzy innymi na dodawanie nowych zdarze\u0144, od\u015bwie\u017canie widoku czy te\u017c filtrowanie [&hellip;]<\/p>\n","protected":false},"author":27,"featured_media":0,"comment_status":"closed","ping_status":"closed","template":"","meta":[],"doc_category":[208],"doc_tag":[],"knowledge_base":[134],"_links":{"self":[{"href":"https:\/\/www2.ready-os.com\/pl\/wp-json\/wp\/v2\/docs\/12114"}],"collection":[{"href":"https:\/\/www2.ready-os.com\/pl\/wp-json\/wp\/v2\/docs"}],"about":[{"href":"https:\/\/www2.ready-os.com\/pl\/wp-json\/wp\/v2\/types\/docs"}],"author":[{"embeddable":true,"href":"https:\/\/www2.ready-os.com\/pl\/wp-json\/wp\/v2\/users\/27"}],"replies":[{"embeddable":true,"href":"https:\/\/www2.ready-os.com\/pl\/wp-json\/wp\/v2\/comments?post=12114"}],"version-history":[{"count":5,"href":"https:\/\/www2.ready-os.com\/pl\/wp-json\/wp\/v2\/docs\/12114\/revisions"}],"predecessor-version":[{"id":12504,"href":"https:\/\/www2.ready-os.com\/pl\/wp-json\/wp\/v2\/docs\/12114\/revisions\/12504"}],"wp:attachment":[{"href":"https:\/\/www2.ready-os.com\/pl\/wp-json\/wp\/v2\/media?parent=12114"}],"wp:term":[{"taxonomy":"doc_category","embeddable":true,"href":"https:\/\/www2.ready-os.com\/pl\/wp-json\/wp\/v2\/doc_category?post=12114"},{"taxonomy":"doc_tag","embeddable":true,"href":"https:\/\/www2.ready-os.com\/pl\/wp-json\/wp\/v2\/doc_tag?post=12114"},{"taxonomy":"knowledge_base","embeddable":true,"href":"https:\/\/www2.ready-os.com\/pl\/wp-json\/wp\/v2\/knowledge_base?post=12114"}],"curies":[{"name":"wp","href":"https:\/\/api.w.org\/{rel}","templated":true}]}}